{"id":6507,"date":"2026-02-09T11:16:38","date_gmt":"2026-02-09T10:16:38","guid":{"rendered":"http:\/\/campingenfola.youelba.com\/spiagge\/"},"modified":"2026-03-12T10:47:39","modified_gmt":"2026-03-12T09:47:39","slug":"plages","status":"publish","type":"page","link":"https:\/\/www.campingenfola.com\/fr\/plages\/","title":{"rendered":"Plages"},"content":{"rendered":"\t\t<div data-elementor-type=\"wp-page\" data-elementor-id=\"6507\" class=\"elementor elementor-6507 elementor-5199\">\n\t\t\t\t<div class=\"elementor-element elementor-element-14b8d82 e-flex e-con-boxed e-con e-parent\" data-id=\"14b8d82\" data-element_type=\"container\">\n\t\t\t\t\t<div class=\"e-con-inner\">\n\t\t<div class=\"elementor-element elementor-element-3189954 e-con-full e-flex elementor-invisible e-con e-child\" data-id=\"3189954\" data-element_type=\"container\" data-settings=\"{&quot;animation&quot;:&quot;fadeIn&quot;}\">\n\t\t\t\t<div class=\"elementor-element elementor-element-1de401f elementor-widget elementor-widget-vedhak_elementor_heading\" data-id=\"1de401f\" data-element_type=\"widget\" data-widget_type=\"vedhak_elementor_heading.default\">\n\t\t\t\t<div class=\"elementor-widget-container\">\n\t\t\t\t\t\t\t\t<div class=\"ova-heading template1\">\n\n\t\t\t\t\n\t\t\t\t\t<h2 class=\"sub-title\">\n\n\t\t\t\t\t\t \n\t\t\t\t\t\t\t\t\t\t\t\t\t<span class=\"line-decoration\"><\/span>\n\t\t\t\t\t\t\n\t\t\t\t\t\tCriques et eaux cristallines\n\t\t\t\t\t<\/h2>\n\n\t\t\t\t\n\t\t\t\t\n\t\t\t\t\t\n\t\t\t\t\t\t<h3 class=\"title\"><span class=\"title-bold\">Les plages\n<\/span><span class=\"title-normal\">de l\u2019Enfola<\/span><\/h3>\n\n\t\t\t\t\t\n\n\t\t\t\t\t\t\t\t\t\n\t\t\t\t\n\t\t\t\t\n\t\t\t\t\t\n\t\t\t\t\n\t\t\t<\/div>\n\n\t\t\t\t\t\t<\/div>\n\t\t\t\t<\/div>\n\t\t\t\t<\/div>\n\t\t<div class=\"elementor-element elementor-element-57eaf75 e-con-full e-flex e-con e-child\" data-id=\"57eaf75\" data-element_type=\"container\">\n\t\t\t\t<div class=\"elementor-element elementor-element-7c175a7 elementor-widget elementor-widget-text-editor\" data-id=\"7c175a7\" data-element_type=\"widget\" data-widget_type=\"text-editor.default\">\n\t\t\t\t\t\t\t\t\t<p>Le Camping Enfola donne, sur le versant nord et sur le versant sud-ouest, sur deux plages de galets lisses et de rochers, baign\u00e9es par des eaux cristallines et de magnifiques fonds marins.<\/p><p>Gr\u00e2ce \u00e0 cette double exposition, m\u00eame en cas de vent ou de mer agit\u00e9e, vous trouverez toujours un coin abrit\u00e9 pour vous baigner en toute tranquillit\u00e9.<\/p><p>Les plages de l\u2019Enfola, de gravier, conviennent \u00e9galement aux enfants, car le fond de la mer ne descend pas brusquement.<\/p><p>Elles sont l\u2019endroit id\u00e9al pour se reposer loin de la foule et profiter de splendides baignades le long de la c\u00f4te, ainsi que d\u2019excursions en bateau, en cano\u00eb ou en p\u00e9dalo.<\/p><p>On peut p\u00eacher depuis les rochers ou depuis le ponton et pratiquer la p\u00eache sous-marine.<\/p>\t\t\t\t\t\t\t\t<\/div>\n\t\t\t\t<\/div>\n\t\t\t\t\t<\/div>\n\t\t\t\t<\/div>\n\t\t<div class=\"elementor-element elementor-element-f94e46c e-flex e-con-boxed e-con e-parent\" data-id=\"f94e46c\" data-element_type=\"container\">\n\t\t\t\t\t<div class=\"e-con-inner\">\n\t\t<div class=\"elementor-element elementor-element-b3fac47 e-con-full e-flex elementor-invisible e-con e-child\" data-id=\"b3fac47\" data-element_type=\"container\" data-settings=\"{&quot;animation&quot;:&quot;fadeIn&quot;}\">\n\t\t\t\t<div class=\"elementor-element elementor-element-878751a elementor-position-top elementor-position-top elementor-widget elementor-widget-image-box\" data-id=\"878751a\" data-element_type=\"widget\" data-widget_type=\"image-box.default\">\n\t\t\t\t\t<div class=\"elementor-image-box-wrapper\"><figure class=\"elementor-image-box-img\"><a href=\"\/fr\/confort-et-services\/#plage\" tabindex=\"-1\"><img fetchpriority=\"high\" decoding=\"async\" width=\"512\" height=\"512\" src=\"https:\/\/www.campingenfola.com\/wp-content\/uploads\/2026\/01\/sun-umbrella.png\" class=\"attachment-full size-full wp-image-6833\" alt=\"\" srcset=\"https:\/\/www.campingenfola.com\/wp-content\/uploads\/2026\/01\/sun-umbrella.png 512w, https:\/\/www.campingenfola.com\/wp-content\/uploads\/2026\/01\/sun-umbrella-300x300.png 300w, https:\/\/www.campingenfola.com\/wp-content\/uploads\/2026\/01\/sun-umbrella-150x150.png 150w, https:\/\/www.campingenfola.com\/wp-content\/uploads\/2026\/01\/sun-umbrella-100x100.png 100w\" sizes=\"(max-width: 512px) 100vw, 512px\" \/><\/a><\/figure><div class=\"elementor-image-box-content\"><h3 class=\"elementor-image-box-title\"><a href=\"\/fr\/confort-et-services\/#plage\">Plage<\/a><\/h3><p class=\"elementor-image-box-description\">Le camping dispose d\u2019un acc\u00e8s direct \u00e0 la plage principale (sans traverser de routes !), \u00e9quip\u00e9e de location de transats et de parasols, de bateaux \u00e0 moteur, p\u00e9dalos, cano\u00ebs, SUP et d\u2019un service de surveillance de baignade (de juin \u00e0 septembre)<\/p><\/div><\/div>\t\t\t\t<\/div>\n\t\t\t\t<\/div>\n\t\t<div class=\"elementor-element elementor-element-49a506f e-con-full e-flex e-con e-child\" data-id=\"49a506f\" data-element_type=\"container\">\n\t\t\t\t<div class=\"elementor-element elementor-element-9a0bf79 elementor-position-top elementor-position-top elementor-widget elementor-widget-image-box\" data-id=\"9a0bf79\" data-element_type=\"widget\" data-widget_type=\"image-box.default\">\n\t\t\t\t\t<div class=\"elementor-image-box-wrapper\"><figure class=\"elementor-image-box-img\"><a href=\"\/fr\/confort-et-services\/#bouees\" tabindex=\"-1\"><img decoding=\"async\" width=\"512\" height=\"512\" src=\"https:\/\/www.campingenfola.com\/wp-content\/uploads\/2026\/01\/life-buoy.png\" class=\"attachment-full size-full wp-image-6834\" alt=\"\" srcset=\"https:\/\/www.campingenfola.com\/wp-content\/uploads\/2026\/01\/life-buoy.png 512w, https:\/\/www.campingenfola.com\/wp-content\/uploads\/2026\/01\/life-buoy-300x300.png 300w, https:\/\/www.campingenfola.com\/wp-content\/uploads\/2026\/01\/life-buoy-150x150.png 150w, https:\/\/www.campingenfola.com\/wp-content\/uploads\/2026\/01\/life-buoy-100x100.png 100w\" sizes=\"(max-width: 512px) 100vw, 512px\" \/><\/a><\/figure><div class=\"elementor-image-box-content\"><h3 class=\"elementor-image-box-title\"><a href=\"\/fr\/confort-et-services\/#bouees\">Amarrage<\/a><\/h3><p class=\"elementor-image-box-description\">Devant le camping, \u00e0 environ 100 m\u00e8tres du rivage, se trouve un champ de bou\u00e9es pour l\u2019amarrage des bateaux<\/p><\/div><\/div>\t\t\t\t<\/div>\n\t\t\t\t<\/div>\n\t\t\t\t\t<\/div>\n\t\t\t\t<\/div>\n\t\t<div class=\"elementor-element elementor-element-aea131d e-con-full e-flex e-con e-parent\" data-id=\"aea131d\" data-element_type=\"container\">\n\t\t\t\t<div class=\"elementor-element elementor-element-7748933 elementor-widget elementor-widget-image-gallery\" data-id=\"7748933\" data-element_type=\"widget\" data-widget_type=\"image-gallery.default\">\n\t\t\t\t\t\t\t<div class=\"elementor-image-gallery\">\n\t\t\t\n\t\t<style type=\"text\/css\">\n\t\t\t#gallery-1 {\n\t\t\t\tmargin: auto;\n\t\t\t}\n\t\t\t#gallery-1 .gallery-item {\n\t\t\t\tfloat: left;\n\t\t\t\tmargin-top: 10px;\n\t\t\t\ttext-align: center;\n\t\t\t\twidth: 33%;\n\t\t\t}\n\t\t\t#gallery-1 img {\n\t\t\t\tborder: 2px solid #cfcfcf;\n\t\t\t}\n\t\t\t#gallery-1 .gallery-caption {\n\t\t\t\tmargin-left: 0;\n\t\t\t}\n\t\t\t\/* see gallery_shortcode() in wp-includes\/media.php *\/\n\t\t<\/style>\n\t\t<div id='gallery-1' class='gallery galleryid-6507 gallery-columns-3 gallery-size-full'><dl class='gallery-item'>\n\t\t\t<dt class='gallery-icon landscape'>\n\t\t\t\t<a data-elementor-open-lightbox=\"yes\" data-elementor-lightbox-slideshow=\"7748933\" data-elementor-lightbox-title=\"Spiaggia del Camping Enfola vista dal mare\" data-e-action-hash=\"#elementor-action%3Aaction%3Dlightbox%26settings%3DeyJpZCI6Njc4NiwidXJsIjoiaHR0cHM6XC9cL3d3dy5jYW1waW5nZW5mb2xhLmNvbVwvd3AtY29udGVudFwvdXBsb2Fkc1wvMjAyNlwvMDFcLzAwNTdfYy1lbmZvbGEyMDE5LTEuanBnIiwic2xpZGVzaG93IjoiNzc0ODkzMyJ9\" href='https:\/\/www.campingenfola.com\/wp-content\/uploads\/2026\/01\/0057_c-enfola2019-1.jpg'><img decoding=\"async\" width=\"1920\" height=\"1280\" src=\"https:\/\/www.campingenfola.com\/wp-content\/uploads\/2026\/01\/0057_c-enfola2019-1.jpg\" class=\"attachment-full size-full\" alt=\"Spiaggia del Camping Enfola con mare limpido e strutture affacciate sulla costa\" aria-describedby=\"gallery-1-6786\" srcset=\"https:\/\/www.campingenfola.com\/wp-content\/uploads\/2026\/01\/0057_c-enfola2019-1.jpg 1920w, https:\/\/www.campingenfola.com\/wp-content\/uploads\/2026\/01\/0057_c-enfola2019-1-300x200.jpg 300w, https:\/\/www.campingenfola.com\/wp-content\/uploads\/2026\/01\/0057_c-enfola2019-1-1024x683.jpg 1024w, https:\/\/www.campingenfola.com\/wp-content\/uploads\/2026\/01\/0057_c-enfola2019-1-768x512.jpg 768w, https:\/\/www.campingenfola.com\/wp-content\/uploads\/2026\/01\/0057_c-enfola2019-1-1536x1024.jpg 1536w, https:\/\/www.campingenfola.com\/wp-content\/uploads\/2026\/01\/0057_c-enfola2019-1-600x400.jpg 600w\" sizes=\"(max-width: 1920px) 100vw, 1920px\" \/><\/a>\n\t\t\t<\/dt>\n\t\t\t\t<dd class='wp-caption-text gallery-caption' id='gallery-1-6786'>\n\t\t\t\tphoto by: Ducci Cesare Fotografia (www.duccifotografia.it)\n\t\t\t\t<\/dd><\/dl><dl class='gallery-item'>\n\t\t\t<dt class='gallery-icon landscape'>\n\t\t\t\t<a data-elementor-open-lightbox=\"yes\" data-elementor-lightbox-slideshow=\"7748933\" data-elementor-lightbox-title=\"Vista aerea del Camping Enfola\" data-e-action-hash=\"#elementor-action%3Aaction%3Dlightbox%26settings%3DeyJpZCI6Njc4NSwidXJsIjoiaHR0cHM6XC9cL3d3dy5jYW1waW5nZW5mb2xhLmNvbVwvd3AtY29udGVudFwvdXBsb2Fkc1wvMjAyNlwvMDFcLzAwMzNfYy1lbmZvbGEyMDE5LTEuanBnIiwic2xpZGVzaG93IjoiNzc0ODkzMyJ9\" href='https:\/\/www.campingenfola.com\/wp-content\/uploads\/2026\/01\/0033_c-enfola2019-1.jpg'><img loading=\"lazy\" decoding=\"async\" width=\"1920\" height=\"1280\" src=\"https:\/\/www.campingenfola.com\/wp-content\/uploads\/2026\/01\/0033_c-enfola2019-1.jpg\" class=\"attachment-full size-full\" alt=\"Vista aerea del Camping Enfola affacciato sulla scogliera e sul mare dell\u2019Isola d\u2019Elba\" aria-describedby=\"gallery-1-6785\" srcset=\"https:\/\/www.campingenfola.com\/wp-content\/uploads\/2026\/01\/0033_c-enfola2019-1.jpg 1920w, https:\/\/www.campingenfola.com\/wp-content\/uploads\/2026\/01\/0033_c-enfola2019-1-300x200.jpg 300w, https:\/\/www.campingenfola.com\/wp-content\/uploads\/2026\/01\/0033_c-enfola2019-1-1024x683.jpg 1024w, https:\/\/www.campingenfola.com\/wp-content\/uploads\/2026\/01\/0033_c-enfola2019-1-768x512.jpg 768w, https:\/\/www.campingenfola.com\/wp-content\/uploads\/2026\/01\/0033_c-enfola2019-1-1536x1024.jpg 1536w, https:\/\/www.campingenfola.com\/wp-content\/uploads\/2026\/01\/0033_c-enfola2019-1-600x400.jpg 600w\" sizes=\"(max-width: 1920px) 100vw, 1920px\" \/><\/a>\n\t\t\t<\/dt>\n\t\t\t\t<dd class='wp-caption-text gallery-caption' id='gallery-1-6785'>\n\t\t\t\tphoto by: Ducci Cesare Fotografia (www.duccifotografia.it)\n\t\t\t\t<\/dd><\/dl><dl class='gallery-item'>\n\t\t\t<dt class='gallery-icon landscape'>\n\t\t\t\t<a data-elementor-open-lightbox=\"yes\" data-elementor-lightbox-slideshow=\"7748933\" data-elementor-lightbox-title=\"Spiaggia dell\u2019Enfola\" data-e-action-hash=\"#elementor-action%3Aaction%3Dlightbox%26settings%3DeyJpZCI6Njg0NiwidXJsIjoiaHR0cHM6XC9cL3d3dy5jYW1waW5nZW5mb2xhLmNvbVwvd3AtY29udGVudFwvdXBsb2Fkc1wvMjAyNlwvMDJcL1AxMDAwMzIwLXNwLWVuZm9sYS5qcGciLCJzbGlkZXNob3ciOiI3NzQ4OTMzIn0%3D\" href='https:\/\/www.campingenfola.com\/wp-content\/uploads\/2026\/02\/P1000320-sp-enfola.jpg'><img loading=\"lazy\" decoding=\"async\" width=\"1500\" height=\"1000\" src=\"https:\/\/www.campingenfola.com\/wp-content\/uploads\/2026\/02\/P1000320-sp-enfola.jpg\" class=\"attachment-full size-full\" alt=\"Spiaggia dell\u2019Enfola con fondali trasparenti e sedel del Parco Nazionale Arcipelago Toscano\" srcset=\"https:\/\/www.campingenfola.com\/wp-content\/uploads\/2026\/02\/P1000320-sp-enfola.jpg 1500w, https:\/\/www.campingenfola.com\/wp-content\/uploads\/2026\/02\/P1000320-sp-enfola-300x200.jpg 300w, https:\/\/www.campingenfola.com\/wp-content\/uploads\/2026\/02\/P1000320-sp-enfola-1024x683.jpg 1024w, https:\/\/www.campingenfola.com\/wp-content\/uploads\/2026\/02\/P1000320-sp-enfola-768x512.jpg 768w, https:\/\/www.campingenfola.com\/wp-content\/uploads\/2026\/02\/P1000320-sp-enfola-600x400.jpg 600w\" sizes=\"(max-width: 1500px) 100vw, 1500px\" \/><\/a>\n\t\t\t<\/dt><\/dl><br style=\"clear: both\" \/><dl class='gallery-item'>\n\t\t\t<dt class='gallery-icon landscape'>\n\t\t\t\t<a data-elementor-open-lightbox=\"yes\" data-elementor-lightbox-slideshow=\"7748933\" data-elementor-lightbox-title=\"Spiaggia della Calanca\" data-e-action-hash=\"#elementor-action%3Aaction%3Dlightbox%26settings%3DeyJpZCI6Njg0NywidXJsIjoiaHR0cHM6XC9cL3d3dy5jYW1waW5nZW5mb2xhLmNvbVwvd3AtY29udGVudFwvdXBsb2Fkc1wvMjAyNlwvMDJcL1AxMDAwMDUzLXNwLWRlbGxhLWNhbGFuY2EuanBnIiwic2xpZGVzaG93IjoiNzc0ODkzMyJ9\" href='https:\/\/www.campingenfola.com\/wp-content\/uploads\/2026\/02\/P1000053-sp-della-calanca.jpg'><img loading=\"lazy\" decoding=\"async\" width=\"1920\" height=\"1280\" src=\"https:\/\/www.campingenfola.com\/wp-content\/uploads\/2026\/02\/P1000053-sp-della-calanca.jpg\" class=\"attachment-full size-full\" alt=\"Spiaggia della Calanca, (enfola lato nord) al tramonto, mare calmo e profilo delle colline sullo sfondo\" srcset=\"https:\/\/www.campingenfola.com\/wp-content\/uploads\/2026\/02\/P1000053-sp-della-calanca.jpg 1920w, https:\/\/www.campingenfola.com\/wp-content\/uploads\/2026\/02\/P1000053-sp-della-calanca-300x200.jpg 300w, https:\/\/www.campingenfola.com\/wp-content\/uploads\/2026\/02\/P1000053-sp-della-calanca-1024x683.jpg 1024w, https:\/\/www.campingenfola.com\/wp-content\/uploads\/2026\/02\/P1000053-sp-della-calanca-768x512.jpg 768w, https:\/\/www.campingenfola.com\/wp-content\/uploads\/2026\/02\/P1000053-sp-della-calanca-1536x1024.jpg 1536w, https:\/\/www.campingenfola.com\/wp-content\/uploads\/2026\/02\/P1000053-sp-della-calanca-600x400.jpg 600w\" sizes=\"(max-width: 1920px) 100vw, 1920px\" \/><\/a>\n\t\t\t<\/dt><\/dl><dl class='gallery-item'>\n\t\t\t<dt class='gallery-icon landscape'>\n\t\t\t\t<a data-elementor-open-lightbox=\"yes\" data-elementor-lightbox-slideshow=\"7748933\" data-elementor-lightbox-title=\"Grotta dello Sbuffo\" data-e-action-hash=\"#elementor-action%3Aaction%3Dlightbox%26settings%3DeyJpZCI6Njg0OCwidXJsIjoiaHR0cHM6XC9cL3d3dy5jYW1waW5nZW5mb2xhLmNvbVwvd3AtY29udGVudFwvdXBsb2Fkc1wvMjAyNlwvMDJcL2dyb3R0YS1zYnVmZm8uanBnIiwic2xpZGVzaG93IjoiNzc0ODkzMyJ9\" href='https:\/\/www.campingenfola.com\/wp-content\/uploads\/2026\/02\/grotta-sbuffo.jpg'><img loading=\"lazy\" decoding=\"async\" width=\"1920\" height=\"1280\" src=\"https:\/\/www.campingenfola.com\/wp-content\/uploads\/2026\/02\/grotta-sbuffo.jpg\" class=\"attachment-full size-full\" alt=\"Interno della Grotta dello Sbuffo con acqua cristallina e vista sulle scogliere dell\u2019Isola d\u2019Elba\" srcset=\"https:\/\/www.campingenfola.com\/wp-content\/uploads\/2026\/02\/grotta-sbuffo.jpg 1920w, https:\/\/www.campingenfola.com\/wp-content\/uploads\/2026\/02\/grotta-sbuffo-300x200.jpg 300w, https:\/\/www.campingenfola.com\/wp-content\/uploads\/2026\/02\/grotta-sbuffo-1024x683.jpg 1024w, https:\/\/www.campingenfola.com\/wp-content\/uploads\/2026\/02\/grotta-sbuffo-768x512.jpg 768w, https:\/\/www.campingenfola.com\/wp-content\/uploads\/2026\/02\/grotta-sbuffo-1536x1024.jpg 1536w, https:\/\/www.campingenfola.com\/wp-content\/uploads\/2026\/02\/grotta-sbuffo-600x400.jpg 600w\" sizes=\"(max-width: 1920px) 100vw, 1920px\" \/><\/a>\n\t\t\t<\/dt><\/dl><dl class='gallery-item'>\n\t\t\t<dt class='gallery-icon landscape'>\n\t\t\t\t<a data-elementor-open-lightbox=\"yes\" data-elementor-lightbox-slideshow=\"7748933\" data-elementor-lightbox-title=\"Molo dell\u2019Enfola\" data-e-action-hash=\"#elementor-action%3Aaction%3Dlightbox%26settings%3DeyJpZCI6Njg0OSwidXJsIjoiaHR0cHM6XC9cL3d3dy5jYW1waW5nZW5mb2xhLmNvbVwvd3AtY29udGVudFwvdXBsb2Fkc1wvMjAyNlwvMDJcL1AxMDAwMTM5MDVzcC1lbmZvbGEuanBnIiwic2xpZGVzaG93IjoiNzc0ODkzMyJ9\" href='https:\/\/www.campingenfola.com\/wp-content\/uploads\/2026\/02\/P100013905sp-enfola.jpg'><img loading=\"lazy\" decoding=\"async\" width=\"1500\" height=\"1000\" src=\"https:\/\/www.campingenfola.com\/wp-content\/uploads\/2026\/02\/P100013905sp-enfola.jpg\" class=\"attachment-full size-full\" alt=\"Molo della spiaggia dell\u2019Enfola con bambini e vista sul mare dell\u2019Isola d\u2019Elba\" srcset=\"https:\/\/www.campingenfola.com\/wp-content\/uploads\/2026\/02\/P100013905sp-enfola.jpg 1500w, https:\/\/www.campingenfola.com\/wp-content\/uploads\/2026\/02\/P100013905sp-enfola-300x200.jpg 300w, https:\/\/www.campingenfola.com\/wp-content\/uploads\/2026\/02\/P100013905sp-enfola-1024x683.jpg 1024w, https:\/\/www.campingenfola.com\/wp-content\/uploads\/2026\/02\/P100013905sp-enfola-768x512.jpg 768w, https:\/\/www.campingenfola.com\/wp-content\/uploads\/2026\/02\/P100013905sp-enfola-600x400.jpg 600w\" sizes=\"(max-width: 1500px) 100vw, 1500px\" \/><\/a>\n\t\t\t<\/dt><\/dl><br style=\"clear: both\" \/>\n\t\t<\/div>\n\t\t<\/div>\n\t\t\t\t\t\t<\/div>\n\t\t\t\t<\/div>\n\t\t\t\t<section class=\"elementor-section elementor-top-section elementor-element elementor-element-618597e elementor-section-content-middle elementor-section-boxed elementor-section-height-default elementor-section-height-default\" data-id=\"618597e\" data-element_type=\"section\" id=\"market\">\n\t\t\t\t\t\t<div class=\"elementor-container elementor-column-gap-no\">\n\t\t\t\t\t<div class=\"elementor-column elementor-col-50 elementor-top-column elementor-element elementor-element-d8b8fea\" data-id=\"d8b8fea\" data-element_type=\"column\">\n\t\t\t<div class=\"elementor-widget-wrap elementor-element-populated\">\n\t\t\t\t\t\t<div class=\"elementor-element elementor-element-2e256b7 elementor-widget elementor-widget-vedhak_elementor_heading\" data-id=\"2e256b7\" data-element_type=\"widget\" data-widget_type=\"vedhak_elementor_heading.default\">\n\t\t\t\t<div class=\"elementor-widget-container\">\n\t\t\t\t\t\t\t\t<div class=\"ova-heading template1\">\n\n\t\t\t\t\n\t\t\t\t\t<h2 class=\"sub-title\">\n\n\t\t\t\t\t\t \n\t\t\t\t\t\t\n\t\t\t\t\t\t\n\t\t\t\t\t<\/h2>\n\n\t\t\t\t\n\t\t\t\t\n\t\t\t\t\t\n\t\t\t\t\t\t<h3 class=\"title\"><span class=\"title-bold\"><\/span><span class=\"title-normal\">Criques<\/span><\/h3>\n\n\t\t\t\t\t\n\n\t\t\t\t\t\t\t\t\t\n\t\t\t\t\n\t\t\t\t\n\t\t\t\t\t\n\t\t\t\t\n\t\t\t<\/div>\n\n\t\t\t\t\t\t<\/div>\n\t\t\t\t<\/div>\n\t\t\t\t<div class=\"elementor-element elementor-element-da64b63 elementor-widget elementor-widget-text-editor\" data-id=\"da64b63\" data-element_type=\"widget\" data-widget_type=\"text-editor.default\">\n\t\t\t\t\t\t\t\t\t<p>Si vous aimez les criques isol\u00e9es et les petites plages, dans le golfe d\u2019Enfola\u2013Viticcio vous pouvez en d\u00e9couvrir plusieurs en quelques minutes \u00e0 pied, \u00e0 la nage ou avec de petites embarcations.<\/p><p>\u00c0 ne pas manquer : La Pinetina, une jolie plage \u00e0 300 m\u00e8tres du camping, accessible par la terre, et la Grotta dello Sbruffo, \u00e0 800 m\u00e8tres du camping le long du Capo d\u2019Enfola, accessible depuis la mer.<\/p>\t\t\t\t\t\t\t\t<\/div>\n\t\t\t\t\t<\/div>\n\t\t<\/div>\n\t\t\t\t<div class=\"elementor-column elementor-col-50 elementor-top-column elementor-element elementor-element-3194747 vedhak_stretch_column_right\" data-id=\"3194747\" data-element_type=\"column\">\n\t\t\t<div class=\"elementor-widget-wrap elementor-element-populated\">\n\t\t\t\t\t\t<div class=\"elementor-element elementor-element-8e6c483 elementor-widget elementor-widget-image\" data-id=\"8e6c483\" data-element_type=\"widget\" data-widget_type=\"image.default\">\n\t\t\t\t\t\t\t\t\t\t\t\t\t\t\t<img loading=\"lazy\" decoding=\"async\" width=\"800\" height=\"533\" src=\"https:\/\/www.campingenfola.com\/wp-content\/uploads\/2026\/02\/o_spiaggia-pinetina_dsc_4530-1024x682.jpg\" class=\"attachment-large size-large wp-image-6508\" alt=\"\" srcset=\"https:\/\/www.campingenfola.com\/wp-content\/uploads\/2026\/02\/o_spiaggia-pinetina_dsc_4530-1024x682.jpg 1024w, https:\/\/www.campingenfola.com\/wp-content\/uploads\/2026\/02\/o_spiaggia-pinetina_dsc_4530-300x200.jpg 300w, https:\/\/www.campingenfola.com\/wp-content\/uploads\/2026\/02\/o_spiaggia-pinetina_dsc_4530-768x512.jpg 768w, https:\/\/www.campingenfola.com\/wp-content\/uploads\/2026\/02\/o_spiaggia-pinetina_dsc_4530-600x400.jpg 600w, https:\/\/www.campingenfola.com\/wp-content\/uploads\/2026\/02\/o_spiaggia-pinetina_dsc_4530.jpg 1280w\" sizes=\"(max-width: 800px) 100vw, 800px\" \/>\t\t\t\t\t\t\t\t\t\t\t\t\t\t\t<\/div>\n\t\t\t\t\t<\/div>\n\t\t<\/div>\n\t\t\t\t\t<\/div>\n\t\t<\/section>\n\t\t<div class=\"elementor-element elementor-element-71cbed6 e-flex e-con-boxed e-con e-parent\" data-id=\"71cbed6\" data-element_type=\"container\" id=\"spiaggia\">\n\t\t\t\t\t<div class=\"e-con-inner\">\n\t\t\t\t<div class=\"elementor-element elementor-element-7b425a3 elementor-widget elementor-widget-vedhak_elementor_heading\" data-id=\"7b425a3\" data-element_type=\"widget\" data-widget_type=\"vedhak_elementor_heading.default\">\n\t\t\t\t<div class=\"elementor-widget-container\">\n\t\t\t\t\t\t\t\t<div class=\"ova-heading template1\">\n\n\t\t\t\t\n\t\t\t\t\n\t\t\t\t\t\n\t\t\t\t\t\t<h3 class=\"title\"><span class=\"title-bold\"><\/span><span class=\"title-normal\">La Costa Verde<\/span><\/h3>\n\n\t\t\t\t\t\n\n\t\t\t\t\t\t\t\t\t\n\t\t\t\t\n\t\t\t\t\n\t\t\t\t\t\n\t\t\t\t\n\t\t\t<\/div>\n\n\t\t\t\t\t\t<\/div>\n\t\t\t\t<\/div>\n\t\t\t\t<div class=\"elementor-element elementor-element-4b4ea58 elementor-widget elementor-widget-text-editor\" data-id=\"4b4ea58\" data-element_type=\"widget\" data-widget_type=\"text-editor.default\">\n\t\t\t\t\t\t\t\t\t<p>Le Camping Enfola se trouve au c\u0153ur de la Costa Verde, ainsi appel\u00e9e pour sa v\u00e9g\u00e9tation luxuriante et la transparence de ses eaux.<\/p><p>De Portoferraio \u00e0 Viticcio s\u2019\u00e9tend un tron\u00e7on de c\u00f4te o\u00f9 l\u2019on trouve certaines des plus belles plages de l\u2019\u00eele d\u2019Elbe, des panoramas spectaculaires et des fonds marins tr\u00e8s limpides.<\/p><p>Depuis le camping, en quelques minutes seulement, vous pouvez rejoindre les plages de galets blancs de Capo Bianco, Sottobomba, Seccione, La Sorgente, Sansone et la baie abrit\u00e9e de Viticcio.<\/p><p>Depuis Viticcio, il est possible de continuer le long de la c\u00f4te par un sentier et d\u2019atteindre les plages de sable de Forno, Scaglieri et Biodola.<\/p>\t\t\t\t\t\t\t\t<\/div>\n\t\t\t\t\t<\/div>\n\t\t\t\t<\/div>\n\t\t<div class=\"elementor-element elementor-element-b5d094f e-con-full e-flex e-con e-parent\" data-id=\"b5d094f\" data-element_type=\"container\">\n\t\t\t\t<div class=\"elementor-element elementor-element-b082a9e elementor-widget elementor-widget-image-gallery\" data-id=\"b082a9e\" data-element_type=\"widget\" data-widget_type=\"image-gallery.default\">\n\t\t\t\t\t\t\t<div class=\"elementor-image-gallery\">\n\t\t\t\n\t\t<style type=\"text\/css\">\n\t\t\t#gallery-2 {\n\t\t\t\tmargin: auto;\n\t\t\t}\n\t\t\t#gallery-2 .gallery-item {\n\t\t\t\tfloat: left;\n\t\t\t\tmargin-top: 10px;\n\t\t\t\ttext-align: center;\n\t\t\t\twidth: 33%;\n\t\t\t}\n\t\t\t#gallery-2 img {\n\t\t\t\tborder: 2px solid #cfcfcf;\n\t\t\t}\n\t\t\t#gallery-2 .gallery-caption {\n\t\t\t\tmargin-left: 0;\n\t\t\t}\n\t\t\t\/* see gallery_shortcode() in wp-includes\/media.php *\/\n\t\t<\/style>\n\t\t<div id='gallery-2' class='gallery galleryid-6507 gallery-columns-3 gallery-size-full'><dl class='gallery-item'>\n\t\t\t<dt class='gallery-icon landscape'>\n\t\t\t\t<a data-elementor-open-lightbox=\"yes\" data-elementor-lightbox-slideshow=\"b082a9e\" data-elementor-lightbox-title=\"Spiaggia di Sansone\" data-e-action-hash=\"#elementor-action%3Aaction%3Dlightbox%26settings%3DeyJpZCI6Njg1MCwidXJsIjoiaHR0cHM6XC9cL3d3dy5jYW1waW5nZW5mb2xhLmNvbVwvd3AtY29udGVudFwvdXBsb2Fkc1wvMjAyNlwvMDJcL3NhbnNvbmUtc3BpYWdnaWEuanBnIiwic2xpZGVzaG93IjoiYjA4MmE5ZSJ9\" href='https:\/\/www.campingenfola.com\/wp-content\/uploads\/2026\/02\/sansone-spiaggia.jpg'><img loading=\"lazy\" decoding=\"async\" width=\"1500\" height=\"1000\" src=\"https:\/\/www.campingenfola.com\/wp-content\/uploads\/2026\/02\/sansone-spiaggia.jpg\" class=\"attachment-full size-full\" alt=\"Spiaggia di Sansone con scogliera bianca e mare turchese, una delle pi\u00f9 belle dell\u2019Isola d\u2019Elba\" srcset=\"https:\/\/www.campingenfola.com\/wp-content\/uploads\/2026\/02\/sansone-spiaggia.jpg 1500w, https:\/\/www.campingenfola.com\/wp-content\/uploads\/2026\/02\/sansone-spiaggia-300x200.jpg 300w, https:\/\/www.campingenfola.com\/wp-content\/uploads\/2026\/02\/sansone-spiaggia-1024x683.jpg 1024w, https:\/\/www.campingenfola.com\/wp-content\/uploads\/2026\/02\/sansone-spiaggia-768x512.jpg 768w, https:\/\/www.campingenfola.com\/wp-content\/uploads\/2026\/02\/sansone-spiaggia-600x400.jpg 600w\" sizes=\"(max-width: 1500px) 100vw, 1500px\" \/><\/a>\n\t\t\t<\/dt><\/dl><dl class='gallery-item'>\n\t\t\t<dt class='gallery-icon landscape'>\n\t\t\t\t<a data-elementor-open-lightbox=\"yes\" data-elementor-lightbox-slideshow=\"b082a9e\" data-elementor-lightbox-title=\"Spiaggia di Sansone\" data-e-action-hash=\"#elementor-action%3Aaction%3Dlightbox%26settings%3DeyJpZCI6Njg1MSwidXJsIjoiaHR0cHM6XC9cL3d3dy5jYW1waW5nZW5mb2xhLmNvbVwvd3AtY29udGVudFwvdXBsb2Fkc1wvMjAyNlwvMDJcL3NhbnNvbmUtc2NvZ2xpby5qcGciLCJzbGlkZXNob3ciOiJiMDgyYTllIn0%3D\" href='https:\/\/www.campingenfola.com\/wp-content\/uploads\/2026\/02\/sansone-scoglio.jpg'><img loading=\"lazy\" decoding=\"async\" width=\"1500\" height=\"1000\" src=\"https:\/\/www.campingenfola.com\/wp-content\/uploads\/2026\/02\/sansone-scoglio.jpg\" class=\"attachment-full size-full\" alt=\"Scoglio di Sansone con mare cristallino e spiaggia di ciottoli\" srcset=\"https:\/\/www.campingenfola.com\/wp-content\/uploads\/2026\/02\/sansone-scoglio.jpg 1500w, https:\/\/www.campingenfola.com\/wp-content\/uploads\/2026\/02\/sansone-scoglio-300x200.jpg 300w, https:\/\/www.campingenfola.com\/wp-content\/uploads\/2026\/02\/sansone-scoglio-1024x683.jpg 1024w, https:\/\/www.campingenfola.com\/wp-content\/uploads\/2026\/02\/sansone-scoglio-768x512.jpg 768w, https:\/\/www.campingenfola.com\/wp-content\/uploads\/2026\/02\/sansone-scoglio-600x400.jpg 600w\" sizes=\"(max-width: 1500px) 100vw, 1500px\" \/><\/a>\n\t\t\t<\/dt><\/dl><dl class='gallery-item'>\n\t\t\t<dt class='gallery-icon landscape'>\n\t\t\t\t<a data-elementor-open-lightbox=\"yes\" data-elementor-lightbox-slideshow=\"b082a9e\" data-elementor-lightbox-title=\"Scoglio di Capo Bianco\" data-e-action-hash=\"#elementor-action%3Aaction%3Dlightbox%26settings%3DeyJpZCI6Njg1MiwidXJsIjoiaHR0cHM6XC9cL3d3dy5jYW1waW5nZW5mb2xhLmNvbVwvd3AtY29udGVudFwvdXBsb2Fkc1wvMjAyNlwvMDJcL29fY2Fwb2JpYW5jb181LmpwZyIsInNsaWRlc2hvdyI6ImIwODJhOWUifQ%3D%3D\" href='https:\/\/www.campingenfola.com\/wp-content\/uploads\/2026\/02\/o_capobianco_5.jpg'><img loading=\"lazy\" decoding=\"async\" width=\"1500\" height=\"1000\" src=\"https:\/\/www.campingenfola.com\/wp-content\/uploads\/2026\/02\/o_capobianco_5.jpg\" class=\"attachment-full size-full\" alt=\"\" srcset=\"https:\/\/www.campingenfola.com\/wp-content\/uploads\/2026\/02\/o_capobianco_5.jpg 1500w, https:\/\/www.campingenfola.com\/wp-content\/uploads\/2026\/02\/o_capobianco_5-300x200.jpg 300w, https:\/\/www.campingenfola.com\/wp-content\/uploads\/2026\/02\/o_capobianco_5-1024x683.jpg 1024w, https:\/\/www.campingenfola.com\/wp-content\/uploads\/2026\/02\/o_capobianco_5-768x512.jpg 768w, https:\/\/www.campingenfola.com\/wp-content\/uploads\/2026\/02\/o_capobianco_5-600x400.jpg 600w\" sizes=\"(max-width: 1500px) 100vw, 1500px\" \/><\/a>\n\t\t\t<\/dt><\/dl><br style=\"clear: both\" \/><dl class='gallery-item'>\n\t\t\t<dt class='gallery-icon landscape'>\n\t\t\t\t<a data-elementor-open-lightbox=\"yes\" data-elementor-lightbox-slideshow=\"b082a9e\" data-elementor-lightbox-title=\"Spiaggia della Padulella\" data-e-action-hash=\"#elementor-action%3Aaction%3Dlightbox%26settings%3DeyJpZCI6Njg1MywidXJsIjoiaHR0cHM6XC9cL3d3dy5jYW1waW5nZW5mb2xhLmNvbVwvd3AtY29udGVudFwvdXBsb2Fkc1wvMjAyNlwvMDJcLzA4MDYyMDIzXzA4MDcxNV9wYWR1bGVsbGEuanBnIiwic2xpZGVzaG93IjoiYjA4MmE5ZSJ9\" href='https:\/\/www.campingenfola.com\/wp-content\/uploads\/2026\/02\/08062023_080715_padulella.jpg'><img loading=\"lazy\" decoding=\"async\" width=\"1500\" height=\"1000\" src=\"https:\/\/www.campingenfola.com\/wp-content\/uploads\/2026\/02\/08062023_080715_padulella.jpg\" class=\"attachment-full size-full\" alt=\"Spiaggia della Padulella con falesia bianca e mare turchese, una delle pi\u00f9 suggestive dell\u2019Isola d\u2019Elba\" srcset=\"https:\/\/www.campingenfola.com\/wp-content\/uploads\/2026\/02\/08062023_080715_padulella.jpg 1500w, https:\/\/www.campingenfola.com\/wp-content\/uploads\/2026\/02\/08062023_080715_padulella-300x200.jpg 300w, https:\/\/www.campingenfola.com\/wp-content\/uploads\/2026\/02\/08062023_080715_padulella-1024x683.jpg 1024w, https:\/\/www.campingenfola.com\/wp-content\/uploads\/2026\/02\/08062023_080715_padulella-768x512.jpg 768w, https:\/\/www.campingenfola.com\/wp-content\/uploads\/2026\/02\/08062023_080715_padulella-600x400.jpg 600w\" sizes=\"(max-width: 1500px) 100vw, 1500px\" \/><\/a>\n\t\t\t<\/dt><\/dl><dl class='gallery-item'>\n\t\t\t<dt class='gallery-icon landscape'>\n\t\t\t\t<a data-elementor-open-lightbox=\"yes\" data-elementor-lightbox-slideshow=\"b082a9e\" data-elementor-lightbox-title=\"Spiaggia della Sorgente\" data-e-action-hash=\"#elementor-action%3Aaction%3Dlightbox%26settings%3DeyJpZCI6Njg1NCwidXJsIjoiaHR0cHM6XC9cL3d3dy5jYW1waW5nZW5mb2xhLmNvbVwvd3AtY29udGVudFwvdXBsb2Fkc1wvMjAyNlwvMDJcL29fc29yZ2VudGUtbW9kLTYuanBnIiwic2xpZGVzaG93IjoiYjA4MmE5ZSJ9\" href='https:\/\/www.campingenfola.com\/wp-content\/uploads\/2026\/02\/o_sorgente-mod-6.jpg'><img loading=\"lazy\" decoding=\"async\" width=\"1280\" height=\"853\" src=\"https:\/\/www.campingenfola.com\/wp-content\/uploads\/2026\/02\/o_sorgente-mod-6.jpg\" class=\"attachment-full size-full\" alt=\"\" srcset=\"https:\/\/www.campingenfola.com\/wp-content\/uploads\/2026\/02\/o_sorgente-mod-6.jpg 1280w, https:\/\/www.campingenfola.com\/wp-content\/uploads\/2026\/02\/o_sorgente-mod-6-300x200.jpg 300w, https:\/\/www.campingenfola.com\/wp-content\/uploads\/2026\/02\/o_sorgente-mod-6-1024x682.jpg 1024w, https:\/\/www.campingenfola.com\/wp-content\/uploads\/2026\/02\/o_sorgente-mod-6-768x512.jpg 768w, https:\/\/www.campingenfola.com\/wp-content\/uploads\/2026\/02\/o_sorgente-mod-6-600x400.jpg 600w\" sizes=\"(max-width: 1280px) 100vw, 1280px\" \/><\/a>\n\t\t\t<\/dt><\/dl><dl class='gallery-item'>\n\t\t\t<dt class='gallery-icon landscape'>\n\t\t\t\t<a data-elementor-open-lightbox=\"yes\" data-elementor-lightbox-slideshow=\"b082a9e\" data-elementor-lightbox-title=\"Spiagge del golfo di Viticcio\" data-e-action-hash=\"#elementor-action%3Aaction%3Dlightbox%26settings%3DeyJpZCI6Njg1NSwidXJsIjoiaHR0cHM6XC9cL3d3dy5jYW1waW5nZW5mb2xhLmNvbVwvd3AtY29udGVudFwvdXBsb2Fkc1wvMjAyNlwvMDJcL29fZGppXzAwMTYtdml0aWNjaW8uanBnIiwic2xpZGVzaG93IjoiYjA4MmE5ZSJ9\" href='https:\/\/www.campingenfola.com\/wp-content\/uploads\/2026\/02\/o_dji_0016-viticcio.jpg'><img loading=\"lazy\" decoding=\"async\" width=\"1920\" height=\"1280\" src=\"https:\/\/www.campingenfola.com\/wp-content\/uploads\/2026\/02\/o_dji_0016-viticcio.jpg\" class=\"attachment-full size-full\" alt=\"\" srcset=\"https:\/\/www.campingenfola.com\/wp-content\/uploads\/2026\/02\/o_dji_0016-viticcio.jpg 1920w, https:\/\/www.campingenfola.com\/wp-content\/uploads\/2026\/02\/o_dji_0016-viticcio-300x200.jpg 300w, https:\/\/www.campingenfola.com\/wp-content\/uploads\/2026\/02\/o_dji_0016-viticcio-1024x683.jpg 1024w, https:\/\/www.campingenfola.com\/wp-content\/uploads\/2026\/02\/o_dji_0016-viticcio-768x512.jpg 768w, https:\/\/www.campingenfola.com\/wp-content\/uploads\/2026\/02\/o_dji_0016-viticcio-1536x1024.jpg 1536w, https:\/\/www.campingenfola.com\/wp-content\/uploads\/2026\/02\/o_dji_0016-viticcio-600x400.jpg 600w\" sizes=\"(max-width: 1920px) 100vw, 1920px\" \/><\/a>\n\t\t\t<\/dt><\/dl><br style=\"clear: both\" \/>\n\t\t<\/div>\n\t\t<\/div>\n\t\t\t\t\t\t<\/div>\n\t\t\t\t<\/div>\n\t\t\t\t<\/div>\n\t\t","protected":false},"excerpt":{"rendered":"<p>Criques et eaux cristallines Les plages de l\u2019Enfola Le Camping Enfola donne, sur le versant nord et sur le versant sud-ouest, sur deux plages de galets lisses et de rochers, baign\u00e9es par des eaux cristallines et de magnifiques fonds marins. Gr\u00e2ce \u00e0 cette double exposition, m\u00eame en cas de vent ou de mer agit\u00e9e, vous [&hellip;]<\/p>\n","protected":false},"author":2,"featured_media":0,"parent":0,"menu_order":0,"comment_status":"closed","ping_status":"closed","template":"elementor_header_footer","meta":{"footnotes":""},"class_list":["post-6507","page","type-page","status-publish","hentry"],"_links":{"self":[{"href":"https:\/\/www.campingenfola.com\/fr\/wp-json\/wp\/v2\/pages\/6507","targetHints":{"allow":["GET"]}}],"collection":[{"href":"https:\/\/www.campingenfola.com\/fr\/wp-json\/wp\/v2\/pages"}],"about":[{"href":"https:\/\/www.campingenfola.com\/fr\/wp-json\/wp\/v2\/types\/page"}],"author":[{"embeddable":true,"href":"https:\/\/www.campingenfola.com\/fr\/wp-json\/wp\/v2\/users\/2"}],"replies":[{"embeddable":true,"href":"https:\/\/www.campingenfola.com\/fr\/wp-json\/wp\/v2\/comments?post=6507"}],"version-history":[{"count":5,"href":"https:\/\/www.campingenfola.com\/fr\/wp-json\/wp\/v2\/pages\/6507\/revisions"}],"predecessor-version":[{"id":7756,"href":"https:\/\/www.campingenfola.com\/fr\/wp-json\/wp\/v2\/pages\/6507\/revisions\/7756"}],"wp:attachment":[{"href":"https:\/\/www.campingenfola.com\/fr\/wp-json\/wp\/v2\/media?parent=6507"}],"curies":[{"name":"wp","href":"https:\/\/api.w.org\/{rel}","templated":true}]}}