{"id":6456,"date":"2026-03-04T15:45:23","date_gmt":"2026-03-04T14:45:23","guid":{"rendered":"http:\/\/campingenfola.youelba.com\/isola-delba\/"},"modified":"2026-03-16T09:02:14","modified_gmt":"2026-03-16T08:02:14","slug":"ile-delbe","status":"publish","type":"page","link":"https:\/\/www.campingenfola.com\/fr\/ile-delbe\/","title":{"rendered":"\u00cele d\u2019Elbe"},"content":{"rendered":"\t\t<div data-elementor-type=\"wp-page\" data-elementor-id=\"6456\" class=\"elementor elementor-6456 elementor-5977\">\n\t\t\t\t<div class=\"elementor-element elementor-element-0fdab08 e-flex e-con-boxed e-con e-parent\" data-id=\"0fdab08\" data-element_type=\"container\">\n\t\t\t\t\t<div class=\"e-con-inner\">\n\t\t<div class=\"elementor-element elementor-element-bdde1bc e-con-full e-flex elementor-invisible e-con e-child\" data-id=\"bdde1bc\" data-element_type=\"container\" data-settings=\"{&quot;animation&quot;:&quot;fadeIn&quot;}\">\n\t\t\t\t<div class=\"elementor-element elementor-element-78c62fd elementor-widget elementor-widget-vedhak_elementor_heading\" data-id=\"78c62fd\" data-element_type=\"widget\" data-widget_type=\"vedhak_elementor_heading.default\">\n\t\t\t\t<div class=\"elementor-widget-container\">\n\t\t\t\t\t\t\t\t<div class=\"ova-heading template1\">\n\n\t\t\t\t\n\t\t\t\t\t<h2 class=\"sub-title\">\n\n\t\t\t\t\t\t \n\t\t\t\t\t\t\t\t\t\t\t\t\t<span class=\"line-decoration\"><\/span>\n\t\t\t\t\t\t\n\t\t\t\t\t\tUne \u00eele compl\u00e8te : nature, mer, histoire, musique et sport\n\t\t\t\t\t<\/h2>\n\n\t\t\t\t\n\t\t\t\t\n\t\t\t\t\t\n\t\t\t\t\t\t<h3 class=\"title\"><span class=\"title-bold\">\u00cele d\u2019Elbe<\/span><span class=\"title-normal\"><\/span><\/h3>\n\n\t\t\t\t\t\n\n\t\t\t\t\t\t\t\t\t\n\t\t\t\t\n\t\t\t\t\n\t\t\t\t\t\n\t\t\t\t\n\t\t\t<\/div>\n\n\t\t\t\t\t\t<\/div>\n\t\t\t\t<\/div>\n\t\t\t\t<\/div>\n\t\t<div class=\"elementor-element elementor-element-f8b7ea6 e-con-full e-flex e-con e-child\" data-id=\"f8b7ea6\" data-element_type=\"container\">\n\t\t\t\t<div class=\"elementor-element elementor-element-8314947 elementor-widget elementor-widget-text-editor\" data-id=\"8314947\" data-element_type=\"widget\" data-widget_type=\"text-editor.default\">\n\t\t\t\t\t\t\t\t\t<p>L\u2019\u00eele d\u2019Elbe est bien plus qu\u2019une destination baln\u00e9aire : c\u2019est un concentr\u00e9 de paysages vari\u00e9s, de culture, de traditions et de grands \u00e9v\u00e9nements.<\/p><p>En quelques kilom\u00e8tres seulement, on passe de la mer cristalline aux sommets panoramiques, des villages m\u00e9di\u00e9vaux aux fortifications de la Renaissance.<\/p><p>S\u00e9journer au Camping Enfola signifie avoir tout cela \u00e0 port\u00e9e de main, en partant de l\u2019une des baies les plus suggestives de l\u2019\u00eele.<\/p>\t\t\t\t\t\t\t\t<\/div>\n\t\t\t\t<\/div>\n\t\t\t\t\t<\/div>\n\t\t\t\t<\/div>\n\t\t<div class=\"elementor-element elementor-element-baac72d e-flex e-con-boxed e-con e-parent\" data-id=\"baac72d\" data-element_type=\"container\">\n\t\t\t\t\t<div class=\"e-con-inner\">\n\t\t\t\t<div class=\"elementor-element elementor-element-bb6bbef elementor-widget elementor-widget-vedhak_elementor_heading\" data-id=\"bb6bbef\" data-element_type=\"widget\" data-widget_type=\"vedhak_elementor_heading.default\">\n\t\t\t\t<div class=\"elementor-widget-container\">\n\t\t\t\t\t\t\t\t<div class=\"ova-heading template1\">\n\n\t\t\t\t\n\t\t\t\t\n\t\t\t\t\t\n\t\t\t\t\t\t<h3 class=\"title\"><span class=\"title-bold\"><\/span><span class=\"title-normal\">Sept communes, chacune avec sa propre identit\u00e9<\/span><\/h3>\n\n\t\t\t\t\t\n\n\t\t\t\t\t\t\t\t\t\n\t\t\t\t\n\t\t\t\t\n\t\t\t\t\t\n\t\t\t\t\n\t\t\t<\/div>\n\n\t\t\t\t\t\t<\/div>\n\t\t\t\t<\/div>\n\t\t\t\t<div class=\"elementor-element elementor-element-53612e5 elementor-widget elementor-widget-text-editor\" data-id=\"53612e5\" data-element_type=\"widget\" data-widget_type=\"text-editor.default\">\n\t\t\t\t\t\t\t\t\t<p>L\u2019\u00eele est divis\u00e9e en 7 communes, toutes int\u00e9ressantes du point de vue historique et paysager.<br \/>Parmi elles :<\/p><ul><li>Portoferraio, ville fortifi\u00e9e historique, entour\u00e9e des imposantes murailles m\u00e9dic\u00e9ennes et donnant sur l\u2019une des plus belles rades naturelles de la M\u00e9diterran\u00e9e<\/li><li>Capoliveri, village anim\u00e9 sur une colline avec vue panoramique<\/li><li>Marciana Marina, \u00e9l\u00e9gant et plein de charme<\/li><li>Rio, c\u0153ur minier de l\u2019\u00eele<\/li><\/ul><p>Chaque village conserve sa particularit\u00e9, entre paysages suggestifs et traditions locales \u00e0 d\u00e9couvrir pas \u00e0 pas pendant les vacances.<\/p>\t\t\t\t\t\t\t\t<\/div>\n\t\t\t\t\t<\/div>\n\t\t\t\t<\/div>\n\t\t<div class=\"elementor-element elementor-element-d89df5f e-con-full e-flex e-con e-parent\" data-id=\"d89df5f\" data-element_type=\"container\">\n\t\t\t\t<div class=\"elementor-element elementor-element-95ab494 elementor-widget elementor-widget-image-gallery\" data-id=\"95ab494\" data-element_type=\"widget\" data-widget_type=\"image-gallery.default\">\n\t\t\t\t\t\t\t<div class=\"elementor-image-gallery\">\n\t\t\t\n\t\t<style type=\"text\/css\">\n\t\t\t#gallery-1 {\n\t\t\t\tmargin: auto;\n\t\t\t}\n\t\t\t#gallery-1 .gallery-item {\n\t\t\t\tfloat: left;\n\t\t\t\tmargin-top: 10px;\n\t\t\t\ttext-align: center;\n\t\t\t\twidth: 25%;\n\t\t\t}\n\t\t\t#gallery-1 img {\n\t\t\t\tborder: 2px solid #cfcfcf;\n\t\t\t}\n\t\t\t#gallery-1 .gallery-caption {\n\t\t\t\tmargin-left: 0;\n\t\t\t}\n\t\t\t\/* see gallery_shortcode() in wp-includes\/media.php *\/\n\t\t<\/style>\n\t\t<div id='gallery-1' class='gallery galleryid-6456 gallery-columns-4 gallery-size-full'><dl class='gallery-item'>\n\t\t\t<dt class='gallery-icon landscape'>\n\t\t\t\t<a data-elementor-open-lightbox=\"yes\" data-elementor-lightbox-slideshow=\"95ab494\" data-elementor-lightbox-title=\"o_farostella-portoferraio\" data-e-action-hash=\"#elementor-action%3Aaction%3Dlightbox%26settings%3DeyJpZCI6Njg0MSwidXJsIjoiaHR0cHM6XC9cL3d3dy5jYW1waW5nZW5mb2xhLmNvbVwvd3AtY29udGVudFwvdXBsb2Fkc1wvMjAyNlwvMDNcL29fZmFyb3N0ZWxsYS1wb3J0b2ZlcnJhaW8uanBnIiwic2xpZGVzaG93IjoiOTVhYjQ5NCJ9\" href='https:\/\/www.campingenfola.com\/wp-content\/uploads\/2026\/03\/o_farostella-portoferraio.jpg'><img fetchpriority=\"high\" decoding=\"async\" width=\"1920\" height=\"1280\" src=\"https:\/\/www.campingenfola.com\/wp-content\/uploads\/2026\/03\/o_farostella-portoferraio.jpg\" class=\"attachment-full size-full\" alt=\"\" srcset=\"https:\/\/www.campingenfola.com\/wp-content\/uploads\/2026\/03\/o_farostella-portoferraio.jpg 1920w, https:\/\/www.campingenfola.com\/wp-content\/uploads\/2026\/03\/o_farostella-portoferraio-300x200.jpg 300w, https:\/\/www.campingenfola.com\/wp-content\/uploads\/2026\/03\/o_farostella-portoferraio-1024x683.jpg 1024w, https:\/\/www.campingenfola.com\/wp-content\/uploads\/2026\/03\/o_farostella-portoferraio-768x512.jpg 768w, https:\/\/www.campingenfola.com\/wp-content\/uploads\/2026\/03\/o_farostella-portoferraio-1536x1024.jpg 1536w, https:\/\/www.campingenfola.com\/wp-content\/uploads\/2026\/03\/o_farostella-portoferraio-600x400.jpg 600w\" sizes=\"(max-width: 1920px) 100vw, 1920px\" \/><\/a>\n\t\t\t<\/dt><\/dl><dl class='gallery-item'>\n\t\t\t<dt class='gallery-icon landscape'>\n\t\t\t\t<a data-elementor-open-lightbox=\"yes\" data-elementor-lightbox-slideshow=\"95ab494\" data-elementor-lightbox-title=\"capoliveri_dsc_2034\" data-e-action-hash=\"#elementor-action%3Aaction%3Dlightbox%26settings%3DeyJpZCI6Njg0MiwidXJsIjoiaHR0cHM6XC9cL3d3dy5jYW1waW5nZW5mb2xhLmNvbVwvd3AtY29udGVudFwvdXBsb2Fkc1wvMjAyNlwvMDNcL2NhcG9saXZlcmlfZHNjXzIwMzQuanBnIiwic2xpZGVzaG93IjoiOTVhYjQ5NCJ9\" href='https:\/\/www.campingenfola.com\/wp-content\/uploads\/2026\/03\/capoliveri_dsc_2034.jpg'><img decoding=\"async\" width=\"1920\" height=\"1280\" src=\"https:\/\/www.campingenfola.com\/wp-content\/uploads\/2026\/03\/capoliveri_dsc_2034.jpg\" class=\"attachment-full size-full\" alt=\"\" srcset=\"https:\/\/www.campingenfola.com\/wp-content\/uploads\/2026\/03\/capoliveri_dsc_2034.jpg 1920w, https:\/\/www.campingenfola.com\/wp-content\/uploads\/2026\/03\/capoliveri_dsc_2034-300x200.jpg 300w, https:\/\/www.campingenfola.com\/wp-content\/uploads\/2026\/03\/capoliveri_dsc_2034-1024x683.jpg 1024w, https:\/\/www.campingenfola.com\/wp-content\/uploads\/2026\/03\/capoliveri_dsc_2034-768x512.jpg 768w, https:\/\/www.campingenfola.com\/wp-content\/uploads\/2026\/03\/capoliveri_dsc_2034-1536x1024.jpg 1536w, https:\/\/www.campingenfola.com\/wp-content\/uploads\/2026\/03\/capoliveri_dsc_2034-600x400.jpg 600w\" sizes=\"(max-width: 1920px) 100vw, 1920px\" \/><\/a>\n\t\t\t<\/dt><\/dl><dl class='gallery-item'>\n\t\t\t<dt class='gallery-icon landscape'>\n\t\t\t\t<a data-elementor-open-lightbox=\"yes\" data-elementor-lightbox-slideshow=\"95ab494\" data-elementor-lightbox-title=\"o_cotone-mm\" data-e-action-hash=\"#elementor-action%3Aaction%3Dlightbox%26settings%3DeyJpZCI6Njg0MywidXJsIjoiaHR0cHM6XC9cL3d3dy5jYW1waW5nZW5mb2xhLmNvbVwvd3AtY29udGVudFwvdXBsb2Fkc1wvMjAyNlwvMDNcL29fY290b25lLW1tLmpwZWciLCJzbGlkZXNob3ciOiI5NWFiNDk0In0%3D\" href='https:\/\/www.campingenfola.com\/wp-content\/uploads\/2026\/03\/o_cotone-mm.jpeg'><img decoding=\"async\" width=\"1920\" height=\"1280\" src=\"https:\/\/www.campingenfola.com\/wp-content\/uploads\/2026\/03\/o_cotone-mm.jpeg\" class=\"attachment-full size-full\" alt=\"\" srcset=\"https:\/\/www.campingenfola.com\/wp-content\/uploads\/2026\/03\/o_cotone-mm.jpeg 1920w, https:\/\/www.campingenfola.com\/wp-content\/uploads\/2026\/03\/o_cotone-mm-300x200.jpeg 300w, https:\/\/www.campingenfola.com\/wp-content\/uploads\/2026\/03\/o_cotone-mm-1024x683.jpeg 1024w, https:\/\/www.campingenfola.com\/wp-content\/uploads\/2026\/03\/o_cotone-mm-768x512.jpeg 768w, https:\/\/www.campingenfola.com\/wp-content\/uploads\/2026\/03\/o_cotone-mm-1536x1024.jpeg 1536w, https:\/\/www.campingenfola.com\/wp-content\/uploads\/2026\/03\/o_cotone-mm-600x400.jpeg 600w\" sizes=\"(max-width: 1920px) 100vw, 1920px\" \/><\/a>\n\t\t\t<\/dt><\/dl><dl class='gallery-item'>\n\t\t\t<dt class='gallery-icon landscape'>\n\t\t\t\t<a data-elementor-open-lightbox=\"yes\" data-elementor-lightbox-slideshow=\"95ab494\" data-elementor-lightbox-title=\"o_museo-alfeo-ricci-rio-elba-6719-hdr-1\" data-e-action-hash=\"#elementor-action%3Aaction%3Dlightbox%26settings%3DeyJpZCI6Njg0NCwidXJsIjoiaHR0cHM6XC9cL3d3dy5jYW1waW5nZW5mb2xhLmNvbVwvd3AtY29udGVudFwvdXBsb2Fkc1wvMjAyNlwvMDNcL29fbXVzZW8tYWxmZW8tcmljY2ktcmlvLWVsYmEtNjcxOS1oZHItMS5qcGciLCJzbGlkZXNob3ciOiI5NWFiNDk0In0%3D\" href='https:\/\/www.campingenfola.com\/wp-content\/uploads\/2026\/03\/o_museo-alfeo-ricci-rio-elba-6719-hdr-1.jpg'><img loading=\"lazy\" decoding=\"async\" width=\"1920\" height=\"1280\" src=\"https:\/\/www.campingenfola.com\/wp-content\/uploads\/2026\/03\/o_museo-alfeo-ricci-rio-elba-6719-hdr-1.jpg\" class=\"attachment-full size-full\" alt=\"\" srcset=\"https:\/\/www.campingenfola.com\/wp-content\/uploads\/2026\/03\/o_museo-alfeo-ricci-rio-elba-6719-hdr-1.jpg 1920w, https:\/\/www.campingenfola.com\/wp-content\/uploads\/2026\/03\/o_museo-alfeo-ricci-rio-elba-6719-hdr-1-300x200.jpg 300w, https:\/\/www.campingenfola.com\/wp-content\/uploads\/2026\/03\/o_museo-alfeo-ricci-rio-elba-6719-hdr-1-1024x683.jpg 1024w, https:\/\/www.campingenfola.com\/wp-content\/uploads\/2026\/03\/o_museo-alfeo-ricci-rio-elba-6719-hdr-1-768x512.jpg 768w, https:\/\/www.campingenfola.com\/wp-content\/uploads\/2026\/03\/o_museo-alfeo-ricci-rio-elba-6719-hdr-1-1536x1024.jpg 1536w, https:\/\/www.campingenfola.com\/wp-content\/uploads\/2026\/03\/o_museo-alfeo-ricci-rio-elba-6719-hdr-1-600x400.jpg 600w\" sizes=\"(max-width: 1920px) 100vw, 1920px\" \/><\/a>\n\t\t\t<\/dt><\/dl><br style=\"clear: both\" \/>\n\t\t<\/div>\n\t\t<\/div>\n\t\t\t\t\t\t<\/div>\n\t\t\t\t<\/div>\n\t\t\t\t<section class=\"elementor-section elementor-top-section elementor-element elementor-element-ea1cfc7 elementor-section-content-middle elementor-section-boxed elementor-section-height-default elementor-section-height-default\" data-id=\"ea1cfc7\" data-element_type=\"section\">\n\t\t\t\t\t\t<div class=\"elementor-container elementor-column-gap-no\">\n\t\t\t\t\t<div class=\"elementor-column elementor-col-50 elementor-top-column elementor-element elementor-element-fbde3a5\" data-id=\"fbde3a5\" data-element_type=\"column\">\n\t\t\t<div class=\"elementor-widget-wrap elementor-element-populated\">\n\t\t\t\t\t\t<div class=\"elementor-element elementor-element-381bf7c elementor-widget elementor-widget-vedhak_elementor_heading\" data-id=\"381bf7c\" data-element_type=\"widget\" data-widget_type=\"vedhak_elementor_heading.default\">\n\t\t\t\t<div class=\"elementor-widget-container\">\n\t\t\t\t\t\t\t\t<div class=\"ova-heading template1\">\n\n\t\t\t\t\n\t\t\t\t\t<h2 class=\"sub-title\">\n\n\t\t\t\t\t\t \n\t\t\t\t\t\t\n\t\t\t\t\t\t\n\t\t\t\t\t<\/h2>\n\n\t\t\t\t\n\t\t\t\t\n\t\t\t\t\t\n\t\t\t\t\t\t<h3 class=\"title\"><span class=\"title-bold\">Histoire mill\u00e9naire\n<\/span><span class=\"title-normal\">et charme napol\u00e9onien<\/span><\/h3>\n\n\t\t\t\t\t\n\n\t\t\t\t\t\t\t\t\t\n\t\t\t\t\n\t\t\t\t\n\t\t\t\t\t\n\t\t\t\t\n\t\t\t<\/div>\n\n\t\t\t\t\t\t<\/div>\n\t\t\t\t<\/div>\n\t\t\t\t<div class=\"elementor-element elementor-element-b865e0d elementor-widget elementor-widget-text-editor\" data-id=\"b865e0d\" data-element_type=\"widget\" data-widget_type=\"text-editor.default\">\n\t\t\t\t\t\t\t\t\t<p>L\u2019Elbe conserve des t\u00e9moignages qui traversent les si\u00e8cles : de l\u2019\u00e9poque \u00e9trusque et romaine jusqu\u2019\u00e0 la Renaissance et \u00e0 l\u2019\u00e9poque napol\u00e9onienne.<br \/>En 1814, l\u2019\u00eele devint le lieu d\u2019exil de Napol\u00e9on Bonaparte, qui y laissa une empreinte encore visible aujourd\u2019hui.<\/p><p>On peut visiter ses deux r\u00e9sidences :<\/p><ul><li>Villa dei Mulini, dans le centre historique de Portoferraio, face \u00e0 la mer ;<\/li><li>Villa San Martino, entour\u00e9e de verdure \u00e0 quelques kilom\u00e8tres de la ville.<\/li><\/ul><p>\u00c0 Portoferraio, ville fortifi\u00e9e historique, on peut admirer les imposantes murailles m\u00e9dic\u00e9ennes, les forteresses de la Renaissance et un centre historique riche en mus\u00e9es et points de vue panoramiques.<\/p><p>L\u2019\u00eele offre \u00e9galement :<\/p><ul><li>Des sites arch\u00e9ologiques de l\u2019\u00e9poque romaine<\/li><li>Des mus\u00e9es et t\u00e9moignages miniers dans la r\u00e9gion de Rio<\/li><li>Les mines dans la zone de Rio Elba et Capoliveri<\/li><li>La suggestive forteresse du Volterraio, l\u2019un des points panoramiques les plus fascinants de l\u2019\u00eele<\/li><\/ul><p>Un patrimoine culturel qui raconte des si\u00e8cles d\u2019histoire dans un cadre naturel extraordinaire et qui rend l\u2019\u00eele d\u2019Elbe int\u00e9ressante m\u00eame au-del\u00e0 de la saison baln\u00e9aire.<\/p>\t\t\t\t\t\t\t\t<\/div>\n\t\t\t\t\t<\/div>\n\t\t<\/div>\n\t\t\t\t<div class=\"elementor-column elementor-col-50 elementor-top-column elementor-element elementor-element-de8c0bb vedhak_stretch_column_right\" data-id=\"de8c0bb\" data-element_type=\"column\">\n\t\t\t<div class=\"elementor-widget-wrap elementor-element-populated\">\n\t\t\t\t\t\t<div class=\"elementor-element elementor-element-cc25ed8 elementor-widget elementor-widget-image\" data-id=\"cc25ed8\" data-element_type=\"widget\" data-widget_type=\"image.default\">\n\t\t\t\t\t\t\t\t\t\t\t\t\t\t\t<img loading=\"lazy\" decoding=\"async\" width=\"1920\" height=\"1280\" src=\"https:\/\/www.campingenfola.com\/wp-content\/uploads\/2026\/03\/o_castello-volterraio-6923.jpg\" class=\"attachment-full size-full wp-image-6457\" alt=\"\" srcset=\"https:\/\/www.campingenfola.com\/wp-content\/uploads\/2026\/03\/o_castello-volterraio-6923.jpg 1920w, https:\/\/www.campingenfola.com\/wp-content\/uploads\/2026\/03\/o_castello-volterraio-6923-300x200.jpg 300w, https:\/\/www.campingenfola.com\/wp-content\/uploads\/2026\/03\/o_castello-volterraio-6923-1024x683.jpg 1024w, https:\/\/www.campingenfola.com\/wp-content\/uploads\/2026\/03\/o_castello-volterraio-6923-768x512.jpg 768w, https:\/\/www.campingenfola.com\/wp-content\/uploads\/2026\/03\/o_castello-volterraio-6923-1536x1024.jpg 1536w, https:\/\/www.campingenfola.com\/wp-content\/uploads\/2026\/03\/o_castello-volterraio-6923-600x400.jpg 600w\" sizes=\"(max-width: 1920px) 100vw, 1920px\" \/>\t\t\t\t\t\t\t\t\t\t\t\t\t\t\t<\/div>\n\t\t\t\t\t<\/div>\n\t\t<\/div>\n\t\t\t\t\t<\/div>\n\t\t<\/section>\n\t\t<div class=\"elementor-element elementor-element-e61b38c e-flex e-con-boxed e-con e-parent\" data-id=\"e61b38c\" data-element_type=\"container\">\n\t\t\t\t\t<div class=\"e-con-inner\">\n\t\t<div class=\"elementor-element elementor-element-667a98a e-con-full e-flex elementor-invisible e-con e-child\" data-id=\"667a98a\" data-element_type=\"container\" data-settings=\"{&quot;animation&quot;:&quot;fadeIn&quot;}\">\n\t\t\t\t<div class=\"elementor-element elementor-element-3c3f526 elementor-widget elementor-widget-vedhak_elementor_heading\" data-id=\"3c3f526\" data-element_type=\"widget\" data-widget_type=\"vedhak_elementor_heading.default\">\n\t\t\t\t<div class=\"elementor-widget-container\">\n\t\t\t\t\t\t\t\t<div class=\"ova-heading template1\">\n\n\t\t\t\t\n\t\t\t\t\t<h2 class=\"sub-title\">\n\n\t\t\t\t\t\t \n\t\t\t\t\t\t\t\t\t\t\t\t\t<span class=\"line-decoration\"><\/span>\n\t\t\t\t\t\t\n\t\t\t\t\t\tParc National de l\u2019Archipel Toscan\n\t\t\t\t\t<\/h2>\n\n\t\t\t\t\n\t\t\t\t\n\t\t\t\t\t\n\t\t\t\t\t\t<h3 class=\"title\"><span class=\"title-bold\">Nature et panoramas<\/span><span class=\"title-normal\"><\/span><\/h3>\n\n\t\t\t\t\t\n\n\t\t\t\t\t\t\t\t\t\n\t\t\t\t\n\t\t\t\t\n\t\t\t\t\t\n\t\t\t\t\n\t\t\t<\/div>\n\n\t\t\t\t\t\t<\/div>\n\t\t\t\t<\/div>\n\t\t\t\t<div class=\"elementor-element elementor-element-77a292b elementor-widget elementor-widget-image\" data-id=\"77a292b\" data-element_type=\"widget\" data-widget_type=\"image.default\">\n\t\t\t\t\t\t\t\t\t\t\t\t\t\t\t<img loading=\"lazy\" decoding=\"async\" width=\"800\" height=\"534\" src=\"https:\/\/www.campingenfola.com\/wp-content\/uploads\/2026\/03\/o_spiaggia-pinetina_dsc_4530-1024x683.jpg\" class=\"attachment-large size-large wp-image-7302\" alt=\"\" srcset=\"https:\/\/www.campingenfola.com\/wp-content\/uploads\/2026\/03\/o_spiaggia-pinetina_dsc_4530-1024x683.jpg 1024w, https:\/\/www.campingenfola.com\/wp-content\/uploads\/2026\/03\/o_spiaggia-pinetina_dsc_4530-300x200.jpg 300w, https:\/\/www.campingenfola.com\/wp-content\/uploads\/2026\/03\/o_spiaggia-pinetina_dsc_4530-768x512.jpg 768w, https:\/\/www.campingenfola.com\/wp-content\/uploads\/2026\/03\/o_spiaggia-pinetina_dsc_4530-1536x1024.jpg 1536w, https:\/\/www.campingenfola.com\/wp-content\/uploads\/2026\/03\/o_spiaggia-pinetina_dsc_4530.jpg 1920w\" sizes=\"(max-width: 800px) 100vw, 800px\" \/>\t\t\t\t\t\t\t\t\t\t\t\t\t\t\t<\/div>\n\t\t\t\t<\/div>\n\t\t<div class=\"elementor-element elementor-element-45f1ac3 e-con-full e-flex e-con e-child\" data-id=\"45f1ac3\" data-element_type=\"container\">\n\t\t\t\t<div class=\"elementor-element elementor-element-e8012fc elementor-widget elementor-widget-text-editor\" data-id=\"e8012fc\" data-element_type=\"widget\" data-widget_type=\"text-editor.default\">\n\t\t\t\t\t\t\t\t\t<p>L\u2019\u00eele d\u2019Elbe fait partie du Parc National de l\u2019Archipel Toscan et est incluse dans la R\u00e9serve de Biosph\u00e8re \u00ab \u00celes de Toscane \u00bb, reconnue par l\u2019UNESCO dans le cadre du programme Man and the Biosphere (MAB).<br \/>Une reconnaissance internationale qui prot\u00e8ge l\u2019\u00e9quilibre entre l\u2019homme et la nature et valorise l\u2019un des paysages les plus extraordinaires de la M\u00e9diterran\u00e9e.<br \/>Parmi les lieux embl\u00e9matiques :<\/p><ul><li>Monte Capanne, le sommet le plus \u00e9lev\u00e9 de l\u2019\u00eele<\/li><li>Sentiers panoramiques avec vue sur la mer<\/li><li>Falaises sauvages et maquis m\u00e9diterran\u00e9en<\/li><\/ul><p>Depuis le Camping Enfola partent des itin\u00e9raires qui permettent de d\u00e9couvrir l\u2019\u00eele de mani\u00e8re directe et active.<\/p>\t\t\t\t\t\t\t\t<\/div>\n\t\t\t\t<\/div>\n\t\t\t\t\t<\/div>\n\t\t\t\t<\/div>\n\t\t<div class=\"elementor-element elementor-element-ed701b9 e-flex e-con-boxed e-con e-parent\" data-id=\"ed701b9\" data-element_type=\"container\">\n\t\t\t\t\t<div class=\"e-con-inner\">\n\t\t<div class=\"elementor-element elementor-element-5c181be e-con-full e-flex e-con e-child\" data-id=\"5c181be\" data-element_type=\"container\">\n\t\t\t\t<div class=\"elementor-element elementor-element-24ee43f elementor-widget elementor-widget-vedhak_elementor_icon_box\" data-id=\"24ee43f\" data-element_type=\"widget\" data-widget_type=\"vedhak_elementor_icon_box.default\">\n\t\t\t\t<div class=\"elementor-widget-container\">\n\t\t\t\t\t\n\t\t<div class=\"ova-icon-box template1\"> \n\n\t\t\t\t\t\t\t<a class=\"iconbox\" href=\"https:\/\/www.islepark.it\/attivita-ed-eventi-con-il-parco\/\" target=\"_blank\" >\n\t\t\t\t\n\n\t\t\t\t\t\t\t\t\t<span class=\"icon\">\n\t\t\t\t\t\t<i class=\"flaticon flaticon-023-hiking-1\"><\/i>\n\t\t\t\t\t<\/span>\n\t\t\t\t\t\t\t\t\n\t\t\t\t<div class=\"content\">\n\t\t\t\t\t\t\t\t\t\t\t<h3 class=\"title\">\n\t\t\t\t\t\t\tSept \u00eeles, mille exp\u00e9riences : Vivre le Parc 2026\t\t\t\t\t\t<\/h3>\n\t                \n\t                \t\t\t\t\t\t<p class=\"description\">\n\t\t\t\t\t\t\tD\u00e9couvrez le programme complet des excursions et des \u00e9v\u00e9nements propos\u00e9s par le Parc National de l\u2019Archipel Toscan. Un programme vari\u00e9 comprenant plus de 800 activit\u00e9s (dont plus de 200 d\u00e9di\u00e9es aux enfants) sur les sept \u00eeles toscanes : randonn\u00e9e, exp\u00e9riences en plein air, ateliers p\u00e9dagogiques, d\u00e9gustations, conf\u00e9rences, citizen science et seawatching.\t\t\t\t\t\t<\/p>\n\t\t\t\t\t\t\t\t\t<\/div>\n\t\t\t\t\n\t\t\t\t\n\t\t\t\t\n\n\t\t\t\t\t\t\t<\/a> \n\t\t\t\t\n\n\t\t<\/div>\n\n\t\t\t\t\t\t<\/div>\n\t\t\t\t<\/div>\n\t\t\t\t<\/div>\n\t\t\t\t\t<\/div>\n\t\t\t\t<\/div>\n\t\t<div class=\"elementor-element elementor-element-065cc04 e-flex e-con-boxed e-con e-parent\" data-id=\"065cc04\" data-element_type=\"container\">\n\t\t\t\t\t<div class=\"e-con-inner\">\n\t\t\t\t<div class=\"elementor-element elementor-element-9606e78 elementor-widget elementor-widget-vedhak_elementor_heading\" data-id=\"9606e78\" data-element_type=\"widget\" data-widget_type=\"vedhak_elementor_heading.default\">\n\t\t\t\t<div class=\"elementor-widget-container\">\n\t\t\t\t\t\t\t\t<div class=\"ova-heading template1\">\n\n\t\t\t\t\n\t\t\t\t\n\t\t\t\t\t\n\t\t\t\t\t\t<h3 class=\"title\"><span class=\"title-bold\"><\/span><span class=\"title-normal\">Les chemins de l\u2019\u00eele d\u2019Elbe<\/span><\/h3>\n\n\t\t\t\t\t\n\n\t\t\t\t\t\t\t\t\t\n\t\t\t\t\n\t\t\t\t\n\t\t\t\t\t\n\t\t\t\t\n\t\t\t<\/div>\n\n\t\t\t\t\t\t<\/div>\n\t\t\t\t<\/div>\n\t\t\t\t<div class=\"elementor-element elementor-element-3cf6126 elementor-widget elementor-widget-heading\" data-id=\"3cf6126\" data-element_type=\"widget\" data-widget_type=\"heading.default\">\n\t\t\t\t\t<h2 class=\"elementor-heading-title elementor-size-default\">Grande Traversata Elbana (GTE)<\/h2>\t\t\t\t<\/div>\n\t\t\t\t<div class=\"elementor-element elementor-element-5d5db87 elementor-widget elementor-widget-text-editor\" data-id=\"5d5db87\" data-element_type=\"widget\" data-widget_type=\"text-editor.default\">\n\t\t\t\t\t\t\t\t\t<p>La Grande Traversata Elbana traverse l\u2019\u00eele d\u2019est en ouest le long de cr\u00eates panoramiques, de Cavo \u00e0 Pomonte (environ 50 km) ou de Cavo \u00e0 Patresi (environ 60 km).<\/p><p>Depuis le Camping Enfola, il est possible de la rejoindre en passant par le sentier Enfola\u2013Procchio puis de continuer vers Pomonte ou Patresi.<\/p>\t\t\t\t\t\t\t\t<\/div>\n\t\t\t\t<div class=\"elementor-element elementor-element-5ebf739 elementor-widget elementor-widget-image\" data-id=\"5ebf739\" data-element_type=\"widget\" data-widget_type=\"image.default\">\n\t\t\t\t\t\t\t\t\t\t\t\t\t\t\t<img loading=\"lazy\" decoding=\"async\" width=\"946\" height=\"673\" src=\"https:\/\/www.campingenfola.com\/wp-content\/uploads\/2026\/03\/cartina-GTE.jpg\" class=\"attachment-full size-full wp-image-6489\" alt=\"\" srcset=\"https:\/\/www.campingenfola.com\/wp-content\/uploads\/2026\/03\/cartina-GTE.jpg 946w, https:\/\/www.campingenfola.com\/wp-content\/uploads\/2026\/03\/cartina-GTE-300x213.jpg 300w, https:\/\/www.campingenfola.com\/wp-content\/uploads\/2026\/03\/cartina-GTE-768x546.jpg 768w, https:\/\/www.campingenfola.com\/wp-content\/uploads\/2026\/03\/cartina-GTE-600x427.jpg 600w\" sizes=\"(max-width: 946px) 100vw, 946px\" \/>\t\t\t\t\t\t\t\t\t\t\t\t\t\t\t<\/div>\n\t\t\t\t<div class=\"elementor-element elementor-element-4975b3f elementor-widget elementor-widget-spacer\" data-id=\"4975b3f\" data-element_type=\"widget\" data-widget_type=\"spacer.default\">\n\t\t\t\t\t\t\t<div class=\"elementor-spacer\">\n\t\t\t<div class=\"elementor-spacer-inner\"><\/div>\n\t\t<\/div>\n\t\t\t\t\t\t<\/div>\n\t\t\t\t<div class=\"elementor-element elementor-element-74a8766 elementor-widget elementor-widget-heading\" data-id=\"74a8766\" data-element_type=\"widget\" data-widget_type=\"heading.default\">\n\t\t\t\t\t<h2 class=\"elementor-heading-title elementor-size-default\">Via dell'Essenza<\/h2>\t\t\t\t<\/div>\n\t\t\t\t<div class=\"elementor-element elementor-element-e5ccaae elementor-widget elementor-widget-text-editor\" data-id=\"e5ccaae\" data-element_type=\"widget\" data-widget_type=\"text-editor.default\">\n\t\t\t\t\t\t\t\t\t<p>La Via dell\u2019Essenza est un itin\u00e9raire consacr\u00e9 aux parfums et \u00e0 la biodiversit\u00e9 m\u00e9diterran\u00e9enne, une exp\u00e9rience sensorielle autant que sportive, entre immortelle, romarin, ciste, myrte et gen\u00e9vrier. Un parcours en boucle d\u2019environ 67 km, divis\u00e9 en 8 \u00e9tapes, qui traverse l\u2019\u00eele le long de sentiers panoramiques dominant la mer.<\/p>\t\t\t\t\t\t\t\t<\/div>\n\t\t\t\t<div class=\"elementor-element elementor-element-d673c68 elementor-widget elementor-widget-image\" data-id=\"d673c68\" data-element_type=\"widget\" data-widget_type=\"image.default\">\n\t\t\t\t\t\t\t\t\t\t\t\t\t\t\t<img loading=\"lazy\" decoding=\"async\" width=\"1200\" height=\"573\" src=\"https:\/\/www.campingenfola.com\/wp-content\/uploads\/2026\/03\/tappe-via-essenza.jpg\" class=\"attachment-full size-full wp-image-6490\" alt=\"\" srcset=\"https:\/\/www.campingenfola.com\/wp-content\/uploads\/2026\/03\/tappe-via-essenza.jpg 1200w, https:\/\/www.campingenfola.com\/wp-content\/uploads\/2026\/03\/tappe-via-essenza-300x143.jpg 300w, https:\/\/www.campingenfola.com\/wp-content\/uploads\/2026\/03\/tappe-via-essenza-1024x489.jpg 1024w, https:\/\/www.campingenfola.com\/wp-content\/uploads\/2026\/03\/tappe-via-essenza-768x367.jpg 768w, https:\/\/www.campingenfola.com\/wp-content\/uploads\/2026\/03\/tappe-via-essenza-600x287.jpg 600w\" sizes=\"(max-width: 1200px) 100vw, 1200px\" \/>\t\t\t\t\t\t\t\t\t\t\t\t\t\t\t<\/div>\n\t\t\t\t\t<\/div>\n\t\t\t\t<\/div>\n\t\t<div class=\"elementor-element elementor-element-5542f72 e-con-full e-flex e-con e-parent\" data-id=\"5542f72\" data-element_type=\"container\">\n\t\t\t\t<div class=\"elementor-element elementor-element-1367154 elementor-widget elementor-widget-image-gallery\" data-id=\"1367154\" data-element_type=\"widget\" data-widget_type=\"image-gallery.default\">\n\t\t\t\t\t\t\t<div class=\"elementor-image-gallery\">\n\t\t\t\n\t\t<style type=\"text\/css\">\n\t\t\t#gallery-2 {\n\t\t\t\tmargin: auto;\n\t\t\t}\n\t\t\t#gallery-2 .gallery-item {\n\t\t\t\tfloat: left;\n\t\t\t\tmargin-top: 10px;\n\t\t\t\ttext-align: center;\n\t\t\t\twidth: 20%;\n\t\t\t}\n\t\t\t#gallery-2 img {\n\t\t\t\tborder: 2px solid #cfcfcf;\n\t\t\t}\n\t\t\t#gallery-2 .gallery-caption {\n\t\t\t\tmargin-left: 0;\n\t\t\t}\n\t\t\t\/* see gallery_shortcode() in wp-includes\/media.php *\/\n\t\t<\/style>\n\t\t<div id='gallery-2' class='gallery galleryid-6456 gallery-columns-5 gallery-size-full'><dl class='gallery-item'>\n\t\t\t<dt class='gallery-icon portrait'>\n\t\t\t\t<a data-elementor-open-lightbox=\"yes\" data-elementor-lightbox-slideshow=\"1367154\" data-elementor-lightbox-title=\"IMG_5515-cotaccia\" data-e-action-hash=\"#elementor-action%3Aaction%3Dlightbox%26settings%3DeyJpZCI6NjQ4NCwidXJsIjoiaHR0cHM6XC9cL3d3dy5jYW1waW5nZW5mb2xhLmNvbVwvd3AtY29udGVudFwvdXBsb2Fkc1wvMjAyNlwvMDNcL0lNR181NTE1LWNvdGFjY2lhLmpwZyIsInNsaWRlc2hvdyI6IjEzNjcxNTQifQ%3D%3D\" href='https:\/\/www.campingenfola.com\/wp-content\/uploads\/2026\/03\/IMG_5515-cotaccia.jpg'><img loading=\"lazy\" decoding=\"async\" width=\"1080\" height=\"1440\" src=\"https:\/\/www.campingenfola.com\/wp-content\/uploads\/2026\/03\/IMG_5515-cotaccia.jpg\" class=\"attachment-full size-full\" alt=\"\" srcset=\"https:\/\/www.campingenfola.com\/wp-content\/uploads\/2026\/03\/IMG_5515-cotaccia.jpg 1080w, https:\/\/www.campingenfola.com\/wp-content\/uploads\/2026\/03\/IMG_5515-cotaccia-225x300.jpg 225w, https:\/\/www.campingenfola.com\/wp-content\/uploads\/2026\/03\/IMG_5515-cotaccia-768x1024.jpg 768w, https:\/\/www.campingenfola.com\/wp-content\/uploads\/2026\/03\/IMG_5515-cotaccia-600x800.jpg 600w\" sizes=\"(max-width: 1080px) 100vw, 1080px\" \/><\/a>\n\t\t\t<\/dt><\/dl><dl class='gallery-item'>\n\t\t\t<dt class='gallery-icon portrait'>\n\t\t\t\t<a data-elementor-open-lightbox=\"yes\" data-elementor-lightbox-slideshow=\"1367154\" data-elementor-lightbox-title=\"seconda-tappa-gte-32\" data-e-action-hash=\"#elementor-action%3Aaction%3Dlightbox%26settings%3DeyJpZCI6NjQ4MSwidXJsIjoiaHR0cHM6XC9cL3d3dy5jYW1waW5nZW5mb2xhLmNvbVwvd3AtY29udGVudFwvdXBsb2Fkc1wvMjAyNlwvMDNcL3NlY29uZGEtdGFwcGEtZ3RlLTMyLmpwZyIsInNsaWRlc2hvdyI6IjEzNjcxNTQifQ%3D%3D\" href='https:\/\/www.campingenfola.com\/wp-content\/uploads\/2026\/03\/seconda-tappa-gte-32.jpg'><img loading=\"lazy\" decoding=\"async\" width=\"1080\" height=\"1440\" src=\"https:\/\/www.campingenfola.com\/wp-content\/uploads\/2026\/03\/seconda-tappa-gte-32.jpg\" class=\"attachment-full size-full\" alt=\"\" srcset=\"https:\/\/www.campingenfola.com\/wp-content\/uploads\/2026\/03\/seconda-tappa-gte-32.jpg 1080w, https:\/\/www.campingenfola.com\/wp-content\/uploads\/2026\/03\/seconda-tappa-gte-32-225x300.jpg 225w, https:\/\/www.campingenfola.com\/wp-content\/uploads\/2026\/03\/seconda-tappa-gte-32-768x1024.jpg 768w, https:\/\/www.campingenfola.com\/wp-content\/uploads\/2026\/03\/seconda-tappa-gte-32-600x800.jpg 600w\" sizes=\"(max-width: 1080px) 100vw, 1080px\" \/><\/a>\n\t\t\t<\/dt><\/dl><dl class='gallery-item'>\n\t\t\t<dt class='gallery-icon portrait'>\n\t\t\t\t<a data-elementor-open-lightbox=\"yes\" data-elementor-lightbox-slideshow=\"1367154\" data-elementor-lightbox-title=\"terza-tappa_monte-perone-7191\" data-e-action-hash=\"#elementor-action%3Aaction%3Dlightbox%26settings%3DeyJpZCI6NjQ4MiwidXJsIjoiaHR0cHM6XC9cL3d3dy5jYW1waW5nZW5mb2xhLmNvbVwvd3AtY29udGVudFwvdXBsb2Fkc1wvMjAyNlwvMDNcL3RlcnphLXRhcHBhX21vbnRlLXBlcm9uZS03MTkxLmpwZyIsInNsaWRlc2hvdyI6IjEzNjcxNTQifQ%3D%3D\" href='https:\/\/www.campingenfola.com\/wp-content\/uploads\/2026\/03\/terza-tappa_monte-perone-7191.jpg'><img loading=\"lazy\" decoding=\"async\" width=\"1080\" height=\"1440\" src=\"https:\/\/www.campingenfola.com\/wp-content\/uploads\/2026\/03\/terza-tappa_monte-perone-7191.jpg\" class=\"attachment-full size-full\" alt=\"\" srcset=\"https:\/\/www.campingenfola.com\/wp-content\/uploads\/2026\/03\/terza-tappa_monte-perone-7191.jpg 1080w, https:\/\/www.campingenfola.com\/wp-content\/uploads\/2026\/03\/terza-tappa_monte-perone-7191-225x300.jpg 225w, https:\/\/www.campingenfola.com\/wp-content\/uploads\/2026\/03\/terza-tappa_monte-perone-7191-768x1024.jpg 768w, https:\/\/www.campingenfola.com\/wp-content\/uploads\/2026\/03\/terza-tappa_monte-perone-7191-600x800.jpg 600w\" sizes=\"(max-width: 1080px) 100vw, 1080px\" \/><\/a>\n\t\t\t<\/dt><\/dl><dl class='gallery-item'>\n\t\t\t<dt class='gallery-icon portrait'>\n\t\t\t\t<a data-elementor-open-lightbox=\"yes\" data-elementor-lightbox-slideshow=\"1367154\" data-elementor-lightbox-title=\"terza-tappa-4_1785\" data-e-action-hash=\"#elementor-action%3Aaction%3Dlightbox%26settings%3DeyJpZCI6NjQ4MywidXJsIjoiaHR0cHM6XC9cL3d3dy5jYW1waW5nZW5mb2xhLmNvbVwvd3AtY29udGVudFwvdXBsb2Fkc1wvMjAyNlwvMDNcL3RlcnphLXRhcHBhLTRfMTc4NS5qcGciLCJzbGlkZXNob3ciOiIxMzY3MTU0In0%3D\" href='https:\/\/www.campingenfola.com\/wp-content\/uploads\/2026\/03\/terza-tappa-4_1785.jpg'><img loading=\"lazy\" decoding=\"async\" width=\"1080\" height=\"1440\" src=\"https:\/\/www.campingenfola.com\/wp-content\/uploads\/2026\/03\/terza-tappa-4_1785.jpg\" class=\"attachment-full size-full\" alt=\"\" srcset=\"https:\/\/www.campingenfola.com\/wp-content\/uploads\/2026\/03\/terza-tappa-4_1785.jpg 1080w, https:\/\/www.campingenfola.com\/wp-content\/uploads\/2026\/03\/terza-tappa-4_1785-225x300.jpg 225w, https:\/\/www.campingenfola.com\/wp-content\/uploads\/2026\/03\/terza-tappa-4_1785-768x1024.jpg 768w, https:\/\/www.campingenfola.com\/wp-content\/uploads\/2026\/03\/terza-tappa-4_1785-600x800.jpg 600w\" sizes=\"(max-width: 1080px) 100vw, 1080px\" \/><\/a>\n\t\t\t<\/dt><\/dl><dl class='gallery-item'>\n\t\t\t<dt class='gallery-icon portrait'>\n\t\t\t\t<a data-elementor-open-lightbox=\"yes\" data-elementor-lightbox-slideshow=\"1367154\" data-elementor-lightbox-title=\"prima-tappa-gte-43\" data-e-action-hash=\"#elementor-action%3Aaction%3Dlightbox%26settings%3DeyJpZCI6NjQ4MCwidXJsIjoiaHR0cHM6XC9cL3d3dy5jYW1waW5nZW5mb2xhLmNvbVwvd3AtY29udGVudFwvdXBsb2Fkc1wvMjAyNlwvMDNcL3ByaW1hLXRhcHBhLWd0ZS00My5qcGciLCJzbGlkZXNob3ciOiIxMzY3MTU0In0%3D\" href='https:\/\/www.campingenfola.com\/wp-content\/uploads\/2026\/03\/prima-tappa-gte-43.jpg'><img loading=\"lazy\" decoding=\"async\" width=\"1080\" height=\"1440\" src=\"https:\/\/www.campingenfola.com\/wp-content\/uploads\/2026\/03\/prima-tappa-gte-43.jpg\" class=\"attachment-full size-full\" alt=\"\" srcset=\"https:\/\/www.campingenfola.com\/wp-content\/uploads\/2026\/03\/prima-tappa-gte-43.jpg 1080w, https:\/\/www.campingenfola.com\/wp-content\/uploads\/2026\/03\/prima-tappa-gte-43-225x300.jpg 225w, https:\/\/www.campingenfola.com\/wp-content\/uploads\/2026\/03\/prima-tappa-gte-43-768x1024.jpg 768w, https:\/\/www.campingenfola.com\/wp-content\/uploads\/2026\/03\/prima-tappa-gte-43-600x800.jpg 600w\" sizes=\"(max-width: 1080px) 100vw, 1080px\" \/><\/a>\n\t\t\t<\/dt><\/dl><br style=\"clear: both\" \/>\n\t\t<\/div>\n\t\t<\/div>\n\t\t\t\t\t\t<\/div>\n\t\t\t\t<\/div>\n\t\t\t\t<section class=\"elementor-section elementor-top-section elementor-element elementor-element-1858ee0 elementor-section-content-middle elementor-section-boxed elementor-section-height-default elementor-section-height-default\" data-id=\"1858ee0\" data-element_type=\"section\">\n\t\t\t\t\t\t<div class=\"elementor-container elementor-column-gap-no\">\n\t\t\t\t\t<div class=\"elementor-column elementor-col-50 elementor-top-column elementor-element elementor-element-d02442b\" data-id=\"d02442b\" data-element_type=\"column\">\n\t\t\t<div class=\"elementor-widget-wrap elementor-element-populated\">\n\t\t\t\t\t\t<div class=\"elementor-element elementor-element-a3a19fe elementor-widget elementor-widget-vedhak_elementor_heading\" data-id=\"a3a19fe\" data-element_type=\"widget\" data-widget_type=\"vedhak_elementor_heading.default\">\n\t\t\t\t<div class=\"elementor-widget-container\">\n\t\t\t\t\t\t\t\t<div class=\"ova-heading template1\">\n\n\t\t\t\t\n\t\t\t\t\t<h2 class=\"sub-title\">\n\n\t\t\t\t\t\t \n\t\t\t\t\t\t\t\t\t\t\t\t\t<span class=\"line-decoration\"><\/span>\n\t\t\t\t\t\t\n\t\t\t\t\t\tShopping\n\t\t\t\t\t<\/h2>\n\n\t\t\t\t\n\t\t\t\t\n\t\t\t\t\t\n\t\t\t\t\t\t<h3 class=\"title\"><span class=\"title-bold\">March\u00e9s<\/span><span class=\"title-normal\">hebdomadaires<\/span><\/h3>\n\n\t\t\t\t\t\n\n\t\t\t\t\t\t\t\t\t\n\t\t\t\t\n\t\t\t\t\n\t\t\t\t\t\n\t\t\t\t\n\t\t\t<\/div>\n\n\t\t\t\t\t\t<\/div>\n\t\t\t\t<\/div>\n\t\t\t\t<div class=\"elementor-element elementor-element-5a3220e elementor-widget elementor-widget-text-editor\" data-id=\"5a3220e\" data-element_type=\"widget\" data-widget_type=\"text-editor.default\">\n\t\t\t\t\t\t\t\t\t<p>Les march\u00e9s hebdomadaires sont un rendez-vous typique et agr\u00e9able, entre produits locaux, v\u00eatements, artisanat et saveurs du territoire.<\/p><p>\u00c0 Portoferraio, le march\u00e9 a lieu le vendredi matin, parfait pour une promenade entre les \u00e9tals avant une journ\u00e9e \u00e0 la mer.<\/p><p>\u00c0 Procchio, le samedi (et en \u00e9t\u00e9 \u00e9galement le mardi), le march\u00e9 agroalimentaire est consacr\u00e9 aux produits du territoire : vins de l\u2019\u00eele d\u2019Elbe, huile d\u2019olive extra vierge, miel du maquis m\u00e9diterran\u00e9en, l\u00e9gumes de saison, fromages et petites productions artisanales.<\/p>\t\t\t\t\t\t\t\t<\/div>\n\t\t\t\t\t<\/div>\n\t\t<\/div>\n\t\t\t\t<div class=\"elementor-column elementor-col-50 elementor-top-column elementor-element elementor-element-6d63733 vedhak_stretch_column_right\" data-id=\"6d63733\" data-element_type=\"column\">\n\t\t\t<div class=\"elementor-widget-wrap elementor-element-populated\">\n\t\t\t\t\t\t<div class=\"elementor-element elementor-element-be2f3d5 elementor-widget elementor-widget-image-gallery\" data-id=\"be2f3d5\" data-element_type=\"widget\" data-widget_type=\"image-gallery.default\">\n\t\t\t\t\t\t\t<div class=\"elementor-image-gallery\">\n\t\t\t\n\t\t<style type=\"text\/css\">\n\t\t\t#gallery-3 {\n\t\t\t\tmargin: auto;\n\t\t\t}\n\t\t\t#gallery-3 .gallery-item {\n\t\t\t\tfloat: left;\n\t\t\t\tmargin-top: 10px;\n\t\t\t\ttext-align: center;\n\t\t\t\twidth: 50%;\n\t\t\t}\n\t\t\t#gallery-3 img {\n\t\t\t\tborder: 2px solid #cfcfcf;\n\t\t\t}\n\t\t\t#gallery-3 .gallery-caption {\n\t\t\t\tmargin-left: 0;\n\t\t\t}\n\t\t\t\/* see gallery_shortcode() in wp-includes\/media.php *\/\n\t\t<\/style>\n\t\t<div id='gallery-3' class='gallery galleryid-6456 gallery-columns-2 gallery-size-full'><dl class='gallery-item'>\n\t\t\t<dt class='gallery-icon landscape'>\n\t\t\t\t<a data-elementor-open-lightbox=\"yes\" data-elementor-lightbox-slideshow=\"be2f3d5\" data-elementor-lightbox-title=\"Mercato settimanale di Portoferraio\" data-e-action-hash=\"#elementor-action%3Aaction%3Dlightbox%26settings%3DeyJpZCI6ODUyMCwidXJsIjoiaHR0cHM6XC9cL3d3dy5jYW1waW5nZW5mb2xhLmNvbVwvd3AtY29udGVudFwvdXBsb2Fkc1wvMjAyNlwvMDNcL21lcmNhdG8tcG9ydG9mZXJyYWlvLmpwZyIsInNsaWRlc2hvdyI6ImJlMmYzZDUifQ%3D%3D\" href='https:\/\/www.campingenfola.com\/wp-content\/uploads\/2026\/03\/mercato-portoferraio.jpg'><img loading=\"lazy\" decoding=\"async\" width=\"1280\" height=\"853\" src=\"https:\/\/www.campingenfola.com\/wp-content\/uploads\/2026\/03\/mercato-portoferraio.jpg\" class=\"attachment-full size-full\" alt=\"Bancarelle del mercato settimanale di Portoferraio con piante, fiori e prodotti locali\" srcset=\"https:\/\/www.campingenfola.com\/wp-content\/uploads\/2026\/03\/mercato-portoferraio.jpg 1280w, https:\/\/www.campingenfola.com\/wp-content\/uploads\/2026\/03\/mercato-portoferraio-300x200.jpg 300w, https:\/\/www.campingenfola.com\/wp-content\/uploads\/2026\/03\/mercato-portoferraio-1024x682.jpg 1024w, https:\/\/www.campingenfola.com\/wp-content\/uploads\/2026\/03\/mercato-portoferraio-768x512.jpg 768w\" sizes=\"(max-width: 1280px) 100vw, 1280px\" \/><\/a>\n\t\t\t<\/dt><\/dl><dl class='gallery-item'>\n\t\t\t<dt class='gallery-icon landscape'>\n\t\t\t\t<a data-elementor-open-lightbox=\"yes\" data-elementor-lightbox-slideshow=\"be2f3d5\" data-elementor-lightbox-title=\"mercato-agroalimentare-procchio\" data-e-action-hash=\"#elementor-action%3Aaction%3Dlightbox%26settings%3DeyJpZCI6NjQ4NSwidXJsIjoiaHR0cHM6XC9cL3d3dy5jYW1waW5nZW5mb2xhLmNvbVwvd3AtY29udGVudFwvdXBsb2Fkc1wvMjAyNlwvMDNcL21lcmNhdG8tYWdyb2FsaW1lbnRhcmUtcHJvY2NoaW8uanBnIiwic2xpZGVzaG93IjoiYmUyZjNkNSJ9\" href='https:\/\/www.campingenfola.com\/wp-content\/uploads\/2026\/03\/mercato-agroalimentare-procchio.jpg'><img loading=\"lazy\" decoding=\"async\" width=\"1920\" height=\"1280\" src=\"https:\/\/www.campingenfola.com\/wp-content\/uploads\/2026\/03\/mercato-agroalimentare-procchio.jpg\" class=\"attachment-full size-full\" alt=\"\" srcset=\"https:\/\/www.campingenfola.com\/wp-content\/uploads\/2026\/03\/mercato-agroalimentare-procchio.jpg 1920w, https:\/\/www.campingenfola.com\/wp-content\/uploads\/2026\/03\/mercato-agroalimentare-procchio-300x200.jpg 300w, https:\/\/www.campingenfola.com\/wp-content\/uploads\/2026\/03\/mercato-agroalimentare-procchio-1024x683.jpg 1024w, https:\/\/www.campingenfola.com\/wp-content\/uploads\/2026\/03\/mercato-agroalimentare-procchio-768x512.jpg 768w, https:\/\/www.campingenfola.com\/wp-content\/uploads\/2026\/03\/mercato-agroalimentare-procchio-1536x1024.jpg 1536w, https:\/\/www.campingenfola.com\/wp-content\/uploads\/2026\/03\/mercato-agroalimentare-procchio-600x400.jpg 600w\" sizes=\"(max-width: 1920px) 100vw, 1920px\" \/><\/a>\n\t\t\t<\/dt><\/dl><br style=\"clear: both\" \/>\n\t\t<\/div>\n\t\t<\/div>\n\t\t\t\t\t\t<\/div>\n\t\t\t\t\t<\/div>\n\t\t<\/div>\n\t\t\t\t\t<\/div>\n\t\t<\/section>\n\t\t<div class=\"elementor-element elementor-element-e0b2f62 e-flex e-con-boxed e-con e-parent\" data-id=\"e0b2f62\" data-element_type=\"container\">\n\t\t\t\t\t<div class=\"e-con-inner\">\n\t\t\t\t<div class=\"elementor-element elementor-element-84eee89 elementor-widget elementor-widget-vedhak_elementor_heading\" data-id=\"84eee89\" data-element_type=\"widget\" data-widget_type=\"vedhak_elementor_heading.default\">\n\t\t\t\t<div class=\"elementor-widget-container\">\n\t\t\t\t\t\t\t\t<div class=\"ova-heading template1\">\n\n\t\t\t\t\n\t\t\t\t\t<h2 class=\"sub-title\">\n\n\t\t\t\t\t\t \n\t\t\t\t\t\t\t\t\t\t\t\t\t<span class=\"line-decoration\"><\/span>\n\t\t\t\t\t\t\n\t\t\t\t\t\t\u00c9v\u00e9nements \u00e0 l\u2019\u00eele d\u2019Elbe\n\t\t\t\t\t<\/h2>\n\n\t\t\t\t\n\t\t\t\t\n\t\t\t\t\t\n\t\t\t\t\t\t<h3 class=\"title\"><span class=\"title-bold\">Musique, culture <\/span><span class=\"title-normal\">et rencontres<\/span><\/h3>\n\n\t\t\t\t\t\n\n\t\t\t\t\t\t\t\t\t\n\t\t\t\t\n\t\t\t\t\n\t\t\t\t\t\n\t\t\t\t\n\t\t\t<\/div>\n\n\t\t\t\t\t\t<\/div>\n\t\t\t\t<\/div>\n\t\t\t\t<div class=\"elementor-element elementor-element-da098f2 elementor-widget elementor-widget-text-editor\" data-id=\"da098f2\" data-element_type=\"widget\" data-widget_type=\"text-editor.default\">\n\t\t\t\t\t\t\t\t\t<p>En \u00e9t\u00e9, les places s\u2019animent avec des concerts et des \u00e9v\u00e9nements sous les \u00e9toiles, entre hommages \u00e0 de grands artistes et soir\u00e9es qui allient atmosph\u00e8re et qualit\u00e9.<\/p><p>La premi\u00e8re semaine de septembre, l\u2019\u00eele accueille le prestigieux Elba Isola Musicale d\u2019Europa, un rendez-vous international de tr\u00e8s haut niveau.<\/p><p>Aux c\u00f4t\u00e9s de la musique, l\u2019Elbe est aussi une terre de litt\u00e9rature : parmi les \u00e9v\u00e9nements les plus importants figure le Prix litt\u00e9raire Raffaello Brignetti, d\u00e9di\u00e9 \u00e0 la fiction et li\u00e9 \u00e0 la figure de l\u2019\u00e9crivain elbanais Raffaello Brignetti.<\/p><p>Une \u00eele qui n\u2019offre pas seulement des paysages, mais aussi des occasions de rencontre et de culture.<\/p>\t\t\t\t\t\t\t\t<\/div>\n\t\t\t\t\t<\/div>\n\t\t\t\t<\/div>\n\t\t<div class=\"elementor-element elementor-element-3d7c447 e-con-full e-flex e-con e-parent\" data-id=\"3d7c447\" data-element_type=\"container\">\n\t\t\t\t<div class=\"elementor-element elementor-element-3eea9fd elementor-widget elementor-widget-image-gallery\" data-id=\"3eea9fd\" data-element_type=\"widget\" data-widget_type=\"image-gallery.default\">\n\t\t\t\t\t\t\t<div class=\"elementor-image-gallery\">\n\t\t\t\n\t\t<style type=\"text\/css\">\n\t\t\t#gallery-4 {\n\t\t\t\tmargin: auto;\n\t\t\t}\n\t\t\t#gallery-4 .gallery-item {\n\t\t\t\tfloat: left;\n\t\t\t\tmargin-top: 10px;\n\t\t\t\ttext-align: center;\n\t\t\t\twidth: 50%;\n\t\t\t}\n\t\t\t#gallery-4 img {\n\t\t\t\tborder: 2px solid #cfcfcf;\n\t\t\t}\n\t\t\t#gallery-4 .gallery-caption {\n\t\t\t\tmargin-left: 0;\n\t\t\t}\n\t\t\t\/* see gallery_shortcode() in wp-includes\/media.php *\/\n\t\t<\/style>\n\t\t<div id='gallery-4' class='gallery galleryid-6456 gallery-columns-2 gallery-size-full'><dl class='gallery-item'>\n\t\t\t<dt class='gallery-icon landscape'>\n\t\t\t\t<a data-elementor-open-lightbox=\"yes\" data-elementor-lightbox-slideshow=\"3eea9fd\" data-elementor-lightbox-title=\"elba-isola-musicale-europa2.jpg\" data-e-action-hash=\"#elementor-action%3Aaction%3Dlightbox%26settings%3DeyJpZCI6NzI1MywidXJsIjoiaHR0cHM6XC9cL3d3dy5jYW1waW5nZW5mb2xhLmNvbVwvd3AtY29udGVudFwvdXBsb2Fkc1wvMjAyNlwvMDNcL2VsYmEtaXNvbGEtbXVzaWNhbGUtZXVyb3BhMi0xLmpwZyIsInNsaWRlc2hvdyI6IjNlZWE5ZmQifQ%3D%3D\" href='https:\/\/www.campingenfola.com\/wp-content\/uploads\/2026\/03\/elba-isola-musicale-europa2-1.jpg'><img loading=\"lazy\" decoding=\"async\" width=\"1600\" height=\"1200\" src=\"https:\/\/www.campingenfola.com\/wp-content\/uploads\/2026\/03\/elba-isola-musicale-europa2-1.jpg\" class=\"attachment-full size-full\" alt=\"\" srcset=\"https:\/\/www.campingenfola.com\/wp-content\/uploads\/2026\/03\/elba-isola-musicale-europa2-1.jpg 1600w, https:\/\/www.campingenfola.com\/wp-content\/uploads\/2026\/03\/elba-isola-musicale-europa2-1-300x225.jpg 300w, https:\/\/www.campingenfola.com\/wp-content\/uploads\/2026\/03\/elba-isola-musicale-europa2-1-1024x768.jpg 1024w, https:\/\/www.campingenfola.com\/wp-content\/uploads\/2026\/03\/elba-isola-musicale-europa2-1-768x576.jpg 768w, https:\/\/www.campingenfola.com\/wp-content\/uploads\/2026\/03\/elba-isola-musicale-europa2-1-1536x1152.jpg 1536w\" sizes=\"(max-width: 1600px) 100vw, 1600px\" \/><\/a>\n\t\t\t<\/dt><\/dl><dl class='gallery-item'>\n\t\t\t<dt class='gallery-icon landscape'>\n\t\t\t\t<a data-elementor-open-lightbox=\"yes\" data-elementor-lightbox-slideshow=\"3eea9fd\" data-elementor-lightbox-title=\"elba-isola-musicale-europa1.jpg\" data-e-action-hash=\"#elementor-action%3Aaction%3Dlightbox%26settings%3DeyJpZCI6NzI1NCwidXJsIjoiaHR0cHM6XC9cL3d3dy5jYW1waW5nZW5mb2xhLmNvbVwvd3AtY29udGVudFwvdXBsb2Fkc1wvMjAyNlwvMDNcL2VsYmEtaXNvbGEtbXVzaWNhbGUtZXVyb3BhMS0xLmpwZyIsInNsaWRlc2hvdyI6IjNlZWE5ZmQifQ%3D%3D\" href='https:\/\/www.campingenfola.com\/wp-content\/uploads\/2026\/03\/elba-isola-musicale-europa1-1.jpg'><img loading=\"lazy\" decoding=\"async\" width=\"1600\" height=\"1200\" src=\"https:\/\/www.campingenfola.com\/wp-content\/uploads\/2026\/03\/elba-isola-musicale-europa1-1.jpg\" class=\"attachment-full size-full\" alt=\"\" srcset=\"https:\/\/www.campingenfola.com\/wp-content\/uploads\/2026\/03\/elba-isola-musicale-europa1-1.jpg 1600w, https:\/\/www.campingenfola.com\/wp-content\/uploads\/2026\/03\/elba-isola-musicale-europa1-1-300x225.jpg 300w, https:\/\/www.campingenfola.com\/wp-content\/uploads\/2026\/03\/elba-isola-musicale-europa1-1-1024x768.jpg 1024w, https:\/\/www.campingenfola.com\/wp-content\/uploads\/2026\/03\/elba-isola-musicale-europa1-1-768x576.jpg 768w, https:\/\/www.campingenfola.com\/wp-content\/uploads\/2026\/03\/elba-isola-musicale-europa1-1-1536x1152.jpg 1536w\" sizes=\"(max-width: 1600px) 100vw, 1600px\" \/><\/a>\n\t\t\t<\/dt><\/dl><br style=\"clear: both\" \/>\n\t\t<\/div>\n\t\t<\/div>\n\t\t\t\t\t\t<\/div>\n\t\t\t\t<\/div>\n\t\t<div class=\"elementor-element elementor-element-e677a5d e-flex e-con-boxed e-con e-parent\" data-id=\"e677a5d\" data-element_type=\"container\">\n\t\t\t\t\t<div class=\"e-con-inner\">\n\t\t\t\t<div class=\"elementor-element elementor-element-71f96f0 elementor-widget elementor-widget-vedhak_elementor_heading\" data-id=\"71f96f0\" data-element_type=\"widget\" data-widget_type=\"vedhak_elementor_heading.default\">\n\t\t\t\t<div class=\"elementor-widget-container\">\n\t\t\t\t\t\t\t\t<div class=\"ova-heading template1\">\n\n\t\t\t\t\n\t\t\t\t\n\t\t\t\t\t\n\t\t\t\t\t\t<h3 class=\"title\"><span class=\"title-bold\"><\/span><span class=\"title-normal\">Sport et \u00e9v\u00e9nements internationaux<\/span><\/h3>\n\n\t\t\t\t\t\n\n\t\t\t\t\t\t\t\t\t\n\t\t\t\t\n\t\t\t\t\n\t\t\t\t\t\n\t\t\t\t\n\t\t\t<\/div>\n\n\t\t\t\t\t\t<\/div>\n\t\t\t\t<\/div>\n\t\t\t\t<div class=\"elementor-element elementor-element-59ef66d elementor-widget elementor-widget-text-editor\" data-id=\"59ef66d\" data-element_type=\"widget\" data-widget_type=\"text-editor.default\">\n\t\t\t\t\t\t\t\t\t<p>L\u2019\u00eele est devenue un point de r\u00e9f\u00e9rence pour les \u00e9v\u00e9nements sportifs dans des paysages spectaculaires, parmi lesquels :<\/p><ul><li>Legend Run \u2013 trail sur le Monte Calamita<\/li><li>Iron Tour Elba (route et cross), triathlon par \u00e9tapes sur toute l\u2019\u00eele, \u00e9v\u00e9nements uniques en Europe<\/li><li>Elba Weekend Triathlon \u2013 \u00e0 Marciana Marina<\/li><li>Marathon de l\u2019\u00eele d\u2019Elbe \u2013 \u00e0 Marina di Campo<\/li><\/ul><p>Des parcours spectaculaires entre mer et collines, id\u00e9aux pour les athl\u00e8tes et les passionn\u00e9s.<\/p><p>Au Camping Enfola, nous partageons cette passion : nous participons aux principales courses et pouvons sugg\u00e9rer des itin\u00e9raires d\u2019entra\u00eenement pour la nage en eau libre, le v\u00e9lo de route, le VTT et le trail running.<\/p>\t\t\t\t\t\t\t\t<\/div>\n\t\t\t\t\t<\/div>\n\t\t\t\t<\/div>\n\t\t<div class=\"elementor-element elementor-element-aea131d e-con-full e-flex e-con e-parent\" data-id=\"aea131d\" data-element_type=\"container\">\n\t\t\t\t<div class=\"elementor-element elementor-element-7748933 elementor-widget elementor-widget-image-gallery\" data-id=\"7748933\" data-element_type=\"widget\" data-widget_type=\"image-gallery.default\">\n\t\t\t\t\t\t\t<div class=\"elementor-image-gallery\">\n\t\t\t\n\t\t<style type=\"text\/css\">\n\t\t\t#gallery-5 {\n\t\t\t\tmargin: auto;\n\t\t\t}\n\t\t\t#gallery-5 .gallery-item {\n\t\t\t\tfloat: left;\n\t\t\t\tmargin-top: 10px;\n\t\t\t\ttext-align: center;\n\t\t\t\twidth: 50%;\n\t\t\t}\n\t\t\t#gallery-5 img {\n\t\t\t\tborder: 2px solid #cfcfcf;\n\t\t\t}\n\t\t\t#gallery-5 .gallery-caption {\n\t\t\t\tmargin-left: 0;\n\t\t\t}\n\t\t\t\/* see gallery_shortcode() in wp-includes\/media.php *\/\n\t\t<\/style>\n\t\t<div id='gallery-5' class='gallery galleryid-6456 gallery-columns-2 gallery-size-full'><dl class='gallery-item'>\n\t\t\t<dt class='gallery-icon landscape'>\n\t\t\t\t<a data-elementor-open-lightbox=\"yes\" data-elementor-lightbox-slideshow=\"7748933\" data-elementor-lightbox-title=\"iron-tour-PF-2025\" data-e-action-hash=\"#elementor-action%3Aaction%3Dlightbox%26settings%3DeyJpZCI6ODU0MiwidXJsIjoiaHR0cHM6XC9cL3d3dy5jYW1waW5nZW5mb2xhLmNvbVwvd3AtY29udGVudFwvdXBsb2Fkc1wvMjAyNlwvMDNcL2lyb24tdG91ci1QRi0yMDI1LTMuanBnIiwic2xpZGVzaG93IjoiNzc0ODkzMyJ9\" href='https:\/\/www.campingenfola.com\/wp-content\/uploads\/2026\/03\/iron-tour-PF-2025-3.jpg'><img loading=\"lazy\" decoding=\"async\" width=\"1365\" height=\"1024\" src=\"https:\/\/www.campingenfola.com\/wp-content\/uploads\/2026\/03\/iron-tour-PF-2025-3.jpg\" class=\"attachment-full size-full\" alt=\"\" srcset=\"https:\/\/www.campingenfola.com\/wp-content\/uploads\/2026\/03\/iron-tour-PF-2025-3.jpg 1365w, https:\/\/www.campingenfola.com\/wp-content\/uploads\/2026\/03\/iron-tour-PF-2025-3-300x225.jpg 300w, https:\/\/www.campingenfola.com\/wp-content\/uploads\/2026\/03\/iron-tour-PF-2025-3-1024x768.jpg 1024w, https:\/\/www.campingenfola.com\/wp-content\/uploads\/2026\/03\/iron-tour-PF-2025-3-768x576.jpg 768w\" sizes=\"(max-width: 1365px) 100vw, 1365px\" \/><\/a>\n\t\t\t<\/dt><\/dl><dl class='gallery-item'>\n\t\t\t<dt class='gallery-icon landscape'>\n\t\t\t\t<a data-elementor-open-lightbox=\"yes\" data-elementor-lightbox-slideshow=\"7748933\" data-elementor-lightbox-title=\"Elbaman 2025\" data-e-action-hash=\"#elementor-action%3Aaction%3Dlightbox%26settings%3DeyJpZCI6NjQ4NywidXJsIjoiaHR0cHM6XC9cL3d3dy5jYW1waW5nZW5mb2xhLmNvbVwvd3AtY29udGVudFwvdXBsb2Fkc1wvMjAyNlwvMDNcL2VsYmFtYW4tMjAyNS5qcGciLCJzbGlkZXNob3ciOiI3NzQ4OTMzIn0%3D\" href='https:\/\/www.campingenfola.com\/wp-content\/uploads\/2026\/03\/elbaman-2025.jpg'><img loading=\"lazy\" decoding=\"async\" width=\"1365\" height=\"1024\" src=\"https:\/\/www.campingenfola.com\/wp-content\/uploads\/2026\/03\/elbaman-2025.jpg\" class=\"attachment-full size-full\" alt=\"Pregara Elbaman 2025\" srcset=\"https:\/\/www.campingenfola.com\/wp-content\/uploads\/2026\/03\/elbaman-2025.jpg 1365w, https:\/\/www.campingenfola.com\/wp-content\/uploads\/2026\/03\/elbaman-2025-300x225.jpg 300w, https:\/\/www.campingenfola.com\/wp-content\/uploads\/2026\/03\/elbaman-2025-1024x768.jpg 1024w, https:\/\/www.campingenfola.com\/wp-content\/uploads\/2026\/03\/elbaman-2025-768x576.jpg 768w, https:\/\/www.campingenfola.com\/wp-content\/uploads\/2026\/03\/elbaman-2025-600x450.jpg 600w\" sizes=\"(max-width: 1365px) 100vw, 1365px\" \/><\/a>\n\t\t\t<\/dt><\/dl><br style=\"clear: both\" \/>\n\t\t<\/div>\n\t\t<\/div>\n\t\t\t\t\t\t<\/div>\n\t\t\t\t<\/div>\n\t\t\t\t<section class=\"elementor-section elementor-top-section elementor-element elementor-element-a98749b elementor-section-content-middle elementor-section-boxed elementor-section-height-default elementor-section-height-default\" data-id=\"a98749b\" data-element_type=\"section\">\n\t\t\t\t\t\t<div class=\"elementor-container elementor-column-gap-no\">\n\t\t\t\t\t<div class=\"elementor-column elementor-col-50 elementor-top-column elementor-element elementor-element-be32a98\" data-id=\"be32a98\" data-element_type=\"column\">\n\t\t\t<div class=\"elementor-widget-wrap elementor-element-populated\">\n\t\t\t\t\t\t<div class=\"elementor-element elementor-element-6735b45 elementor-widget elementor-widget-vedhak_elementor_heading\" data-id=\"6735b45\" data-element_type=\"widget\" data-widget_type=\"vedhak_elementor_heading.default\">\n\t\t\t\t<div class=\"elementor-widget-container\">\n\t\t\t\t\t\t\t\t<div class=\"ova-heading template1\">\n\n\t\t\t\t\n\t\t\t\t\t<h2 class=\"sub-title\">\n\n\t\t\t\t\t\t \n\t\t\t\t\t\t\n\t\t\t\t\t\t\n\t\t\t\t\t<\/h2>\n\n\t\t\t\t\n\t\t\t\t\n\t\t\t\t\t\n\t\t\t\t\t\t<h3 class=\"title\"><span class=\"title-bold\">Saveurs\n<\/span><span class=\"title-normal\">du territoire<\/span><\/h3>\n\n\t\t\t\t\t\n\n\t\t\t\t\t\t\t\t\t\n\t\t\t\t\n\t\t\t\t\n\t\t\t\t\t\n\t\t\t\t\n\t\t\t<\/div>\n\n\t\t\t\t\t\t<\/div>\n\t\t\t\t<\/div>\n\t\t\t\t<div class=\"elementor-element elementor-element-fae2464 elementor-widget elementor-widget-text-editor\" data-id=\"fae2464\" data-element_type=\"widget\" data-widget_type=\"text-editor.default\">\n\t\t\t\t\t\t\t\t\t<p>L\u2019\u00eele d\u2019Elbe se d\u00e9couvre aussi \u00e0 table. Des vins parfum\u00e9s et intenses comme l\u2019Aleatico Passito, le Vermentino frais et min\u00e9ral, et l\u2019Ansonica solaire et structur\u00e9 racontent la nature de l\u2019\u00eele : lumi\u00e8re, vent et mer.<\/p><p>Aux c\u00f4t\u00e9s du vin, l\u2019huile d\u2019olive extra vierge au caract\u00e8re affirm\u00e9 et le miel aromatique du maquis m\u00e9diterran\u00e9en compl\u00e8tent une tradition ancienne, li\u00e9e \u00e0 la terre et aux saisons.<\/p><p>De petites productions locales qui racontent le territoire avec simplicit\u00e9 et caract\u00e8re.<\/p>\t\t\t\t\t\t\t\t<\/div>\n\t\t\t\t\t<\/div>\n\t\t<\/div>\n\t\t\t\t<div class=\"elementor-column elementor-col-50 elementor-top-column elementor-element elementor-element-e8ac068 vedhak_stretch_column_right\" data-id=\"e8ac068\" data-element_type=\"column\">\n\t\t\t<div class=\"elementor-widget-wrap elementor-element-populated\">\n\t\t\t\t\t\t<div class=\"elementor-element elementor-element-7a51403 elementor-widget elementor-widget-image\" data-id=\"7a51403\" data-element_type=\"widget\" data-widget_type=\"image.default\">\n\t\t\t\t\t\t\t\t\t\t\t\t\t\t\t<img loading=\"lazy\" decoding=\"async\" width=\"1920\" height=\"1280\" src=\"https:\/\/www.campingenfola.com\/wp-content\/uploads\/2026\/03\/o_schiaccia-briaca-infoelba.jpg\" class=\"attachment-full size-full wp-image-6488\" alt=\"\" srcset=\"https:\/\/www.campingenfola.com\/wp-content\/uploads\/2026\/03\/o_schiaccia-briaca-infoelba.jpg 1920w, https:\/\/www.campingenfola.com\/wp-content\/uploads\/2026\/03\/o_schiaccia-briaca-infoelba-300x200.jpg 300w, https:\/\/www.campingenfola.com\/wp-content\/uploads\/2026\/03\/o_schiaccia-briaca-infoelba-1024x683.jpg 1024w, https:\/\/www.campingenfola.com\/wp-content\/uploads\/2026\/03\/o_schiaccia-briaca-infoelba-768x512.jpg 768w, https:\/\/www.campingenfola.com\/wp-content\/uploads\/2026\/03\/o_schiaccia-briaca-infoelba-1536x1024.jpg 1536w, https:\/\/www.campingenfola.com\/wp-content\/uploads\/2026\/03\/o_schiaccia-briaca-infoelba-600x400.jpg 600w\" sizes=\"(max-width: 1920px) 100vw, 1920px\" \/>\t\t\t\t\t\t\t\t\t\t\t\t\t\t\t<\/div>\n\t\t\t\t\t<\/div>\n\t\t<\/div>\n\t\t\t\t\t<\/div>\n\t\t<\/section>\n\t\t<div class=\"elementor-element elementor-element-5c0fa71 e-flex e-con-boxed e-con e-parent\" data-id=\"5c0fa71\" data-element_type=\"container\" id=\"canoa\">\n\t\t\t\t\t<div class=\"e-con-inner\">\n\t\t\t\t<div class=\"elementor-element elementor-element-aa78888 elementor-widget elementor-widget-vedhak_elementor_heading\" data-id=\"aa78888\" data-element_type=\"widget\" data-widget_type=\"vedhak_elementor_heading.default\">\n\t\t\t\t<div class=\"elementor-widget-container\">\n\t\t\t\t\t\t\t\t<div class=\"ova-heading template1\">\n\n\t\t\t\t\n\t\t\t\t\t<h2 class=\"sub-title\">\n\n\t\t\t\t\t\t \n\t\t\t\t\t\t\n\t\t\t\t\t\t\n\t\t\t\t\t<\/h2>\n\n\t\t\t\t\n\t\t\t\t\n\t\t\t\t\t\n\t\t\t\t\t\t<h3 class=\"title\"><span class=\"title-bold\">Un \u00e9quilibre naturel<\/span><span class=\"title-normal\"><\/span><\/h3>\n\n\t\t\t\t\t\n\n\t\t\t\t\t\t\t\t\t\n\t\t\t\t\n\t\t\t\t\n\t\t\t\t\t\n\t\t\t\t\n\t\t\t<\/div>\n\n\t\t\t\t\t\t<\/div>\n\t\t\t\t<\/div>\n\t\t\t\t<div class=\"elementor-element elementor-element-4bf6e7a elementor-widget elementor-widget-text-editor\" data-id=\"4bf6e7a\" data-element_type=\"widget\" data-widget_type=\"text-editor.default\">\n\t\t\t\t\t\t\t\t\t<p>On vient \u00e0 l\u2019\u00eele d\u2019Elbe pour ralentir, respirer et se d\u00e9placer en harmonie avec le paysage.<\/p><p>S\u00e9journer au Camping Enfola signifie vivre l\u2019\u00eele dans le respect de ses rythmes, immerg\u00e9 dans la nature et guid\u00e9 par une philosophie attentive, durable et consciente.<\/p><p>Une mani\u00e8re simple et authentique d\u2019habiter la mer.<\/p>\t\t\t\t\t\t\t\t<\/div>\n\t\t\t\t\t<\/div>\n\t\t\t\t<\/div>\n\t\t<div class=\"elementor-element elementor-element-9192e8f e-con-full e-flex e-con e-parent\" data-id=\"9192e8f\" data-element_type=\"container\">\n\t\t\t\t<div class=\"elementor-element elementor-element-4281e7d elementor-widget elementor-widget-vedhak_elementor_heading\" data-id=\"4281e7d\" data-element_type=\"widget\" data-widget_type=\"vedhak_elementor_heading.default\">\n\t\t\t\t<div class=\"elementor-widget-container\">\n\t\t\t\t\t\t\t\t<div class=\"ova-heading template2\">\n\n\t\t\t\t\n\t\t\t\t\t\t\t\t\t<div class=\"wrap-content\">\n\t\t\t\t\n\t\t\t\t\t\t\t\t\t\t\n\t\t\t\t\t\t<h3 class=\"title\"><a href=\"\/fr\/reserver\/\" target=\"_blank\" ><span class=\"title-bold\">D\u00e9couvrez nos solutions de s\u00e9jour<\/span><span class=\"title-normal\"><\/span><\/a><\/h3>\n\n\t\t\t\t\t\n\n\t\t\t\t\t\n\t\t\t\t\t\t\t\t\t\t\t\t\t<a href=\"\/fr\/reserver\/\" class=\"button-readmore \" \n\t\t\t\t\t\t\t\ttarget=\"_self\" >\n\n\t\t\t\t\t\t\t\tR\u00e9server\n\t\t\t\t\t\t\t\t<i class=\"fas fa-angle-double-right\"><\/i>\n\t\t\t\t\t\t\t\t\n\t\t\t\t\t\t\t<\/a>\n\t\t\t\t\t\t\n\t\t\t\t\t\t<div class=\"background\">\n\t\t\t\t\t\t\tCamping\t\t\t\t\t\t<\/div>\n\n\t\t\t\t\t\t\t\t\t\n\t\t\t\t\t\t\t\t\t<\/div>\n\t\t\t\t\n\t\t\t\t\n\t\t\t<\/div>\n\n\t\t\t\t\t\t<\/div>\n\t\t\t\t<\/div>\n\t\t\t\t<\/div>\n\t\t\t\t<\/div>\n\t\t","protected":false},"excerpt":{"rendered":"<p>Une \u00eele compl\u00e8te : nature, mer, histoire, musique et sport \u00cele d\u2019Elbe L\u2019\u00eele d\u2019Elbe est bien plus qu\u2019une destination baln\u00e9aire : c\u2019est un concentr\u00e9 de paysages vari\u00e9s, de culture, de traditions et de grands \u00e9v\u00e9nements. En quelques kilom\u00e8tres seulement, on passe de la mer cristalline aux sommets panoramiques, des villages m\u00e9di\u00e9vaux aux fortifications de la [&hellip;]<\/p>\n","protected":false},"author":2,"featured_media":0,"parent":0,"menu_order":0,"comment_status":"closed","ping_status":"closed","template":"elementor_header_footer","meta":{"footnotes":""},"class_list":["post-6456","page","type-page","status-publish","hentry"],"_links":{"self":[{"href":"https:\/\/www.campingenfola.com\/fr\/wp-json\/wp\/v2\/pages\/6456","targetHints":{"allow":["GET"]}}],"collection":[{"href":"https:\/\/www.campingenfola.com\/fr\/wp-json\/wp\/v2\/pages"}],"about":[{"href":"https:\/\/www.campingenfola.com\/fr\/wp-json\/wp\/v2\/types\/page"}],"author":[{"embeddable":true,"href":"https:\/\/www.campingenfola.com\/fr\/wp-json\/wp\/v2\/users\/2"}],"replies":[{"embeddable":true,"href":"https:\/\/www.campingenfola.com\/fr\/wp-json\/wp\/v2\/comments?post=6456"}],"version-history":[{"count":5,"href":"https:\/\/www.campingenfola.com\/fr\/wp-json\/wp\/v2\/pages\/6456\/revisions"}],"predecessor-version":[{"id":8576,"href":"https:\/\/www.campingenfola.com\/fr\/wp-json\/wp\/v2\/pages\/6456\/revisions\/8576"}],"wp:attachment":[{"href":"https:\/\/www.campingenfola.com\/fr\/wp-json\/wp\/v2\/media?parent=6456"}],"curies":[{"name":"wp","href":"https:\/\/api.w.org\/{rel}","templated":true}]}}