{"id":6444,"date":"2026-02-09T12:28:43","date_gmt":"2026-02-09T11:28:43","guid":{"rendered":"http:\/\/campingenfola.youelba.com\/filosofia-green\/"},"modified":"2026-03-13T09:53:22","modified_gmt":"2026-03-13T08:53:22","slug":"developpement-durable","status":"publish","type":"page","link":"https:\/\/www.campingenfola.com\/fr\/developpement-durable\/","title":{"rendered":"D\u00e9veloppement durable"},"content":{"rendered":"\t\t<div data-elementor-type=\"wp-page\" data-elementor-id=\"6444\" class=\"elementor elementor-6444 elementor-5261\">\n\t\t\t\t\t\t<section class=\"elementor-section elementor-top-section elementor-element elementor-element-bd0e44a elementor-section-boxed elementor-section-height-default elementor-section-height-default\" data-id=\"bd0e44a\" data-element_type=\"section\">\n\t\t\t\t\t\t<div class=\"elementor-container elementor-column-gap-default\">\n\t\t\t\t\t<div class=\"elementor-column elementor-col-100 elementor-top-column elementor-element elementor-element-d4b6722\" data-id=\"d4b6722\" data-element_type=\"column\">\n\t\t\t<div class=\"elementor-widget-wrap elementor-element-populated\">\n\t\t\t\t\t\t<div class=\"elementor-element elementor-element-eee737d elementor-invisible elementor-widget elementor-widget-vedhak_elementor_heading\" data-id=\"eee737d\" data-element_type=\"widget\" data-settings=\"{&quot;_animation&quot;:&quot;fadeIn&quot;}\" data-widget_type=\"vedhak_elementor_heading.default\">\n\t\t\t\t<div class=\"elementor-widget-container\">\n\t\t\t\t\t\t\t\t<div class=\"ova-heading template1\">\n\n\t\t\t\t\n\t\t\t\t\t<h2 class=\"sub-title\">\n\n\t\t\t\t\t\t \n\t\t\t\t\t\t\t\t\t\t\t\t\t<span class=\"line-decoration\"><\/span>\n\t\t\t\t\t\t\n\t\t\t\t\t\tNotre approche\n\t\t\t\t\t<\/h2>\n\n\t\t\t\t\n\t\t\t\t\n\t\t\t\t\t\n\t\t\t\t\t\t<h3 class=\"title\"><span class=\"title-bold\">Durabilit\u00e9<\/span><span class=\"title-normal\"><\/span><\/h3>\n\n\t\t\t\t\t\n\n\t\t\t\t\t\t\t\t\t\n\t\t\t\t\n\t\t\t\t\n\t\t\t\t\t\n\t\t\t\t\n\t\t\t<\/div>\n\n\t\t\t\t\t\t<\/div>\n\t\t\t\t<\/div>\n\t\t\t\t\t<\/div>\n\t\t<\/div>\n\t\t\t\t\t<\/div>\n\t\t<\/section>\n\t\t<div class=\"elementor-element elementor-element-14b8d82 e-flex e-con-boxed e-con e-parent\" data-id=\"14b8d82\" data-element_type=\"container\">\n\t\t\t\t\t<div class=\"e-con-inner\">\n\t\t<div class=\"elementor-element elementor-element-3189954 e-con-full e-flex elementor-invisible e-con e-child\" data-id=\"3189954\" data-element_type=\"container\" data-settings=\"{&quot;animation&quot;:&quot;fadeIn&quot;}\">\n\t\t\t\t<div class=\"elementor-element elementor-element-af27671 elementor-widget elementor-widget-image\" data-id=\"af27671\" data-element_type=\"widget\" data-widget_type=\"image.default\">\n\t\t\t\t\t\t\t\t\t\t\t\t\t\t\t<img fetchpriority=\"high\" decoding=\"async\" width=\"2514\" height=\"1158\" src=\"https:\/\/www.campingenfola.com\/wp-content\/uploads\/2026\/02\/europarc.png\" class=\"attachment-full size-full wp-image-6805\" alt=\"\" srcset=\"https:\/\/www.campingenfola.com\/wp-content\/uploads\/2026\/02\/europarc.png 2514w, https:\/\/www.campingenfola.com\/wp-content\/uploads\/2026\/02\/europarc-300x138.png 300w, https:\/\/www.campingenfola.com\/wp-content\/uploads\/2026\/02\/europarc-1024x472.png 1024w, https:\/\/www.campingenfola.com\/wp-content\/uploads\/2026\/02\/europarc-768x354.png 768w, https:\/\/www.campingenfola.com\/wp-content\/uploads\/2026\/02\/europarc-1536x708.png 1536w, https:\/\/www.campingenfola.com\/wp-content\/uploads\/2026\/02\/europarc-2048x943.png 2048w, https:\/\/www.campingenfola.com\/wp-content\/uploads\/2026\/02\/europarc-600x276.png 600w\" sizes=\"(max-width: 2514px) 100vw, 2514px\" \/>\t\t\t\t\t\t\t\t\t\t\t\t\t\t\t<\/div>\n\t\t\t\t<div class=\"elementor-element elementor-element-a1a9c0e elementor-widget elementor-widget-image\" data-id=\"a1a9c0e\" data-element_type=\"widget\" data-widget_type=\"image.default\">\n\t\t\t\t\t\t\t\t\t\t\t\t\t\t\t<img decoding=\"async\" width=\"1056\" height=\"1172\" src=\"https:\/\/www.campingenfola.com\/wp-content\/uploads\/2026\/02\/green-hospitality-1.jpg\" class=\"attachment-full size-full wp-image-6806\" alt=\"\" srcset=\"https:\/\/www.campingenfola.com\/wp-content\/uploads\/2026\/02\/green-hospitality-1.jpg 1056w, https:\/\/www.campingenfola.com\/wp-content\/uploads\/2026\/02\/green-hospitality-1-270x300.jpg 270w, https:\/\/www.campingenfola.com\/wp-content\/uploads\/2026\/02\/green-hospitality-1-923x1024.jpg 923w, https:\/\/www.campingenfola.com\/wp-content\/uploads\/2026\/02\/green-hospitality-1-768x852.jpg 768w, https:\/\/www.campingenfola.com\/wp-content\/uploads\/2026\/02\/green-hospitality-1-600x666.jpg 600w\" sizes=\"(max-width: 1056px) 100vw, 1056px\" \/>\t\t\t\t\t\t\t\t\t\t\t\t\t\t\t<\/div>\n\t\t\t\t<\/div>\n\t\t\t\t\t<\/div>\n\t\t\t\t<\/div>\n\t\t\t\t<section class=\"elementor-section elementor-top-section elementor-element elementor-element-1af8097 elementor-section-content-middle elementor-section-boxed elementor-section-height-default elementor-section-height-default\" data-id=\"1af8097\" data-element_type=\"section\">\n\t\t\t\t\t\t<div class=\"elementor-container elementor-column-gap-no\">\n\t\t\t\t\t<div class=\"elementor-column elementor-col-50 elementor-top-column elementor-element elementor-element-8c7f0ef\" data-id=\"8c7f0ef\" data-element_type=\"column\" data-settings=\"{&quot;background_background&quot;:&quot;classic&quot;}\">\n\t\t\t<div class=\"elementor-widget-wrap elementor-element-populated\">\n\t\t\t\t\t\t<div class=\"elementor-element elementor-element-5521f24 elementor-widget elementor-widget-image\" data-id=\"5521f24\" data-element_type=\"widget\" data-widget_type=\"image.default\">\n\t\t\t\t\t\t\t\t\t\t\t\t\t\t\t<img decoding=\"async\" width=\"1825\" height=\"1280\" src=\"https:\/\/www.campingenfola.com\/wp-content\/uploads\/2026\/02\/CETS-2025-2028.jpg\" class=\"attachment-full size-full wp-image-6807\" alt=\"\" srcset=\"https:\/\/www.campingenfola.com\/wp-content\/uploads\/2026\/02\/CETS-2025-2028.jpg 1825w, https:\/\/www.campingenfola.com\/wp-content\/uploads\/2026\/02\/CETS-2025-2028-300x210.jpg 300w, https:\/\/www.campingenfola.com\/wp-content\/uploads\/2026\/02\/CETS-2025-2028-1024x718.jpg 1024w, https:\/\/www.campingenfola.com\/wp-content\/uploads\/2026\/02\/CETS-2025-2028-768x539.jpg 768w, https:\/\/www.campingenfola.com\/wp-content\/uploads\/2026\/02\/CETS-2025-2028-1536x1077.jpg 1536w, https:\/\/www.campingenfola.com\/wp-content\/uploads\/2026\/02\/CETS-2025-2028-600x421.jpg 600w\" sizes=\"(max-width: 1825px) 100vw, 1825px\" \/>\t\t\t\t\t\t\t\t\t\t\t\t\t\t\t<\/div>\n\t\t\t\t\t<\/div>\n\t\t<\/div>\n\t\t\t\t<div class=\"elementor-column elementor-col-50 elementor-top-column elementor-element elementor-element-59d6eb1\" data-id=\"59d6eb1\" data-element_type=\"column\" data-settings=\"{&quot;background_background&quot;:&quot;classic&quot;}\">\n\t\t\t<div class=\"elementor-widget-wrap elementor-element-populated\">\n\t\t\t\t\t\t<div class=\"elementor-element elementor-element-5b5a2f5 elementor-widget elementor-widget-vedhak_elementor_heading\" data-id=\"5b5a2f5\" data-element_type=\"widget\" data-widget_type=\"vedhak_elementor_heading.default\">\n\t\t\t\t<div class=\"elementor-widget-container\">\n\t\t\t\t\t\t\t\t<div class=\"ova-heading template1\">\n\n\t\t\t\t\n\t\t\t\t\t<h2 class=\"sub-title\">\n\n\t\t\t\t\t\t \n\t\t\t\t\t\t\t\t\t\t\t\t\t<span class=\"line-decoration\"><\/span>\n\t\t\t\t\t\t\n\t\t\t\t\t\tCETS\n\t\t\t\t\t<\/h2>\n\n\t\t\t\t\n\t\t\t\t\n\t\t\t\t\t\n\t\t\t\t\t\t<h3 class=\"title\"><span class=\"title-bold\">Charte Europ\u00e9enne du Tourisme Durable <\/span><span class=\"title-normal\">dans les Espaces Prot\u00e9g\u00e9s<\/span><\/h3>\n\n\t\t\t\t\t\n\n\t\t\t\t\t\t\t\t\t\n\t\t\t\t\n\t\t\t\t\n\t\t\t\t\t\n\t\t\t\t\n\t\t\t<\/div>\n\n\t\t\t\t\t\t<\/div>\n\t\t\t\t<\/div>\n\t\t\t\t<div class=\"elementor-element elementor-element-0f86aac elementor-widget elementor-widget-text-editor\" data-id=\"0f86aac\" data-element_type=\"widget\" data-widget_type=\"text-editor.default\">\n\t\t\t\t\t\t\t\t\t<p>Le Camping Enfola a adh\u00e9r\u00e9 \u00e0 la Charte Europ\u00e9enne du Tourisme Durable dans les Espaces Prot\u00e9g\u00e9s (CETS), promue par le Parc National de l\u2019Archipel Toscan, afin de poursuivre les objectifs suivants :<\/p><ul><li>am\u00e9liorer l\u2019offre touristique et renforcer la collaboration avec le Parc National<\/li><li>am\u00e9liorer le comportement environnemental<\/li><li>soutenir le d\u00e9veloppement local et la conservation du patrimoine<\/li><\/ul>\t\t\t\t\t\t\t\t<\/div>\n\t\t\t\t\t<\/div>\n\t\t<\/div>\n\t\t\t\t\t<\/div>\n\t\t<\/section>\n\t\t<div class=\"elementor-element elementor-element-59aebb7 e-flex e-con-boxed e-con e-parent\" data-id=\"59aebb7\" data-element_type=\"container\">\n\t\t\t\t\t<div class=\"e-con-inner\">\n\t\t<div class=\"elementor-element elementor-element-984776d e-con-full e-flex e-con e-child\" data-id=\"984776d\" data-element_type=\"container\">\n\t\t\t\t<div class=\"elementor-element elementor-element-33598f2 elementor-widget elementor-widget-vedhak_elementor_icon_box\" data-id=\"33598f2\" data-element_type=\"widget\" data-widget_type=\"vedhak_elementor_icon_box.default\">\n\t\t\t\t<div class=\"elementor-widget-container\">\n\t\t\t\t\t\n\t\t<div class=\"ova-icon-box template1\"> \n\n\t\t\t\t\t\t\t<a class=\"iconbox\" href=\"#\" >\n\t\t\t\t\n\n\t\t\t\t\t\t\t\t\t<span class=\"icon\">\n\t\t\t\t\t\t<i class=\"flaticon flaticon-006-hiking\"><\/i>\n\t\t\t\t\t<\/span>\n\t\t\t\t\t\t\t\t\n\t\t\t\t<div class=\"content\">\n\t\t\t\t\t\t\t\t\t\t\t<h3 class=\"title\">\n\t\t\t\t\t\t\tActivit\u00e9s du Parc National de l\u2019Archipel Toscan\t\t\t\t\t\t<\/h3>\n\t                \n\t                \t\t\t\t\t\t<p class=\"description\">\n\t\t\t\t\t\t\t\u00c0 la r\u00e9ception, nous vous fournirons toutes les informations et le mat\u00e9riel du Parc National de l\u2019Archipel Toscan pour d\u00e9couvrir l\u2019\u00eele d\u2019Elbe et les autres \u00eeles de l\u2019archipel.\n\nLes contenus sont \u00e9galement disponibles en format num\u00e9rique : en scannant l\u2019un des QR codes, vous pouvez acc\u00e9der \u00e0 la r\u00e9servation des activit\u00e9s, \u00e0 la cartographie, au r\u00e9seau de sentiers et au questionnaire d\u2019am\u00e9lioration des services.\t\t\t\t\t\t<\/p>\n\t\t\t\t\t\t\t\t\t<\/div>\n\t\t\t\t\n\t\t\t\t\n\t\t\t\t\n\n\t\t\t\t\t\t\t<\/a> \n\t\t\t\t\n\n\t\t<\/div>\n\n\t\t\t\t\t\t<\/div>\n\t\t\t\t<\/div>\n\t\t\t\t<\/div>\n\t\t<div class=\"elementor-element elementor-element-d2cbc4c e-con-full e-flex e-con e-child\" data-id=\"d2cbc4c\" data-element_type=\"container\">\n\t\t\t\t<div class=\"elementor-element elementor-element-a2d46e8 elementor-widget elementor-widget-image\" data-id=\"a2d46e8\" data-element_type=\"widget\" data-widget_type=\"image.default\">\n\t\t\t\t\t\t\t\t\t\t\t\t\t\t\t<img loading=\"lazy\" decoding=\"async\" width=\"726\" height=\"1024\" src=\"https:\/\/www.campingenfola.com\/wp-content\/uploads\/2026\/02\/PNAT-726x1024.jpg\" class=\"attachment-large size-large wp-image-6445\" alt=\"\" srcset=\"https:\/\/www.campingenfola.com\/wp-content\/uploads\/2026\/02\/PNAT-726x1024.jpg 726w, https:\/\/www.campingenfola.com\/wp-content\/uploads\/2026\/02\/PNAT-213x300.jpg 213w, https:\/\/www.campingenfola.com\/wp-content\/uploads\/2026\/02\/PNAT-768x1084.jpg 768w, https:\/\/www.campingenfola.com\/wp-content\/uploads\/2026\/02\/PNAT-600x847.jpg 600w, https:\/\/www.campingenfola.com\/wp-content\/uploads\/2026\/02\/PNAT.jpg 834w\" sizes=\"(max-width: 726px) 100vw, 726px\" \/>\t\t\t\t\t\t\t\t\t\t\t\t\t\t\t<\/div>\n\t\t\t\t<\/div>\n\t\t\t\t\t<\/div>\n\t\t\t\t<\/div>\n\t\t<div class=\"elementor-element elementor-element-71cbed6 e-flex e-con-boxed e-con e-parent\" data-id=\"71cbed6\" data-element_type=\"container\" id=\"spiaggia\">\n\t\t\t\t\t<div class=\"e-con-inner\">\n\t\t\t\t<div class=\"elementor-element elementor-element-7b425a3 elementor-widget elementor-widget-vedhak_elementor_heading\" data-id=\"7b425a3\" data-element_type=\"widget\" data-widget_type=\"vedhak_elementor_heading.default\">\n\t\t\t\t<div class=\"elementor-widget-container\">\n\t\t\t\t\t\t\t\t<div class=\"ova-heading template1\">\n\n\t\t\t\t\n\t\t\t\t\n\t\t\t\t\t\n\t\t\t\t\t\t<h3 class=\"title\"><span class=\"title-bold\"><\/span><span class=\"title-normal\">Nous et l\u2019environnement<\/span><\/h3>\n\n\t\t\t\t\t\n\n\t\t\t\t\t\t\t\t\t\n\t\t\t\t\n\t\t\t\t\n\t\t\t\t\t\n\t\t\t\t\n\t\t\t<\/div>\n\n\t\t\t\t\t\t<\/div>\n\t\t\t\t<\/div>\n\t\t\t\t<div class=\"elementor-element elementor-element-4b4ea58 elementor-widget elementor-widget-text-editor\" data-id=\"4b4ea58\" data-element_type=\"widget\" data-widget_type=\"text-editor.default\">\n\t\t\t\t\t\t\t\t\t<p>Nous sommes situ\u00e9s dans le Parc National de l\u2019Archipel Toscan et portons une attention particuli\u00e8re \u00e0 l\u2019environnement :<\/p><ul><li>depuis 2021 nous sommes partenaires de la CETS \u2013 Phase II (Charte Europ\u00e9enne du Tourisme Durable dans les Espaces Prot\u00e9g\u00e9s) ;<\/li><li>depuis 2020 nous sommes membres de Ecoalberghi Elbani \u201cGreen Hospitality\u201d ;<\/li><\/ul>\t\t\t\t\t\t\t\t<\/div>\n\t\t\t\t<div class=\"elementor-element elementor-element-b3eceb8 elementor-widget elementor-widget-heading\" data-id=\"b3eceb8\" data-element_type=\"widget\" data-widget_type=\"heading.default\">\n\t\t\t\t\t<h2 class=\"elementor-heading-title elementor-size-default\">Nous avons r\u00e9alis\u00e9 les installations suivantes :<\/h2>\t\t\t\t<\/div>\n\t\t\t\t<div class=\"elementor-element elementor-element-1b9a370 elementor-widget elementor-widget-text-editor\" data-id=\"1b9a370\" data-element_type=\"widget\" data-widget_type=\"text-editor.default\">\n\t\t\t\t\t\t\t\t\t<ul><li>pour la production d\u2019\u00e9lectricit\u00e9 : une installation photovolta\u00efque de 30 kW qui couvre environ 50 % de notre consommation ; le reste de l\u2019\u00e9lectricit\u00e9 provient uniquement de sources renouvelables, comme <a href=\"\/wp-content\/uploads\/2026\/02\/attestato-dichiarazione_E.CO_.pdf\" target=\"_blank\" rel=\"noopener\">certifi\u00e9 par l\u2019Attestation d\u2019\u00c9nergie Verte d\u00e9livr\u00e9e par E.CO Energia Corrente<\/a> ;<\/li><li>pour le chauffage de l\u2019eau : une installation solaire;<\/li><\/ul>\t\t\t\t\t\t\t\t<\/div>\n\t\t\t\t<div class=\"elementor-element elementor-element-b047a49 elementor-widget elementor-widget-image\" data-id=\"b047a49\" data-element_type=\"widget\" data-widget_type=\"image.default\">\n\t\t\t\t\t\t\t\t\t\t\t\t\t\t\t<img loading=\"lazy\" decoding=\"async\" width=\"1920\" height=\"768\" src=\"https:\/\/www.campingenfola.com\/wp-content\/uploads\/2026\/02\/web-banner_versione-A.jpg\" class=\"attachment-full size-full wp-image-6808\" alt=\"\" srcset=\"https:\/\/www.campingenfola.com\/wp-content\/uploads\/2026\/02\/web-banner_versione-A.jpg 1920w, https:\/\/www.campingenfola.com\/wp-content\/uploads\/2026\/02\/web-banner_versione-A-300x120.jpg 300w, https:\/\/www.campingenfola.com\/wp-content\/uploads\/2026\/02\/web-banner_versione-A-1024x410.jpg 1024w, https:\/\/www.campingenfola.com\/wp-content\/uploads\/2026\/02\/web-banner_versione-A-768x307.jpg 768w, https:\/\/www.campingenfola.com\/wp-content\/uploads\/2026\/02\/web-banner_versione-A-1536x614.jpg 1536w, https:\/\/www.campingenfola.com\/wp-content\/uploads\/2026\/02\/web-banner_versione-A-600x240.jpg 600w\" sizes=\"(max-width: 1920px) 100vw, 1920px\" \/>\t\t\t\t\t\t\t\t\t\t\t\t\t\t\t<\/div>\n\t\t\t\t<div class=\"elementor-element elementor-element-a1136d7 elementor-widget elementor-widget-spacer\" data-id=\"a1136d7\" data-element_type=\"widget\" data-widget_type=\"spacer.default\">\n\t\t\t\t\t\t\t<div class=\"elementor-spacer\">\n\t\t\t<div class=\"elementor-spacer-inner\"><\/div>\n\t\t<\/div>\n\t\t\t\t\t\t<\/div>\n\t\t\t\t<div class=\"elementor-element elementor-element-5a4ea1f elementor-widget elementor-widget-heading\" data-id=\"5a4ea1f\" data-element_type=\"widget\" data-widget_type=\"heading.default\">\n\t\t\t\t\t<h2 class=\"elementor-heading-title elementor-size-default\">Technologies que nous avons adopt\u00e9es<\/h2>\t\t\t\t<\/div>\n\t\t\t\t<div class=\"elementor-element elementor-element-b885f1e elementor-widget elementor-widget-text-editor\" data-id=\"b885f1e\" data-element_type=\"widget\" data-widget_type=\"text-editor.default\">\n\t\t\t\t\t\t\t\t\t<ul>\n \t<li>pour l\u2019\u00e9conomie d\u2019eau : chasses d\u2019eau \u00e0 double bouton et mousseurs sur les robinets et les douches ;<\/li>\n \t<li>pour la mobilit\u00e9 durable : v\u00e9los \u00e9lectriques pour les courts d\u00e9placements des h\u00f4tes ;<\/li>\n \t<li>pour le tri s\u00e9lectif : nous fournissons aux h\u00f4tes un ensemble de sacs r\u00e9utilisables pour la collecte diff\u00e9renci\u00e9e.<\/li>\n<\/ul>\t\t\t\t\t\t\t\t<\/div>\n\t\t\t\t<div class=\"elementor-element elementor-element-966824e elementor-widget elementor-widget-image-gallery\" data-id=\"966824e\" data-element_type=\"widget\" data-widget_type=\"image-gallery.default\">\n\t\t\t\t\t\t\t<div class=\"elementor-image-gallery\">\n\t\t\t\n\t\t<style type=\"text\/css\">\n\t\t\t#gallery-1 {\n\t\t\t\tmargin: auto;\n\t\t\t}\n\t\t\t#gallery-1 .gallery-item {\n\t\t\t\tfloat: left;\n\t\t\t\tmargin-top: 10px;\n\t\t\t\ttext-align: center;\n\t\t\t\twidth: 50%;\n\t\t\t}\n\t\t\t#gallery-1 img {\n\t\t\t\tborder: 2px solid #cfcfcf;\n\t\t\t}\n\t\t\t#gallery-1 .gallery-caption {\n\t\t\t\tmargin-left: 0;\n\t\t\t}\n\t\t\t\/* see gallery_shortcode() in wp-includes\/media.php *\/\n\t\t<\/style>\n\t\t<div id='gallery-1' class='gallery galleryid-6444 gallery-columns-2 gallery-size-full'><dl class='gallery-item'>\n\t\t\t<dt class='gallery-icon landscape'>\n\t\t\t\t<a data-elementor-open-lightbox=\"yes\" data-elementor-lightbox-slideshow=\"966824e\" data-elementor-lightbox-title=\"Borse per la raccolta differenziata\" data-e-action-hash=\"#elementor-action%3Aaction%3Dlightbox%26settings%3DeyJpZCI6NjgwOSwidXJsIjoiaHR0cHM6XC9cL3d3dy5jYW1waW5nZW5mb2xhLmNvbVwvd3AtY29udGVudFwvdXBsb2Fkc1wvMjAyNlwvMDJcL2JvcnNlLWNhbXBpbmctcmFjY29sdGEtZGlmZmVyZW56aWF0YS5qcGciLCJzbGlkZXNob3ciOiI5NjY4MjRlIn0%3D\" href='https:\/\/www.campingenfola.com\/wp-content\/uploads\/2026\/02\/borse-camping-raccolta-differenziata.jpg'><img loading=\"lazy\" decoding=\"async\" width=\"1920\" height=\"1280\" src=\"https:\/\/www.campingenfola.com\/wp-content\/uploads\/2026\/02\/borse-camping-raccolta-differenziata.jpg\" class=\"attachment-full size-full\" alt=\"Borse per la raccolta differenziata del Camping Enfola, dedicate a plastica, vetro e rifiuti\" srcset=\"https:\/\/www.campingenfola.com\/wp-content\/uploads\/2026\/02\/borse-camping-raccolta-differenziata.jpg 1920w, https:\/\/www.campingenfola.com\/wp-content\/uploads\/2026\/02\/borse-camping-raccolta-differenziata-300x200.jpg 300w, https:\/\/www.campingenfola.com\/wp-content\/uploads\/2026\/02\/borse-camping-raccolta-differenziata-1024x683.jpg 1024w, https:\/\/www.campingenfola.com\/wp-content\/uploads\/2026\/02\/borse-camping-raccolta-differenziata-768x512.jpg 768w, https:\/\/www.campingenfola.com\/wp-content\/uploads\/2026\/02\/borse-camping-raccolta-differenziata-1536x1024.jpg 1536w, https:\/\/www.campingenfola.com\/wp-content\/uploads\/2026\/02\/borse-camping-raccolta-differenziata-600x400.jpg 600w\" sizes=\"(max-width: 1920px) 100vw, 1920px\" \/><\/a>\n\t\t\t<\/dt><\/dl><dl class='gallery-item'>\n\t\t\t<dt class='gallery-icon landscape'>\n\t\t\t\t<a data-elementor-open-lightbox=\"yes\" data-elementor-lightbox-slideshow=\"966824e\" data-elementor-lightbox-title=\"Biciclette a disposizione degli ospiti\" data-e-action-hash=\"#elementor-action%3Aaction%3Dlightbox%26settings%3DeyJpZCI6Njc5NCwidXJsIjoiaHR0cHM6XC9cL3d3dy5jYW1waW5nZW5mb2xhLmNvbVwvd3AtY29udGVudFwvdXBsb2Fkc1wvMjAyNlwvMDFcLzAwOF9DLUVORk9MQV84NDcyLmpwZyIsInNsaWRlc2hvdyI6Ijk2NjgyNGUifQ%3D%3D\" href='https:\/\/www.campingenfola.com\/wp-content\/uploads\/2026\/01\/008_C-ENFOLA_8472.jpg'><img loading=\"lazy\" decoding=\"async\" width=\"1920\" height=\"1280\" src=\"https:\/\/www.campingenfola.com\/wp-content\/uploads\/2026\/01\/008_C-ENFOLA_8472.jpg\" class=\"attachment-full size-full\" alt=\"Biciclette a disposizione degli ospiti del Camping Enfola per spostamenti e passeggiate\" srcset=\"https:\/\/www.campingenfola.com\/wp-content\/uploads\/2026\/01\/008_C-ENFOLA_8472.jpg 1920w, https:\/\/www.campingenfola.com\/wp-content\/uploads\/2026\/01\/008_C-ENFOLA_8472-300x200.jpg 300w, https:\/\/www.campingenfola.com\/wp-content\/uploads\/2026\/01\/008_C-ENFOLA_8472-1024x683.jpg 1024w, https:\/\/www.campingenfola.com\/wp-content\/uploads\/2026\/01\/008_C-ENFOLA_8472-768x512.jpg 768w, https:\/\/www.campingenfola.com\/wp-content\/uploads\/2026\/01\/008_C-ENFOLA_8472-1536x1024.jpg 1536w, https:\/\/www.campingenfola.com\/wp-content\/uploads\/2026\/01\/008_C-ENFOLA_8472-600x400.jpg 600w\" sizes=\"(max-width: 1920px) 100vw, 1920px\" \/><\/a>\n\t\t\t<\/dt><\/dl><br style=\"clear: both\" \/>\n\t\t<\/div>\n\t\t<\/div>\n\t\t\t\t\t\t<\/div>\n\t\t\t\t<div class=\"elementor-element elementor-element-fc55a3e elementor-widget elementor-widget-text-editor\" data-id=\"fc55a3e\" data-element_type=\"widget\" data-widget_type=\"text-editor.default\">\n\t\t\t\t\t\t\t\t\tNous vous demandons votre collaboration pour am\u00e9liorer nos objectifs de politique environnementale, en particulier pour :\n\n<strong>Tri des d\u00e9chets :<\/strong>\n<ul>\n \t<li>jeter le verre, le plastique, les canettes, le papier et les d\u00e9chets organiques dans les conteneurs appropri\u00e9s \u00e0 l\u2019int\u00e9rieur du Camping ;<\/li>\n \t<li>jeter les piles usag\u00e9es dans le conteneur \u00e0 la r\u00e9ception ;<\/li>\n \t<li>jeter l\u2019huile de cuisine usag\u00e9e dans le conteneur bleu pr\u00e9vu \u00e0 cet effet (demander \u00e0 la r\u00e9ception).<\/li>\n<\/ul>\n\n<strong>Consommation d\u2019eau :<\/strong>\n<ul>\n \t<li>limiter la consommation d\u2019eau pendant la douche ;<\/li>\n \t<li>ne pas laisser les douches et les robinets ouverts inutilement lors du lavage de la vaisselle, des v\u00eatements ou pendant la toilette personnelle ;<\/li>\n \t<li>ne pas rincer les canots pneumatiques, les cano\u00ebs, les matelas et les gonflables de plage ;<\/li>\n \t<li>ne pas laver la voiture.<\/li>\n<\/ul>\n\n<strong>Consommation d\u2019\u00e9lectricit\u00e9 :<\/strong>\n<ul>\n \t<li>\u00e9teindre la climatisation lorsque vous n\u2019\u00eates pas dans le bungalow ou dans le camping-car\/caravane ;<\/li>\n \t<li>garder portes et fen\u00eatres ferm\u00e9es lorsque la climatisation est en marche ;<\/li>\n \t<li>d\u00e9brancher les appareils (t\u00e9l\u00e9phones, powerbanks, appareils photo, etc.) une fois la recharge termin\u00e9e.<\/li>\n<\/ul>\n\nCamping Enfola et l\u2019environnement VOUS REMERCIENT !\t\t\t\t\t\t\t\t<\/div>\n\t\t\t\t<div class=\"elementor-element elementor-element-8a0a949 elementor-widget elementor-widget-spacer\" data-id=\"8a0a949\" data-element_type=\"widget\" data-widget_type=\"spacer.default\">\n\t\t\t\t\t\t\t<div class=\"elementor-spacer\">\n\t\t\t<div class=\"elementor-spacer-inner\"><\/div>\n\t\t<\/div>\n\t\t\t\t\t\t<\/div>\n\t\t\t\t<div class=\"elementor-element elementor-element-cb80ce9 elementor-widget elementor-widget-heading\" data-id=\"cb80ce9\" data-element_type=\"widget\" data-widget_type=\"heading.default\">\n\t\t\t\t\t<h2 class=\"elementor-heading-title elementor-size-default\">Emporte-moi, ne m\u2019emporte pas<\/h2>\t\t\t\t<\/div>\n\t\t\t\t<div class=\"elementor-element elementor-element-7102fc4 elementor-widget elementor-widget-image-gallery\" data-id=\"7102fc4\" data-element_type=\"widget\" data-widget_type=\"image-gallery.default\">\n\t\t\t\t\t\t\t<div class=\"elementor-image-gallery\">\n\t\t\t\n\t\t<style type=\"text\/css\">\n\t\t\t#gallery-2 {\n\t\t\t\tmargin: auto;\n\t\t\t}\n\t\t\t#gallery-2 .gallery-item {\n\t\t\t\tfloat: left;\n\t\t\t\tmargin-top: 10px;\n\t\t\t\ttext-align: center;\n\t\t\t\twidth: 50%;\n\t\t\t}\n\t\t\t#gallery-2 img {\n\t\t\t\tborder: 2px solid #cfcfcf;\n\t\t\t}\n\t\t\t#gallery-2 .gallery-caption {\n\t\t\t\tmargin-left: 0;\n\t\t\t}\n\t\t\t\/* see gallery_shortcode() in wp-includes\/media.php *\/\n\t\t<\/style>\n\t\t<div id='gallery-2' class='gallery galleryid-6444 gallery-columns-2 gallery-size-full'><dl class='gallery-item'>\n\t\t\t<dt class='gallery-icon landscape'>\n\t\t\t\t<a data-elementor-open-lightbox=\"yes\" data-elementor-lightbox-slideshow=\"7102fc4\" data-elementor-lightbox-title=\"portami-via-non-portarmi-via\" data-e-action-hash=\"#elementor-action%3Aaction%3Dlightbox%26settings%3DeyJpZCI6NjgxMCwidXJsIjoiaHR0cHM6XC9cL3d3dy5jYW1waW5nZW5mb2xhLmNvbVwvd3AtY29udGVudFwvdXBsb2Fkc1wvMjAyNlwvMDNcL3BvcnRhbWktdmlhLW5vbi1wb3J0YXJtaS12aWEuanBnIiwic2xpZGVzaG93IjoiNzEwMmZjNCJ9\" href='https:\/\/www.campingenfola.com\/wp-content\/uploads\/2026\/03\/portami-via-non-portarmi-via.jpg'><img loading=\"lazy\" decoding=\"async\" width=\"1920\" height=\"1280\" src=\"https:\/\/www.campingenfola.com\/wp-content\/uploads\/2026\/03\/portami-via-non-portarmi-via.jpg\" class=\"attachment-full size-full\" alt=\"\" srcset=\"https:\/\/www.campingenfola.com\/wp-content\/uploads\/2026\/03\/portami-via-non-portarmi-via.jpg 1920w, https:\/\/www.campingenfola.com\/wp-content\/uploads\/2026\/03\/portami-via-non-portarmi-via-300x200.jpg 300w, https:\/\/www.campingenfola.com\/wp-content\/uploads\/2026\/03\/portami-via-non-portarmi-via-1024x683.jpg 1024w, https:\/\/www.campingenfola.com\/wp-content\/uploads\/2026\/03\/portami-via-non-portarmi-via-768x512.jpg 768w, https:\/\/www.campingenfola.com\/wp-content\/uploads\/2026\/03\/portami-via-non-portarmi-via-1536x1024.jpg 1536w, https:\/\/www.campingenfola.com\/wp-content\/uploads\/2026\/03\/portami-via-non-portarmi-via-600x400.jpg 600w\" sizes=\"(max-width: 1920px) 100vw, 1920px\" \/><\/a>\n\t\t\t<\/dt><\/dl><dl class='gallery-item'>\n\t\t\t<dt class='gallery-icon landscape'>\n\t\t\t\t<a data-elementor-open-lightbox=\"yes\" data-elementor-lightbox-slideshow=\"7102fc4\" data-elementor-lightbox-title=\"portami-via-non-portarmi-via2\" data-e-action-hash=\"#elementor-action%3Aaction%3Dlightbox%26settings%3DeyJpZCI6NjgxMSwidXJsIjoiaHR0cHM6XC9cL3d3dy5jYW1waW5nZW5mb2xhLmNvbVwvd3AtY29udGVudFwvdXBsb2Fkc1wvMjAyNlwvMDNcL3BvcnRhbWktdmlhLW5vbi1wb3J0YXJtaS12aWEyLmpwZyIsInNsaWRlc2hvdyI6IjcxMDJmYzQifQ%3D%3D\" href='https:\/\/www.campingenfola.com\/wp-content\/uploads\/2026\/03\/portami-via-non-portarmi-via2.jpg'><img loading=\"lazy\" decoding=\"async\" width=\"830\" height=\"553\" src=\"https:\/\/www.campingenfola.com\/wp-content\/uploads\/2026\/03\/portami-via-non-portarmi-via2.jpg\" class=\"attachment-full size-full\" alt=\"\" srcset=\"https:\/\/www.campingenfola.com\/wp-content\/uploads\/2026\/03\/portami-via-non-portarmi-via2.jpg 830w, https:\/\/www.campingenfola.com\/wp-content\/uploads\/2026\/03\/portami-via-non-portarmi-via2-300x200.jpg 300w, https:\/\/www.campingenfola.com\/wp-content\/uploads\/2026\/03\/portami-via-non-portarmi-via2-768x512.jpg 768w, https:\/\/www.campingenfola.com\/wp-content\/uploads\/2026\/03\/portami-via-non-portarmi-via2-600x400.jpg 600w\" sizes=\"(max-width: 830px) 100vw, 830px\" \/><\/a>\n\t\t\t<\/dt><\/dl><br style=\"clear: both\" \/>\n\t\t<\/div>\n\t\t<\/div>\n\t\t\t\t\t\t<\/div>\n\t\t\t\t<div class=\"elementor-element elementor-element-a13e29a elementor-widget elementor-widget-text-editor\" data-id=\"a13e29a\" data-element_type=\"widget\" data-widget_type=\"text-editor.default\">\n\t\t\t\t\t\t\t\t\tLe Camping Enfola adh\u00e8re au projet <strong>\u00ab Emporte-moi, ne m\u2019emporte pas \u00bb<\/strong>, promu par le Parc National de l\u2019Archipel Toscan dans le cadre de la R\u00e9serve de Biosph\u00e8re MAB UNESCO \u00ab \u00celes de Toscane \u00bb, avec le soutien de ESA S.p.A..\n\nNous prenons soin des plages et des sentiers par un geste simple : <strong>emporter les petits d\u00e9chets, en particulier les m\u00e9gots et les fragments de plastique, et laisser le sable, les pierres et les coquillages dans leur environnement naturel<\/strong>.\t\t\t\t\t\t\t\t<\/div>\n\t\t\t\t<div class=\"elementor-element elementor-element-30b34d7 elementor-widget elementor-widget-vedhak_elementor_icon_box\" data-id=\"30b34d7\" data-element_type=\"widget\" data-widget_type=\"vedhak_elementor_icon_box.default\">\n\t\t\t\t<div class=\"elementor-widget-container\">\n\t\t\t\t\t\n\t\t<div class=\"ova-icon-box template4\"> \n\n\t\t\t\t\t\t\t<a class=\"iconbox\" href=\"#\" >\n\t\t\t\t\n\n\t\t\t\t\t\t\t\t\n\t\t\t\t<div class=\"content\">\n\t\t\t\t\t\n\t                \t\t\t\t\t\t<p class=\"description\">\n\t\t\t\t\t\t\tLes h\u00f4tes qui rapportent \u00e0 la r\u00e9ception ou au ma\u00eetre-nageur le petit sac contenant les d\u00e9chets collect\u00e9s re\u00e7oivent un petit gadget ou une r\u00e9compense, en remerciement pour leur contribution \u00e0 garder l\u2019Enfola propre et \u00e0 prot\u00e9ger cet environnement naturel exceptionnel.\t\t\t\t\t\t<\/p>\n\t\t\t\t\t\t\t\t\t<\/div>\n\t\t\t\t\n\t\t\t\t\t\t\t\t\t<div class=\"line-decoration\"><\/div>\n\t\t\t\t\n\t\t\t\t\n\n\t\t\t\t\t\t\t<\/a> \n\t\t\t\t\n\n\t\t<\/div>\n\n\t\t\t\t\t\t<\/div>\n\t\t\t\t<\/div>\n\t\t\t\t<div class=\"elementor-element elementor-element-65d9fdd elementor-widget elementor-widget-image\" data-id=\"65d9fdd\" data-element_type=\"widget\" data-widget_type=\"image.default\">\n\t\t\t\t\t\t\t\t\t\t\t\t\t\t\t<img loading=\"lazy\" decoding=\"async\" width=\"800\" height=\"217\" src=\"https:\/\/www.campingenfola.com\/wp-content\/uploads\/2026\/03\/unesco-isole-toscana-1024x278.jpg\" class=\"attachment-large size-large wp-image-6812\" alt=\"\" srcset=\"https:\/\/www.campingenfola.com\/wp-content\/uploads\/2026\/03\/unesco-isole-toscana-1024x278.jpg 1024w, https:\/\/www.campingenfola.com\/wp-content\/uploads\/2026\/03\/unesco-isole-toscana-300x81.jpg 300w, https:\/\/www.campingenfola.com\/wp-content\/uploads\/2026\/03\/unesco-isole-toscana-768x208.jpg 768w, https:\/\/www.campingenfola.com\/wp-content\/uploads\/2026\/03\/unesco-isole-toscana-1536x417.jpg 1536w, https:\/\/www.campingenfola.com\/wp-content\/uploads\/2026\/03\/unesco-isole-toscana-600x163.jpg 600w, https:\/\/www.campingenfola.com\/wp-content\/uploads\/2026\/03\/unesco-isole-toscana.jpg 1659w\" sizes=\"(max-width: 800px) 100vw, 800px\" \/>\t\t\t\t\t\t\t\t\t\t\t\t\t\t\t<\/div>\n\t\t\t\t<div class=\"elementor-element elementor-element-918c636 elementor-widget elementor-widget-spacer\" data-id=\"918c636\" data-element_type=\"widget\" data-widget_type=\"spacer.default\">\n\t\t\t\t\t\t\t<div class=\"elementor-spacer\">\n\t\t\t<div class=\"elementor-spacer-inner\"><\/div>\n\t\t<\/div>\n\t\t\t\t\t\t<\/div>\n\t\t\t\t\t<\/div>\n\t\t\t\t<\/div>\n\t\t\t\t<section class=\"elementor-section elementor-top-section elementor-element elementor-element-0c3bcd3 elementor-section-content-middle elementor-section-boxed elementor-section-height-default elementor-section-height-default\" data-id=\"0c3bcd3\" data-element_type=\"section\">\n\t\t\t\t\t\t<div class=\"elementor-container elementor-column-gap-no\">\n\t\t\t\t\t<div class=\"elementor-column elementor-col-50 elementor-top-column elementor-element elementor-element-690e702\" data-id=\"690e702\" data-element_type=\"column\">\n\t\t\t<div class=\"elementor-widget-wrap elementor-element-populated\">\n\t\t\t\t\t\t<div class=\"elementor-element elementor-element-933144a elementor-widget elementor-widget-vedhak_elementor_heading\" data-id=\"933144a\" data-element_type=\"widget\" data-widget_type=\"vedhak_elementor_heading.default\">\n\t\t\t\t<div class=\"elementor-widget-container\">\n\t\t\t\t\t\t\t\t<div class=\"ova-heading template1\">\n\n\t\t\t\t\n\t\t\t\t\t<h2 class=\"sub-title\">\n\n\t\t\t\t\t\t \n\t\t\t\t\t\t\n\t\t\t\t\t\t\n\t\t\t\t\t<\/h2>\n\n\t\t\t\t\n\t\t\t\t\n\t\t\t\t\t\n\t\t\t\t\t\t<h3 class=\"title\"><span class=\"title-bold\">D\u00e9veloppement local\n<\/span><span class=\"title-normal\">et conservation du patrimoine<\/span><\/h3>\n\n\t\t\t\t\t\n\n\t\t\t\t\t\t\t\t\t\n\t\t\t\t\n\t\t\t\t\n\t\t\t\t\t\t\t\t\t\t\t<p class=\"description\">Nous participons au projet \u00ab GIARDINO DIFFUSO \u00bb, avec les Ecoalberghi Elbani \u2013 Elba Green Hospitality, avec deux plantes autochtones de l\u2019\u00eele d\u2019Elbe : le prunier San Giovannino Rossa et le prunier Marisa Scoglio Bianco.<\/p>\n\t\t\t\t\t\n\t\t\t\t\n\t\t\t<\/div>\n\n\t\t\t\t\t\t<\/div>\n\t\t\t\t<\/div>\n\t\t\t\t\t<\/div>\n\t\t<\/div>\n\t\t\t\t<div class=\"elementor-column elementor-col-50 elementor-top-column elementor-element elementor-element-856c77b vedhak_stretch_column_right\" data-id=\"856c77b\" data-element_type=\"column\">\n\t\t\t<div class=\"elementor-widget-wrap elementor-element-populated\">\n\t\t\t\t\t\t<div class=\"elementor-element elementor-element-df29922 elementor-widget elementor-widget-image\" data-id=\"df29922\" data-element_type=\"widget\" data-widget_type=\"image.default\">\n\t\t\t\t\t\t\t\t\t\t\t\t\t\t\t<img loading=\"lazy\" decoding=\"async\" width=\"1920\" height=\"1280\" src=\"https:\/\/www.campingenfola.com\/wp-content\/uploads\/2026\/02\/giardino-diffuso.jpg\" class=\"attachment-full size-full wp-image-6813\" alt=\"Pannello informativo del Giardino Diffuso degli ecoalberghi elbani dedicato alle piante autoctone dell\u2019Isola d\u2019Elba\" srcset=\"https:\/\/www.campingenfola.com\/wp-content\/uploads\/2026\/02\/giardino-diffuso.jpg 1920w, https:\/\/www.campingenfola.com\/wp-content\/uploads\/2026\/02\/giardino-diffuso-300x200.jpg 300w, https:\/\/www.campingenfola.com\/wp-content\/uploads\/2026\/02\/giardino-diffuso-1024x683.jpg 1024w, https:\/\/www.campingenfola.com\/wp-content\/uploads\/2026\/02\/giardino-diffuso-768x512.jpg 768w, https:\/\/www.campingenfola.com\/wp-content\/uploads\/2026\/02\/giardino-diffuso-1536x1024.jpg 1536w, https:\/\/www.campingenfola.com\/wp-content\/uploads\/2026\/02\/giardino-diffuso-600x400.jpg 600w\" sizes=\"(max-width: 1920px) 100vw, 1920px\" \/>\t\t\t\t\t\t\t\t\t\t\t\t\t\t\t<\/div>\n\t\t\t\t\t<\/div>\n\t\t<\/div>\n\t\t\t\t\t<\/div>\n\t\t<\/section>\n\t\t<div class=\"elementor-element elementor-element-0caf102 e-flex e-con-boxed e-con e-parent\" data-id=\"0caf102\" data-element_type=\"container\">\n\t\t\t\t\t<div class=\"e-con-inner\">\n\t\t<div class=\"elementor-element elementor-element-f808671 e-con-full e-flex elementor-invisible e-con e-child\" data-id=\"f808671\" data-element_type=\"container\" data-settings=\"{&quot;animation&quot;:&quot;fadeIn&quot;}\">\n\t\t\t\t<div class=\"elementor-element elementor-element-79155ca elementor-widget elementor-widget-image\" data-id=\"79155ca\" data-element_type=\"widget\" data-widget_type=\"image.default\">\n\t\t\t\t\t\t\t\t\t\t\t\t\t\t\t<img loading=\"lazy\" decoding=\"async\" width=\"1920\" height=\"1440\" src=\"https:\/\/www.campingenfola.com\/wp-content\/uploads\/2026\/02\/susina-san-giovanni.jpg\" class=\"attachment-full size-full wp-image-6814\" alt=\"Scheda botanica della Susina San Giovannina Rossa Allungata, variet\u00e0 autoctona del Giardino Diffuso dell\u2019Isola d\u2019Elba\" srcset=\"https:\/\/www.campingenfola.com\/wp-content\/uploads\/2026\/02\/susina-san-giovanni.jpg 1920w, https:\/\/www.campingenfola.com\/wp-content\/uploads\/2026\/02\/susina-san-giovanni-300x225.jpg 300w, https:\/\/www.campingenfola.com\/wp-content\/uploads\/2026\/02\/susina-san-giovanni-1024x768.jpg 1024w, https:\/\/www.campingenfola.com\/wp-content\/uploads\/2026\/02\/susina-san-giovanni-768x576.jpg 768w, https:\/\/www.campingenfola.com\/wp-content\/uploads\/2026\/02\/susina-san-giovanni-1536x1152.jpg 1536w, https:\/\/www.campingenfola.com\/wp-content\/uploads\/2026\/02\/susina-san-giovanni-600x450.jpg 600w\" sizes=\"(max-width: 1920px) 100vw, 1920px\" \/>\t\t\t\t\t\t\t\t\t\t\t\t\t\t\t<\/div>\n\t\t\t\t<div class=\"elementor-element elementor-element-c7852d1 elementor-widget elementor-widget-image\" data-id=\"c7852d1\" data-element_type=\"widget\" data-widget_type=\"image.default\">\n\t\t\t\t\t\t\t\t\t\t\t\t\t\t\t<img loading=\"lazy\" decoding=\"async\" width=\"683\" height=\"1024\" src=\"https:\/\/www.campingenfola.com\/wp-content\/uploads\/2026\/01\/giardino-diffuso-683x1024.jpg\" class=\"attachment-large size-large wp-image-6815\" alt=\"Susina San Giovannina Rossa Allungata del Giardino Diffuso degli ecoalberghi elbani presso il Camping Enfola\" srcset=\"https:\/\/www.campingenfola.com\/wp-content\/uploads\/2026\/01\/giardino-diffuso-683x1024.jpg 683w, https:\/\/www.campingenfola.com\/wp-content\/uploads\/2026\/01\/giardino-diffuso-200x300.jpg 200w, https:\/\/www.campingenfola.com\/wp-content\/uploads\/2026\/01\/giardino-diffuso-768x1152.jpg 768w, https:\/\/www.campingenfola.com\/wp-content\/uploads\/2026\/01\/giardino-diffuso-1024x1536.jpg 1024w, https:\/\/www.campingenfola.com\/wp-content\/uploads\/2026\/01\/giardino-diffuso-600x900.jpg 600w, https:\/\/www.campingenfola.com\/wp-content\/uploads\/2026\/01\/giardino-diffuso.jpg 1280w\" sizes=\"(max-width: 683px) 100vw, 683px\" \/>\t\t\t\t\t\t\t\t\t\t\t\t\t\t\t<\/div>\n\t\t\t\t<div class=\"elementor-element elementor-element-f7ccace elementor-widget elementor-widget-image\" data-id=\"f7ccace\" data-element_type=\"widget\" data-widget_type=\"image.default\">\n\t\t\t\t\t\t\t\t\t\t\t\t\t\t\t<img loading=\"lazy\" decoding=\"async\" width=\"1920\" height=\"1440\" src=\"https:\/\/www.campingenfola.com\/wp-content\/uploads\/2026\/02\/susino-marisa-scoglio-bianco.jpg\" class=\"attachment-full size-full wp-image-6816\" alt=\"Scheda botanica della Susina Marisa Scoglio Bianco, variet\u00e0 autoctona del Giardino Diffuso dell\u2019Isola d\u2019Elba\" srcset=\"https:\/\/www.campingenfola.com\/wp-content\/uploads\/2026\/02\/susino-marisa-scoglio-bianco.jpg 1920w, https:\/\/www.campingenfola.com\/wp-content\/uploads\/2026\/02\/susino-marisa-scoglio-bianco-300x225.jpg 300w, https:\/\/www.campingenfola.com\/wp-content\/uploads\/2026\/02\/susino-marisa-scoglio-bianco-1024x768.jpg 1024w, https:\/\/www.campingenfola.com\/wp-content\/uploads\/2026\/02\/susino-marisa-scoglio-bianco-768x576.jpg 768w, https:\/\/www.campingenfola.com\/wp-content\/uploads\/2026\/02\/susino-marisa-scoglio-bianco-1536x1152.jpg 1536w, https:\/\/www.campingenfola.com\/wp-content\/uploads\/2026\/02\/susino-marisa-scoglio-bianco-600x450.jpg 600w\" sizes=\"(max-width: 1920px) 100vw, 1920px\" \/>\t\t\t\t\t\t\t\t\t\t\t\t\t\t\t<\/div>\n\t\t\t\t<div class=\"elementor-element elementor-element-14aef29 elementor-widget elementor-widget-image\" data-id=\"14aef29\" data-element_type=\"widget\" data-widget_type=\"image.default\">\n\t\t\t\t\t\t\t\t\t\t\t\t\t\t\t<img loading=\"lazy\" decoding=\"async\" width=\"1280\" height=\"1920\" src=\"https:\/\/www.campingenfola.com\/wp-content\/uploads\/2026\/02\/susino-marisa-scoglio-bianco-c-enfola.jpg\" class=\"attachment-full size-full wp-image-6817\" alt=\"Susina Marisa Scoglio Bianco del Giardino Diffuso degli ecoalberghi elbani presso il Camping Enfola\" srcset=\"https:\/\/www.campingenfola.com\/wp-content\/uploads\/2026\/02\/susino-marisa-scoglio-bianco-c-enfola.jpg 1280w, https:\/\/www.campingenfola.com\/wp-content\/uploads\/2026\/02\/susino-marisa-scoglio-bianco-c-enfola-200x300.jpg 200w, https:\/\/www.campingenfola.com\/wp-content\/uploads\/2026\/02\/susino-marisa-scoglio-bianco-c-enfola-683x1024.jpg 683w, https:\/\/www.campingenfola.com\/wp-content\/uploads\/2026\/02\/susino-marisa-scoglio-bianco-c-enfola-768x1152.jpg 768w, https:\/\/www.campingenfola.com\/wp-content\/uploads\/2026\/02\/susino-marisa-scoglio-bianco-c-enfola-1024x1536.jpg 1024w, https:\/\/www.campingenfola.com\/wp-content\/uploads\/2026\/02\/susino-marisa-scoglio-bianco-c-enfola-600x900.jpg 600w\" sizes=\"(max-width: 1280px) 100vw, 1280px\" \/>\t\t\t\t\t\t\t\t\t\t\t\t\t\t\t<\/div>\n\t\t\t\t<\/div>\n\t\t\t\t\t<\/div>\n\t\t\t\t<\/div>\n\t\t<div class=\"elementor-element elementor-element-4688c08 e-flex e-con-boxed e-con e-parent\" data-id=\"4688c08\" data-element_type=\"container\">\n\t\t\t\t\t<div class=\"e-con-inner\">\n\t\t\t\t<div class=\"elementor-element elementor-element-fcec6d1 elementor-widget elementor-widget-image-gallery\" data-id=\"fcec6d1\" data-element_type=\"widget\" data-widget_type=\"image-gallery.default\">\n\t\t\t\t\t\t\t<div class=\"elementor-image-gallery\">\n\t\t\t\n\t\t<style type=\"text\/css\">\n\t\t\t#gallery-3 {\n\t\t\t\tmargin: auto;\n\t\t\t}\n\t\t\t#gallery-3 .gallery-item {\n\t\t\t\tfloat: left;\n\t\t\t\tmargin-top: 10px;\n\t\t\t\ttext-align: center;\n\t\t\t\twidth: 50%;\n\t\t\t}\n\t\t\t#gallery-3 img {\n\t\t\t\tborder: 2px solid #cfcfcf;\n\t\t\t}\n\t\t\t#gallery-3 .gallery-caption {\n\t\t\t\tmargin-left: 0;\n\t\t\t}\n\t\t\t\/* see gallery_shortcode() in wp-includes\/media.php *\/\n\t\t<\/style>\n\t\t<div id='gallery-3' class='gallery galleryid-6444 gallery-columns-2 gallery-size-full'><dl class='gallery-item'>\n\t\t\t<dt class='gallery-icon landscape'>\n\t\t\t\t<a data-elementor-open-lightbox=\"yes\" data-elementor-lightbox-slideshow=\"fcec6d1\" data-elementor-lightbox-title=\"Susina Marisa Scoglio Bianco\" data-e-action-hash=\"#elementor-action%3Aaction%3Dlightbox%26settings%3DeyJpZCI6NjgxNiwidXJsIjoiaHR0cHM6XC9cL3d3dy5jYW1waW5nZW5mb2xhLmNvbVwvd3AtY29udGVudFwvdXBsb2Fkc1wvMjAyNlwvMDJcL3N1c2luby1tYXJpc2Etc2NvZ2xpby1iaWFuY28uanBnIiwic2xpZGVzaG93IjoiZmNlYzZkMSJ9\" href='https:\/\/www.campingenfola.com\/wp-content\/uploads\/2026\/02\/susino-marisa-scoglio-bianco.jpg'><img loading=\"lazy\" decoding=\"async\" width=\"1920\" height=\"1440\" src=\"https:\/\/www.campingenfola.com\/wp-content\/uploads\/2026\/02\/susino-marisa-scoglio-bianco.jpg\" class=\"attachment-full size-full\" alt=\"Scheda botanica della Susina Marisa Scoglio Bianco, variet\u00e0 autoctona del Giardino Diffuso dell\u2019Isola d\u2019Elba\" srcset=\"https:\/\/www.campingenfola.com\/wp-content\/uploads\/2026\/02\/susino-marisa-scoglio-bianco.jpg 1920w, https:\/\/www.campingenfola.com\/wp-content\/uploads\/2026\/02\/susino-marisa-scoglio-bianco-300x225.jpg 300w, https:\/\/www.campingenfola.com\/wp-content\/uploads\/2026\/02\/susino-marisa-scoglio-bianco-1024x768.jpg 1024w, https:\/\/www.campingenfola.com\/wp-content\/uploads\/2026\/02\/susino-marisa-scoglio-bianco-768x576.jpg 768w, https:\/\/www.campingenfola.com\/wp-content\/uploads\/2026\/02\/susino-marisa-scoglio-bianco-1536x1152.jpg 1536w, https:\/\/www.campingenfola.com\/wp-content\/uploads\/2026\/02\/susino-marisa-scoglio-bianco-600x450.jpg 600w\" sizes=\"(max-width: 1920px) 100vw, 1920px\" \/><\/a>\n\t\t\t<\/dt><\/dl><dl class='gallery-item'>\n\t\t\t<dt class='gallery-icon landscape'>\n\t\t\t\t<a data-elementor-open-lightbox=\"yes\" data-elementor-lightbox-slideshow=\"fcec6d1\" data-elementor-lightbox-title=\"Susina San Giovannina Rossa Allungata\" data-e-action-hash=\"#elementor-action%3Aaction%3Dlightbox%26settings%3DeyJpZCI6NjgxNCwidXJsIjoiaHR0cHM6XC9cL3d3dy5jYW1waW5nZW5mb2xhLmNvbVwvd3AtY29udGVudFwvdXBsb2Fkc1wvMjAyNlwvMDJcL3N1c2luYS1zYW4tZ2lvdmFubmkuanBnIiwic2xpZGVzaG93IjoiZmNlYzZkMSJ9\" href='https:\/\/www.campingenfola.com\/wp-content\/uploads\/2026\/02\/susina-san-giovanni.jpg'><img loading=\"lazy\" decoding=\"async\" width=\"1920\" height=\"1440\" src=\"https:\/\/www.campingenfola.com\/wp-content\/uploads\/2026\/02\/susina-san-giovanni.jpg\" class=\"attachment-full size-full\" alt=\"Scheda botanica della Susina San Giovannina Rossa Allungata, variet\u00e0 autoctona del Giardino Diffuso dell\u2019Isola d\u2019Elba\" srcset=\"https:\/\/www.campingenfola.com\/wp-content\/uploads\/2026\/02\/susina-san-giovanni.jpg 1920w, https:\/\/www.campingenfola.com\/wp-content\/uploads\/2026\/02\/susina-san-giovanni-300x225.jpg 300w, https:\/\/www.campingenfola.com\/wp-content\/uploads\/2026\/02\/susina-san-giovanni-1024x768.jpg 1024w, https:\/\/www.campingenfola.com\/wp-content\/uploads\/2026\/02\/susina-san-giovanni-768x576.jpg 768w, https:\/\/www.campingenfola.com\/wp-content\/uploads\/2026\/02\/susina-san-giovanni-1536x1152.jpg 1536w, https:\/\/www.campingenfola.com\/wp-content\/uploads\/2026\/02\/susina-san-giovanni-600x450.jpg 600w\" sizes=\"(max-width: 1920px) 100vw, 1920px\" \/><\/a>\n\t\t\t<\/dt><\/dl><br style=\"clear: both\" \/><dl class='gallery-item'>\n\t\t\t<dt class='gallery-icon portrait'>\n\t\t\t\t<a data-elementor-open-lightbox=\"yes\" data-elementor-lightbox-slideshow=\"fcec6d1\" data-elementor-lightbox-title=\"Susina San Giovannina Rossa Allungata\" data-e-action-hash=\"#elementor-action%3Aaction%3Dlightbox%26settings%3DeyJpZCI6NjgxNSwidXJsIjoiaHR0cHM6XC9cL3d3dy5jYW1waW5nZW5mb2xhLmNvbVwvd3AtY29udGVudFwvdXBsb2Fkc1wvMjAyNlwvMDFcL2dpYXJkaW5vLWRpZmZ1c28uanBnIiwic2xpZGVzaG93IjoiZmNlYzZkMSJ9\" href='https:\/\/www.campingenfola.com\/wp-content\/uploads\/2026\/01\/giardino-diffuso.jpg'><img loading=\"lazy\" decoding=\"async\" width=\"1280\" height=\"1920\" src=\"https:\/\/www.campingenfola.com\/wp-content\/uploads\/2026\/01\/giardino-diffuso.jpg\" class=\"attachment-full size-full\" alt=\"Susina San Giovannina Rossa Allungata del Giardino Diffuso degli ecoalberghi elbani presso il Camping Enfola\" srcset=\"https:\/\/www.campingenfola.com\/wp-content\/uploads\/2026\/01\/giardino-diffuso.jpg 1280w, https:\/\/www.campingenfola.com\/wp-content\/uploads\/2026\/01\/giardino-diffuso-200x300.jpg 200w, https:\/\/www.campingenfola.com\/wp-content\/uploads\/2026\/01\/giardino-diffuso-683x1024.jpg 683w, https:\/\/www.campingenfola.com\/wp-content\/uploads\/2026\/01\/giardino-diffuso-768x1152.jpg 768w, https:\/\/www.campingenfola.com\/wp-content\/uploads\/2026\/01\/giardino-diffuso-1024x1536.jpg 1024w, https:\/\/www.campingenfola.com\/wp-content\/uploads\/2026\/01\/giardino-diffuso-600x900.jpg 600w\" sizes=\"(max-width: 1280px) 100vw, 1280px\" \/><\/a>\n\t\t\t<\/dt><\/dl><dl class='gallery-item'>\n\t\t\t<dt class='gallery-icon portrait'>\n\t\t\t\t<a data-elementor-open-lightbox=\"yes\" data-elementor-lightbox-slideshow=\"fcec6d1\" data-elementor-lightbox-title=\"Susina Marisa Scoglio Bianco\" data-e-action-hash=\"#elementor-action%3Aaction%3Dlightbox%26settings%3DeyJpZCI6NjgxNywidXJsIjoiaHR0cHM6XC9cL3d3dy5jYW1waW5nZW5mb2xhLmNvbVwvd3AtY29udGVudFwvdXBsb2Fkc1wvMjAyNlwvMDJcL3N1c2luby1tYXJpc2Etc2NvZ2xpby1iaWFuY28tYy1lbmZvbGEuanBnIiwic2xpZGVzaG93IjoiZmNlYzZkMSJ9\" href='https:\/\/www.campingenfola.com\/wp-content\/uploads\/2026\/02\/susino-marisa-scoglio-bianco-c-enfola.jpg'><img loading=\"lazy\" decoding=\"async\" width=\"1280\" height=\"1920\" src=\"https:\/\/www.campingenfola.com\/wp-content\/uploads\/2026\/02\/susino-marisa-scoglio-bianco-c-enfola.jpg\" class=\"attachment-full size-full\" alt=\"Susina Marisa Scoglio Bianco del Giardino Diffuso degli ecoalberghi elbani presso il Camping Enfola\" srcset=\"https:\/\/www.campingenfola.com\/wp-content\/uploads\/2026\/02\/susino-marisa-scoglio-bianco-c-enfola.jpg 1280w, https:\/\/www.campingenfola.com\/wp-content\/uploads\/2026\/02\/susino-marisa-scoglio-bianco-c-enfola-200x300.jpg 200w, https:\/\/www.campingenfola.com\/wp-content\/uploads\/2026\/02\/susino-marisa-scoglio-bianco-c-enfola-683x1024.jpg 683w, https:\/\/www.campingenfola.com\/wp-content\/uploads\/2026\/02\/susino-marisa-scoglio-bianco-c-enfola-768x1152.jpg 768w, https:\/\/www.campingenfola.com\/wp-content\/uploads\/2026\/02\/susino-marisa-scoglio-bianco-c-enfola-1024x1536.jpg 1024w, https:\/\/www.campingenfola.com\/wp-content\/uploads\/2026\/02\/susino-marisa-scoglio-bianco-c-enfola-600x900.jpg 600w\" sizes=\"(max-width: 1280px) 100vw, 1280px\" \/><\/a>\n\t\t\t<\/dt><\/dl><br style=\"clear: both\" \/>\n\t\t<\/div>\n\t\t<\/div>\n\t\t\t\t\t\t<\/div>\n\t\t\t\t\t<\/div>\n\t\t\t\t<\/div>\n\t\t<div class=\"elementor-element elementor-element-6b79959 e-flex e-con-boxed e-con e-parent\" data-id=\"6b79959\" data-element_type=\"container\">\n\t\t\t\t\t<div class=\"e-con-inner\">\n\t\t\t\t<div class=\"elementor-element elementor-element-53305fa elementor-position-inline-start elementor-view-default elementor-mobile-position-block-start elementor-widget elementor-widget-icon-box\" data-id=\"53305fa\" data-element_type=\"widget\" data-widget_type=\"icon-box.default\">\n\t\t\t\t\t\t\t<div class=\"elementor-icon-box-wrapper\">\n\n\t\t\t\t\t\t<div class=\"elementor-icon-box-icon\">\n\t\t\t\t<span  class=\"elementor-icon\">\n\t\t\t\t<svg aria-hidden=\"true\" class=\"e-font-icon-svg e-fas-info\" viewBox=\"0 0 192 512\" xmlns=\"http:\/\/www.w3.org\/2000\/svg\"><path d=\"M20 424.229h20V279.771H20c-11.046 0-20-8.954-20-20V212c0-11.046 8.954-20 20-20h112c11.046 0 20 8.954 20 20v212.229h20c11.046 0 20 8.954 20 20V492c0 11.046-8.954 20-20 20H20c-11.046 0-20-8.954-20-20v-47.771c0-11.046 8.954-20 20-20zM96 0C56.235 0 24 32.235 24 72s32.235 72 72 72 72-32.235 72-72S135.764 0 96 0z\"><\/path><\/svg>\t\t\t\t<\/span>\n\t\t\t<\/div>\n\t\t\t\n\t\t\t\t\t\t<div class=\"elementor-icon-box-content\">\n\n\t\t\t\t\t\t\t\t\t<h3 class=\"elementor-icon-box-title\">\n\t\t\t\t\t\t<span  >\n\t\t\t\t\t\t\tInformations suppl\u00e9mentaires\t\t\t\t\t\t<\/span>\n\t\t\t\t\t<\/h3>\n\t\t\t\t\n\t\t\t\t\t\t\t\t\t<p class=\"elementor-icon-box-description\">\n\t\t\t\t\t\tNous pouvons vous informer sur :\n<ul>\n<li>o\u00f9 acheter et d\u00e9guster les produits locaux de notre territoire (huile d\u2019olive, vin, miel, poisson, fruits et l\u00e9gumes, etc.) ;<\/li>\n<li>les sentiers et les lieux accessibles depuis le Camping \u00e0 pied, \u00e0 la nage, \u00e0 v\u00e9lo ou en cano\u00eb ;<\/li>\n<li>les lignes et horaires des transports publics ;<\/li>\n<li>les publications du Parc National de l\u2019Archipel Toscan et d\u2019autres auteurs sur l\u2019Elbe, l\u2019Enfola et les \u00celes de Toscane ;<\/li>\n<li>et bien plus encore...<\/li>\n<\/ul>\t\t\t\t\t<\/p>\n\t\t\t\t\n\t\t\t<\/div>\n\t\t\t\n\t\t<\/div>\n\t\t\t\t\t\t<\/div>\n\t\t\t\t\t<\/div>\n\t\t\t\t<\/div>\n\t\t\t\t<\/div>\n\t\t","protected":false},"excerpt":{"rendered":"<p>Notre approche Durabilit\u00e9 CETS Charte Europ\u00e9enne du Tourisme Durable dans les Espaces Prot\u00e9g\u00e9s Le Camping Enfola a adh\u00e9r\u00e9 \u00e0 la Charte Europ\u00e9enne du Tourisme Durable dans les Espaces Prot\u00e9g\u00e9s (CETS), promue par le Parc National de l\u2019Archipel Toscan, afin de poursuivre les objectifs suivants : am\u00e9liorer l\u2019offre touristique et renforcer la collaboration avec le Parc [&hellip;]<\/p>\n","protected":false},"author":2,"featured_media":0,"parent":0,"menu_order":0,"comment_status":"closed","ping_status":"closed","template":"elementor_header_footer","meta":{"footnotes":""},"class_list":["post-6444","page","type-page","status-publish","hentry"],"_links":{"self":[{"href":"https:\/\/www.campingenfola.com\/fr\/wp-json\/wp\/v2\/pages\/6444","targetHints":{"allow":["GET"]}}],"collection":[{"href":"https:\/\/www.campingenfola.com\/fr\/wp-json\/wp\/v2\/pages"}],"about":[{"href":"https:\/\/www.campingenfola.com\/fr\/wp-json\/wp\/v2\/types\/page"}],"author":[{"embeddable":true,"href":"https:\/\/www.campingenfola.com\/fr\/wp-json\/wp\/v2\/users\/2"}],"replies":[{"embeddable":true,"href":"https:\/\/www.campingenfola.com\/fr\/wp-json\/wp\/v2\/comments?post=6444"}],"version-history":[{"count":5,"href":"https:\/\/www.campingenfola.com\/fr\/wp-json\/wp\/v2\/pages\/6444\/revisions"}],"predecessor-version":[{"id":8450,"href":"https:\/\/www.campingenfola.com\/fr\/wp-json\/wp\/v2\/pages\/6444\/revisions\/8450"}],"wp:attachment":[{"href":"https:\/\/www.campingenfola.com\/fr\/wp-json\/wp\/v2\/media?parent=6444"}],"curies":[{"name":"wp","href":"https:\/\/api.w.org\/{rel}","templated":true}]}}