{"id":6417,"date":"2026-01-29T14:43:06","date_gmt":"2026-01-29T13:43:06","guid":{"rendered":"http:\/\/campingenfola.youelba.com\/chi-siamo\/"},"modified":"2026-03-12T10:47:43","modified_gmt":"2026-03-12T09:47:43","slug":"qui-sommes-nous","status":"publish","type":"page","link":"https:\/\/www.campingenfola.com\/fr\/qui-sommes-nous\/","title":{"rendered":"Qui sommes-nous"},"content":{"rendered":"\t\t<div data-elementor-type=\"wp-page\" data-elementor-id=\"6417\" class=\"elementor elementor-6417 elementor-4183\">\n\t\t\t\t\t\t<section class=\"elementor-section elementor-top-section elementor-element elementor-element-f778405 elementor-section-content-middle elementor-reverse-mobile elementor-reverse-tablet elementor-section-boxed elementor-section-height-default elementor-section-height-default\" data-id=\"f778405\" data-element_type=\"section\">\n\t\t\t\t\t\t<div class=\"elementor-container elementor-column-gap-no\">\n\t\t\t\t\t<div class=\"elementor-column elementor-col-50 elementor-top-column elementor-element elementor-element-3e91e69\" data-id=\"3e91e69\" data-element_type=\"column\">\n\t\t\t<div class=\"elementor-widget-wrap elementor-element-populated\">\n\t\t\t\t\t\t<div class=\"elementor-element elementor-element-c1e76b9 elementor-widget elementor-widget-image-carousel\" data-id=\"c1e76b9\" data-element_type=\"widget\" data-settings=\"{&quot;slides_to_show&quot;:&quot;1&quot;,&quot;navigation&quot;:&quot;none&quot;,&quot;autoplay&quot;:&quot;yes&quot;,&quot;pause_on_hover&quot;:&quot;yes&quot;,&quot;pause_on_interaction&quot;:&quot;yes&quot;,&quot;autoplay_speed&quot;:5000,&quot;infinite&quot;:&quot;yes&quot;,&quot;effect&quot;:&quot;slide&quot;,&quot;speed&quot;:500}\" data-widget_type=\"image-carousel.default\">\n\t\t\t\t\t\t\t<div class=\"elementor-image-carousel-wrapper swiper\" role=\"region\" aria-roledescription=\"carousel\" aria-label=\"Carosello d&#039;immagini\" dir=\"ltr\">\n\t\t\t<div class=\"elementor-image-carousel swiper-wrapper\" aria-live=\"off\">\n\t\t\t\t\t\t\t\t<div class=\"swiper-slide\" role=\"group\" aria-roledescription=\"slide\" aria-label=\"1 sur 3\"><figure class=\"swiper-slide-inner\"><img decoding=\"async\" class=\"swiper-slide-image\" src=\"https:\/\/www.campingenfola.com\/wp-content\/uploads\/2026\/01\/foto-enfola-storica.jpg\" alt=\"Foto storica del promontorio dell\u2019Enfola all\u2019Isola d\u2019Elba\" \/><\/figure><\/div><div class=\"swiper-slide\" role=\"group\" aria-roledescription=\"slide\" aria-label=\"2 sur 3\"><figure class=\"swiper-slide-inner\"><img decoding=\"async\" class=\"swiper-slide-image\" src=\"https:\/\/www.campingenfola.com\/wp-content\/uploads\/2026\/02\/depliant-c-enfola.jpg\" alt=\"Cartolina storica dell\u2019Enfola con vedute della baia e del promontorio\" \/><\/figure><\/div><div class=\"swiper-slide\" role=\"group\" aria-roledescription=\"slide\" aria-label=\"3 sur 3\"><figure class=\"swiper-slide-inner\"><img decoding=\"async\" class=\"swiper-slide-image\" src=\"https:\/\/www.campingenfola.com\/wp-content\/uploads\/2026\/02\/locandina-l-avventuriero-1967-1.jpg\" alt=\"Locandina del film L\u2019Avventuriero con Anthony Quinn e Rosanna Schiaffino, regia di Terence Young (1967)\" \/><\/figure><\/div>\t\t\t<\/div>\n\t\t\t\t\t\t\t\n\t\t\t\t\t\t\t\t\t<\/div>\n\t\t\t\t\t\t<\/div>\n\t\t\t\t\t<\/div>\n\t\t<\/div>\n\t\t\t\t<div class=\"elementor-column elementor-col-50 elementor-top-column elementor-element elementor-element-d6f3550\" data-id=\"d6f3550\" data-element_type=\"column\" data-settings=\"{&quot;background_background&quot;:&quot;classic&quot;}\">\n\t\t\t<div class=\"elementor-widget-wrap elementor-element-populated\">\n\t\t\t\t\t\t<div class=\"elementor-element elementor-element-34e2ed9 elementor-widget elementor-widget-vedhak_elementor_heading\" data-id=\"34e2ed9\" data-element_type=\"widget\" data-widget_type=\"vedhak_elementor_heading.default\">\n\t\t\t\t<div class=\"elementor-widget-container\">\n\t\t\t\t\t\t\t\t<div class=\"ova-heading template1\">\n\n\t\t\t\t\n\t\t\t\t\t<h2 class=\"sub-title\">\n\n\t\t\t\t\t\t \n\t\t\t\t\t\t\t\t\t\t\t\t\t<span class=\"line-decoration\"><\/span>\n\t\t\t\t\t\t\n\t\t\t\t\t\tQui sommes-nous\n\t\t\t\t\t<\/h2>\n\n\t\t\t\t\n\t\t\t\t\n\t\t\t\t\t\n\t\t\t\t\t\t<h3 class=\"title\"><span class=\"title-bold\">Camping Enfola<\/span><span class=\"title-normal\"><\/span><\/h3>\n\n\t\t\t\t\t\n\n\t\t\t\t\t\t\t\t\t\n\t\t\t\t\n\t\t\t\t\n\t\t\t\t\t\n\t\t\t\t\n\t\t\t<\/div>\n\n\t\t\t\t\t\t<\/div>\n\t\t\t\t<\/div>\n\t\t\t\t<div class=\"elementor-element elementor-element-a8a98da elementor-widget elementor-widget-text-editor\" data-id=\"a8a98da\" data-element_type=\"widget\" data-widget_type=\"text-editor.default\">\n\t\t\t\t\t\t\t\t\t<p>Le Camping Enfola na\u00eet en 1967, lorsque certaines terrasses d\u2019un ancien vignoble surplombant la mer sont transform\u00e9es en emplacements \u00e0 pic sur l\u2019eau.<\/p><p>Ces terrasses sont encore aujourd\u2019hui le c\u0153ur du camping, un lieu sp\u00e9cial d\u2019o\u00f9 admirer des eaux transparentes et des couchers de soleil spectaculaires sur l\u2019\u00eele d\u2019Elbe.<\/p>\t\t\t\t\t\t\t\t<\/div>\n\t\t\t\t\t<\/div>\n\t\t<\/div>\n\t\t\t\t\t<\/div>\n\t\t<\/section>\n\t\t<div class=\"elementor-element elementor-element-ba882e8 e-flex e-con-boxed e-con e-parent\" data-id=\"ba882e8\" data-element_type=\"container\">\n\t\t\t\t\t<div class=\"e-con-inner\">\n\t\t\t\t<div class=\"elementor-element elementor-element-cad2375 elementor-widget elementor-widget-vedhak_elementor_heading\" data-id=\"cad2375\" data-element_type=\"widget\" data-widget_type=\"vedhak_elementor_heading.default\">\n\t\t\t\t<div class=\"elementor-widget-container\">\n\t\t\t\t\t\t\t\t<div class=\"ova-heading template1\">\n\n\t\t\t\t\n\t\t\t\t\n\t\t\t\t\t\n\t\t\t\t\t\t<h3 class=\"title\"><span class=\"title-bold\"><\/span><span class=\"title-normal\">Un lieu hors du temps<\/span><\/h3>\n\n\t\t\t\t\t\n\n\t\t\t\t\t\t\t\t\t\n\t\t\t\t\n\t\t\t\t\n\t\t\t\t\t\n\t\t\t\t\n\t\t\t<\/div>\n\n\t\t\t\t\t\t<\/div>\n\t\t\t\t<\/div>\n\t\t\t\t<div class=\"elementor-element elementor-element-45f30d6 elementor-widget elementor-widget-text-editor\" data-id=\"45f30d6\" data-element_type=\"widget\" data-widget_type=\"text-editor.default\">\n\t\t\t\t\t\t\t\t\t<p>Nous faisons face \u00e0 l\u2019ancienne Tonnara d\u2019Enfola, t\u00e9moignage d\u2019un lien profond avec la mer et d\u00e9cor du film L\u2019Avventuriero en 1967.<\/p><p>Un lieu riche de m\u00e9moire, o\u00f9 histoire et paysage se m\u00ealent naturellement.<\/p><p>Situ\u00e9 dans le Parc National de l\u2019Archipel Toscan, au pied du Capo d\u2019Enfola, le camping est entour\u00e9 de sentiers panoramiques \u00e0 travers le maquis m\u00e9diterran\u00e9en et la flore locale, id\u00e9als pour le trekking et les promenades en bord de mer. Un lieu authentique o\u00f9 nature, mouvement et silence font partie de l\u2019exp\u00e9rience quotidienne.<\/p>\t\t\t\t\t\t\t\t<\/div>\n\t\t\t\t<div class=\"elementor-element elementor-element-2978066 elementor-widget elementor-widget-image-gallery\" data-id=\"2978066\" data-element_type=\"widget\" data-widget_type=\"image-gallery.default\">\n\t\t\t\t\t\t\t<div class=\"elementor-image-gallery\">\n\t\t\t\n\t\t<style type=\"text\/css\">\n\t\t\t#gallery-1 {\n\t\t\t\tmargin: auto;\n\t\t\t}\n\t\t\t#gallery-1 .gallery-item {\n\t\t\t\tfloat: left;\n\t\t\t\tmargin-top: 10px;\n\t\t\t\ttext-align: center;\n\t\t\t\twidth: 50%;\n\t\t\t}\n\t\t\t#gallery-1 img {\n\t\t\t\tborder: 2px solid #cfcfcf;\n\t\t\t}\n\t\t\t#gallery-1 .gallery-caption {\n\t\t\t\tmargin-left: 0;\n\t\t\t}\n\t\t\t\/* see gallery_shortcode() in wp-includes\/media.php *\/\n\t\t<\/style>\n\t\t<div id='gallery-1' class='gallery galleryid-6417 gallery-columns-2 gallery-size-large'><dl class='gallery-item'>\n\t\t\t<dt class='gallery-icon landscape'>\n\t\t\t\t<a data-elementor-open-lightbox=\"yes\" data-elementor-lightbox-slideshow=\"2978066\" data-elementor-lightbox-title=\"Pescatori della Tonnara dell\u2019Enfola, fine anni \u201930\" data-e-action-hash=\"#elementor-action%3Aaction%3Dlightbox%26settings%3DeyJpZCI6Njc2NiwidXJsIjoiaHR0cHM6XC9cL3d3dy5jYW1waW5nZW5mb2xhLmNvbVwvd3AtY29udGVudFwvdXBsb2Fkc1wvMjAyNlwvMDJcL3Blc2NhLXRvbm5vLWVuZm9sYS1maW5lLWFubmktMzAuanBnIiwic2xpZGVzaG93IjoiMjk3ODA2NiJ9\" href='https:\/\/www.campingenfola.com\/wp-content\/uploads\/2026\/02\/pesca-tonno-enfola-fine-anni-30.jpg'><img fetchpriority=\"high\" decoding=\"async\" width=\"800\" height=\"563\" src=\"https:\/\/www.campingenfola.com\/wp-content\/uploads\/2026\/02\/pesca-tonno-enfola-fine-anni-30-1024x721.jpg\" class=\"attachment-large size-large\" alt=\"Pescatori della Tonnara dell\u2019Enfola, fine anni \u201930\" srcset=\"https:\/\/www.campingenfola.com\/wp-content\/uploads\/2026\/02\/pesca-tonno-enfola-fine-anni-30-1024x721.jpg 1024w, https:\/\/www.campingenfola.com\/wp-content\/uploads\/2026\/02\/pesca-tonno-enfola-fine-anni-30-300x211.jpg 300w, https:\/\/www.campingenfola.com\/wp-content\/uploads\/2026\/02\/pesca-tonno-enfola-fine-anni-30-768x540.jpg 768w, https:\/\/www.campingenfola.com\/wp-content\/uploads\/2026\/02\/pesca-tonno-enfola-fine-anni-30-1536x1081.jpg 1536w, https:\/\/www.campingenfola.com\/wp-content\/uploads\/2026\/02\/pesca-tonno-enfola-fine-anni-30-600x422.jpg 600w, https:\/\/www.campingenfola.com\/wp-content\/uploads\/2026\/02\/pesca-tonno-enfola-fine-anni-30.jpg 1819w\" sizes=\"(max-width: 800px) 100vw, 800px\" \/><\/a>\n\t\t\t<\/dt><\/dl><dl class='gallery-item'>\n\t\t\t<dt class='gallery-icon landscape'>\n\t\t\t\t<a data-elementor-open-lightbox=\"yes\" data-elementor-lightbox-slideshow=\"2978066\" data-elementor-lightbox-title=\"Pesca del tonno alla Tonnara dell\u2019Enfola, 1927\" data-e-action-hash=\"#elementor-action%3Aaction%3Dlightbox%26settings%3DeyJpZCI6Njc2NywidXJsIjoiaHR0cHM6XC9cL3d3dy5jYW1waW5nZW5mb2xhLmNvbVwvd3AtY29udGVudFwvdXBsb2Fkc1wvMjAyNlwvMDJcL3Blc2NhLXRvbm5vLWVuZm9sYS0xOTI3LmpwZyIsInNsaWRlc2hvdyI6IjI5NzgwNjYifQ%3D%3D\" href='https:\/\/www.campingenfola.com\/wp-content\/uploads\/2026\/02\/pesca-tonno-enfola-1927.jpg'><img decoding=\"async\" width=\"800\" height=\"563\" src=\"https:\/\/www.campingenfola.com\/wp-content\/uploads\/2026\/02\/pesca-tonno-enfola-1927-1024x721.jpg\" class=\"attachment-large size-large\" alt=\"Antica pesca del tonno alla Tonnara dell\u2019Enfola nel 1927, con pescatori impegnati nella mattanza\" srcset=\"https:\/\/www.campingenfola.com\/wp-content\/uploads\/2026\/02\/pesca-tonno-enfola-1927-1024x721.jpg 1024w, https:\/\/www.campingenfola.com\/wp-content\/uploads\/2026\/02\/pesca-tonno-enfola-1927-300x211.jpg 300w, https:\/\/www.campingenfola.com\/wp-content\/uploads\/2026\/02\/pesca-tonno-enfola-1927-768x540.jpg 768w, https:\/\/www.campingenfola.com\/wp-content\/uploads\/2026\/02\/pesca-tonno-enfola-1927-1536x1081.jpg 1536w, https:\/\/www.campingenfola.com\/wp-content\/uploads\/2026\/02\/pesca-tonno-enfola-1927-600x422.jpg 600w, https:\/\/www.campingenfola.com\/wp-content\/uploads\/2026\/02\/pesca-tonno-enfola-1927.jpg 1819w\" sizes=\"(max-width: 800px) 100vw, 800px\" \/><\/a>\n\t\t\t<\/dt><\/dl><br style=\"clear: both\" \/>\n\t\t<\/div>\n\t\t<\/div>\n\t\t\t\t\t\t<\/div>\n\t\t\t\t\t<\/div>\n\t\t\t\t<\/div>\n\t\t\t\t<section class=\"elementor-section elementor-top-section elementor-element elementor-element-5a60647 elementor-section-boxed elementor-section-height-default elementor-section-height-default\" data-id=\"5a60647\" data-element_type=\"section\">\n\t\t\t\t\t\t\t<div class=\"elementor-background-overlay\"><\/div>\n\t\t\t\t\t\t\t<div class=\"elementor-container elementor-column-gap-no\">\n\t\t\t\t\t<div class=\"elementor-column elementor-col-100 elementor-top-column elementor-element elementor-element-5951391\" data-id=\"5951391\" data-element_type=\"column\">\n\t\t\t<div class=\"elementor-widget-wrap elementor-element-populated\">\n\t\t\t\t\t\t<section class=\"elementor-section elementor-inner-section elementor-element elementor-element-b1ed8b8 elementor-section-full_width elementor-section-height-default elementor-section-height-default\" data-id=\"b1ed8b8\" data-element_type=\"section\">\n\t\t\t\t\t\t\t<div class=\"elementor-background-overlay\"><\/div>\n\t\t\t\t\t\t\t<div class=\"elementor-container elementor-column-gap-no\">\n\t\t\t\t\t<div class=\"elementor-column elementor-col-50 elementor-inner-column elementor-element elementor-element-b1fb1a3\" data-id=\"b1fb1a3\" data-element_type=\"column\">\n\t\t\t<div class=\"elementor-widget-wrap\">\n\t\t\t\t\t\t\t<\/div>\n\t\t<\/div>\n\t\t\t\t<div class=\"elementor-column elementor-col-50 elementor-inner-column elementor-element elementor-element-9c9fbab\" data-id=\"9c9fbab\" data-element_type=\"column\" data-settings=\"{&quot;background_background&quot;:&quot;classic&quot;}\">\n\t\t\t<div class=\"elementor-widget-wrap elementor-element-populated\">\n\t\t\t\t\t\t<div class=\"elementor-element elementor-element-3d29aa0 elementor-widget elementor-widget-vedhak_elementor_heading\" data-id=\"3d29aa0\" data-element_type=\"widget\" data-widget_type=\"vedhak_elementor_heading.default\">\n\t\t\t\t<div class=\"elementor-widget-container\">\n\t\t\t\t\t\t\t\t<div class=\"ova-heading template1\">\n\n\t\t\t\t\n\t\t\t\t\t<h2 class=\"sub-title\">\n\n\t\t\t\t\t\t \n\t\t\t\t\t\t\n\t\t\t\t\t\t\n\t\t\t\t\t<\/h2>\n\n\t\t\t\t\n\t\t\t\t\n\t\t\t\t\t\n\t\t\t\t\t\t<h3 class=\"title\"><span class=\"title-bold\">La nature entoure\n<\/span><span class=\"title-normal\">chaque moment du s\u00e9jour<\/span><\/h3>\n\n\t\t\t\t\t\n\n\t\t\t\t\t\t\t\t\t\n\t\t\t\t\n\t\t\t\t\n\t\t\t\t\t\n\t\t\t\t\n\t\t\t<\/div>\n\n\t\t\t\t\t\t<\/div>\n\t\t\t\t<\/div>\n\t\t\t\t<div class=\"elementor-element elementor-element-9e17f74 elementor-widget elementor-widget-vedhak_elementor_icon_box\" data-id=\"9e17f74\" data-element_type=\"widget\" data-widget_type=\"vedhak_elementor_icon_box.default\">\n\t\t\t\t<div class=\"elementor-widget-container\">\n\t\t\t\t\t\n\t\t<div class=\"ova-icon-box template4\"> \n\n\t\t\t\t\t\t\t<a class=\"iconbox\" href=\"#\" >\n\t\t\t\t\n\n\t\t\t\t\t\t\t\t\n\t\t\t\t<div class=\"content\">\n\t\t\t\t\t\n\t                \t\t\t\t\t\t<p class=\"description\">\n\t\t\t\t\t\t\tPlong\u00e9 dans le maquis m\u00e9diterran\u00e9en et au c\u0153ur du Parc National de l\u2019Archipel Toscan, le Camping Enfola est pens\u00e9 pour ceux qui aiment vivre en plein air : baignades dans des eaux limpides, fonds marins id\u00e9aux pour le snorkeling et la plong\u00e9e, excursions \u00e0 pied ou en VTT, journ\u00e9es paisibles entre soleil et silence. Un lieu o\u00f9 le rythme de la nature invite \u00e0 rel\u00e2cher les tensions et \u00e0 retrouver un repos profond, berc\u00e9 par la mer et la tranquillit\u00e9 du paysage.\t\t\t\t\t\t<\/p>\n\t\t\t\t\t\t\t\t\t<\/div>\n\t\t\t\t\n\t\t\t\t\t\t\t\t\t<div class=\"line-decoration\"><\/div>\n\t\t\t\t\n\t\t\t\t\n\n\t\t\t\t\t\t\t<\/a> \n\t\t\t\t\n\n\t\t<\/div>\n\n\t\t\t\t\t\t<\/div>\n\t\t\t\t<\/div>\n\t\t\t\t\t<\/div>\n\t\t<\/div>\n\t\t\t\t\t<\/div>\n\t\t<\/section>\n\t\t\t\t\t<\/div>\n\t\t<\/div>\n\t\t\t\t\t<\/div>\n\t\t<\/section>\n\t\t\t\t<\/div>\n\t\t","protected":false},"excerpt":{"rendered":"<p>Qui sommes-nous Camping Enfola Le Camping Enfola na\u00eet en 1967, lorsque certaines terrasses d\u2019un ancien vignoble surplombant la mer sont transform\u00e9es en emplacements \u00e0 pic sur l\u2019eau. Ces terrasses sont encore aujourd\u2019hui le c\u0153ur du camping, un lieu sp\u00e9cial d\u2019o\u00f9 admirer des eaux transparentes et des couchers de soleil spectaculaires sur l\u2019\u00eele d\u2019Elbe. Un lieu [&hellip;]<\/p>\n","protected":false},"author":2,"featured_media":0,"parent":0,"menu_order":0,"comment_status":"closed","ping_status":"closed","template":"elementor_header_footer","meta":{"footnotes":""},"class_list":["post-6417","page","type-page","status-publish","hentry"],"_links":{"self":[{"href":"https:\/\/www.campingenfola.com\/fr\/wp-json\/wp\/v2\/pages\/6417","targetHints":{"allow":["GET"]}}],"collection":[{"href":"https:\/\/www.campingenfola.com\/fr\/wp-json\/wp\/v2\/pages"}],"about":[{"href":"https:\/\/www.campingenfola.com\/fr\/wp-json\/wp\/v2\/types\/page"}],"author":[{"embeddable":true,"href":"https:\/\/www.campingenfola.com\/fr\/wp-json\/wp\/v2\/users\/2"}],"replies":[{"embeddable":true,"href":"https:\/\/www.campingenfola.com\/fr\/wp-json\/wp\/v2\/comments?post=6417"}],"version-history":[{"count":5,"href":"https:\/\/www.campingenfola.com\/fr\/wp-json\/wp\/v2\/pages\/6417\/revisions"}],"predecessor-version":[{"id":7452,"href":"https:\/\/www.campingenfola.com\/fr\/wp-json\/wp\/v2\/pages\/6417\/revisions\/7452"}],"wp:attachment":[{"href":"https:\/\/www.campingenfola.com\/fr\/wp-json\/wp\/v2\/media?parent=6417"}],"curies":[{"name":"wp","href":"https:\/\/api.w.org\/{rel}","templated":true}]}}