{"id":6407,"date":"2026-01-27T14:24:59","date_gmt":"2026-01-27T13:24:59","guid":{"rendered":"http:\/\/campingenfola.youelba.com\/camping-e-alloggi\/camping\/"},"modified":"2026-03-12T11:35:31","modified_gmt":"2026-03-12T10:35:31","slug":"camping","status":"publish","type":"page","link":"https:\/\/www.campingenfola.com\/fr\/camping-et-hebergements\/camping\/","title":{"rendered":"Camping"},"content":{"rendered":"\t\t<div data-elementor-type=\"wp-page\" data-elementor-id=\"6407\" class=\"elementor elementor-6407 elementor-4179\">\n\t\t\t\t<div class=\"elementor-element elementor-element-4c8bf57 e-flex e-con-boxed e-con e-parent\" data-id=\"4c8bf57\" data-element_type=\"container\">\n\t\t\t\t\t<div class=\"e-con-inner\">\n\t\t<div class=\"elementor-element elementor-element-524b956 e-con-full e-flex elementor-invisible e-con e-child\" data-id=\"524b956\" data-element_type=\"container\" data-settings=\"{&quot;animation&quot;:&quot;fadeIn&quot;}\">\n\t\t\t\t<div class=\"elementor-element elementor-element-756342d elementor-widget elementor-widget-vedhak_elementor_heading\" data-id=\"756342d\" data-element_type=\"widget\" data-widget_type=\"vedhak_elementor_heading.default\">\n\t\t\t\t<div class=\"elementor-widget-container\">\n\t\t\t\t\t\t\t\t<div class=\"ova-heading template1\">\n\n\t\t\t\t\n\t\t\t\t\t<h2 class=\"sub-title\">\n\n\t\t\t\t\t\t \n\t\t\t\t\t\t\t\t\t\t\t\t\t<span class=\"line-decoration\"><\/span>\n\t\t\t\t\t\t\n\t\t\t\t\t\tCamping et h\u00e9bergements\n\t\t\t\t\t<\/h2>\n\n\t\t\t\t\n\t\t\t\t\n\t\t\t\t\t\n\t\t\t\t\t\t<h3 class=\"title\"><span class=\"title-bold\">Le camping<\/span><span class=\"title-normal\"><\/span><\/h3>\n\n\t\t\t\t\t\n\n\t\t\t\t\t\t\t\t\t\n\t\t\t\t\n\t\t\t\t\n\t\t\t\t\t\n\t\t\t\t\n\t\t\t<\/div>\n\n\t\t\t\t\t\t<\/div>\n\t\t\t\t<\/div>\n\t\t\t\t<\/div>\n\t\t<div class=\"elementor-element elementor-element-c84ea07 e-con-full e-flex e-con e-child\" data-id=\"c84ea07\" data-element_type=\"container\">\n\t\t\t\t<div class=\"elementor-element elementor-element-905b11e elementor-widget elementor-widget-text-editor\" data-id=\"905b11e\" data-element_type=\"widget\" data-widget_type=\"text-editor.default\">\n\t\t\t\t\t\t\t\t\t<p>Le Camping Enfola offre une exp\u00e9rience de s\u00e9jour au c\u0153ur de la nature, \u00e0 quelques pas de la mer et entour\u00e9 des parfums de la macchia m\u00e9diterran\u00e9enne.<\/p><p>Les emplacements sont aujourd\u2019hui le c\u0153ur du camping. Ombrag\u00e9s le matin et dispos\u00e9s sur des terrasses, beaucoup avec vue directe sur la mer, ils permettent de vivre le camping de mani\u00e8re authentique et d\u00e9tendue.<\/p>\t\t\t\t\t\t\t\t<\/div>\n\t\t<div class=\"elementor-element elementor-element-e73a639 e-con-full e-flex e-con e-child\" data-id=\"e73a639\" data-element_type=\"container\">\n\t\t\t\t<div class=\"elementor-element elementor-element-9243284 elementor-widget elementor-widget-button\" data-id=\"9243284\" data-element_type=\"widget\" data-widget_type=\"button.default\">\n\t\t\t\t\t\t\t\t\t\t<a class=\"elementor-button elementor-button-link elementor-size-sm\" href=\"\/fr\/tarifs\/#homes\">\n\t\t\t\t\t\t<span class=\"elementor-button-content-wrapper\">\n\t\t\t\t\t\t<span class=\"elementor-button-icon\">\n\t\t\t\t<svg aria-hidden=\"true\" class=\"e-font-icon-svg e-fas-angle-double-right\" viewBox=\"0 0 448 512\" xmlns=\"http:\/\/www.w3.org\/2000\/svg\"><path d=\"M224.3 273l-136 136c-9.4 9.4-24.6 9.4-33.9 0l-22.6-22.6c-9.4-9.4-9.4-24.6 0-33.9l96.4-96.4-96.4-96.4c-9.4-9.4-9.4-24.6 0-33.9L54.3 103c9.4-9.4 24.6-9.4 33.9 0l136 136c9.5 9.4 9.5 24.6.1 34zm192-34l-136-136c-9.4-9.4-24.6-9.4-33.9 0l-22.6 22.6c-9.4 9.4-9.4 24.6 0 33.9l96.4 96.4-96.4 96.4c-9.4 9.4-9.4 24.6 0 33.9l22.6 22.6c9.4 9.4 24.6 9.4 33.9 0l136-136c9.4-9.2 9.4-24.4 0-33.8z\"><\/path><\/svg>\t\t\t<\/span>\n\t\t\t\t\t\t\t\t\t<span class=\"elementor-button-text\">Tarifs<\/span>\n\t\t\t\t\t<\/span>\n\t\t\t\t\t<\/a>\n\t\t\t\t\t\t\t\t<\/div>\n\t\t\t\t<div class=\"elementor-element elementor-element-60fbfcd elementor-widget elementor-widget-button\" data-id=\"60fbfcd\" data-element_type=\"widget\" data-widget_type=\"button.default\">\n\t\t\t\t\t\t\t\t\t\t<a class=\"elementor-button elementor-button-link elementor-size-sm\" href=\"\/fr\/offres\/\">\n\t\t\t\t\t\t<span class=\"elementor-button-content-wrapper\">\n\t\t\t\t\t\t<span class=\"elementor-button-icon\">\n\t\t\t\t<svg aria-hidden=\"true\" class=\"e-font-icon-svg e-fas-angle-double-right\" viewBox=\"0 0 448 512\" xmlns=\"http:\/\/www.w3.org\/2000\/svg\"><path d=\"M224.3 273l-136 136c-9.4 9.4-24.6 9.4-33.9 0l-22.6-22.6c-9.4-9.4-9.4-24.6 0-33.9l96.4-96.4-96.4-96.4c-9.4-9.4-9.4-24.6 0-33.9L54.3 103c9.4-9.4 24.6-9.4 33.9 0l136 136c9.5 9.4 9.5 24.6.1 34zm192-34l-136-136c-9.4-9.4-24.6-9.4-33.9 0l-22.6 22.6c-9.4 9.4-9.4 24.6 0 33.9l96.4 96.4-96.4 96.4c-9.4 9.4-9.4 24.6 0 33.9l22.6 22.6c9.4 9.4 24.6 9.4 33.9 0l136-136c9.4-9.2 9.4-24.4 0-33.8z\"><\/path><\/svg>\t\t\t<\/span>\n\t\t\t\t\t\t\t\t\t<span class=\"elementor-button-text\">Offres<\/span>\n\t\t\t\t\t<\/span>\n\t\t\t\t\t<\/a>\n\t\t\t\t\t\t\t\t<\/div>\n\t\t\t\t<\/div>\n\t\t\t\t<\/div>\n\t\t\t\t\t<\/div>\n\t\t\t\t<\/div>\n\t\t<div class=\"elementor-element elementor-element-62af95b e-con-full e-flex e-con e-parent\" data-id=\"62af95b\" data-element_type=\"container\">\n\t\t\t\t<div class=\"elementor-element elementor-element-e9e536b elementor-arrows-position-inside elementor-widget elementor-widget-image-carousel\" data-id=\"e9e536b\" data-element_type=\"widget\" data-settings=\"{&quot;slides_to_show&quot;:&quot;2&quot;,&quot;navigation&quot;:&quot;arrows&quot;,&quot;image_spacing_custom&quot;:{&quot;unit&quot;:&quot;px&quot;,&quot;size&quot;:3,&quot;sizes&quot;:[]},&quot;autoplay&quot;:&quot;yes&quot;,&quot;pause_on_hover&quot;:&quot;yes&quot;,&quot;pause_on_interaction&quot;:&quot;yes&quot;,&quot;autoplay_speed&quot;:5000,&quot;infinite&quot;:&quot;yes&quot;,&quot;speed&quot;:500,&quot;image_spacing_custom_widescreen&quot;:{&quot;unit&quot;:&quot;px&quot;,&quot;size&quot;:&quot;&quot;,&quot;sizes&quot;:[]},&quot;image_spacing_custom_laptop&quot;:{&quot;unit&quot;:&quot;px&quot;,&quot;size&quot;:&quot;&quot;,&quot;sizes&quot;:[]},&quot;image_spacing_custom_tablet_extra&quot;:{&quot;unit&quot;:&quot;px&quot;,&quot;size&quot;:&quot;&quot;,&quot;sizes&quot;:[]},&quot;image_spacing_custom_tablet&quot;:{&quot;unit&quot;:&quot;px&quot;,&quot;size&quot;:&quot;&quot;,&quot;sizes&quot;:[]},&quot;image_spacing_custom_mobile_extra&quot;:{&quot;unit&quot;:&quot;px&quot;,&quot;size&quot;:&quot;&quot;,&quot;sizes&quot;:[]},&quot;image_spacing_custom_mobile&quot;:{&quot;unit&quot;:&quot;px&quot;,&quot;size&quot;:&quot;&quot;,&quot;sizes&quot;:[]}}\" data-widget_type=\"image-carousel.default\">\n\t\t\t\t\t\t\t<div class=\"elementor-image-carousel-wrapper swiper\" role=\"region\" aria-roledescription=\"carousel\" aria-label=\"Carosello d&#039;immagini\" dir=\"ltr\">\n\t\t\t<div class=\"elementor-image-carousel swiper-wrapper swiper-image-stretch\" aria-live=\"off\">\n\t\t\t\t\t\t\t\t<div class=\"swiper-slide\" role=\"group\" aria-roledescription=\"slide\" aria-label=\"1 sur 11\"><a data-elementor-open-lightbox=\"yes\" data-elementor-lightbox-slideshow=\"e9e536b\" data-elementor-lightbox-title=\"Vista aerea del Camping Enfola sul mare\" data-e-action-hash=\"#elementor-action%3Aaction%3Dlightbox%26settings%3DeyJpZCI6NjczMiwidXJsIjoiaHR0cHM6XC9cL3d3dy5jYW1waW5nZW5mb2xhLmNvbVwvd3AtY29udGVudFwvdXBsb2Fkc1wvMjAyNlwvMDFcLzAwMjdfYy1lbmZvbGEyMDE5LmpwZyIsInNsaWRlc2hvdyI6ImU5ZTUzNmIifQ%3D%3D\" href=\"https:\/\/www.campingenfola.com\/wp-content\/uploads\/2026\/01\/0027_c-enfola2019.jpg\"><figure class=\"swiper-slide-inner\"><img decoding=\"async\" class=\"swiper-slide-image\" src=\"https:\/\/www.campingenfola.com\/wp-content\/uploads\/elementor\/thumbs\/0027_c-enfola2019-ribdse79g0thpstjpotna4na2lc8eogdjkuv4ws0lc.jpg\" alt=\"Vista aerea del Camping Enfola affacciato sul mare con spiaggia, molo e costa rocciosa dell\u2019Isola d\u2019Elba\" \/><\/figure><\/a><\/div><div class=\"swiper-slide\" role=\"group\" aria-roledescription=\"slide\" aria-label=\"2 sur 11\"><a data-elementor-open-lightbox=\"yes\" data-elementor-lightbox-slideshow=\"e9e536b\" data-elementor-lightbox-title=\"Piazzola camper attrezzata al Camping Enfola\" data-e-action-hash=\"#elementor-action%3Aaction%3Dlightbox%26settings%3DeyJpZCI6NjczMywidXJsIjoiaHR0cHM6XC9cL3d3dy5jYW1waW5nZW5mb2xhLmNvbVwvd3AtY29udGVudFwvdXBsb2Fkc1wvMjAyNlwvMDFcLzAwNTVfYy1lbmZvbGEyMDE5LmpwZyIsInNsaWRlc2hvdyI6ImU5ZTUzNmIifQ%3D%3D\" href=\"https:\/\/www.campingenfola.com\/wp-content\/uploads\/2026\/01\/0055_c-enfola2019.jpg\"><figure class=\"swiper-slide-inner\"><img decoding=\"async\" class=\"swiper-slide-image\" src=\"https:\/\/www.campingenfola.com\/wp-content\/uploads\/elementor\/thumbs\/0055_c-enfola2019-ria0vz6vp8xvovxab8mjyv3yck7le0pz6bof9syry8.jpg\" alt=\"Piazzola per camper con veranda e tavolo immersa nel verde del Camping Enfola\" \/><\/figure><\/a><\/div><div class=\"swiper-slide\" role=\"group\" aria-roledescription=\"slide\" aria-label=\"3 sur 11\"><a data-elementor-open-lightbox=\"yes\" data-elementor-lightbox-slideshow=\"e9e536b\" data-e-action-hash=\"#elementor-action%3Aaction%3Dlightbox%26settings%3DeyJpZCI6NzExMCwidXJsIjpmYWxzZSwic2xpZGVzaG93IjoiZTllNTM2YiJ9\"><figure class=\"swiper-slide-inner\"><img decoding=\"async\" class=\"swiper-slide-image\" src=\"https:\/\/www.campingenfola.com\/wp-content\/uploads\/2026\/01\/0054_c-enfola2019.jpg\" alt=\"\" \/><\/figure><\/a><\/div><div class=\"swiper-slide\" role=\"group\" aria-roledescription=\"slide\" aria-label=\"4 sur 11\"><a data-elementor-open-lightbox=\"yes\" data-elementor-lightbox-slideshow=\"e9e536b\" data-elementor-lightbox-title=\"Area camper panoramica al Camping Enfola\" data-e-action-hash=\"#elementor-action%3Aaction%3Dlightbox%26settings%3DeyJpZCI6NjczNCwidXJsIjoiaHR0cHM6XC9cL3d3dy5jYW1waW5nZW5mb2xhLmNvbVwvd3AtY29udGVudFwvdXBsb2Fkc1wvMjAyNlwvMDFcLzAwNDBfYy1lbmZvbGEyMDE5LmpwZyIsInNsaWRlc2hvdyI6ImU5ZTUzNmIifQ%3D%3D\" href=\"https:\/\/www.campingenfola.com\/wp-content\/uploads\/2026\/01\/0040_c-enfola2019.jpg\"><figure class=\"swiper-slide-inner\"><img decoding=\"async\" class=\"swiper-slide-image\" src=\"https:\/\/www.campingenfola.com\/wp-content\/uploads\/elementor\/thumbs\/0040_c-enfola2019-ria0w20e9r1qnpt6urufocec4ptp14166pmvpmulfk.jpg\" alt=\"Piazzola camper immersa nella natura con vista sul mare al Camping Enfola\" \/><\/figure><\/a><\/div><div class=\"swiper-slide\" role=\"group\" aria-roledescription=\"slide\" aria-label=\"5 sur 11\"><a data-elementor-open-lightbox=\"yes\" data-elementor-lightbox-slideshow=\"e9e536b\" data-elementor-lightbox-title=\"Area tende immersa nella macchia mediterranea\" data-e-action-hash=\"#elementor-action%3Aaction%3Dlightbox%26settings%3DeyJpZCI6NjczNSwidXJsIjoiaHR0cHM6XC9cL3d3dy5jYW1waW5nZW5mb2xhLmNvbVwvd3AtY29udGVudFwvdXBsb2Fkc1wvMjAyNlwvMDFcLzAwMzlfYy1lbmZvbGEyMDE5LmpwZyIsInNsaWRlc2hvdyI6ImU5ZTUzNmIifQ%3D%3D\" href=\"https:\/\/www.campingenfola.com\/wp-content\/uploads\/2026\/01\/0039_c-enfola2019.jpg\"><figure class=\"swiper-slide-inner\"><img decoding=\"async\" class=\"swiper-slide-image\" src=\"https:\/\/www.campingenfola.com\/wp-content\/uploads\/elementor\/thumbs\/0039_c-enfola2019-ria0w2y8gl30zbrtpa928u5sq3p28t4wiuad6wt79c.jpg\" alt=\"Area tende ombreggiata immersa nella macchia mediterranea del Camping Enfola\" \/><\/figure><\/a><\/div><div class=\"swiper-slide\" role=\"group\" aria-roledescription=\"slide\" aria-label=\"6 sur 11\"><a data-elementor-open-lightbox=\"yes\" data-elementor-lightbox-slideshow=\"e9e536b\" data-elementor-lightbox-title=\"Panorama sul Golfo dell\u2019Enfola\" data-e-action-hash=\"#elementor-action%3Aaction%3Dlightbox%26settings%3DeyJpZCI6NjczNiwidXJsIjoiaHR0cHM6XC9cL3d3dy5jYW1waW5nZW5mb2xhLmNvbVwvd3AtY29udGVudFwvdXBsb2Fkc1wvMjAyNlwvMDFcLzAwMzdfYy1lbmZvbGEyMDE5LmpwZyIsInNsaWRlc2hvdyI6ImU5ZTUzNmIifQ%3D%3D\" href=\"https:\/\/www.campingenfola.com\/wp-content\/uploads\/2026\/01\/0037_c-enfola2019.jpg\"><figure class=\"swiper-slide-inner\"><img decoding=\"async\" class=\"swiper-slide-image\" src=\"https:\/\/www.campingenfola.com\/wp-content\/uploads\/elementor\/thumbs\/0037_c-enfola2019-ria0w3w2nf4baxqgjsnotbx9bhkfgi8muyxuo6rt34.jpg\" alt=\"Vista panoramica sul Golfo dell\u2019Enfola con mare azzurro e costa dell\u2019Isola d\u2019Elba\" \/><\/figure><\/a><\/div><div class=\"swiper-slide\" role=\"group\" aria-roledescription=\"slide\" aria-label=\"7 sur 11\"><a data-elementor-open-lightbox=\"yes\" data-elementor-lightbox-slideshow=\"e9e536b\" data-elementor-lightbox-title=\"Piazzola tenda panoramica vista mare\" data-e-action-hash=\"#elementor-action%3Aaction%3Dlightbox%26settings%3DeyJpZCI6NjczNywidXJsIjoiaHR0cHM6XC9cL3d3dy5jYW1waW5nZW5mb2xhLmNvbVwvd3AtY29udGVudFwvdXBsb2Fkc1wvMjAyNlwvMDJcL1AxMDAwMjQ0LWNhbXBpbmctZW5mb2xhLmpwZyIsInNsaWRlc2hvdyI6ImU5ZTUzNmIifQ%3D%3D\" href=\"https:\/\/www.campingenfola.com\/wp-content\/uploads\/2026\/02\/P1000244-camping-enfola.jpg\"><figure class=\"swiper-slide-inner\"><img decoding=\"async\" class=\"swiper-slide-image\" src=\"https:\/\/www.campingenfola.com\/wp-content\/uploads\/elementor\/thumbs\/P1000244-camping-enfola-rjo771qsdg3k8yh4w1r840c2uo1zqiookfxomeogzk.jpg\" alt=\"Tenda blu su piazzola terrazzata al Camping Enfola con vista sulla baia e barche ancorate\" \/><\/figure><\/a><\/div><div class=\"swiper-slide\" role=\"group\" aria-roledescription=\"slide\" aria-label=\"8 sur 11\"><a data-elementor-open-lightbox=\"yes\" data-elementor-lightbox-slideshow=\"e9e536b\" data-elementor-lightbox-title=\"Piazzola panoramica vista mare\" data-e-action-hash=\"#elementor-action%3Aaction%3Dlightbox%26settings%3DeyJpZCI6NjczOCwidXJsIjoiaHR0cHM6XC9cL3d3dy5jYW1waW5nZW5mb2xhLmNvbVwvd3AtY29udGVudFwvdXBsb2Fkc1wvMjAyNlwvMDJcL2NhbXBpbmctZW5mb2xhXzA3MDgyMDEwMjc2LmpwZyIsInNsaWRlc2hvdyI6ImU5ZTUzNmIifQ%3D%3D\" href=\"https:\/\/www.campingenfola.com\/wp-content\/uploads\/2026\/02\/camping-enfola_07082010276.jpg\"><figure class=\"swiper-slide-inner\"><img decoding=\"async\" class=\"swiper-slide-image\" src=\"https:\/\/www.campingenfola.com\/wp-content\/uploads\/elementor\/thumbs\/camping-enfola_07082010276-rjo772omka4ukkfrqk5uoi3jg1xcy7sewkl63on2tc.jpg\" alt=\"Piazzola panoramica del Camping Enfola con tenda e terrazza vista mare tra gli alberi\" \/><\/figure><\/a><\/div><div class=\"swiper-slide\" role=\"group\" aria-roledescription=\"slide\" aria-label=\"9 sur 11\"><a data-elementor-open-lightbox=\"yes\" data-elementor-lightbox-slideshow=\"e9e536b\" data-elementor-lightbox-title=\"Viale interno del Camping Enfola\" data-e-action-hash=\"#elementor-action%3Aaction%3Dlightbox%26settings%3DeyJpZCI6NjczOSwidXJsIjoiaHR0cHM6XC9cL3d3dy5jYW1waW5nZW5mb2xhLmNvbVwvd3AtY29udGVudFwvdXBsb2Fkc1wvMjAyNlwvMDFcLzAwNDdfYy1lbmZvbGEyMDE5LmpwZyIsInNsaWRlc2hvdyI6ImU5ZTUzNmIifQ%3D%3D\" href=\"https:\/\/www.campingenfola.com\/wp-content\/uploads\/2026\/01\/0047_c-enfola2019.jpg\"><figure class=\"swiper-slide-inner\"><img decoding=\"async\" class=\"swiper-slide-image\" src=\"https:\/\/www.campingenfola.com\/wp-content\/uploads\/elementor\/thumbs\/0047_c-enfola2019-ria0w12k2x0gc3uk09ft3umvjbybtexfukze8cvzls.jpg\" alt=\"Viale pedonale interno del Camping Enfola tra vegetazione mediterranea e vista mare\" \/><\/figure><\/a><\/div><div class=\"swiper-slide\" role=\"group\" aria-roledescription=\"slide\" aria-label=\"10 sur 11\"><a data-elementor-open-lightbox=\"yes\" data-elementor-lightbox-slideshow=\"e9e536b\" data-elementor-lightbox-title=\"Lavabi dei servizi igienici del campeggio\" data-e-action-hash=\"#elementor-action%3Aaction%3Dlightbox%26settings%3DeyJpZCI6Njc0MCwidXJsIjoiaHR0cHM6XC9cL3d3dy5jYW1waW5nZW5mb2xhLmNvbVwvd3AtY29udGVudFwvdXBsb2Fkc1wvMjAyNlwvMDFcLzAwMzZfYy1lbmZvbGEyMDE5LmpwZyIsInNsaWRlc2hvdyI6ImU5ZTUzNmIifQ%3D%3D\" href=\"https:\/\/www.campingenfola.com\/wp-content\/uploads\/2026\/01\/0036_c-enfola2019.jpg\"><figure class=\"swiper-slide-inner\"><img decoding=\"async\" class=\"swiper-slide-image\" src=\"https:\/\/www.campingenfola.com\/wp-content\/uploads\/elementor\/thumbs\/0036_c-enfola2019-ria0w4twu95lmjp3eb2bdtopwvfso7cd73lc5gqeww.jpg\" alt=\"Lavabi dei servizi igienici comuni del Camping Enfola curati e luminosi\" \/><\/figure><\/a><\/div><div class=\"swiper-slide\" role=\"group\" aria-roledescription=\"slide\" aria-label=\"11 sur 11\"><a data-elementor-open-lightbox=\"yes\" data-elementor-lightbox-slideshow=\"e9e536b\" data-elementor-lightbox-title=\"Lavabi dei servizi igienici del campeggio\" data-e-action-hash=\"#elementor-action%3Aaction%3Dlightbox%26settings%3DeyJpZCI6Njc0MSwidXJsIjoiaHR0cHM6XC9cL3d3dy5jYW1waW5nZW5mb2xhLmNvbVwvd3AtY29udGVudFwvdXBsb2Fkc1wvMjAyNlwvMDFcLzAwMzVfYy1lbmZvbGEyMDE5LmpwZyIsInNsaWRlc2hvdyI6ImU5ZTUzNmIifQ%3D%3D\" href=\"https:\/\/www.campingenfola.com\/wp-content\/uploads\/2026\/01\/0035_c-enfola2019.jpg\"><figure class=\"swiper-slide-inner\"><img decoding=\"async\" class=\"swiper-slide-image\" src=\"https:\/\/www.campingenfola.com\/wp-content\/uploads\/elementor\/thumbs\/0035_c-enfola2019-ria0w5rr136vy5nq8tgxybg6i9b5vwg3j88tmqp0qo.jpg\" alt=\"Lavabi dei servizi igienici comuni del Camping Enfola curati e luminosi\" \/><\/figure><\/a><\/div>\t\t\t<\/div>\n\t\t\t\t\t\t\t\t\t\t\t\t<div class=\"elementor-swiper-button elementor-swiper-button-prev\" role=\"button\" tabindex=\"0\">\n\t\t\t\t\t\t<svg aria-hidden=\"true\" class=\"e-font-icon-svg e-eicon-chevron-left\" viewBox=\"0 0 1000 1000\" xmlns=\"http:\/\/www.w3.org\/2000\/svg\"><path d=\"M646 125C629 125 613 133 604 142L308 442C296 454 292 471 292 487 292 504 296 521 308 533L604 854C617 867 629 875 646 875 663 875 679 871 692 858 704 846 713 829 713 812 713 796 708 779 692 767L438 487 692 225C700 217 708 204 708 187 708 171 704 154 692 142 675 129 663 125 646 125Z\"><\/path><\/svg>\t\t\t\t\t<\/div>\n\t\t\t\t\t<div class=\"elementor-swiper-button elementor-swiper-button-next\" role=\"button\" tabindex=\"0\">\n\t\t\t\t\t\t<svg aria-hidden=\"true\" class=\"e-font-icon-svg e-eicon-chevron-right\" viewBox=\"0 0 1000 1000\" xmlns=\"http:\/\/www.w3.org\/2000\/svg\"><path d=\"M696 533C708 521 713 504 713 487 713 471 708 454 696 446L400 146C388 133 375 125 354 125 338 125 325 129 313 142 300 154 292 171 292 187 292 204 296 221 308 233L563 492 304 771C292 783 288 800 288 817 288 833 296 850 308 863 321 871 338 875 354 875 371 875 388 867 400 854L696 533Z\"><\/path><\/svg>\t\t\t\t\t<\/div>\n\t\t\t\t\n\t\t\t\t\t\t\t\t\t<\/div>\n\t\t\t\t\t\t<\/div>\n\t\t\t\t<\/div>\n\t\t<div class=\"elementor-element elementor-element-90ef917 e-flex e-con-boxed e-con e-parent\" data-id=\"90ef917\" data-element_type=\"container\">\n\t\t\t\t\t<div class=\"e-con-inner\">\n\t\t\t\t<div class=\"elementor-element elementor-element-73837d6 elementor-widget elementor-widget-vedhak_elementor_heading\" data-id=\"73837d6\" data-element_type=\"widget\" data-widget_type=\"vedhak_elementor_heading.default\">\n\t\t\t\t<div class=\"elementor-widget-container\">\n\t\t\t\t\t\t\t\t<div class=\"ova-heading template1\">\n\n\t\t\t\t\n\t\t\t\t\n\t\t\t\t\t\n\t\t\t\t\t\t<h3 class=\"title\"><span class=\"title-bold\"><\/span><span class=\"title-normal\">Services du camping<\/span><\/h3>\n\n\t\t\t\t\t\n\n\t\t\t\t\t\t\t\t\t\n\t\t\t\t\n\t\t\t\t\n\t\t\t\t\t\n\t\t\t\t\n\t\t\t<\/div>\n\n\t\t\t\t\t\t<\/div>\n\t\t\t\t<\/div>\n\t\t\t\t<div class=\"elementor-element elementor-element-53eb612 elementor-widget elementor-widget-text-editor\" data-id=\"53eb612\" data-element_type=\"widget\" data-widget_type=\"text-editor.default\">\n\t\t\t\t\t\t\t\t\t<p>Tous les emplacements du camping sont \u00e9quip\u00e9s d\u2019un branchement \u00e9lectrique.<\/p><p>Pour les camping-cars et les caravanes, deux acc\u00e8s sont disponibles, un en haut et un en bas. L\u2019acc\u00e8s ne pr\u00e9sente aucune difficult\u00e9 pour les camping-cars\/caravanes jusqu\u2019\u00e0 7,50 m\u00e8tres (jusqu\u2019\u00e0 8 m\u00e8tres en basse saison).<\/p>\t\t\t\t\t\t\t\t<\/div>\n\t\t\t\t\t<\/div>\n\t\t\t\t<\/div>\n\t\t<div class=\"elementor-element elementor-element-a125eb3 e-flex e-con-boxed e-con e-parent\" data-id=\"a125eb3\" data-element_type=\"container\">\n\t\t\t\t\t<div class=\"e-con-inner\">\n\t\t<div class=\"elementor-element elementor-element-38abf11 e-con-full e-flex e-con e-child\" data-id=\"38abf11\" data-element_type=\"container\" data-settings=\"{&quot;background_background&quot;:&quot;classic&quot;}\">\n\t\t\t\t<div class=\"elementor-element elementor-element-8dd4426 elementor-view-default elementor-position-block-start elementor-mobile-position-block-start elementor-widget elementor-widget-icon-box\" data-id=\"8dd4426\" data-element_type=\"widget\" data-widget_type=\"icon-box.default\">\n\t\t\t\t\t\t\t<div class=\"elementor-icon-box-wrapper\">\n\n\t\t\t\t\t\t<div class=\"elementor-icon-box-icon\">\n\t\t\t\t<span  class=\"elementor-icon\">\n\t\t\t\t<i aria-hidden=\"true\" class=\"flaticon flaticon-035-shower\"><\/i>\t\t\t\t<\/span>\n\t\t\t<\/div>\n\t\t\t\n\t\t\t\t\t\t<div class=\"elementor-icon-box-content\">\n\n\t\t\t\t\t\t\t\t\t<h3 class=\"elementor-icon-box-title\">\n\t\t\t\t\t\t<span  >\n\t\t\t\t\t\t\tInstallations sanitaires\t\t\t\t\t\t<\/span>\n\t\t\t\t\t<\/h3>\n\t\t\t\t\n\t\t\t\t\t\t\t\t\t<p class=\"elementor-icon-box-description\">\n\t\t\t\t\t\tDouches chaudes gratuites<br \/>\nDeux blocs sanitaires avec WC, lavabos, bacs \u00e0 vaisselle et bacs \u00e0 linge\n<br \/>Service pour personnes handicap\u00e9es avec WC, lavabo et douche\t\t\t\t\t<\/p>\n\t\t\t\t\n\t\t\t<\/div>\n\t\t\t\n\t\t<\/div>\n\t\t\t\t\t\t<\/div>\n\t\t\t\t<\/div>\n\t\t<div class=\"elementor-element elementor-element-0322463 e-con-full e-flex e-con e-child\" data-id=\"0322463\" data-element_type=\"container\" data-settings=\"{&quot;background_background&quot;:&quot;classic&quot;}\">\n\t\t\t\t<div class=\"elementor-element elementor-element-14872d0 elementor-view-default elementor-position-block-start elementor-mobile-position-block-start elementor-widget elementor-widget-icon-box\" data-id=\"14872d0\" data-element_type=\"widget\" data-widget_type=\"icon-box.default\">\n\t\t\t\t\t\t\t<div class=\"elementor-icon-box-wrapper\">\n\n\t\t\t\t\t\t<div class=\"elementor-icon-box-icon\">\n\t\t\t\t<span  class=\"elementor-icon\">\n\t\t\t\t<i aria-hidden=\"true\" class=\"flaticon flaticon-026-washing-machine\"><\/i>\t\t\t\t<\/span>\n\t\t\t<\/div>\n\t\t\t\n\t\t\t\t\t\t<div class=\"elementor-icon-box-content\">\n\n\t\t\t\t\t\t\t\t\t<h3 class=\"elementor-icon-box-title\">\n\t\t\t\t\t\t<span  >\n\t\t\t\t\t\t\tS\u00e9curit\u00e9 et services pratiques\t\t\t\t\t\t<\/span>\n\t\t\t\t\t<\/h3>\n\t\t\t\t\n\t\t\t\t\t\t\t\t\t<p class=\"elementor-icon-box-description\">\n\t\t\t\t\t\tLave-linge \u00e0 jeton<br \/>\nBox cong\u00e9lateur \u00e0 usage gratuit pour d\u00e9poser les \u00e9l\u00e9ments r\u00e9frig\u00e9rants (pas de nourriture ni de boissons)<br \/>\nPossibilit\u00e9 de demander un r\u00e9frig\u00e9rateur sur l\u2019emplacement<br \/>\nWi-Fi gratuit<br \/>Coffres-forts\t\t\t\t\t<\/p>\n\t\t\t\t\n\t\t\t<\/div>\n\t\t\t\n\t\t<\/div>\n\t\t\t\t\t\t<\/div>\n\t\t\t\t<\/div>\n\t\t<div class=\"elementor-element elementor-element-67b2cac e-con-full e-flex e-con e-child\" data-id=\"67b2cac\" data-element_type=\"container\" data-settings=\"{&quot;background_background&quot;:&quot;classic&quot;}\">\n\t\t\t\t<div class=\"elementor-element elementor-element-f531ca3 elementor-view-default elementor-position-block-start elementor-mobile-position-block-start elementor-widget elementor-widget-icon-box\" data-id=\"f531ca3\" data-element_type=\"widget\" data-widget_type=\"icon-box.default\">\n\t\t\t\t\t\t\t<div class=\"elementor-icon-box-wrapper\">\n\n\t\t\t\t\t\t<div class=\"elementor-icon-box-icon\">\n\t\t\t\t<span  class=\"elementor-icon\">\n\t\t\t\t<i aria-hidden=\"true\" class=\"flaticon flaticon-025-eco-house\"><\/i>\t\t\t\t<\/span>\n\t\t\t<\/div>\n\t\t\t\n\t\t\t\t\t\t<div class=\"elementor-icon-box-content\">\n\n\t\t\t\t\t\t\t\t\t<h3 class=\"elementor-icon-box-title\">\n\t\t\t\t\t\t<span  >\n\t\t\t\t\t\t\tParking et durabilit\u00e9\t\t\t\t\t\t<\/span>\n\t\t\t\t\t<\/h3>\n\t\t\t\t\n\t\t\t\t\t\t\t\t\t<p class=\"elementor-icon-box-description\">\n\t\t\t\t\t\tParking pour remorques<br \/>\nLocation de v\u00e9los \u00e9lectriques (pour de courts d\u00e9placements)<br \/>\nBornes de recharge pour voitures \u00e9lectriques\t\t\t\t\t<\/p>\n\t\t\t\t\n\t\t\t<\/div>\n\t\t\t\n\t\t<\/div>\n\t\t\t\t\t\t<\/div>\n\t\t\t\t<\/div>\n\t\t<div class=\"elementor-element elementor-element-36511bd e-con-full e-flex e-con e-child\" data-id=\"36511bd\" data-element_type=\"container\" data-settings=\"{&quot;background_background&quot;:&quot;classic&quot;}\">\n\t\t\t\t<div class=\"elementor-element elementor-element-fda99d8 elementor-view-default elementor-position-block-start elementor-mobile-position-block-start elementor-widget elementor-widget-icon-box\" data-id=\"fda99d8\" data-element_type=\"widget\" data-widget_type=\"icon-box.default\">\n\t\t\t\t\t\t\t<div class=\"elementor-icon-box-wrapper\">\n\n\t\t\t\t\t\t<div class=\"elementor-icon-box-icon\">\n\t\t\t\t<a href=\"\/fr\/confort-et-services\/#plage\" class=\"elementor-icon\" tabindex=\"-1\" aria-label=\"Mer et plage\">\n\t\t\t\t<i aria-hidden=\"true\" class=\"flaticon flaticon-044-beach-chair\"><\/i>\t\t\t\t<\/a>\n\t\t\t<\/div>\n\t\t\t\n\t\t\t\t\t\t<div class=\"elementor-icon-box-content\">\n\n\t\t\t\t\t\t\t\t\t<h3 class=\"elementor-icon-box-title\">\n\t\t\t\t\t\t<a href=\"\/fr\/confort-et-services\/#plage\" >\n\t\t\t\t\t\t\tMer et plage\t\t\t\t\t\t<\/a>\n\t\t\t\t\t<\/h3>\n\t\t\t\t\n\t\t\t\t\t\t\t\t\t<p class=\"elementor-icon-box-description\">\n\t\t\t\t\t\tPlage du camping<br \/>\nLocation de transats et parasols<br \/>\nService de surveillance de baignade (du 15 juin au 15 septembre)<br \/>\nBou\u00e9es pour l\u2019amarrage des bateaux\t\t\t\t\t<\/p>\n\t\t\t\t\n\t\t\t<\/div>\n\t\t\t\n\t\t<\/div>\n\t\t\t\t\t\t<\/div>\n\t\t\t\t<\/div>\n\t\t\t\t\t<\/div>\n\t\t\t\t<\/div>\n\t\t<div class=\"elementor-element elementor-element-b256db8 e-flex e-con-boxed e-con e-parent\" data-id=\"b256db8\" data-element_type=\"container\">\n\t\t\t\t\t<div class=\"e-con-inner\">\n\t\t\t\t<div class=\"elementor-element elementor-element-fcfdad2 elementor-view-default elementor-position-block-start elementor-mobile-position-block-start elementor-widget elementor-widget-icon-box\" data-id=\"fcfdad2\" data-element_type=\"widget\" data-widget_type=\"icon-box.default\">\n\t\t\t\t\t\t\t<div class=\"elementor-icon-box-wrapper\">\n\n\t\t\t\t\t\t<div class=\"elementor-icon-box-icon\">\n\t\t\t\t<span  class=\"elementor-icon\">\n\t\t\t\t<i aria-hidden=\"true\" class=\"ovaicon ovaicon-alarm-clock\"><\/i>\t\t\t\t<\/span>\n\t\t\t<\/div>\n\t\t\t\n\t\t\t\t\t\t<div class=\"elementor-icon-box-content\">\n\n\t\t\t\t\t\t\t\t\t<h3 class=\"elementor-icon-box-title\">\n\t\t\t\t\t\t<span  >\n\t\t\t\t\t\t\tCheck-in \/ Check-out\t\t\t\t\t\t<\/span>\n\t\t\t\t\t<\/h3>\n\t\t\t\t\n\t\t\t\t\t\t\t\t\t<p class=\"elementor-icon-box-description\">\n\t\t\t\t\t\tCheck-in de 11h00 \u00e0 20h00 \/ \nCheck-out avant 10h30<br \/>\n\nPour les arriv\u00e9es et d\u00e9parts en dehors de ces horaires, veuillez contacter la r\u00e9ception.\t\t\t\t\t<\/p>\n\t\t\t\t\n\t\t\t<\/div>\n\t\t\t\n\t\t<\/div>\n\t\t\t\t\t\t<\/div>\n\t\t\t\t\t<\/div>\n\t\t\t\t<\/div>\n\t\t<div class=\"elementor-element elementor-element-6691c8f e-con-full e-flex e-con e-parent\" data-id=\"6691c8f\" data-element_type=\"container\">\n\t\t\t\t<div class=\"elementor-element elementor-element-67a9a4a elementor-widget elementor-widget-vedhak_elementor_heading\" data-id=\"67a9a4a\" data-element_type=\"widget\" data-widget_type=\"vedhak_elementor_heading.default\">\n\t\t\t\t<div class=\"elementor-widget-container\">\n\t\t\t\t\t\t\t\t<div class=\"ova-heading template2\">\n\n\t\t\t\t\n\t\t\t\t\t\t\t\t\t<div class=\"wrap-content\">\n\t\t\t\t\n\t\t\t\t\t\t\t\t\t\t\n\t\t\t\t\t\t<h3 class=\"title\"><a href=\"\/fr\/reserver\/\" target=\"_self\" ><span class=\"title-bold\">Emplacements panoramiques avec vue sur la mer<\/span><span class=\"title-normal\"><\/span><\/a><\/h3>\n\n\t\t\t\t\t\n\n\t\t\t\t\t\n\t\t\t\t\t\t\t\t\t\t\t\t\t<a href=\"\/fr\/reserver\/\" class=\"button-readmore \" \n\t\t\t\t\t\t\t\ttarget=\"_self\" >\n\n\t\t\t\t\t\t\t\tR\u00e9server\n\t\t\t\t\t\t\t\t<i class=\"fas fa-angle-double-right\"><\/i>\n\t\t\t\t\t\t\t\t\n\t\t\t\t\t\t\t<\/a>\n\t\t\t\t\t\t\n\t\t\t\t\t\t<div class=\"background\">\n\t\t\t\t\t\t\tCamping\t\t\t\t\t\t<\/div>\n\n\t\t\t\t\t\t\t\t\t\n\t\t\t\t\t\t\t\t\t<\/div>\n\t\t\t\t\n\t\t\t\t\n\t\t\t<\/div>\n\n\t\t\t\t\t\t<\/div>\n\t\t\t\t<\/div>\n\t\t\t\t<\/div>\n\t\t\t\t<\/div>\n\t\t","protected":false},"excerpt":{"rendered":"<p>Camping et h\u00e9bergements Le camping Le Camping Enfola offre une exp\u00e9rience de s\u00e9jour au c\u0153ur de la nature, \u00e0 quelques pas de la mer et entour\u00e9 des parfums de la macchia m\u00e9diterran\u00e9enne. Les emplacements sont aujourd\u2019hui le c\u0153ur du camping. Ombrag\u00e9s le matin et dispos\u00e9s sur des terrasses, beaucoup avec vue directe sur la mer, [&hellip;]<\/p>\n","protected":false},"author":2,"featured_media":0,"parent":6401,"menu_order":0,"comment_status":"closed","ping_status":"closed","template":"elementor_header_footer","meta":{"footnotes":""},"class_list":["post-6407","page","type-page","status-publish","hentry"],"_links":{"self":[{"href":"https:\/\/www.campingenfola.com\/fr\/wp-json\/wp\/v2\/pages\/6407","targetHints":{"allow":["GET"]}}],"collection":[{"href":"https:\/\/www.campingenfola.com\/fr\/wp-json\/wp\/v2\/pages"}],"about":[{"href":"https:\/\/www.campingenfola.com\/fr\/wp-json\/wp\/v2\/types\/page"}],"author":[{"embeddable":true,"href":"https:\/\/www.campingenfola.com\/fr\/wp-json\/wp\/v2\/users\/2"}],"replies":[{"embeddable":true,"href":"https:\/\/www.campingenfola.com\/fr\/wp-json\/wp\/v2\/comments?post=6407"}],"version-history":[{"count":5,"href":"https:\/\/www.campingenfola.com\/fr\/wp-json\/wp\/v2\/pages\/6407\/revisions"}],"predecessor-version":[{"id":7886,"href":"https:\/\/www.campingenfola.com\/fr\/wp-json\/wp\/v2\/pages\/6407\/revisions\/7886"}],"up":[{"embeddable":true,"href":"https:\/\/www.campingenfola.com\/fr\/wp-json\/wp\/v2\/pages\/6401"}],"wp:attachment":[{"href":"https:\/\/www.campingenfola.com\/fr\/wp-json\/wp\/v2\/media?parent=6407"}],"curies":[{"name":"wp","href":"https:\/\/api.w.org\/{rel}","templated":true}]}}