{"id":6401,"date":"2026-02-23T09:23:04","date_gmt":"2026-02-23T08:23:04","guid":{"rendered":"http:\/\/campingenfola.youelba.com\/camping-e-alloggi\/"},"modified":"2026-03-13T09:30:17","modified_gmt":"2026-03-13T08:30:17","slug":"camping-et-hebergements","status":"publish","type":"page","link":"https:\/\/www.campingenfola.com\/fr\/camping-et-hebergements\/","title":{"rendered":"Camping et h\u00e9bergements"},"content":{"rendered":"\t\t<div data-elementor-type=\"wp-page\" data-elementor-id=\"6401\" class=\"elementor elementor-6401 elementor-5695\">\n\t\t\t\t\t\t<section class=\"elementor-section elementor-top-section elementor-element elementor-element-13805ba elementor-section-boxed elementor-section-height-default elementor-section-height-default\" data-id=\"13805ba\" data-element_type=\"section\">\n\t\t\t\t\t\t<div class=\"elementor-container elementor-column-gap-default\">\n\t\t\t\t\t<div class=\"elementor-column elementor-col-100 elementor-top-column elementor-element elementor-element-83b243f\" data-id=\"83b243f\" data-element_type=\"column\">\n\t\t\t<div class=\"elementor-widget-wrap elementor-element-populated\">\n\t\t\t\t\t\t<div class=\"elementor-element elementor-element-583bfe4 elementor-invisible elementor-widget elementor-widget-vedhak_elementor_heading\" data-id=\"583bfe4\" data-element_type=\"widget\" data-settings=\"{&quot;_animation&quot;:&quot;fadeIn&quot;}\" data-widget_type=\"vedhak_elementor_heading.default\">\n\t\t\t\t<div class=\"elementor-widget-container\">\n\t\t\t\t\t\t\t\t<div class=\"ova-heading template1\">\n\n\t\t\t\t\n\t\t\t\t\t<h2 class=\"sub-title\">\n\n\t\t\t\t\t\t \n\t\t\t\t\t\t\t\t\t\t\t\t\t<span class=\"line-decoration\"><\/span>\n\t\t\t\t\t\t\n\t\t\t\t\t\tCamping et h\u00e9bergements\n\t\t\t\t\t<\/h2>\n\n\t\t\t\t\n\t\t\t\t\n\t\t\t\t\t\n\t\t\t\t\t\t<h3 class=\"title\"><span class=\"title-bold\">Notre camping\n<\/span><span class=\"title-normal\">avec vue sur la mer<\/span><\/h3>\n\n\t\t\t\t\t\n\n\t\t\t\t\t\t\t\t\t\n\t\t\t\t\n\t\t\t\t\n\t\t\t\t\t\n\t\t\t\t\n\t\t\t<\/div>\n\n\t\t\t\t\t\t<\/div>\n\t\t\t\t<\/div>\n\t\t\t\t<div class=\"elementor-element elementor-element-1bc7ce9 elementor-widget elementor-widget-text-editor\" data-id=\"1bc7ce9\" data-element_type=\"widget\" data-widget_type=\"text-editor.default\">\n\t\t\t\t\t\t\t\t\t<p>Les emplacements panoramiques et ombrag\u00e9s, les bungalows avec vue sur la mer et l\u2019acc\u00e8s direct \u00e0 la plage offrent une id\u00e9e de vacances simple et authentique, sans renoncer aux services essentiels. L\u2019atmosph\u00e8re est familiale et paisible, attentive aux besoins de ceux qui choisissent l\u2019Enfola pour retrouver \u00e9quilibre et simplicit\u00e9.<\/p>\t\t\t\t\t\t\t\t<\/div>\n\t\t<div class=\"elementor-element elementor-element-f7e31b8 e-con-full e-flex e-con e-parent\" data-id=\"f7e31b8\" data-element_type=\"container\">\n\t\t<div class=\"elementor-element elementor-element-883b4c0 e-con-full e-flex e-con e-child\" data-id=\"883b4c0\" data-element_type=\"container\">\n\t\t\t\t<div class=\"elementor-element elementor-element-78aecfd elementor-invisible elementor-widget elementor-widget-vedhak_elementor_image_box\" data-id=\"78aecfd\" data-element_type=\"widget\" data-settings=\"{&quot;_animation&quot;:&quot;fadeIn&quot;}\" data-widget_type=\"vedhak_elementor_image_box.default\">\n\t\t\t\t<div class=\"elementor-widget-container\">\n\t\t\t\t\t\n\t\t\t\t\t<a href=\"\/fr\/camping-et-hebergements\/camping\/\" target=\"_self\" rel=\"\">\n\t\t\n\t\t\t<div class=\"ova-image-box\">\n\n\t\t\t\t<div class=\"title-price\">\n\n\t\t\t\t\t\t\t\t\t\t\t<h3 class=\"title\">Emplacements<\/h3>\n\t\t\t\t\t\n\t\t\t\t\t\n\t\t\t\t<\/div>\n\n\t\t\t\t\t\t\t\t\t<img decoding=\"async\" class=\"img\" src=\"https:\/\/www.campingenfola.com\/wp-content\/uploads\/2026\/01\/0054_c-enfola2019.jpg\" alt=\"Emplacements\">\n\t\t\t\t\t \n\n\t\t\t<\/div>\n\n\t\t\t\t\t\t\t<\/a>\n\t\t\t\n\t\t\t\t\t\t<\/div>\n\t\t\t\t<\/div>\n\t\t\t\t<\/div>\n\t\t<div class=\"elementor-element elementor-element-ea2b5fe e-con-full e-flex e-con e-child\" data-id=\"ea2b5fe\" data-element_type=\"container\">\n\t\t\t\t<div class=\"elementor-element elementor-element-d25fb0b elementor-invisible elementor-widget elementor-widget-vedhak_elementor_image_box\" data-id=\"d25fb0b\" data-element_type=\"widget\" data-settings=\"{&quot;_animation&quot;:&quot;fadeIn&quot;}\" data-widget_type=\"vedhak_elementor_image_box.default\">\n\t\t\t\t<div class=\"elementor-widget-container\">\n\t\t\t\t\t\n\t\t\t\t\t<a href=\"\/fr\/camping-et-hebergements\/chalets\/\" target=\"_self\" rel=\"\">\n\t\t\n\t\t\t<div class=\"ova-image-box\">\n\n\t\t\t\t<div class=\"title-price\">\n\n\t\t\t\t\t\t\t\t\t\t\t<h3 class=\"title\">Chalets<\/h3>\n\t\t\t\t\t\n\t\t\t\t\t\n\t\t\t\t<\/div>\n\n\t\t\t\t\t\t\t\t\t<img decoding=\"async\" class=\"img\" src=\"https:\/\/www.campingenfola.com\/wp-content\/uploads\/2026\/01\/0001_c-enfola.jpg\" alt=\"Chalets\">\n\t\t\t\t\t \n\n\t\t\t<\/div>\n\n\t\t\t\t\t\t\t<\/a>\n\t\t\t\n\t\t\t\t\t\t<\/div>\n\t\t\t\t<\/div>\n\t\t\t\t<\/div>\n\t\t<div class=\"elementor-element elementor-element-f4ce022 e-con-full e-flex e-con e-child\" data-id=\"f4ce022\" data-element_type=\"container\">\n\t\t\t\t<div class=\"elementor-element elementor-element-37ac922 elementor-invisible elementor-widget elementor-widget-vedhak_elementor_image_box\" data-id=\"37ac922\" data-element_type=\"widget\" data-settings=\"{&quot;_animation&quot;:&quot;fadeIn&quot;}\" data-widget_type=\"vedhak_elementor_image_box.default\">\n\t\t\t\t<div class=\"elementor-widget-container\">\n\t\t\t\t\t\n\t\t\t\t\t<a href=\"\/fr\/camping-et-hebergements\/bungalows\/\" target=\"_self\" rel=\"\">\n\t\t\n\t\t\t<div class=\"ova-image-box\">\n\n\t\t\t\t<div class=\"title-price\">\n\n\t\t\t\t\t\t\t\t\t\t\t<h3 class=\"title\">Bungalows<\/h3>\n\t\t\t\t\t\n\t\t\t\t\t\n\t\t\t\t<\/div>\n\n\t\t\t\t\t\t\t\t\t<img decoding=\"async\" class=\"img\" src=\"https:\/\/www.campingenfola.com\/wp-content\/uploads\/2026\/02\/c-enfola_BUNGALOW-A-mod.jpg\" alt=\"Bungalows\">\n\t\t\t\t\t \n\n\t\t\t<\/div>\n\n\t\t\t\t\t\t\t<\/a>\n\t\t\t\n\t\t\t\t\t\t<\/div>\n\t\t\t\t<\/div>\n\t\t\t\t<\/div>\n\t\t\t\t<\/div>\n\t\t\t\t\t<\/div>\n\t\t<\/div>\n\t\t\t\t\t<\/div>\n\t\t<\/section>\n\t\t<div class=\"elementor-element elementor-element-ba882e8 e-flex e-con-boxed e-con e-parent\" data-id=\"ba882e8\" data-element_type=\"container\" id=\"sommeil\">\n\t\t\t\t\t<div class=\"e-con-inner\">\n\t\t\t\t<div class=\"elementor-element elementor-element-cad2375 elementor-invisible elementor-widget elementor-widget-vedhak_elementor_heading\" data-id=\"cad2375\" data-element_type=\"widget\" data-settings=\"{&quot;_animation&quot;:&quot;fadeIn&quot;}\" data-widget_type=\"vedhak_elementor_heading.default\">\n\t\t\t\t<div class=\"elementor-widget-container\">\n\t\t\t\t\t\t\t\t<div class=\"ova-heading template1\">\n\n\t\t\t\t\n\t\t\t\t\t<h2 class=\"sub-title\">\n\n\t\t\t\t\t\t \n\t\t\t\t\t\t\t\t\t\t\t\t\t<span class=\"line-decoration\"><\/span>\n\t\t\t\t\t\t\n\t\t\t\t\t\tBien dormir \u00e0 l\u2019Enfola\n\t\t\t\t\t<\/h2>\n\n\t\t\t\t\n\t\t\t\t\n\t\t\t\t\t\n\t\t\t\t\t\t<h3 class=\"title\"><span class=\"title-bold\">Bien-\u00eatre du sommeil<\/span><span class=\"title-normal\"><\/span><\/h3>\n\n\t\t\t\t\t\n\n\t\t\t\t\t\t\t\t\t\n\t\t\t\t\n\t\t\t\t\n\t\t\t\t\t\n\t\t\t\t\n\t\t\t<\/div>\n\n\t\t\t\t\t\t<\/div>\n\t\t\t\t<\/div>\n\t\t\t\t<div class=\"elementor-element elementor-element-45f30d6 elementor-widget elementor-widget-text-editor\" data-id=\"45f30d6\" data-element_type=\"widget\" data-widget_type=\"text-editor.default\">\n\t\t\t\t\t\t\t\t\t<p>\u00c0 l\u2019Enfola, le corps et l\u2019esprit se r\u00e9g\u00e9n\u00e8rent. Le silence de la baie, l\u2019absence de circulation et le rythme naturel des journ\u00e9es favorisent un sommeil profond et r\u00e9parateur. Ici, le repos n\u2019est pas un simple d\u00e9tail des vacances, mais une part essentielle de l\u2019exp\u00e9rience.<\/p>\t\t\t\t\t\t\t\t<\/div>\n\t\t\t\t\t<\/div>\n\t\t\t\t<\/div>\n\t\t<div class=\"elementor-element elementor-element-7344014 e-flex e-con-boxed e-con e-parent\" data-id=\"7344014\" data-element_type=\"container\">\n\t\t\t\t\t<div class=\"e-con-inner\">\n\t\t<div class=\"elementor-element elementor-element-44bd0f8 e-con-full e-flex e-con e-child\" data-id=\"44bd0f8\" data-element_type=\"container\" data-settings=\"{&quot;background_background&quot;:&quot;classic&quot;}\">\n\t\t\t\t<div class=\"elementor-element elementor-element-dab7242 elementor-position-inline-start elementor-view-default elementor-mobile-position-block-start elementor-widget elementor-widget-icon-box\" data-id=\"dab7242\" data-element_type=\"widget\" data-widget_type=\"icon-box.default\">\n\t\t\t\t\t\t\t<div class=\"elementor-icon-box-wrapper\">\n\n\t\t\t\t\t\t<div class=\"elementor-icon-box-icon\">\n\t\t\t\t<span  class=\"elementor-icon\">\n\t\t\t\t<i aria-hidden=\"true\" class=\"flaticon flaticon-021-cottage-1\"><\/i>\t\t\t\t<\/span>\n\t\t\t<\/div>\n\t\t\t\n\t\t\t\t\t\t<div class=\"elementor-icon-box-content\">\n\n\t\t\t\t\t\t\t\t\t<h4 class=\"elementor-icon-box-title\">\n\t\t\t\t\t\t<span  >\n\t\t\t\t\t\t\tLe silence comme valeur\t\t\t\t\t\t<\/span>\n\t\t\t\t\t<\/h4>\n\t\t\t\t\n\t\t\t\t\t\t\t\t\t<p class=\"elementor-icon-box-description\">\n\t\t\t\t\t\tApr\u00e8s 23 heures, le camping retrouve le calme. La nuit redevient la nuit, accompagn\u00e9e des sons l\u00e9gers de la mer et du vent.<br \/>\nUne invitation douce au respect mutuel, car le repos de chacun fait partie du bien-\u00eatre de tous.\n\t\t\t\t\t<\/p>\n\t\t\t\t\n\t\t\t<\/div>\n\t\t\t\n\t\t<\/div>\n\t\t\t\t\t\t<\/div>\n\t\t\t\t<div class=\"elementor-element elementor-element-0a76a44 elementor-position-inline-start elementor-view-default elementor-mobile-position-block-start elementor-widget elementor-widget-icon-box\" data-id=\"0a76a44\" data-element_type=\"widget\" data-widget_type=\"icon-box.default\">\n\t\t\t\t\t\t\t<div class=\"elementor-icon-box-wrapper\">\n\n\t\t\t\t\t\t<div class=\"elementor-icon-box-icon\">\n\t\t\t\t<span  class=\"elementor-icon\">\n\t\t\t\t<i aria-hidden=\"true\" class=\"flaticon flaticon-022-tent-6\"><\/i>\t\t\t\t<\/span>\n\t\t\t<\/div>\n\t\t\t\n\t\t\t\t\t\t<div class=\"elementor-icon-box-content\">\n\n\t\t\t\t\t\t\t\t\t<h4 class=\"elementor-icon-box-title\">\n\t\t\t\t\t\t<span  >\n\t\t\t\t\t\t\tDes espaces pens\u00e9s pour le repos\t\t\t\t\t\t<\/span>\n\t\t\t\t\t<\/h4>\n\t\t\t\t\n\t\t\t\t\t\t\t\t\t<p class=\"elementor-icon-box-description\">\n\t\t\t\t\t\tDans les bungalows et les chalets, chaque d\u00e9tail est essentiel et volontaire : pas de t\u00e9l\u00e9vision, lumi\u00e8res chaudes et douces, rideaux occultants et mat\u00e9riaux simples.<br \/>\nCar s\u2019endormir sans \u00e9crans et sans bruit est un petit luxe contemporain.\t\t\t\t\t<\/p>\n\t\t\t\t\n\t\t\t<\/div>\n\t\t\t\n\t\t<\/div>\n\t\t\t\t\t\t<\/div>\n\t\t\t\t<\/div>\n\t\t\t\t\t<\/div>\n\t\t\t\t<\/div>\n\t\t<div class=\"elementor-element elementor-element-372b674 e-con-full e-flex e-con e-parent\" data-id=\"372b674\" data-element_type=\"container\">\n\t\t\t\t<div class=\"elementor-element elementor-element-5ff3a37 gallery-spacing-custom elementor-widget elementor-widget-image-gallery\" data-id=\"5ff3a37\" data-element_type=\"widget\" data-widget_type=\"image-gallery.default\">\n\t\t\t\t\t\t\t<div class=\"elementor-image-gallery\">\n\t\t\t\n\t\t<style type=\"text\/css\">\n\t\t\t#gallery-1 {\n\t\t\t\tmargin: auto;\n\t\t\t}\n\t\t\t#gallery-1 .gallery-item {\n\t\t\t\tfloat: left;\n\t\t\t\tmargin-top: 10px;\n\t\t\t\ttext-align: center;\n\t\t\t\twidth: 50%;\n\t\t\t}\n\t\t\t#gallery-1 img {\n\t\t\t\tborder: 2px solid #cfcfcf;\n\t\t\t}\n\t\t\t#gallery-1 .gallery-caption {\n\t\t\t\tmargin-left: 0;\n\t\t\t}\n\t\t\t\/* see gallery_shortcode() in wp-includes\/media.php *\/\n\t\t<\/style>\n\t\t<div id='gallery-1' class='gallery galleryid-6401 gallery-columns-2 gallery-size-full'><dl class='gallery-item'>\n\t\t\t<dt class='gallery-icon landscape'>\n\t\t\t\t<a data-elementor-open-lightbox=\"yes\" data-elementor-lightbox-slideshow=\"5ff3a37\" data-elementor-lightbox-title=\"Camping Enfola\" data-e-action-hash=\"#elementor-action%3Aaction%3Dlightbox%26settings%3DeyJpZCI6NjcxMSwidXJsIjoiaHR0cHM6XC9cL3d3dy5jYW1waW5nZW5mb2xhLmNvbVwvd3AtY29udGVudFwvdXBsb2Fkc1wvMjAyNlwvMDJcL2VuZm9sYS1hbGJhLWdhYmJpYW5pLmpwZyIsInNsaWRlc2hvdyI6IjVmZjNhMzcifQ%3D%3D\" href='https:\/\/www.campingenfola.com\/wp-content\/uploads\/2026\/02\/enfola-alba-gabbiani.jpg'><img fetchpriority=\"high\" decoding=\"async\" width=\"1536\" height=\"1024\" src=\"https:\/\/www.campingenfola.com\/wp-content\/uploads\/2026\/02\/enfola-alba-gabbiani.jpg\" class=\"attachment-full size-full\" alt=\"Gabbiani in volo e sugli scogli all\u2019alba sul mare di Enfola, luce dorata sull\u2019acqua\" srcset=\"https:\/\/www.campingenfola.com\/wp-content\/uploads\/2026\/02\/enfola-alba-gabbiani.jpg 1536w, https:\/\/www.campingenfola.com\/wp-content\/uploads\/2026\/02\/enfola-alba-gabbiani-300x200.jpg 300w, https:\/\/www.campingenfola.com\/wp-content\/uploads\/2026\/02\/enfola-alba-gabbiani-1024x683.jpg 1024w, https:\/\/www.campingenfola.com\/wp-content\/uploads\/2026\/02\/enfola-alba-gabbiani-768x512.jpg 768w, https:\/\/www.campingenfola.com\/wp-content\/uploads\/2026\/02\/enfola-alba-gabbiani-600x400.jpg 600w\" sizes=\"(max-width: 1536px) 100vw, 1536px\" \/><\/a>\n\t\t\t<\/dt><\/dl><dl class='gallery-item'>\n\t\t\t<dt class='gallery-icon landscape'>\n\t\t\t\t<a data-elementor-open-lightbox=\"yes\" data-elementor-lightbox-slideshow=\"5ff3a37\" data-elementor-lightbox-title=\"Tramonto baia dell&#039;Enfola\" data-e-action-hash=\"#elementor-action%3Aaction%3Dlightbox%26settings%3DeyJpZCI6NjcxMiwidXJsIjoiaHR0cHM6XC9cL3d3dy5jYW1waW5nZW5mb2xhLmNvbVwvd3AtY29udGVudFwvdXBsb2Fkc1wvMjAyNlwvMDJcL2MtZW5mb2xhXzIwMjUwOTE5XzE5MzMxOS5qcGciLCJzbGlkZXNob3ciOiI1ZmYzYTM3In0%3D\" href='https:\/\/www.campingenfola.com\/wp-content\/uploads\/2026\/02\/c-enfola_20250919_193319.jpg'><img decoding=\"async\" width=\"1920\" height=\"1280\" src=\"https:\/\/www.campingenfola.com\/wp-content\/uploads\/2026\/02\/c-enfola_20250919_193319.jpg\" class=\"attachment-full size-full\" alt=\"Tramonto infuocato sulla baia dell&#039;Enfola con kayak in controluce e profilo delle colline\" srcset=\"https:\/\/www.campingenfola.com\/wp-content\/uploads\/2026\/02\/c-enfola_20250919_193319.jpg 1920w, https:\/\/www.campingenfola.com\/wp-content\/uploads\/2026\/02\/c-enfola_20250919_193319-300x200.jpg 300w, https:\/\/www.campingenfola.com\/wp-content\/uploads\/2026\/02\/c-enfola_20250919_193319-1024x683.jpg 1024w, https:\/\/www.campingenfola.com\/wp-content\/uploads\/2026\/02\/c-enfola_20250919_193319-768x512.jpg 768w, https:\/\/www.campingenfola.com\/wp-content\/uploads\/2026\/02\/c-enfola_20250919_193319-1536x1024.jpg 1536w, https:\/\/www.campingenfola.com\/wp-content\/uploads\/2026\/02\/c-enfola_20250919_193319-600x400.jpg 600w\" sizes=\"(max-width: 1920px) 100vw, 1920px\" \/><\/a>\n\t\t\t<\/dt><\/dl><br style=\"clear: both\" \/><dl class='gallery-item'>\n\t\t\t<dt class='gallery-icon landscape'>\n\t\t\t\t<a data-elementor-open-lightbox=\"yes\" data-elementor-lightbox-slideshow=\"5ff3a37\" data-elementor-lightbox-title=\"Camping Enfola\" data-e-action-hash=\"#elementor-action%3Aaction%3Dlightbox%26settings%3DeyJpZCI6NjcxMywidXJsIjoiaHR0cHM6XC9cL3d3dy5jYW1waW5nZW5mb2xhLmNvbVwvd3AtY29udGVudFwvdXBsb2Fkc1wvMjAyNlwvMDJcL2NlbmEtdHJhbW9udG8tcGlhenpvbGEtMTIuanBnIiwic2xpZGVzaG93IjoiNWZmM2EzNyJ9\" href='https:\/\/www.campingenfola.com\/wp-content\/uploads\/2026\/02\/cena-tramonto-piazzola-12.jpg'><img decoding=\"async\" width=\"1920\" height=\"1280\" src=\"https:\/\/www.campingenfola.com\/wp-content\/uploads\/2026\/02\/cena-tramonto-piazzola-12.jpg\" class=\"attachment-full size-full\" alt=\"Vista serale dalla piazzola con terrazza affacciata sulla baia illuminata e barche ancorate\" srcset=\"https:\/\/www.campingenfola.com\/wp-content\/uploads\/2026\/02\/cena-tramonto-piazzola-12.jpg 1920w, https:\/\/www.campingenfola.com\/wp-content\/uploads\/2026\/02\/cena-tramonto-piazzola-12-300x200.jpg 300w, https:\/\/www.campingenfola.com\/wp-content\/uploads\/2026\/02\/cena-tramonto-piazzola-12-1024x683.jpg 1024w, https:\/\/www.campingenfola.com\/wp-content\/uploads\/2026\/02\/cena-tramonto-piazzola-12-768x512.jpg 768w, https:\/\/www.campingenfola.com\/wp-content\/uploads\/2026\/02\/cena-tramonto-piazzola-12-1536x1024.jpg 1536w, https:\/\/www.campingenfola.com\/wp-content\/uploads\/2026\/02\/cena-tramonto-piazzola-12-600x400.jpg 600w\" sizes=\"(max-width: 1920px) 100vw, 1920px\" \/><\/a>\n\t\t\t<\/dt><\/dl><dl class='gallery-item'>\n\t\t\t<dt class='gallery-icon landscape'>\n\t\t\t\t<a data-elementor-open-lightbox=\"yes\" data-elementor-lightbox-slideshow=\"5ff3a37\" data-elementor-lightbox-title=\"c-enfola-notturno_gualdi\" data-e-action-hash=\"#elementor-action%3Aaction%3Dlightbox%26settings%3DeyJpZCI6ODM4OCwidXJsIjoiaHR0cHM6XC9cL3d3dy5jYW1waW5nZW5mb2xhLmNvbVwvd3AtY29udGVudFwvdXBsb2Fkc1wvMjAyNlwvMDNcL2MtZW5mb2xhLW5vdHR1cm5vX2d1YWxkaS5qcGciLCJzbGlkZXNob3ciOiI1ZmYzYTM3In0%3D\" href='https:\/\/www.campingenfola.com\/wp-content\/uploads\/2026\/03\/c-enfola-notturno_gualdi.jpg'><img loading=\"lazy\" decoding=\"async\" width=\"1920\" height=\"1280\" src=\"https:\/\/www.campingenfola.com\/wp-content\/uploads\/2026\/03\/c-enfola-notturno_gualdi.jpg\" class=\"attachment-full size-full\" alt=\"\" srcset=\"https:\/\/www.campingenfola.com\/wp-content\/uploads\/2026\/03\/c-enfola-notturno_gualdi.jpg 1920w, https:\/\/www.campingenfola.com\/wp-content\/uploads\/2026\/03\/c-enfola-notturno_gualdi-300x200.jpg 300w, https:\/\/www.campingenfola.com\/wp-content\/uploads\/2026\/03\/c-enfola-notturno_gualdi-1024x683.jpg 1024w, https:\/\/www.campingenfola.com\/wp-content\/uploads\/2026\/03\/c-enfola-notturno_gualdi-768x512.jpg 768w, https:\/\/www.campingenfola.com\/wp-content\/uploads\/2026\/03\/c-enfola-notturno_gualdi-1536x1024.jpg 1536w\" sizes=\"(max-width: 1920px) 100vw, 1920px\" \/><\/a>\n\t\t\t<\/dt><\/dl><br style=\"clear: both\" \/>\n\t\t<\/div>\n\t\t<\/div>\n\t\t\t\t\t\t<\/div>\n\t\t\t\t<\/div>\n\t\t<div class=\"elementor-element elementor-element-383d543 e-flex e-con-boxed e-con e-parent\" data-id=\"383d543\" data-element_type=\"container\">\n\t\t\t\t\t<div class=\"e-con-inner\">\n\t\t<div class=\"elementor-element elementor-element-2a400f7 e-con-full e-flex e-con e-child\" data-id=\"2a400f7\" data-element_type=\"container\" data-settings=\"{&quot;background_background&quot;:&quot;classic&quot;}\">\n\t\t\t\t<div class=\"elementor-element elementor-element-2cea787 elementor-position-inline-start elementor-view-default elementor-mobile-position-block-start elementor-widget elementor-widget-icon-box\" data-id=\"2cea787\" data-element_type=\"widget\" data-widget_type=\"icon-box.default\">\n\t\t\t\t\t\t\t<div class=\"elementor-icon-box-wrapper\">\n\n\t\t\t\t\t\t<div class=\"elementor-icon-box-icon\">\n\t\t\t\t<span  class=\"elementor-icon\">\n\t\t\t\t<i aria-hidden=\"true\" class=\"flaticon flaticon-039-blanket\"><\/i>\t\t\t\t<\/span>\n\t\t\t<\/div>\n\t\t\t\n\t\t\t\t\t\t<div class=\"elementor-icon-box-content\">\n\n\t\t\t\t\t\t\t\t\t<h4 class=\"elementor-icon-box-title\">\n\t\t\t\t\t\t<span  >\n\t\t\t\t\t\t\tRituels du soir\t\t\t\t\t\t<\/span>\n\t\t\t\t\t<\/h4>\n\t\t\t\t\n\t\t\t\t\t\t\t\t\t<p class=\"elementor-icon-box-description\">\n\t\t\t\t\t\tNous croyons aux gestes simples. \u00c0 votre arriv\u00e9e, vous trouverez un petit cadeau naturel pour accompagner le repos : une invitation \u00e0 laisser la journ\u00e9e derri\u00e8re soi et \u00e0 accueillir la nuit.\n<br \/>Nous sugg\u00e9rons quelques petits rituels du soir :<br \/>\n  \u2022 une promenade au coucher du soleil sur le Capo d\u2019Enfola, lorsque la mer change de couleur ;<br \/>\n\u2022 d\u00eener t\u00f4t ;<br \/>\n\u2022 \u00e9teindre les \u00e9crans un peu avant de dormir, en laissant place \u00e0 un \u00ab digital sunset \u00bb naturel ;<br \/>\n\u2022 une tisane chaude \u00e0 savourer lentement, peut-\u00eatre devant votre tente ou votre camping-car ;<br \/>\n\u2022 le parfum d\u00e9licat d\u2019une essence naturelle \u00e0 d\u00e9poser pr\u00e8s de l\u2019oreiller.<br \/>\nCe sont de petits gestes, mais ils peuvent transformer la qualit\u00e9 du repos.<br \/><br \/>\nLe matin, le r\u00e9veil est accompagn\u00e9 par les sons de l\u2019\u00eele : la mer, le vent l\u00e9ger et le cri des mouettes.\t\t\t\t\t<\/p>\n\t\t\t\t\n\t\t\t<\/div>\n\t\t\t\n\t\t<\/div>\n\t\t\t\t\t\t<\/div>\n\t\t\t\t<div class=\"elementor-element elementor-element-073405f elementor-position-inline-start elementor-view-default elementor-mobile-position-block-start elementor-widget elementor-widget-icon-box\" data-id=\"073405f\" data-element_type=\"widget\" data-widget_type=\"icon-box.default\">\n\t\t\t\t\t\t\t<div class=\"elementor-icon-box-wrapper\">\n\n\t\t\t\t\t\t<div class=\"elementor-icon-box-icon\">\n\t\t\t\t<span  class=\"elementor-icon\">\n\t\t\t\t<i aria-hidden=\"true\" class=\"flaticon flaticon-042-guitar\"><\/i>\t\t\t\t<\/span>\n\t\t\t<\/div>\n\t\t\t\n\t\t\t\t\t\t<div class=\"elementor-icon-box-content\">\n\n\t\t\t\t\t\t\t\t\t<h4 class=\"elementor-icon-box-title\">\n\t\t\t\t\t\t<span  >\n\t\t\t\t\t\t\tLe rythme de l\u2019\u00e9t\u00e9\t\t\t\t\t\t<\/span>\n\t\t\t\t\t<\/h4>\n\t\t\t\t\n\t\t\t\t\t\t\t\t\t<p class=\"elementor-icon-box-description\">\n\t\t\t\t\t\tEn \u00e9t\u00e9, la baie accueille aussi quelques soir\u00e9es sp\u00e9ciales : un cin\u00e9ma en plein air ou un moment de f\u00eate, toujours occasionnel et jamais au-del\u00e0 de minuit. Le reste du temps, le silence redevient le v\u00e9ritable protagoniste.\t\t\t\t\t<\/p>\n\t\t\t\t\n\t\t\t<\/div>\n\t\t\t\n\t\t<\/div>\n\t\t\t\t\t\t<\/div>\n\t\t\t\t<\/div>\n\t\t\t\t\t<\/div>\n\t\t\t\t<\/div>\n\t\t\t\t<\/div>\n\t\t","protected":false},"excerpt":{"rendered":"<p>Camping et h\u00e9bergements Notre camping avec vue sur la mer Les emplacements panoramiques et ombrag\u00e9s, les bungalows avec vue sur la mer et l\u2019acc\u00e8s direct \u00e0 la plage offrent une id\u00e9e de vacances simple et authentique, sans renoncer aux services essentiels. L\u2019atmosph\u00e8re est familiale et paisible, attentive aux besoins de ceux qui choisissent l\u2019Enfola pour [&hellip;]<\/p>\n","protected":false},"author":2,"featured_media":0,"parent":0,"menu_order":0,"comment_status":"closed","ping_status":"closed","template":"elementor_header_footer","meta":{"footnotes":""},"class_list":["post-6401","page","type-page","status-publish","hentry"],"_links":{"self":[{"href":"https:\/\/www.campingenfola.com\/fr\/wp-json\/wp\/v2\/pages\/6401","targetHints":{"allow":["GET"]}}],"collection":[{"href":"https:\/\/www.campingenfola.com\/fr\/wp-json\/wp\/v2\/pages"}],"about":[{"href":"https:\/\/www.campingenfola.com\/fr\/wp-json\/wp\/v2\/types\/page"}],"author":[{"embeddable":true,"href":"https:\/\/www.campingenfola.com\/fr\/wp-json\/wp\/v2\/users\/2"}],"replies":[{"embeddable":true,"href":"https:\/\/www.campingenfola.com\/fr\/wp-json\/wp\/v2\/comments?post=6401"}],"version-history":[{"count":5,"href":"https:\/\/www.campingenfola.com\/fr\/wp-json\/wp\/v2\/pages\/6401\/revisions"}],"predecessor-version":[{"id":8397,"href":"https:\/\/www.campingenfola.com\/fr\/wp-json\/wp\/v2\/pages\/6401\/revisions\/8397"}],"wp:attachment":[{"href":"https:\/\/www.campingenfola.com\/fr\/wp-json\/wp\/v2\/media?parent=6401"}],"curies":[{"name":"wp","href":"https:\/\/api.w.org\/{rel}","templated":true}]}}