{"id":6396,"date":"2026-02-06T10:43:24","date_gmt":"2026-02-06T09:43:24","guid":{"rendered":"http:\/\/campingenfola.youelba.com\/attivita\/"},"modified":"2026-03-16T09:06:50","modified_gmt":"2026-03-16T08:06:50","slug":"activites","status":"publish","type":"page","link":"https:\/\/www.campingenfola.com\/fr\/activites\/","title":{"rendered":"Activit\u00e9s"},"content":{"rendered":"\t\t<div data-elementor-type=\"wp-page\" data-elementor-id=\"6396\" class=\"elementor elementor-6396 elementor-5087\">\n\t\t\t\t<div class=\"elementor-element elementor-element-14b8d82 e-flex e-con-boxed e-con e-parent\" data-id=\"14b8d82\" data-element_type=\"container\">\n\t\t\t\t\t<div class=\"e-con-inner\">\n\t\t<div class=\"elementor-element elementor-element-3189954 e-flex e-con-boxed elementor-invisible e-con e-child\" data-id=\"3189954\" data-element_type=\"container\" data-settings=\"{&quot;animation&quot;:&quot;fadeIn&quot;}\">\n\t\t\t\t\t<div class=\"e-con-inner\">\n\t\t\t\t<div class=\"elementor-element elementor-element-1de401f elementor-widget elementor-widget-vedhak_elementor_heading\" data-id=\"1de401f\" data-element_type=\"widget\" data-widget_type=\"vedhak_elementor_heading.default\">\n\t\t\t\t<div class=\"elementor-widget-container\">\n\t\t\t\t\t\t\t\t<div class=\"ova-heading template1\">\n\n\t\t\t\t\n\t\t\t\t\t<h2 class=\"sub-title\">\n\n\t\t\t\t\t\t \n\t\t\t\t\t\t\t\t\t\t\t\t\t<span class=\"line-decoration\"><\/span>\n\t\t\t\t\t\t\n\t\t\t\t\t\tRandonn\u00e9e, v\u00e9lo, mer et nature\n\t\t\t\t\t<\/h2>\n\n\t\t\t\t\n\t\t\t\t\n\t\t\t\t\t\n\t\t\t\t\t\t<h3 class=\"title\"><span class=\"title-bold\">Activit\u00e9s en plein air <\/span><span class=\"title-normal\">\u00e0 Enfola<\/span><\/h3>\n\n\t\t\t\t\t\n\n\t\t\t\t\t\t\t\t\t\n\t\t\t\t\n\t\t\t\t\n\t\t\t\t\t\n\t\t\t\t\n\t\t\t<\/div>\n\n\t\t\t\t\t\t<\/div>\n\t\t\t\t<\/div>\n\t\t\t\t<div class=\"elementor-element elementor-element-7c175a7 elementor-widget elementor-widget-text-editor\" data-id=\"7c175a7\" data-element_type=\"widget\" data-widget_type=\"text-editor.default\">\n\t\t\t\t\t\t\t\t\t<p>\u00c0 Enfola, les vacances deviennent mouvement, nature et libert\u00e9.<br \/>Sentiers panoramiques \u00e0 parcourir \u00e0 pied ou en VTT, portions de c\u00f4te \u00e0 explorer en cano\u00eb, promenades r\u00e9g\u00e9n\u00e9rantes dans le maquis m\u00e9diterran\u00e9en et itin\u00e9raires en mer pour la nage en eau libre : chaque activit\u00e9 part directement du camping et permet de d\u00e9couvrir l\u2019\u00eele d\u2019Elbe dans sa dimension la plus authentique.<\/p><p>Une mani\u00e8re active et consciente de d\u00e9couvrir le territoire, \u00e0 son propre rythme, entre silence, mer et paysages toujours diff\u00e9rents.<\/p>\t\t\t\t\t\t\t\t<\/div>\n\t\t\t\t\t<\/div>\n\t\t\t\t<\/div>\n\t\t\t\t\t<\/div>\n\t\t\t\t<\/div>\n\t\t\t\t<section class=\"elementor-section elementor-top-section elementor-element elementor-element-8006883 elementor-section-content-middle elementor-section-boxed elementor-section-height-default elementor-section-height-default\" data-id=\"8006883\" data-element_type=\"section\" id=\"mappa\">\n\t\t\t\t\t\t<div class=\"elementor-container elementor-column-gap-no\">\n\t\t\t\t\t<div class=\"elementor-column elementor-col-50 elementor-top-column elementor-element elementor-element-383f758\" data-id=\"383f758\" data-element_type=\"column\" data-settings=\"{&quot;background_background&quot;:&quot;classic&quot;}\">\n\t\t\t<div class=\"elementor-widget-wrap elementor-element-populated\">\n\t\t\t\t\t\t<div class=\"elementor-element elementor-element-58ef283 elementor-widget elementor-widget-image\" data-id=\"58ef283\" data-element_type=\"widget\" data-widget_type=\"image.default\">\n\t\t\t\t\t\t\t\t\t\t\t\t\t\t\t\t<a href=\"https:\/\/www.siriobluevision.it\/mappeinterattive\/portoferraio50x70lugl2025\/\" target=\"_blank\">\n\t\t\t\t\t\t\t<img fetchpriority=\"high\" decoding=\"async\" width=\"1920\" height=\"1280\" src=\"https:\/\/www.campingenfola.com\/wp-content\/uploads\/2026\/02\/mappa-attivita-sirio.jpg\" class=\"attachment-full size-full wp-image-6695\" alt=\"\" srcset=\"https:\/\/www.campingenfola.com\/wp-content\/uploads\/2026\/02\/mappa-attivita-sirio.jpg 1920w, https:\/\/www.campingenfola.com\/wp-content\/uploads\/2026\/02\/mappa-attivita-sirio-300x200.jpg 300w, https:\/\/www.campingenfola.com\/wp-content\/uploads\/2026\/02\/mappa-attivita-sirio-1024x683.jpg 1024w, https:\/\/www.campingenfola.com\/wp-content\/uploads\/2026\/02\/mappa-attivita-sirio-768x512.jpg 768w, https:\/\/www.campingenfola.com\/wp-content\/uploads\/2026\/02\/mappa-attivita-sirio-1536x1024.jpg 1536w, https:\/\/www.campingenfola.com\/wp-content\/uploads\/2026\/02\/mappa-attivita-sirio-600x400.jpg 600w\" sizes=\"(max-width: 1920px) 100vw, 1920px\" \/>\t\t\t\t\t\t\t\t<\/a>\n\t\t\t\t\t\t\t\t\t\t\t\t\t\t\t<\/div>\n\t\t\t\t\t<\/div>\n\t\t<\/div>\n\t\t\t\t<div class=\"elementor-column elementor-col-50 elementor-top-column elementor-element elementor-element-e6684ac\" data-id=\"e6684ac\" data-element_type=\"column\" data-settings=\"{&quot;background_background&quot;:&quot;classic&quot;}\">\n\t\t\t<div class=\"elementor-widget-wrap elementor-element-populated\">\n\t\t\t\t\t\t<div class=\"elementor-element elementor-element-743cae6 elementor-widget elementor-widget-vedhak_elementor_heading\" data-id=\"743cae6\" data-element_type=\"widget\" data-widget_type=\"vedhak_elementor_heading.default\">\n\t\t\t\t<div class=\"elementor-widget-container\">\n\t\t\t\t\t\t\t\t<div class=\"ova-heading template1\">\n\n\t\t\t\t\n\t\t\t\t\t<h2 class=\"sub-title\">\n\n\t\t\t\t\t\t \n\t\t\t\t\t\t\t\t\t\t\t\t\t<span class=\"line-decoration\"><\/span>\n\t\t\t\t\t\t\n\t\t\t\t\t\tCarte interactive d\u2019Enfola et des environs\n\t\t\t\t\t<\/h2>\n\n\t\t\t\t\n\t\t\t\t\n\t\t\t\t\t\n\t\t\t\t\t\t<h3 class=\"title\"><span class=\"title-bold\">Organisez vos excursions depuis Enfola<\/span><span class=\"title-normal\"><\/span><\/h3>\n\n\t\t\t\t\t\n\n\t\t\t\t\t\t\t\t\t\n\t\t\t\t\n\t\t\t\t\n\t\t\t\t\t\n\t\t\t\t\n\t\t\t<\/div>\n\n\t\t\t\t\t\t<\/div>\n\t\t\t\t<\/div>\n\t\t\t\t<div class=\"elementor-element elementor-element-4f57c08 elementor-widget elementor-widget-text-editor\" data-id=\"4f57c08\" data-element_type=\"widget\" data-widget_type=\"text-editor.default\">\n\t\t\t\t\t\t\t\t\t<p>Plages, sentiers, activit\u00e9s sportives et points d\u2019int\u00e9r\u00eat entre Enfola, Portoferraio et les environs sont rassembl\u00e9s dans une carte interactive d\u00e9di\u00e9e.<\/p><p>Un outil utile pour s\u2019orienter et organiser ses journ\u00e9es pendant les vacances.<\/p>\t\t\t\t\t\t\t\t<\/div>\n\t\t\t\t<div class=\"elementor-element elementor-element-e4da8db elementor-widget elementor-widget-button\" data-id=\"e4da8db\" data-element_type=\"widget\" data-widget_type=\"button.default\">\n\t\t\t\t\t\t\t\t\t\t<a class=\"elementor-button elementor-button-link elementor-size-sm\" href=\"https:\/\/www.siriobluevision.it\/mappeinterattive\/portoferraio50x70lugl2025\/\" target=\"_blank\">\n\t\t\t\t\t\t<span class=\"elementor-button-content-wrapper\">\n\t\t\t\t\t\t<span class=\"elementor-button-icon\">\n\t\t\t\t<svg aria-hidden=\"true\" class=\"e-font-icon-svg e-fas-angle-double-right\" viewBox=\"0 0 448 512\" xmlns=\"http:\/\/www.w3.org\/2000\/svg\"><path d=\"M224.3 273l-136 136c-9.4 9.4-24.6 9.4-33.9 0l-22.6-22.6c-9.4-9.4-9.4-24.6 0-33.9l96.4-96.4-96.4-96.4c-9.4-9.4-9.4-24.6 0-33.9L54.3 103c9.4-9.4 24.6-9.4 33.9 0l136 136c9.5 9.4 9.5 24.6.1 34zm192-34l-136-136c-9.4-9.4-24.6-9.4-33.9 0l-22.6 22.6c-9.4 9.4-9.4 24.6 0 33.9l96.4 96.4-96.4 96.4c-9.4 9.4-9.4 24.6 0 33.9l22.6 22.6c9.4 9.4 24.6 9.4 33.9 0l136-136c9.4-9.2 9.4-24.4 0-33.8z\"><\/path><\/svg>\t\t\t<\/span>\n\t\t\t\t\t\t\t\t\t<span class=\"elementor-button-text\">Ouvrir la carte<\/span>\n\t\t\t\t\t<\/span>\n\t\t\t\t\t<\/a>\n\t\t\t\t\t\t\t\t<\/div>\n\t\t\t\t\t<\/div>\n\t\t<\/div>\n\t\t\t\t\t<\/div>\n\t\t<\/section>\n\t\t<div class=\"elementor-element elementor-element-423d7b3 e-flex e-con-boxed e-con e-parent\" data-id=\"423d7b3\" data-element_type=\"container\" id=\"trek-vtt\">\n\t\t\t\t\t<div class=\"e-con-inner\">\n\t\t\t\t<div class=\"elementor-element elementor-element-bc884b4 elementor-widget elementor-widget-vedhak_elementor_heading\" data-id=\"bc884b4\" data-element_type=\"widget\" data-widget_type=\"vedhak_elementor_heading.default\">\n\t\t\t\t<div class=\"elementor-widget-container\">\n\t\t\t\t\t\t\t\t<div class=\"ova-heading template1\">\n\n\t\t\t\t\n\t\t\t\t\t<h2 class=\"sub-title\">\n\n\t\t\t\t\t\t \n\t\t\t\t\t\t\t\t\t\t\t\t\t<span class=\"line-decoration\"><\/span>\n\t\t\t\t\t\t\n\t\t\t\t\t\tParcours panoramiques directement depuis le camping\n\t\t\t\t\t<\/h2>\n\n\t\t\t\t\n\t\t\t\t\n\t\t\t\t\t\n\t\t\t\t\t\t<h3 class=\"title\"><span class=\"title-bold\"><\/span><span class=\"title-normal\">Randonn\u00e9e et VTT<\/span><\/h3>\n\n\t\t\t\t\t\n\n\t\t\t\t\t\t\t\t\t\n\t\t\t\t\n\t\t\t\t\n\t\t\t\t\t\n\t\t\t\t\n\t\t\t<\/div>\n\n\t\t\t\t\t\t<\/div>\n\t\t\t\t<\/div>\n\t\t\t\t<div class=\"elementor-element elementor-element-368c1ae elementor-widget elementor-widget-text-editor\" data-id=\"368c1ae\" data-element_type=\"widget\" data-widget_type=\"text-editor.default\">\n\t\t\t\t\t\t\t\t\t<p>Depuis le Camping Enfola partent des itin\u00e9raires immerg\u00e9s dans le maquis m\u00e9diterran\u00e9en, avec des vues spectaculaires sur la mer, de petites plages peu fr\u00e9quent\u00e9es et des tron\u00e7ons historiques \u00e0 l\u2019int\u00e9rieur du Parc National de l\u2019Archipel Toscan.<\/p><p>Nous indiquons ici quelques parcours particuli\u00e8rement suggestifs, mais nous saurons vous en conseiller bien d\u2019autres pour vous faire d\u00e9couvrir les merveilles de l\u2019\u00eele d\u2019Elbe.<\/p><p>\u00c0 la r\u00e9ception, vous trouverez des cartes, des b\u00e2tons de marche et des conseils personnalis\u00e9s.<\/p>\t\t\t\t\t\t\t\t<\/div>\n\t\t\t\t<div class=\"elementor-element elementor-element-2021d93 elementor-widget elementor-widget-spacer\" data-id=\"2021d93\" data-element_type=\"widget\" data-widget_type=\"spacer.default\">\n\t\t\t\t\t\t\t<div class=\"elementor-spacer\">\n\t\t\t<div class=\"elementor-spacer-inner\"><\/div>\n\t\t<\/div>\n\t\t\t\t\t\t<\/div>\n\t\t\t\t<div class=\"elementor-element elementor-element-1f82a76 elementor-widget elementor-widget-heading\" data-id=\"1f82a76\" data-element_type=\"widget\" data-widget_type=\"heading.default\">\n\t\t\t\t\t<h2 class=\"elementor-heading-title elementor-size-default\">La boucle de l\u2019Enfola et Capo d\u2019Enfola<\/h2>\t\t\t\t<\/div>\n\t\t<div class=\"elementor-element elementor-element-aa19682 e-con-full e-flex e-con e-child\" data-id=\"aa19682\" data-element_type=\"container\">\n\t\t\t\t<div class=\"elementor-element elementor-element-f0b25ec elementor-view-default elementor-widget elementor-widget-icon\" data-id=\"f0b25ec\" data-element_type=\"widget\" data-widget_type=\"icon.default\">\n\t\t\t\t\t\t\t<div class=\"elementor-icon-wrapper\">\n\t\t\t<div class=\"elementor-icon\">\n\t\t\t<i aria-hidden=\"true\" class=\"flaticon flaticon-054-hiking-2\"><\/i>\t\t\t<\/div>\n\t\t<\/div>\n\t\t\t\t\t\t<\/div>\n\t\t\t\t<\/div>\n\t\t\t\t<div class=\"elementor-element elementor-element-1510e8b elementor-widget elementor-widget-heading\" data-id=\"1510e8b\" data-element_type=\"widget\" data-widget_type=\"heading.default\">\n\t\t\t\t\t<h6 class=\"elementor-heading-title elementor-size-default\">4,2 km | 2 h | D\u00e9nivel\u00e9 240 m | Facile<\/h6>\t\t\t\t<\/div>\n\t\t\t\t<div class=\"elementor-element elementor-element-bf44af2 elementor-widget elementor-widget-heading\" data-id=\"bf44af2\" data-element_type=\"widget\" data-widget_type=\"heading.default\">\n\t\t\t\t\t<h6 class=\"elementor-heading-title elementor-size-default\">Int\u00e9r\u00eats : nature, paysage, histoire<\/h6>\t\t\t\t<\/div>\n\t\t\t\t<div class=\"elementor-element elementor-element-00f672e elementor-widget elementor-widget-text-editor\" data-id=\"00f672e\" data-element_type=\"widget\" data-widget_type=\"text-editor.default\">\n\t\t\t\t\t\t\t\t\t<p>Un itin\u00e9raire panoramique qui embrasse tout le promontoire de l\u2019Enfola, entre vues sur le golfe de Viticcio, les forteresses m\u00e9dic\u00e9ennes de Portoferraio et le Scoglio dell\u2019Enfola. Le long du parcours : esp\u00e8ces v\u00e9g\u00e9tales rares, colonies de go\u00e9lands leucoph\u00e9es, nids de cormorans et vestiges de positions de la Seconde Guerre mondiale.<\/p><p>Le sentier commence derri\u00e8re la Tonnara et monte par huit lacets, d\u2019o\u00f9 l\u2019on peut admirer le golfe de Viticcio et le mont Capanne \u00e0 l\u2019ouest, ainsi que les plages blanches et les forteresses m\u00e9dic\u00e9ennes de Portoferraio \u00e0 l\u2019est, jusqu\u2019au carrefour entre la boucle de l\u2019Enfola \u00e0 gauche et le Capo d\u2019Enfola \u00e0 droite. En tournant \u00e0 droite, on rejoint directement le Capo d\u2019Enfola, tandis qu\u2019en continuant \u00e0 gauche le sentier poursuit la mont\u00e9e pour parcourir tout la boucle du promontoire de l\u2019Enfola.<\/p><p>Depuis cet itin\u00e9raire, il est \u00e9galement possible de rejoindre ensuite le Capo d\u2019Enfola. Le parcours, enti\u00e8rement situ\u00e9 dans le Parc National de l\u2019Archipel Toscan, permet d\u2019observer des esp\u00e8ces v\u00e9g\u00e9tales rares, l\u2019une des plus grandes colonies de go\u00e9lands leucoph\u00e9es de l\u2019\u00eele d\u2019Elbe, des nids de cormorans et un panorama spectaculaire sur le Scoglio dell\u2019Enfola et le Scoglio della Nave. Le long de la boucle de l\u2019Enfola se trouvent \u00e9galement les ruines de positions militaires de la Seconde Guerre mondiale.<\/p>\t\t\t\t\t\t\t\t<\/div>\n\t\t\t\t<div class=\"elementor-element elementor-element-922338b elementor-widget elementor-widget-heading\" data-id=\"922338b\" data-element_type=\"widget\" data-widget_type=\"heading.default\">\n\t\t\t\t\t<h2 class=\"elementor-heading-title elementor-size-default\">Enfola - Viticcio - Forno - Biodola - Lamaia - Porticciolo - La Guardiola Procchio - Enfola<\/h2>\t\t\t\t<\/div>\n\t\t<div class=\"elementor-element elementor-element-897b0f9 e-con-full e-flex e-con e-child\" data-id=\"897b0f9\" data-element_type=\"container\">\n\t\t\t\t<div class=\"elementor-element elementor-element-1c07bea elementor-view-default elementor-widget elementor-widget-icon\" data-id=\"1c07bea\" data-element_type=\"widget\" data-widget_type=\"icon.default\">\n\t\t\t\t\t\t\t<div class=\"elementor-icon-wrapper\">\n\t\t\t<div class=\"elementor-icon\">\n\t\t\t<i aria-hidden=\"true\" class=\"flaticon flaticon-054-hiking-2\"><\/i>\t\t\t<\/div>\n\t\t<\/div>\n\t\t\t\t\t\t<\/div>\n\t\t\t\t<div class=\"elementor-element elementor-element-ba13c61 elementor-view-default elementor-widget elementor-widget-icon\" data-id=\"ba13c61\" data-element_type=\"widget\" data-widget_type=\"icon.default\">\n\t\t\t\t\t\t\t<div class=\"elementor-icon-wrapper\">\n\t\t\t<div class=\"elementor-icon\">\n\t\t\t<i aria-hidden=\"true\" class=\"flaticon flaticon-045-bicycle\"><\/i>\t\t\t<\/div>\n\t\t<\/div>\n\t\t\t\t\t\t<\/div>\n\t\t\t\t<\/div>\n\t\t\t\t<div class=\"elementor-element elementor-element-9553b44 elementor-widget elementor-widget-heading\" data-id=\"9553b44\" data-element_type=\"widget\" data-widget_type=\"heading.default\">\n\t\t\t\t\t<h6 class=\"elementor-heading-title elementor-size-default\">15,5 km | 4 h | D\u00e9nivel\u00e9 300 m | Facile<\/h6>\t\t\t\t<\/div>\n\t\t\t\t<div class=\"elementor-element elementor-element-156d7a9 elementor-widget elementor-widget-heading\" data-id=\"156d7a9\" data-element_type=\"widget\" data-widget_type=\"heading.default\">\n\t\t\t\t\t<h6 class=\"elementor-heading-title elementor-size-default\">Int\u00e9r\u00eats : paysage, nature<\/h6>\t\t\t\t<\/div>\n\t\t\t\t<div class=\"elementor-element elementor-element-9f1d17b elementor-widget elementor-widget-text-editor\" data-id=\"9f1d17b\" data-element_type=\"widget\" data-widget_type=\"text-editor.default\">\n\t\t\t\t\t\t\t\t\t<p>Un itin\u00e9raire qui relie certaines des plus belles plages de la c\u00f4te nord : Forno, Scaglieri, Biodola, Lamaia et Porticciolo, jusqu\u2019\u00e0 la Guardiola, ancienne position militaire offrant une vue sur le golfe de Procchio.<br \/>Un parcours vari\u00e9 entre sable blanc, maquis m\u00e9diterran\u00e9en et tron\u00e7ons avec vue sur la mer.<\/p><p>Depuis le Camping Enfola, on rejoint Viticcio par la route asphalt\u00e9e, puis on emprunte le sentier n\u00b0 49. Apr\u00e8s environ 750 m\u00e8tres de mont\u00e9e \u00e0 travers les ch\u00eanes verts et les arbousiers, on arrive \u00e0 un carrefour : en continuant sur le sentier n\u00b0 49, on arrive directement \u00e0 Forno, un charmant petit village situ\u00e9 au bord d\u2019une petite plage de sable.<\/p><p>Apr\u00e8s avoir travers\u00e9 Forno, on rejoint Scaglieri puis la Biodola, plages de sable blanc et tr\u00e8s fin. On parcourt toute la plage de la Biodola et on entre dans les tunnels creus\u00e9s dans la roche de l\u2019Hotel Hermitage qui longent la mer (ouverts de 8 h \u00e0 18 h). On continue ensuite sur un sentier \u00e0 droite qui m\u00e8ne \u00e0 la petite plage de Lamaia, puis \u00e0 la petite plage du Porticciolo et, de l\u00e0, \u00e0 la Guardiola, ancienne position militaire situ\u00e9e sur le bord oriental du golfe de Procchio.<\/p>\t\t\t\t\t\t\t\t<\/div>\n\t\t\t\t<div class=\"elementor-element elementor-element-821ecf3 elementor-widget elementor-widget-heading\" data-id=\"821ecf3\" data-element_type=\"widget\" data-widget_type=\"heading.default\">\n\t\t\t\t\t<h2 class=\"elementor-heading-title elementor-size-default\">La Vecchia Sterrata<\/h2>\t\t\t\t<\/div>\n\t\t<div class=\"elementor-element elementor-element-4e96c4e e-con-full e-flex e-con e-child\" data-id=\"4e96c4e\" data-element_type=\"container\">\n\t\t\t\t<div class=\"elementor-element elementor-element-6eb9afb elementor-view-default elementor-widget elementor-widget-icon\" data-id=\"6eb9afb\" data-element_type=\"widget\" data-widget_type=\"icon.default\">\n\t\t\t\t\t\t\t<div class=\"elementor-icon-wrapper\">\n\t\t\t<div class=\"elementor-icon\">\n\t\t\t<i aria-hidden=\"true\" class=\"flaticon flaticon-045-bicycle\"><\/i>\t\t\t<\/div>\n\t\t<\/div>\n\t\t\t\t\t\t<\/div>\n\t\t\t\t<\/div>\n\t\t\t\t<div class=\"elementor-element elementor-element-8491007 elementor-widget elementor-widget-heading\" data-id=\"8491007\" data-element_type=\"widget\" data-widget_type=\"heading.default\">\n\t\t\t\t\t<h6 class=\"elementor-heading-title elementor-size-default\">11,5 km | 1 h 10 (VTT) | D\u00e9nivel\u00e9 250 m | Moyen<\/h6>\t\t\t\t<\/div>\n\t\t\t\t<div class=\"elementor-element elementor-element-80f77e6 elementor-widget elementor-widget-heading\" data-id=\"80f77e6\" data-element_type=\"widget\" data-widget_type=\"heading.default\">\n\t\t\t\t\t<h6 class=\"elementor-heading-title elementor-size-default\">Int\u00e9r\u00eats : paysage, nature<\/h6>\t\t\t\t<\/div>\n\t\t\t\t<div class=\"elementor-element elementor-element-8180e15 elementor-widget elementor-widget-text-editor\" data-id=\"8180e15\" data-element_type=\"widget\" data-widget_type=\"text-editor.default\">\n\t\t\t\t\t\t\t\t\t<p>Un itin\u00e9raire plus dynamique, entre pistes panoramiques et descentes vers le golfe de la Biodola, avec des vues sur Portoferraio et le Colle Reciso.<\/p><p>Id\u00e9al pour ceux qui aiment le VTT et les parcours mixtes.<\/p><p>Depuis le camping, on rejoint la localit\u00e9 d\u2019Acquaviva par la route provinciale en direction de Portoferraio.<\/p><p>L\u2019entr\u00e9e du sentier se trouve environ 300 m\u00e8tres apr\u00e8s la carrosserie, sur la droite. La route est asphalt\u00e9e sur une courte portion, puis devient une piste d\u2019environ 3 m\u00e8tres de large. On monte jusqu\u2019\u00e0 rencontrer huit magnifiques pins maritimes (\u00e0 droite part une piste non cyclable qui m\u00e8ne directement \u00e0 Viticcio), puis on continue \u00e0 monter ; apr\u00e8s environ 800 m\u00e8tres, sur la droite, on rencontre le sentier n\u00b0 51 qui m\u00e8ne au croisement des sentiers 49 et 50 vers Forno et Punta Penisola. Pour les v\u00e9los, il est pr\u00e9f\u00e9rable de continuer sur la piste jusqu\u2019au sommet de la colline (Le Cime). \u00c0 partir de l\u00e0, la route commence \u00e0 descendre et laisse appara\u00eetre Portoferraio, le Colle Reciso et la vall\u00e9e de Lazzaro. Apr\u00e8s environ 2 km, on rejoint la route asphalt\u00e9e de la provinciale vers Procchio. De l\u00e0, une belle descente m\u00e8ne vers le golfe de la Biodola. Pour revenir \u00e0 Enfola, on se dirige vers Forno puis on prend le sentier n\u00b0 49, \u00e0 parcourir \u00e0 pied au moins jusqu\u2019au sommet de la colline. On redescend ensuite par le sentier n\u00b0 49 qui m\u00e8ne rapidement \u00e0 Viticcio et, de l\u00e0, par la route asphalt\u00e9e, on retourne \u00e0 Enfola.<\/p>\t\t\t\t\t\t\t\t<\/div>\n\t\t\t\t\t<\/div>\n\t\t\t\t<\/div>\n\t\t<div class=\"elementor-element elementor-element-aea131d e-con-full e-flex e-con e-parent\" data-id=\"aea131d\" data-element_type=\"container\">\n\t\t\t\t<div class=\"elementor-element elementor-element-7748933 elementor-widget elementor-widget-image-gallery\" data-id=\"7748933\" data-element_type=\"widget\" data-widget_type=\"image-gallery.default\">\n\t\t\t\t\t\t\t<div class=\"elementor-image-gallery\">\n\t\t\t\n\t\t<style type=\"text\/css\">\n\t\t\t#gallery-1 {\n\t\t\t\tmargin: auto;\n\t\t\t}\n\t\t\t#gallery-1 .gallery-item {\n\t\t\t\tfloat: left;\n\t\t\t\tmargin-top: 10px;\n\t\t\t\ttext-align: center;\n\t\t\t\twidth: 33%;\n\t\t\t}\n\t\t\t#gallery-1 img {\n\t\t\t\tborder: 2px solid #cfcfcf;\n\t\t\t}\n\t\t\t#gallery-1 .gallery-caption {\n\t\t\t\tmargin-left: 0;\n\t\t\t}\n\t\t\t\/* see gallery_shortcode() in wp-includes\/media.php *\/\n\t\t<\/style>\n\t\t<div id='gallery-1' class='gallery galleryid-6396 gallery-columns-3 gallery-size-full'><dl class='gallery-item'>\n\t\t\t<dt class='gallery-icon landscape'>\n\t\t\t\t<a data-elementor-open-lightbox=\"yes\" data-elementor-lightbox-slideshow=\"7748933\" data-elementor-lightbox-title=\"Trekking\" data-e-action-hash=\"#elementor-action%3Aaction%3Dlightbox%26settings%3DeyJpZCI6NjY5NiwidXJsIjoiaHR0cHM6XC9cL3d3dy5jYW1waW5nZW5mb2xhLmNvbVwvd3AtY29udGVudFwvdXBsb2Fkc1wvMjAyNlwvMDJcL0RTQzAwMzk2LXRyZWtraW5nLWVsYmEuanBnIiwic2xpZGVzaG93IjoiNzc0ODkzMyJ9\" href='https:\/\/www.campingenfola.com\/wp-content\/uploads\/2026\/02\/DSC00396-trekking-elba.jpg'><img decoding=\"async\" width=\"1920\" height=\"1280\" src=\"https:\/\/www.campingenfola.com\/wp-content\/uploads\/2026\/02\/DSC00396-trekking-elba.jpg\" class=\"attachment-full size-full\" alt=\"Escursione a piedi sui sentieri dell&#039;Isola d&#039;Elba con vista sul mare, tra macchia mediterranea e panorama costiero\" srcset=\"https:\/\/www.campingenfola.com\/wp-content\/uploads\/2026\/02\/DSC00396-trekking-elba.jpg 1920w, https:\/\/www.campingenfola.com\/wp-content\/uploads\/2026\/02\/DSC00396-trekking-elba-300x200.jpg 300w, https:\/\/www.campingenfola.com\/wp-content\/uploads\/2026\/02\/DSC00396-trekking-elba-1024x683.jpg 1024w, https:\/\/www.campingenfola.com\/wp-content\/uploads\/2026\/02\/DSC00396-trekking-elba-768x512.jpg 768w, https:\/\/www.campingenfola.com\/wp-content\/uploads\/2026\/02\/DSC00396-trekking-elba-1536x1024.jpg 1536w, https:\/\/www.campingenfola.com\/wp-content\/uploads\/2026\/02\/DSC00396-trekking-elba-600x400.jpg 600w\" sizes=\"(max-width: 1920px) 100vw, 1920px\" \/><\/a>\n\t\t\t<\/dt><\/dl><dl class='gallery-item'>\n\t\t\t<dt class='gallery-icon landscape'>\n\t\t\t\t<a data-elementor-open-lightbox=\"yes\" data-elementor-lightbox-slideshow=\"7748933\" data-elementor-lightbox-title=\"E-bike sul Monte Fonza\" data-e-action-hash=\"#elementor-action%3Aaction%3Dlightbox%26settings%3DeyJpZCI6NjY5NywidXJsIjoiaHR0cHM6XC9cL3d3dy5jYW1waW5nZW5mb2xhLmNvbVwvd3AtY29udGVudFwvdXBsb2Fkc1wvMjAyNlwvMDJcL0lNRy0yMDIxMDIxMC1XQTAwMDQtbW9udGUtZm9uemEtYmljaS5qcGciLCJzbGlkZXNob3ciOiI3NzQ4OTMzIn0%3D\" href='https:\/\/www.campingenfola.com\/wp-content\/uploads\/2026\/02\/IMG-20210210-WA0004-monte-fonza-bici.jpg'><img decoding=\"async\" width=\"1200\" height=\"800\" src=\"https:\/\/www.campingenfola.com\/wp-content\/uploads\/2026\/02\/IMG-20210210-WA0004-monte-fonza-bici.jpg\" class=\"attachment-full size-full\" alt=\"E-bike sul Monte Fonza lungo i sentieri panoramici dell\u2019Isola d\u2019Elba con vista sul mare\" srcset=\"https:\/\/www.campingenfola.com\/wp-content\/uploads\/2026\/02\/IMG-20210210-WA0004-monte-fonza-bici.jpg 1200w, https:\/\/www.campingenfola.com\/wp-content\/uploads\/2026\/02\/IMG-20210210-WA0004-monte-fonza-bici-300x200.jpg 300w, https:\/\/www.campingenfola.com\/wp-content\/uploads\/2026\/02\/IMG-20210210-WA0004-monte-fonza-bici-1024x683.jpg 1024w, https:\/\/www.campingenfola.com\/wp-content\/uploads\/2026\/02\/IMG-20210210-WA0004-monte-fonza-bici-768x512.jpg 768w, https:\/\/www.campingenfola.com\/wp-content\/uploads\/2026\/02\/IMG-20210210-WA0004-monte-fonza-bici-600x400.jpg 600w\" sizes=\"(max-width: 1200px) 100vw, 1200px\" \/><\/a>\n\t\t\t<\/dt><\/dl><dl class='gallery-item'>\n\t\t\t<dt class='gallery-icon landscape'>\n\t\t\t\t<a data-elementor-open-lightbox=\"yes\" data-elementor-lightbox-slideshow=\"7748933\" data-elementor-lightbox-title=\"Sentiero costiero tra Procchio e Biodola\" data-e-action-hash=\"#elementor-action%3Aaction%3Dlightbox%26settings%3DeyJpZCI6NjY5OCwidXJsIjoiaHR0cHM6XC9cL3d3dy5jYW1waW5nZW5mb2xhLmNvbVwvd3AtY29udGVudFwvdXBsb2Fkc1wvMjAyNlwvMDJcL3R1bm5lbC1iaW9kb2xhLmpwZyIsInNsaWRlc2hvdyI6Ijc3NDg5MzMifQ%3D%3D\" href='https:\/\/www.campingenfola.com\/wp-content\/uploads\/2026\/02\/tunnel-biodola.jpg'><img loading=\"lazy\" decoding=\"async\" width=\"1920\" height=\"1280\" src=\"https:\/\/www.campingenfola.com\/wp-content\/uploads\/2026\/02\/tunnel-biodola.jpg\" class=\"attachment-full size-full\" alt=\"Escursionista sul sentiero costiero tra Procchio e Biodola con mare e scogliera\" srcset=\"https:\/\/www.campingenfola.com\/wp-content\/uploads\/2026\/02\/tunnel-biodola.jpg 1920w, https:\/\/www.campingenfola.com\/wp-content\/uploads\/2026\/02\/tunnel-biodola-300x200.jpg 300w, https:\/\/www.campingenfola.com\/wp-content\/uploads\/2026\/02\/tunnel-biodola-1024x683.jpg 1024w, https:\/\/www.campingenfola.com\/wp-content\/uploads\/2026\/02\/tunnel-biodola-768x512.jpg 768w, https:\/\/www.campingenfola.com\/wp-content\/uploads\/2026\/02\/tunnel-biodola-1536x1024.jpg 1536w, https:\/\/www.campingenfola.com\/wp-content\/uploads\/2026\/02\/tunnel-biodola-600x400.jpg 600w\" sizes=\"(max-width: 1920px) 100vw, 1920px\" \/><\/a>\n\t\t\t<\/dt><\/dl><br style=\"clear: both\" \/><dl class='gallery-item'>\n\t\t\t<dt class='gallery-icon landscape'>\n\t\t\t\t<a data-elementor-open-lightbox=\"yes\" data-elementor-lightbox-slideshow=\"7748933\" data-elementor-lightbox-title=\"Donna impegnata nel nordic walking sui sentieri dell&#039;Elba con vista mare\" data-e-action-hash=\"#elementor-action%3Aaction%3Dlightbox%26settings%3DeyJpZCI6NjY5OSwidXJsIjoiaHR0cHM6XC9cL3d3dy5jYW1waW5nZW5mb2xhLmNvbVwvd3AtY29udGVudFwvdXBsb2Fkc1wvMjAyNlwvMDJcL0RTQzAwNDA0LW5vcmRpYy13YWxraW5nLmpwZyIsInNsaWRlc2hvdyI6Ijc3NDg5MzMifQ%3D%3D\" href='https:\/\/www.campingenfola.com\/wp-content\/uploads\/2026\/02\/DSC00404-nordic-walking.jpg'><img loading=\"lazy\" decoding=\"async\" width=\"1920\" height=\"1280\" src=\"https:\/\/www.campingenfola.com\/wp-content\/uploads\/2026\/02\/DSC00404-nordic-walking.jpg\" class=\"attachment-full size-full\" alt=\"Nordic walking sui sentieri panoramici dell\u2019Elba\" srcset=\"https:\/\/www.campingenfola.com\/wp-content\/uploads\/2026\/02\/DSC00404-nordic-walking.jpg 1920w, https:\/\/www.campingenfola.com\/wp-content\/uploads\/2026\/02\/DSC00404-nordic-walking-300x200.jpg 300w, https:\/\/www.campingenfola.com\/wp-content\/uploads\/2026\/02\/DSC00404-nordic-walking-1024x683.jpg 1024w, https:\/\/www.campingenfola.com\/wp-content\/uploads\/2026\/02\/DSC00404-nordic-walking-768x512.jpg 768w, https:\/\/www.campingenfola.com\/wp-content\/uploads\/2026\/02\/DSC00404-nordic-walking-1536x1024.jpg 1536w, https:\/\/www.campingenfola.com\/wp-content\/uploads\/2026\/02\/DSC00404-nordic-walking-600x400.jpg 600w\" sizes=\"(max-width: 1920px) 100vw, 1920px\" \/><\/a>\n\t\t\t<\/dt><\/dl><dl class='gallery-item'>\n\t\t\t<dt class='gallery-icon landscape'>\n\t\t\t\t<a data-elementor-open-lightbox=\"yes\" data-elementor-lightbox-slideshow=\"7748933\" data-elementor-lightbox-title=\"Gruppo in bici\" data-e-action-hash=\"#elementor-action%3Aaction%3Dlightbox%26settings%3DeyJpZCI6NjcwMCwidXJsIjoiaHR0cHM6XC9cL3d3dy5jYW1waW5nZW5mb2xhLmNvbVwvd3AtY29udGVudFwvdXBsb2Fkc1wvMjAyNlwvMDJcLzAwMjBfYy1lbmZvbGEyMDE5X01UQi5qcGciLCJzbGlkZXNob3ciOiI3NzQ4OTMzIn0%3D\" href='https:\/\/www.campingenfola.com\/wp-content\/uploads\/2026\/02\/0020_c-enfola2019_MTB.jpg'><img loading=\"lazy\" decoding=\"async\" width=\"1920\" height=\"1280\" src=\"https:\/\/www.campingenfola.com\/wp-content\/uploads\/2026\/02\/0020_c-enfola2019_MTB.jpg\" class=\"attachment-full size-full\" alt=\"Escursione in mountain bike lungo una strada dell\u2019Isola d\u2019Elba, immersa nella macchia mediterranea\" aria-describedby=\"gallery-1-6700\" srcset=\"https:\/\/www.campingenfola.com\/wp-content\/uploads\/2026\/02\/0020_c-enfola2019_MTB.jpg 1920w, https:\/\/www.campingenfola.com\/wp-content\/uploads\/2026\/02\/0020_c-enfola2019_MTB-300x200.jpg 300w, https:\/\/www.campingenfola.com\/wp-content\/uploads\/2026\/02\/0020_c-enfola2019_MTB-1024x683.jpg 1024w, https:\/\/www.campingenfola.com\/wp-content\/uploads\/2026\/02\/0020_c-enfola2019_MTB-768x512.jpg 768w, https:\/\/www.campingenfola.com\/wp-content\/uploads\/2026\/02\/0020_c-enfola2019_MTB-1536x1024.jpg 1536w, https:\/\/www.campingenfola.com\/wp-content\/uploads\/2026\/02\/0020_c-enfola2019_MTB-600x400.jpg 600w\" sizes=\"(max-width: 1920px) 100vw, 1920px\" \/><\/a>\n\t\t\t<\/dt>\n\t\t\t\t<dd class='wp-caption-text gallery-caption' id='gallery-1-6700'>\n\t\t\t\tphoto by: Ducci Cesare Fotografia (www.duccifotografia.it)\n\t\t\t\t<\/dd><\/dl><dl class='gallery-item'>\n\t\t\t<dt class='gallery-icon landscape'>\n\t\t\t\t<a data-elementor-open-lightbox=\"yes\" data-elementor-lightbox-slideshow=\"7748933\" data-elementor-lightbox-title=\"Cartello Percorso dell\u2019Enfola\" data-e-action-hash=\"#elementor-action%3Aaction%3Dlightbox%26settings%3DeyJpZCI6NjcwMSwidXJsIjoiaHR0cHM6XC9cL3d3dy5jYW1waW5nZW5mb2xhLmNvbVwvd3AtY29udGVudFwvdXBsb2Fkc1wvMjAyNlwvMDJcL1AxMDAwMDk0LXBlcmNvcnNvLWVuZm9sYS5qcGciLCJzbGlkZXNob3ciOiI3NzQ4OTMzIn0%3D\" href='https:\/\/www.campingenfola.com\/wp-content\/uploads\/2026\/02\/P1000094-percorso-enfola.jpg'><img loading=\"lazy\" decoding=\"async\" width=\"1500\" height=\"1000\" src=\"https:\/\/www.campingenfola.com\/wp-content\/uploads\/2026\/02\/P1000094-percorso-enfola.jpg\" class=\"attachment-full size-full\" alt=\"Pannello informativo del Percorso dell\u2019Enfola nel Parco Nazionale dell\u2019Arcipelago Toscano\" srcset=\"https:\/\/www.campingenfola.com\/wp-content\/uploads\/2026\/02\/P1000094-percorso-enfola.jpg 1500w, https:\/\/www.campingenfola.com\/wp-content\/uploads\/2026\/02\/P1000094-percorso-enfola-300x200.jpg 300w, https:\/\/www.campingenfola.com\/wp-content\/uploads\/2026\/02\/P1000094-percorso-enfola-1024x683.jpg 1024w, https:\/\/www.campingenfola.com\/wp-content\/uploads\/2026\/02\/P1000094-percorso-enfola-768x512.jpg 768w, https:\/\/www.campingenfola.com\/wp-content\/uploads\/2026\/02\/P1000094-percorso-enfola-600x400.jpg 600w\" sizes=\"(max-width: 1500px) 100vw, 1500px\" \/><\/a>\n\t\t\t<\/dt><\/dl><br style=\"clear: both\" \/><dl class='gallery-item'>\n\t\t\t<dt class='gallery-icon landscape'>\n\t\t\t\t<a data-elementor-open-lightbox=\"yes\" data-elementor-lightbox-slideshow=\"7748933\" data-elementor-lightbox-title=\"Mountain bike nelle miniere di Rio\" data-e-action-hash=\"#elementor-action%3Aaction%3Dlightbox%26settings%3DeyJpZCI6NjcwMiwidXJsIjoiaHR0cHM6XC9cL3d3dy5jYW1waW5nZW5mb2xhLmNvbVwvd3AtY29udGVudFwvdXBsb2Fkc1wvMjAyNlwvMDJcL2JpY2ktcmlreS1yaW8uanBnIiwic2xpZGVzaG93IjoiNzc0ODkzMyJ9\" href='https:\/\/www.campingenfola.com\/wp-content\/uploads\/2026\/02\/bici-riky-rio.jpg'><img loading=\"lazy\" decoding=\"async\" width=\"816\" height=\"544\" src=\"https:\/\/www.campingenfola.com\/wp-content\/uploads\/2026\/02\/bici-riky-rio.jpg\" class=\"attachment-full size-full\" alt=\"Mountain bike nelle terre rosse delle miniere di Rio, uno degli itinerari pi\u00f9 suggestivi dell\u2019Isola d\u2019Elba\" srcset=\"https:\/\/www.campingenfola.com\/wp-content\/uploads\/2026\/02\/bici-riky-rio.jpg 816w, https:\/\/www.campingenfola.com\/wp-content\/uploads\/2026\/02\/bici-riky-rio-300x200.jpg 300w, https:\/\/www.campingenfola.com\/wp-content\/uploads\/2026\/02\/bici-riky-rio-768x512.jpg 768w, https:\/\/www.campingenfola.com\/wp-content\/uploads\/2026\/02\/bici-riky-rio-600x400.jpg 600w\" sizes=\"(max-width: 816px) 100vw, 816px\" \/><\/a>\n\t\t\t<\/dt><\/dl><dl class='gallery-item'>\n\t\t\t<dt class='gallery-icon landscape'>\n\t\t\t\t<a data-elementor-open-lightbox=\"yes\" data-elementor-lightbox-slideshow=\"7748933\" data-elementor-lightbox-title=\"Nordic walking all&#039;Elba\" data-e-action-hash=\"#elementor-action%3Aaction%3Dlightbox%26settings%3DeyJpZCI6NjcwMywidXJsIjoiaHR0cHM6XC9cL3d3dy5jYW1waW5nZW5mb2xhLmNvbVwvd3AtY29udGVudFwvdXBsb2Fkc1wvMjAyNlwvMDJcLzI5MDEyMDE2XzEyNDQyNl9ub3JkaWMtd2Fsa2luZy5qcGciLCJzbGlkZXNob3ciOiI3NzQ4OTMzIn0%3D\" href='https:\/\/www.campingenfola.com\/wp-content\/uploads\/2026\/02\/29012016_124426_nordic-walking.jpg'><img loading=\"lazy\" decoding=\"async\" width=\"1920\" height=\"1280\" src=\"https:\/\/www.campingenfola.com\/wp-content\/uploads\/2026\/02\/29012016_124426_nordic-walking.jpg\" class=\"attachment-full size-full\" alt=\"Escursionisti praticano nordic walking tra la macchia mediterranea e i sentieri dell\u2019Elba\" srcset=\"https:\/\/www.campingenfola.com\/wp-content\/uploads\/2026\/02\/29012016_124426_nordic-walking.jpg 1920w, https:\/\/www.campingenfola.com\/wp-content\/uploads\/2026\/02\/29012016_124426_nordic-walking-300x200.jpg 300w, https:\/\/www.campingenfola.com\/wp-content\/uploads\/2026\/02\/29012016_124426_nordic-walking-1024x683.jpg 1024w, https:\/\/www.campingenfola.com\/wp-content\/uploads\/2026\/02\/29012016_124426_nordic-walking-768x512.jpg 768w, https:\/\/www.campingenfola.com\/wp-content\/uploads\/2026\/02\/29012016_124426_nordic-walking-1536x1024.jpg 1536w, https:\/\/www.campingenfola.com\/wp-content\/uploads\/2026\/02\/29012016_124426_nordic-walking-600x400.jpg 600w\" sizes=\"(max-width: 1920px) 100vw, 1920px\" \/><\/a>\n\t\t\t<\/dt><\/dl><dl class='gallery-item'>\n\t\t\t<dt class='gallery-icon landscape'>\n\t\t\t\t<a data-elementor-open-lightbox=\"yes\" data-elementor-lightbox-slideshow=\"7748933\" data-elementor-lightbox-title=\"Nordic walking lungo la costa dell\u2019Elba\" data-e-action-hash=\"#elementor-action%3Aaction%3Dlightbox%26settings%3DeyJpZCI6NjcwNCwidXJsIjoiaHR0cHM6XC9cL3d3dy5jYW1waW5nZW5mb2xhLmNvbVwvd3AtY29udGVudFwvdXBsb2Fkc1wvMjAyNlwvMDJcL0lNR18wMTY1LW5vcmRpYy13YWxraW5nLmpwZyIsInNsaWRlc2hvdyI6Ijc3NDg5MzMifQ%3D%3D\" href='https:\/\/www.campingenfola.com\/wp-content\/uploads\/2026\/02\/IMG_0165-nordic-walking.jpg'><img loading=\"lazy\" decoding=\"async\" width=\"1920\" height=\"1280\" src=\"https:\/\/www.campingenfola.com\/wp-content\/uploads\/2026\/02\/IMG_0165-nordic-walking.jpg\" class=\"attachment-full size-full\" alt=\"Coppia che pratica nordic walking lungo un sentiero costiero con vista sul mare\" srcset=\"https:\/\/www.campingenfola.com\/wp-content\/uploads\/2026\/02\/IMG_0165-nordic-walking.jpg 1920w, https:\/\/www.campingenfola.com\/wp-content\/uploads\/2026\/02\/IMG_0165-nordic-walking-300x200.jpg 300w, https:\/\/www.campingenfola.com\/wp-content\/uploads\/2026\/02\/IMG_0165-nordic-walking-1024x683.jpg 1024w, https:\/\/www.campingenfola.com\/wp-content\/uploads\/2026\/02\/IMG_0165-nordic-walking-768x512.jpg 768w, https:\/\/www.campingenfola.com\/wp-content\/uploads\/2026\/02\/IMG_0165-nordic-walking-1536x1024.jpg 1536w, https:\/\/www.campingenfola.com\/wp-content\/uploads\/2026\/02\/IMG_0165-nordic-walking-600x400.jpg 600w\" sizes=\"(max-width: 1920px) 100vw, 1920px\" \/><\/a>\n\t\t\t<\/dt><\/dl><br style=\"clear: both\" \/>\n\t\t<\/div>\n\t\t<\/div>\n\t\t\t\t\t\t<\/div>\n\t\t\t\t<\/div>\n\t\t<div class=\"elementor-element elementor-element-5c0fa71 e-flex e-con-boxed e-con e-parent\" data-id=\"5c0fa71\" data-element_type=\"container\" id=\"canoe\">\n\t\t\t\t\t<div class=\"e-con-inner\">\n\t\t\t\t<div class=\"elementor-element elementor-element-aa78888 elementor-widget elementor-widget-vedhak_elementor_heading\" data-id=\"aa78888\" data-element_type=\"widget\" data-widget_type=\"vedhak_elementor_heading.default\">\n\t\t\t\t<div class=\"elementor-widget-container\">\n\t\t\t\t\t\t\t\t<div class=\"ova-heading template1\">\n\n\t\t\t\t\n\t\t\t\t\t<h2 class=\"sub-title\">\n\n\t\t\t\t\t\t \n\t\t\t\t\t\t\t\t\t\t\t\t\t<span class=\"line-decoration\"><\/span>\n\t\t\t\t\t\t\n\t\t\t\t\t\tExplorer la c\u00f4te de l\u2019Enfola\n\t\t\t\t\t<\/h2>\n\n\t\t\t\t\n\t\t\t\t\n\t\t\t\t\t\n\t\t\t\t\t\t<h3 class=\"title\"><span class=\"title-bold\"><\/span><span class=\"title-normal\">Cano\u00eb et Stand Up Paddle<\/span><\/h3>\n\n\t\t\t\t\t\n\n\t\t\t\t\t\t\t\t\t\n\t\t\t\t\n\t\t\t\t\n\t\t\t\t\t\n\t\t\t\t\n\t\t\t<\/div>\n\n\t\t\t\t\t\t<\/div>\n\t\t\t\t<\/div>\n\t\t\t\t<div class=\"elementor-element elementor-element-4bf6e7a elementor-widget elementor-widget-text-editor\" data-id=\"4bf6e7a\" data-element_type=\"widget\" data-widget_type=\"text-editor.default\">\n\t\t\t\t\t\t\t\t\t<p>Une autre fa\u00e7on de d\u00e9couvrir la merveilleuse nature de l\u2019\u00eele d\u2019Elbe est de longer ses c\u00f4tes rocheuses en cano\u00eb, d\u2019explorer les falaises et de d\u00e9couvrir des plages ou de petites criques nich\u00e9es dans le maquis m\u00e9diterran\u00e9en.<\/p><p>Vous ne vous ennuierez jamais le long des 147 km de c\u00f4te d\u00e9coup\u00e9e, avec de magnifiques grottes et de petites baies entour\u00e9es d\u2019une mer cristalline riche en vie.<\/p>\t\t\t\t\t\t\t\t<\/div>\n\t\t\t\t<div class=\"elementor-element elementor-element-9ed2901 elementor-widget elementor-widget-heading\" data-id=\"9ed2901\" data-element_type=\"widget\" data-widget_type=\"heading.default\">\n\t\t\t\t\t<h2 class=\"elementor-heading-title elementor-size-default\">Enfola<\/h2>\t\t\t\t<\/div>\n\t\t\t\t<div class=\"elementor-element elementor-element-4a5a5a8 elementor-widget elementor-widget-text-editor\" data-id=\"4a5a5a8\" data-element_type=\"widget\" data-widget_type=\"text-editor.default\">\n\t\t\t\t\t\t\t\t\t<p>En partant du camping, vous disposez d\u2019une grande vari\u00e9t\u00e9 de paysages et d\u2019itin\u00e9raires \u00e0 parcourir en cano\u00eb.<\/p><p>Depuis le camping, vous pouvez :<\/p><ul><li>faire le tour du Capo d\u2019Enfola (2,3 km)<\/li><li>rejoindre Viticcio, Forno et Biodola (1\u20133 km)<\/li><li>explorer les plages blanches de Sansone, Seccione, Sottobomba et Capobianco (1\u20134 km)<\/li><li>arriver jusqu\u2019\u00e0 Portoferraio (5 km)<\/li><\/ul><p>Le silence de la navigation permet d\u2019approcher facilement les cormorans, les cormorans hupp\u00e9s, les go\u00e9lands leucoph\u00e9es et les go\u00e9lands d\u2019Audouin.<\/p>\t\t\t\t\t\t\t\t<\/div>\n\t\t\t\t\t<\/div>\n\t\t\t\t<\/div>\n\t\t<div class=\"elementor-element elementor-element-b9cc72f e-con-full e-flex e-con e-parent\" data-id=\"b9cc72f\" data-element_type=\"container\">\n\t\t\t\t<div class=\"elementor-element elementor-element-c44def6 elementor-widget elementor-widget-image-gallery\" data-id=\"c44def6\" data-element_type=\"widget\" data-widget_type=\"image-gallery.default\">\n\t\t\t\t\t\t\t<div class=\"elementor-image-gallery\">\n\t\t\t\n\t\t<style type=\"text\/css\">\n\t\t\t#gallery-2 {\n\t\t\t\tmargin: auto;\n\t\t\t}\n\t\t\t#gallery-2 .gallery-item {\n\t\t\t\tfloat: left;\n\t\t\t\tmargin-top: 10px;\n\t\t\t\ttext-align: center;\n\t\t\t\twidth: 33%;\n\t\t\t}\n\t\t\t#gallery-2 img {\n\t\t\t\tborder: 2px solid #cfcfcf;\n\t\t\t}\n\t\t\t#gallery-2 .gallery-caption {\n\t\t\t\tmargin-left: 0;\n\t\t\t}\n\t\t\t\/* see gallery_shortcode() in wp-includes\/media.php *\/\n\t\t<\/style>\n\t\t<div id='gallery-2' class='gallery galleryid-6396 gallery-columns-3 gallery-size-full'><dl class='gallery-item'>\n\t\t\t<dt class='gallery-icon landscape'>\n\t\t\t\t<a data-elementor-open-lightbox=\"yes\" data-elementor-lightbox-slideshow=\"c44def6\" data-elementor-lightbox-title=\"Gruppo di kayak in mare aperto\" data-e-action-hash=\"#elementor-action%3Aaction%3Dlightbox%26settings%3DeyJpZCI6NjcwNSwidXJsIjoiaHR0cHM6XC9cL3d3dy5jYW1waW5nZW5mb2xhLmNvbVwvd3AtY29udGVudFwvdXBsb2Fkc1wvMjAyNlwvMDJcLzI5MDEyMDE2XzEyMzcwOV9rYXlhay5qcGciLCJzbGlkZXNob3ciOiJjNDRkZWY2In0%3D\" href='https:\/\/www.campingenfola.com\/wp-content\/uploads\/2026\/02\/29012016_123709_kayak.jpg'><img loading=\"lazy\" decoding=\"async\" width=\"1500\" height=\"1000\" src=\"https:\/\/www.campingenfola.com\/wp-content\/uploads\/2026\/02\/29012016_123709_kayak.jpg\" class=\"attachment-full size-full\" alt=\"Gruppo di kayak in mare aperto all&#039;Isola d&#039;Elba\" srcset=\"https:\/\/www.campingenfola.com\/wp-content\/uploads\/2026\/02\/29012016_123709_kayak.jpg 1500w, https:\/\/www.campingenfola.com\/wp-content\/uploads\/2026\/02\/29012016_123709_kayak-300x200.jpg 300w, https:\/\/www.campingenfola.com\/wp-content\/uploads\/2026\/02\/29012016_123709_kayak-1024x683.jpg 1024w, https:\/\/www.campingenfola.com\/wp-content\/uploads\/2026\/02\/29012016_123709_kayak-768x512.jpg 768w, https:\/\/www.campingenfola.com\/wp-content\/uploads\/2026\/02\/29012016_123709_kayak-600x400.jpg 600w\" sizes=\"(max-width: 1500px) 100vw, 1500px\" \/><\/a>\n\t\t\t<\/dt><\/dl><dl class='gallery-item'>\n\t\t\t<dt class='gallery-icon landscape'>\n\t\t\t\t<a data-elementor-open-lightbox=\"yes\" data-elementor-lightbox-slideshow=\"c44def6\" data-elementor-lightbox-title=\"Canoa\" data-e-action-hash=\"#elementor-action%3Aaction%3Dlightbox%26settings%3DeyJpZCI6NjcwNiwidXJsIjoiaHR0cHM6XC9cL3d3dy5jYW1waW5nZW5mb2xhLmNvbVwvd3AtY29udGVudFwvdXBsb2Fkc1wvMjAyNlwvMDJcLzExMDEyMDE2XzA1MDEwMl9jYW5vYV9uZXcuanBnIiwic2xpZGVzaG93IjoiYzQ0ZGVmNiJ9\" href='https:\/\/www.campingenfola.com\/wp-content\/uploads\/2026\/02\/11012016_050102_canoa_new.jpg'><img loading=\"lazy\" decoding=\"async\" width=\"1333\" height=\"889\" src=\"https:\/\/www.campingenfola.com\/wp-content\/uploads\/2026\/02\/11012016_050102_canoa_new.jpg\" class=\"attachment-full size-full\" alt=\"Persona in canoa su acqua limpida vista dall\u2019alto tra scogli e vegetazione costiera\" srcset=\"https:\/\/www.campingenfola.com\/wp-content\/uploads\/2026\/02\/11012016_050102_canoa_new.jpg 1333w, https:\/\/www.campingenfola.com\/wp-content\/uploads\/2026\/02\/11012016_050102_canoa_new-300x200.jpg 300w, https:\/\/www.campingenfola.com\/wp-content\/uploads\/2026\/02\/11012016_050102_canoa_new-1024x683.jpg 1024w, https:\/\/www.campingenfola.com\/wp-content\/uploads\/2026\/02\/11012016_050102_canoa_new-768x512.jpg 768w, https:\/\/www.campingenfola.com\/wp-content\/uploads\/2026\/02\/11012016_050102_canoa_new-600x400.jpg 600w\" sizes=\"(max-width: 1333px) 100vw, 1333px\" \/><\/a>\n\t\t\t<\/dt><\/dl><dl class='gallery-item'>\n\t\t\t<dt class='gallery-icon landscape'>\n\t\t\t\t<a data-elementor-open-lightbox=\"yes\" data-elementor-lightbox-slideshow=\"c44def6\" data-elementor-lightbox-title=\"c-enfola_20250919_193334\" data-e-action-hash=\"#elementor-action%3Aaction%3Dlightbox%26settings%3DeyJpZCI6ODUwOSwidXJsIjoiaHR0cHM6XC9cL3d3dy5jYW1waW5nZW5mb2xhLmNvbVwvd3AtY29udGVudFwvdXBsb2Fkc1wvMjAyNlwvMDNcL2MtZW5mb2xhXzIwMjUwOTE5XzE5MzMzNC5qcGciLCJzbGlkZXNob3ciOiJjNDRkZWY2In0%3D\" href='https:\/\/www.campingenfola.com\/wp-content\/uploads\/2026\/03\/c-enfola_20250919_193334.jpg'><img loading=\"lazy\" decoding=\"async\" width=\"1920\" height=\"1280\" src=\"https:\/\/www.campingenfola.com\/wp-content\/uploads\/2026\/03\/c-enfola_20250919_193334.jpg\" class=\"attachment-full size-full\" alt=\"\" srcset=\"https:\/\/www.campingenfola.com\/wp-content\/uploads\/2026\/03\/c-enfola_20250919_193334.jpg 1920w, https:\/\/www.campingenfola.com\/wp-content\/uploads\/2026\/03\/c-enfola_20250919_193334-300x200.jpg 300w, https:\/\/www.campingenfola.com\/wp-content\/uploads\/2026\/03\/c-enfola_20250919_193334-1024x683.jpg 1024w, https:\/\/www.campingenfola.com\/wp-content\/uploads\/2026\/03\/c-enfola_20250919_193334-768x512.jpg 768w, https:\/\/www.campingenfola.com\/wp-content\/uploads\/2026\/03\/c-enfola_20250919_193334-1536x1024.jpg 1536w\" sizes=\"(max-width: 1920px) 100vw, 1920px\" \/><\/a>\n\t\t\t<\/dt><\/dl><br style=\"clear: both\" \/>\n\t\t<\/div>\n\t\t<\/div>\n\t\t\t\t\t\t<\/div>\n\t\t\t\t<\/div>\n\t\t\t\t<section class=\"elementor-section elementor-top-section elementor-element elementor-element-35cd7e9 elementor-section-content-middle elementor-section-boxed elementor-section-height-default elementor-section-height-default\" data-id=\"35cd7e9\" data-element_type=\"section\" id=\"natation\">\n\t\t\t\t\t\t<div class=\"elementor-container elementor-column-gap-no\">\n\t\t\t\t\t<div class=\"elementor-column elementor-col-50 elementor-top-column elementor-element elementor-element-5eb9550\" data-id=\"5eb9550\" data-element_type=\"column\">\n\t\t\t<div class=\"elementor-widget-wrap elementor-element-populated\">\n\t\t\t\t\t\t<div class=\"elementor-element elementor-element-31ca3df elementor-widget elementor-widget-vedhak_elementor_heading\" data-id=\"31ca3df\" data-element_type=\"widget\" data-widget_type=\"vedhak_elementor_heading.default\">\n\t\t\t\t<div class=\"elementor-widget-container\">\n\t\t\t\t\t\t\t\t<div class=\"ova-heading template1\">\n\n\t\t\t\t\n\t\t\t\t\t<h2 class=\"sub-title\">\n\n\t\t\t\t\t\t \n\t\t\t\t\t\t\t\t\t\t\t\t\t<span class=\"line-decoration\"><\/span>\n\t\t\t\t\t\t\n\t\t\t\t\t\tItin\u00e9raires de nage le long de la c\u00f4te\n\t\t\t\t\t<\/h2>\n\n\t\t\t\t\n\t\t\t\t\n\t\t\t\t\t\n\t\t\t\t\t\t<h3 class=\"title\"><span class=\"title-bold\">Natation\n<\/span><span class=\"title-normal\">en eau libre<\/span><\/h3>\n\n\t\t\t\t\t\n\n\t\t\t\t\t\t\t\t\t\n\t\t\t\t\n\t\t\t\t\n\t\t\t\t\t\n\t\t\t\t\n\t\t\t<\/div>\n\n\t\t\t\t\t\t<\/div>\n\t\t\t\t<\/div>\n\t\t\t\t<div class=\"elementor-element elementor-element-7c6f12c elementor-widget elementor-widget-text-editor\" data-id=\"7c6f12c\" data-element_type=\"widget\" data-widget_type=\"text-editor.default\">\n\t\t\t\t\t\t\t\t\t<p>Pour les amateurs de nage en mer, l\u2019Enfola offre des parcours naturels s\u00fbrs et suggestifs :<\/p><ul><li>Tour du Capo d\u2019Enfola (2,3 km)<\/li><li>Enfola &#8211; Sansone &#8211; Acquaviva &#8211; Enfola(km 2,6)<\/li><li>Enfola &#8211; Punta Penisola -Enfola (km 4,2)<\/li><li>Enfola &#8211; Portoferraio (km 5,5)<\/li><\/ul><p>Eaux limpides, fonds transparents et paysages toujours diff\u00e9rents accompagnent chaque mouvement.<\/p>\t\t\t\t\t\t\t\t<\/div>\n\t\t\t\t\t<\/div>\n\t\t<\/div>\n\t\t\t\t<div class=\"elementor-column elementor-col-50 elementor-top-column elementor-element elementor-element-43f6ead vedhak_stretch_column_right\" data-id=\"43f6ead\" data-element_type=\"column\">\n\t\t\t<div class=\"elementor-widget-wrap elementor-element-populated\">\n\t\t\t\t\t\t<div class=\"elementor-element elementor-element-429c0f9 elementor-widget elementor-widget-image\" data-id=\"429c0f9\" data-element_type=\"widget\" data-widget_type=\"image.default\">\n\t\t\t\t\t\t\t\t\t\t\t\t\t\t\t<img loading=\"lazy\" decoding=\"async\" width=\"1600\" height=\"1067\" src=\"https:\/\/www.campingenfola.com\/wp-content\/uploads\/2026\/02\/IMG-20151012-WA0009-nuoto.jpg\" class=\"attachment-full size-full wp-image-6397\" alt=\"Nuotatori in mare davanti alla spiaggia dell\u2019Enfola con la costa e gli edifici sullo sfondo\" srcset=\"https:\/\/www.campingenfola.com\/wp-content\/uploads\/2026\/02\/IMG-20151012-WA0009-nuoto.jpg 1600w, https:\/\/www.campingenfola.com\/wp-content\/uploads\/2026\/02\/IMG-20151012-WA0009-nuoto-300x200.jpg 300w, https:\/\/www.campingenfola.com\/wp-content\/uploads\/2026\/02\/IMG-20151012-WA0009-nuoto-1024x683.jpg 1024w, https:\/\/www.campingenfola.com\/wp-content\/uploads\/2026\/02\/IMG-20151012-WA0009-nuoto-768x512.jpg 768w, https:\/\/www.campingenfola.com\/wp-content\/uploads\/2026\/02\/IMG-20151012-WA0009-nuoto-1536x1024.jpg 1536w, https:\/\/www.campingenfola.com\/wp-content\/uploads\/2026\/02\/IMG-20151012-WA0009-nuoto-600x400.jpg 600w\" sizes=\"(max-width: 1600px) 100vw, 1600px\" \/>\t\t\t\t\t\t\t\t\t\t\t\t\t\t\t<\/div>\n\t\t\t\t\t<\/div>\n\t\t<\/div>\n\t\t\t\t\t<\/div>\n\t\t<\/section>\n\t\t<div class=\"elementor-element elementor-element-9192e8f e-con-full e-flex e-con e-parent\" data-id=\"9192e8f\" data-element_type=\"container\">\n\t\t\t\t<div class=\"elementor-element elementor-element-4281e7d elementor-widget elementor-widget-vedhak_elementor_heading\" data-id=\"4281e7d\" data-element_type=\"widget\" data-widget_type=\"vedhak_elementor_heading.default\">\n\t\t\t\t<div class=\"elementor-widget-container\">\n\t\t\t\t\t\t\t\t<div class=\"ova-heading template2\">\n\n\t\t\t\t\n\t\t\t\t\t\t\t\t\t<div class=\"wrap-content\">\n\t\t\t\t\n\t\t\t\t\t\t\t\t\t\t\n\t\t\t\t\t\t<h3 class=\"title\"><a href=\"https:\/\/www.siriobluevision.it\/mappeinterattive\/portoferraio50x70lugl2025\/\" target=\"_blank\" ><span class=\"title-bold\">Plages, sports et activit\u00e9s<\/span><span class=\"title-normal\"><\/span><\/a><\/h3>\n\n\t\t\t\t\t\n\n\t\t\t\t\t\n\t\t\t\t\t\t\t\t\t\t\t\t\t<a href=\"https:\/\/www.siriobluevision.it\/mappeinterattive\/portoferraio50x70lugl2025\/\" class=\"button-readmore \" \n\t\t\t\t\t\t\t\ttarget=\"_self\" >\n\n\t\t\t\t\t\t\t\tOuvrir la carte\n\t\t\t\t\t\t\t\t<i class=\"fas fa-angle-double-right\"><\/i>\n\t\t\t\t\t\t\t\t\n\t\t\t\t\t\t\t<\/a>\n\t\t\t\t\t\t\n\t\t\t\t\t\t<div class=\"background\">\n\t\t\t\t\t\t\tEnfola\t\t\t\t\t\t<\/div>\n\n\t\t\t\t\t\t\t\t\t\n\t\t\t\t\t\t\t\t\t<\/div>\n\t\t\t\t\n\t\t\t\t\n\t\t\t<\/div>\n\n\t\t\t\t\t\t<\/div>\n\t\t\t\t<\/div>\n\t\t\t\t<\/div>\n\t\t\t\t<\/div>\n\t\t","protected":false},"excerpt":{"rendered":"<p>Randonn\u00e9e, v\u00e9lo, mer et nature Activit\u00e9s en plein air \u00e0 Enfola \u00c0 Enfola, les vacances deviennent mouvement, nature et libert\u00e9.Sentiers panoramiques \u00e0 parcourir \u00e0 pied ou en VTT, portions de c\u00f4te \u00e0 explorer en cano\u00eb, promenades r\u00e9g\u00e9n\u00e9rantes dans le maquis m\u00e9diterran\u00e9en et itin\u00e9raires en mer pour la nage en eau libre : chaque activit\u00e9 part [&hellip;]<\/p>\n","protected":false},"author":2,"featured_media":0,"parent":0,"menu_order":0,"comment_status":"closed","ping_status":"closed","template":"elementor_header_footer","meta":{"footnotes":""},"class_list":["post-6396","page","type-page","status-publish","hentry"],"_links":{"self":[{"href":"https:\/\/www.campingenfola.com\/fr\/wp-json\/wp\/v2\/pages\/6396","targetHints":{"allow":["GET"]}}],"collection":[{"href":"https:\/\/www.campingenfola.com\/fr\/wp-json\/wp\/v2\/pages"}],"about":[{"href":"https:\/\/www.campingenfola.com\/fr\/wp-json\/wp\/v2\/types\/page"}],"author":[{"embeddable":true,"href":"https:\/\/www.campingenfola.com\/fr\/wp-json\/wp\/v2\/users\/2"}],"replies":[{"embeddable":true,"href":"https:\/\/www.campingenfola.com\/fr\/wp-json\/wp\/v2\/comments?post=6396"}],"version-history":[{"count":5,"href":"https:\/\/www.campingenfola.com\/fr\/wp-json\/wp\/v2\/pages\/6396\/revisions"}],"predecessor-version":[{"id":8582,"href":"https:\/\/www.campingenfola.com\/fr\/wp-json\/wp\/v2\/pages\/6396\/revisions\/8582"}],"wp:attachment":[{"href":"https:\/\/www.campingenfola.com\/fr\/wp-json\/wp\/v2\/media?parent=6396"}],"curies":[{"name":"wp","href":"https:\/\/api.w.org\/{rel}","templated":true}]}}