{"id":6425,"date":"2026-01-29T16:13:57","date_gmt":"2026-01-29T15:13:57","guid":{"rendered":"http:\/\/campingenfola.youelba.com\/comfort-e-servizi\/"},"modified":"2026-03-12T12:53:31","modified_gmt":"2026-03-12T11:53:31","slug":"komfort-und-service","status":"publish","type":"page","link":"https:\/\/www.campingenfola.com\/de\/komfort-und-service\/","title":{"rendered":"Komfort und Service"},"content":{"rendered":"\t\t<div data-elementor-type=\"wp-page\" data-elementor-id=\"6425\" class=\"elementor elementor-6425 elementor-4625\">\n\t\t\t\t<div class=\"elementor-element elementor-element-14b8d82 e-flex e-con-boxed e-con e-parent\" data-id=\"14b8d82\" data-element_type=\"container\">\n\t\t\t\t\t<div class=\"e-con-inner\">\n\t\t<div class=\"elementor-element elementor-element-3189954 e-con-full e-flex elementor-invisible e-con e-child\" data-id=\"3189954\" data-element_type=\"container\" data-settings=\"{&quot;animation&quot;:&quot;fadeIn&quot;}\">\n\t\t\t\t<div class=\"elementor-element elementor-element-1de401f elementor-widget elementor-widget-vedhak_elementor_heading\" data-id=\"1de401f\" data-element_type=\"widget\" data-widget_type=\"vedhak_elementor_heading.default\">\n\t\t\t\t<div class=\"elementor-widget-container\">\n\t\t\t\t\t\t\t\t<div class=\"ova-heading template1\">\n\n\t\t\t\t\n\t\t\t\t\t<h2 class=\"sub-title\">\n\n\t\t\t\t\t\t \n\t\t\t\t\t\t\t\t\t\t\t\t\t<span class=\"line-decoration\"><\/span>\n\t\t\t\t\t\t\n\t\t\t\t\t\tCamping und Unterk\u00fcnfte\n\t\t\t\t\t<\/h2>\n\n\t\t\t\t\n\t\t\t\t\n\t\t\t\t\t\n\t\t\t\t\t\t<h3 class=\"title\"><span class=\"title-bold\">Komfort und Services<\/span><span class=\"title-normal\"><\/span><\/h3>\n\n\t\t\t\t\t\n\n\t\t\t\t\t\t\t\t\t\n\t\t\t\t\n\t\t\t\t\n\t\t\t\t\t\n\t\t\t\t\n\t\t\t<\/div>\n\n\t\t\t\t\t\t<\/div>\n\t\t\t\t<\/div>\n\t\t\t\t<\/div>\n\t\t<div class=\"elementor-element elementor-element-57eaf75 e-con-full e-flex e-con e-child\" data-id=\"57eaf75\" data-element_type=\"container\">\n\t\t\t\t<div class=\"elementor-element elementor-element-7c175a7 elementor-widget elementor-widget-text-editor\" data-id=\"7c175a7\" data-element_type=\"widget\" data-widget_type=\"text-editor.default\">\n\t\t\t\t\t\t\t\t\t<p>Camping Enfola bietet eine Reihe von Services, die den Aufenthalt praktisch, entspannend und angenehm machen, in einer gepflegten nat\u00fcrlichen Umgebung, die auf die Bed\u00fcrfnisse der G\u00e4ste ausgerichtet ist.<\/p><p>Vom Empfang bis zur Organisation des t\u00e4glichen Lebens tr\u00e4gt jeder Service dazu bei, eine ruhige und funktionale Atmosph\u00e4re zu schaffen, geeignet sowohl f\u00fcr Familien als auch f\u00fcr G\u00e4ste, die das Meer und die Insel Elba auf einfache Weise erleben m\u00f6chten.<\/p>\t\t\t\t\t\t\t\t<\/div>\n\t\t\t\t<\/div>\n\t\t\t\t\t<\/div>\n\t\t\t\t<\/div>\n\t\t<div class=\"elementor-element elementor-element-423d7b3 e-flex e-con-boxed e-con e-parent\" data-id=\"423d7b3\" data-element_type=\"container\" id=\"restaurants\">\n\t\t\t\t\t<div class=\"e-con-inner\">\n\t\t\t\t<div class=\"elementor-element elementor-element-bc884b4 elementor-widget elementor-widget-vedhak_elementor_heading\" data-id=\"bc884b4\" data-element_type=\"widget\" data-widget_type=\"vedhak_elementor_heading.default\">\n\t\t\t\t<div class=\"elementor-widget-container\">\n\t\t\t\t\t\t\t\t<div class=\"ova-heading template1\">\n\n\t\t\t\t\n\t\t\t\t\n\t\t\t\t\t\n\t\t\t\t\t\t<h3 class=\"title\"><span class=\"title-bold\"><\/span><span class=\"title-normal\">Restaurant und Bar Enfola \u201eOsteria di Mare\u201c<\/span><\/h3>\n\n\t\t\t\t\t\n\n\t\t\t\t\t\t\t\t\t\n\t\t\t\t\n\t\t\t\t\n\t\t\t\t\t\n\t\t\t\t\n\t\t\t<\/div>\n\n\t\t\t\t\t\t<\/div>\n\t\t\t\t<\/div>\n\t\t\t\t<div class=\"elementor-element elementor-element-368c1ae elementor-widget elementor-widget-text-editor\" data-id=\"368c1ae\" data-element_type=\"widget\" data-widget_type=\"text-editor.default\">\n\t\t\t\t\t\t\t\t\t<p>Innerhalb des Campingplatzes und direkt am Meer gelegen, mit Panoramaterrasse \u00fcber dem Golf von Enfola und spektakul\u00e4ren Sonnenunterg\u00e4ngen, ist die Osteria di Mare der ideale Ort f\u00fcr einen Aperitif mit Meerblick, ein leichtes Mittagessen oder ein romantisches Abendessen.<\/p><p>Im Mittelpunkt steht frisch gefangener Fisch, im Ofen mit Gem\u00fcse zubereitet und t\u00e4glich je nach Fang ausgew\u00e4hlt (Petersfisch, Dorade, Rotbarsch und andere saisonale Arten). Es wird ausschlie\u00dflich frisch gefangener Fisch serviert, niemals tiefgek\u00fchlt oder aus Zucht.<\/p><p>Auf der Speisekarte stehen au\u00dferdem Gerichte der elbanischen Fischereitradition, Thunfischtatar, Carbonara di mare, Sardellen, frittierter Oktopus und hausgemachte Desserts. Umfangreiche Weinkarte mit einer Auswahl an Weinen von Elba sowie italienischen und franz\u00f6sischen Etiketten.<\/p>\t\t\t\t\t\t\t\t<\/div>\n\t\t\t\t\t<\/div>\n\t\t\t\t<\/div>\n\t\t<div class=\"elementor-element elementor-element-2c72a38 e-flex e-con-boxed e-con e-child\" data-id=\"2c72a38\" data-element_type=\"container\">\n\t\t\t\t\t<div class=\"e-con-inner\">\n\t\t<div class=\"elementor-element elementor-element-1016520 e-con-full e-flex e-con e-child\" data-id=\"1016520\" data-element_type=\"container\">\n\t\t\t\t<div class=\"elementor-element elementor-element-5ce5d31 elementor-widget elementor-widget-vedhak_elementor_icon_box\" data-id=\"5ce5d31\" data-element_type=\"widget\" data-widget_type=\"vedhak_elementor_icon_box.default\">\n\t\t\t\t<div class=\"elementor-widget-container\">\n\t\t\t\t\t\n\t\t<div class=\"ova-icon-box template4\"> \n\n\t\t\t\t\t\t\t<a class=\"iconbox\" href=\"#\" >\n\t\t\t\t\n\n\t\t\t\t\t\t\t\t\t<span class=\"icon\">\n\t\t\t\t\t\t<i class=\"ovaicon ovaicon-alarm-clock\"><\/i>\n\t\t\t\t\t<\/span>\n\t\t\t\t\t\t\t\t\n\t\t\t\t<div class=\"content\">\n\t\t\t\t\t\t\t\t\t\t\t<h3 class=\"title\">\n\t\t\t\t\t\t\t\u00d6ffnungszeiten der Bar\t\t\t\t\t\t<\/h3>\n\t                \n\t                \t\t\t\t\t\t<p class=\"description\">\n\t\t\t\t\t\t\t8:30 - 23:00\t\t\t\t\t\t<\/p>\n\t\t\t\t\t\t\t\t\t<\/div>\n\t\t\t\t\n\t\t\t\t\t\t\t\t\t<div class=\"line-decoration\"><\/div>\n\t\t\t\t\n\t\t\t\t\n\n\t\t\t\t\t\t\t<\/a> \n\t\t\t\t\n\n\t\t<\/div>\n\n\t\t\t\t\t\t<\/div>\n\t\t\t\t<\/div>\n\t\t\t\t<\/div>\n\t\t<div class=\"elementor-element elementor-element-4dde4a8 e-con-full e-flex e-con e-child\" data-id=\"4dde4a8\" data-element_type=\"container\">\n\t\t\t\t<div class=\"elementor-element elementor-element-26b767a elementor-widget elementor-widget-vedhak_elementor_icon_box\" data-id=\"26b767a\" data-element_type=\"widget\" data-widget_type=\"vedhak_elementor_icon_box.default\">\n\t\t\t\t<div class=\"elementor-widget-container\">\n\t\t\t\t\t\n\t\t<div class=\"ova-icon-box template4\"> \n\n\t\t\t\t\t\t\t<a class=\"iconbox\" href=\"#\" >\n\t\t\t\t\n\n\t\t\t\t\t\t\t\t\t<span class=\"icon\">\n\t\t\t\t\t\t<i class=\"flaticon flaticon-032-eat\"><\/i>\n\t\t\t\t\t<\/span>\n\t\t\t\t\t\t\t\t\n\t\t\t\t<div class=\"content\">\n\t\t\t\t\t\t\t\t\t\t\t<h3 class=\"title\">\n\t\t\t\t\t\t\tRestaurantservice\t\t\t\t\t\t<\/h3>\n\t                \n\t                \t\t\t\t\t\t<p class=\"description\">\n\t\t\t\t\t\t\t12:30 - 14:30 und 19:30 - 22:00\t\t\t\t\t\t<\/p>\n\t\t\t\t\t\t\t\t\t<\/div>\n\t\t\t\t\n\t\t\t\t\t\t\t\t\t<div class=\"line-decoration\"><\/div>\n\t\t\t\t\n\t\t\t\t\n\n\t\t\t\t\t\t\t<\/a> \n\t\t\t\t\n\n\t\t<\/div>\n\n\t\t\t\t\t\t<\/div>\n\t\t\t\t<\/div>\n\t\t\t\t<\/div>\n\t\t\t\t\t<\/div>\n\t\t\t\t<\/div>\n\t\t<div class=\"elementor-element elementor-element-aea131d e-con-full e-flex e-con e-parent\" data-id=\"aea131d\" data-element_type=\"container\">\n\t\t\t\t<div class=\"elementor-element elementor-element-7748933 elementor-widget elementor-widget-image-gallery\" data-id=\"7748933\" data-element_type=\"widget\" data-widget_type=\"image-gallery.default\">\n\t\t\t\t\t\t\t<div class=\"elementor-image-gallery\">\n\t\t\t\n\t\t<style type=\"text\/css\">\n\t\t\t#gallery-1 {\n\t\t\t\tmargin: auto;\n\t\t\t}\n\t\t\t#gallery-1 .gallery-item {\n\t\t\t\tfloat: left;\n\t\t\t\tmargin-top: 10px;\n\t\t\t\ttext-align: center;\n\t\t\t\twidth: 25%;\n\t\t\t}\n\t\t\t#gallery-1 img {\n\t\t\t\tborder: 2px solid #cfcfcf;\n\t\t\t}\n\t\t\t#gallery-1 .gallery-caption {\n\t\t\t\tmargin-left: 0;\n\t\t\t}\n\t\t\t\/* see gallery_shortcode() in wp-includes\/media.php *\/\n\t\t<\/style>\n\t\t<div id='gallery-1' class='gallery galleryid-6425 gallery-columns-4 gallery-size-vedhak_thumbnail'><dl class='gallery-item'>\n\t\t\t<dt class='gallery-icon landscape'>\n\t\t\t\t<a data-elementor-open-lightbox=\"yes\" data-elementor-lightbox-slideshow=\"7748933\" data-elementor-lightbox-title=\"Terrazza ombreggiata dell\u2019Osteria di Mare\" data-e-action-hash=\"#elementor-action%3Aaction%3Dlightbox%26settings%3DeyJpZCI6NjkzMywidXJsIjoiaHR0cHM6XC9cL3d3dy5jYW1waW5nZW5mb2xhLmNvbVwvd3AtY29udGVudFwvdXBsb2Fkc1wvMjAyNlwvMDFcLzAwNjFfYy1lbmZvbGEtb3N0ZXJpYS1kaS1tYXJlLmpwZyIsInNsaWRlc2hvdyI6Ijc3NDg5MzMifQ%3D%3D\" href='https:\/\/www.campingenfola.com\/wp-content\/uploads\/2026\/01\/0061_c-enfola-osteria-di-mare.jpg'><img fetchpriority=\"high\" decoding=\"async\" width=\"768\" height=\"660\" src=\"https:\/\/www.campingenfola.com\/wp-content\/uploads\/2026\/01\/0061_c-enfola-osteria-di-mare-768x660.jpg\" class=\"attachment-vedhak_thumbnail size-vedhak_thumbnail\" alt=\"Terrazza ombreggiata dell\u2019Osteria di Mare con tavoli affacciati sul mare\" aria-describedby=\"gallery-1-6933\" \/><\/a>\n\t\t\t<\/dt>\n\t\t\t\t<dd class='wp-caption-text gallery-caption' id='gallery-1-6933'>\n\t\t\t\tphoto by: Ducci Cesare Fotografia (www.duccifotografia.it)\n\t\t\t\t<\/dd><\/dl><dl class='gallery-item'>\n\t\t\t<dt class='gallery-icon portrait'>\n\t\t\t\t<a data-elementor-open-lightbox=\"yes\" data-elementor-lightbox-slideshow=\"7748933\" data-elementor-lightbox-title=\"Osteria di Mare\" data-e-action-hash=\"#elementor-action%3Aaction%3Dlightbox%26settings%3DeyJpZCI6NjkzOSwidXJsIjoiaHR0cHM6XC9cL3d3dy5jYW1waW5nZW5mb2xhLmNvbVwvd3AtY29udGVudFwvdXBsb2Fkc1wvMjAyNlwvMDNcL29zdGVyaWEtZGktbWFyZV9mcml0dHVyYS5qcGciLCJzbGlkZXNob3ciOiI3NzQ4OTMzIn0%3D\" href='https:\/\/www.campingenfola.com\/wp-content\/uploads\/2026\/03\/osteria-di-mare_frittura.jpg'><img decoding=\"async\" width=\"768\" height=\"660\" src=\"https:\/\/www.campingenfola.com\/wp-content\/uploads\/2026\/03\/osteria-di-mare_frittura-768x660.jpg\" class=\"attachment-vedhak_thumbnail size-vedhak_thumbnail\" alt=\"Frittura di pesce con scampi e calamari servita all\u2019Osteria di Mare con calice di vino bianco\" \/><\/a>\n\t\t\t<\/dt><\/dl><dl class='gallery-item'>\n\t\t\t<dt class='gallery-icon landscape'>\n\t\t\t\t<a data-elementor-open-lightbox=\"yes\" data-elementor-lightbox-slideshow=\"7748933\" data-elementor-lightbox-title=\"Osteria di Mare\" data-e-action-hash=\"#elementor-action%3Aaction%3Dlightbox%26settings%3DeyJpZCI6NjkzNiwidXJsIjoiaHR0cHM6XC9cL3d3dy5jYW1waW5nZW5mb2xhLmNvbVwvd3AtY29udGVudFwvdXBsb2Fkc1wvMjAyNlwvMDNcL29zdGVyaWEtZGktbWFyZV9mcml0dHVyYTIuanBnIiwic2xpZGVzaG93IjoiNzc0ODkzMyJ9\" href='https:\/\/www.campingenfola.com\/wp-content\/uploads\/2026\/03\/osteria-di-mare_frittura2.jpg'><img decoding=\"async\" width=\"768\" height=\"660\" src=\"https:\/\/www.campingenfola.com\/wp-content\/uploads\/2026\/03\/osteria-di-mare_frittura2-768x660.jpg\" class=\"attachment-vedhak_thumbnail size-vedhak_thumbnail\" alt=\"Piatto di pesce servito sulla terrazza panoramica dell\u2019Osteria di Mare\" \/><\/a>\n\t\t\t<\/dt><\/dl><dl class='gallery-item'>\n\t\t\t<dt class='gallery-icon portrait'>\n\t\t\t\t<a data-elementor-open-lightbox=\"yes\" data-elementor-lightbox-slideshow=\"7748933\" data-elementor-lightbox-title=\"Osteria di Mare\" data-e-action-hash=\"#elementor-action%3Aaction%3Dlightbox%26settings%3DeyJpZCI6NjkzOCwidXJsIjoiaHR0cHM6XC9cL3d3dy5jYW1waW5nZW5mb2xhLmNvbVwvd3AtY29udGVudFwvdXBsb2Fkc1wvMjAyNlwvMDNcL29zdGVyaWEtZGktbWFyZV9jcnVkby1wZXNjZS5qcGciLCJzbGlkZXNob3ciOiI3NzQ4OTMzIn0%3D\" href='https:\/\/www.campingenfola.com\/wp-content\/uploads\/2026\/03\/osteria-di-mare_crudo-pesce.jpg'><img loading=\"lazy\" decoding=\"async\" width=\"768\" height=\"660\" src=\"https:\/\/www.campingenfola.com\/wp-content\/uploads\/2026\/03\/osteria-di-mare_crudo-pesce-768x660.jpg\" class=\"attachment-vedhak_thumbnail size-vedhak_thumbnail\" alt=\"Crudo di mare con scampi, gamberi e ostrica servito sulla terrazza vista mare\" \/><\/a>\n\t\t\t<\/dt><\/dl><br style=\"clear: both\" \/><dl class='gallery-item'>\n\t\t\t<dt class='gallery-icon landscape'>\n\t\t\t\t<a data-elementor-open-lightbox=\"yes\" data-elementor-lightbox-slideshow=\"7748933\" data-elementor-lightbox-title=\"Terrazza dell\u2019Osteria di Mare vista baia\" data-e-action-hash=\"#elementor-action%3Aaction%3Dlightbox%26settings%3DeyJpZCI6NjkzNCwidXJsIjoiaHR0cHM6XC9cL3d3dy5jYW1waW5nZW5mb2xhLmNvbVwvd3AtY29udGVudFwvdXBsb2Fkc1wvMjAyNlwvMDJcLzAwMTZfYy1lbmZvbGEtb3N0ZXJpYS1kaS1tYXJlLmpwZyIsInNsaWRlc2hvdyI6Ijc3NDg5MzMifQ%3D%3D\" href='https:\/\/www.campingenfola.com\/wp-content\/uploads\/2026\/02\/0016_c-enfola-osteria-di-mare.jpg'><img loading=\"lazy\" decoding=\"async\" width=\"768\" height=\"660\" src=\"https:\/\/www.campingenfola.com\/wp-content\/uploads\/2026\/02\/0016_c-enfola-osteria-di-mare-768x660.jpg\" class=\"attachment-vedhak_thumbnail size-vedhak_thumbnail\" alt=\"Terrazza dell\u2019Osteria di Mare al Camping Enfola con tavoli all\u2019aperto vista mare\" aria-describedby=\"gallery-1-6934\" \/><\/a>\n\t\t\t<\/dt>\n\t\t\t\t<dd class='wp-caption-text gallery-caption' id='gallery-1-6934'>\n\t\t\t\tphoto by: Ducci Cesare Fotografia (www.duccifotografia.it)\n\t\t\t\t<\/dd><\/dl><dl class='gallery-item'>\n\t\t\t<dt class='gallery-icon landscape'>\n\t\t\t\t<a data-elementor-open-lightbox=\"yes\" data-elementor-lightbox-slideshow=\"7748933\" data-elementor-lightbox-title=\"Terrazza panoramica sul mare dell\u2019Enfola\" data-e-action-hash=\"#elementor-action%3Aaction%3Dlightbox%26settings%3DeyJpZCI6NjkzMiwidXJsIjoiaHR0cHM6XC9cL3d3dy5jYW1waW5nZW5mb2xhLmNvbVwvd3AtY29udGVudFwvdXBsb2Fkc1wvMjAyNlwvMDFcLzAwNjJfYy1lbmZvbGEtb3N0ZXJpYS1kaS1tYXJlLmpwZyIsInNsaWRlc2hvdyI6Ijc3NDg5MzMifQ%3D%3D\" href='https:\/\/www.campingenfola.com\/wp-content\/uploads\/2026\/01\/0062_c-enfola-osteria-di-mare.jpg'><img loading=\"lazy\" decoding=\"async\" width=\"768\" height=\"660\" src=\"https:\/\/www.campingenfola.com\/wp-content\/uploads\/2026\/01\/0062_c-enfola-osteria-di-mare-768x660.jpg\" class=\"attachment-vedhak_thumbnail size-vedhak_thumbnail\" alt=\"Terrazza panoramica dell\u2019Osteria di Mare con vista sulla costa dell\u2019Enfola\" aria-describedby=\"gallery-1-6932\" \/><\/a>\n\t\t\t<\/dt>\n\t\t\t\t<dd class='wp-caption-text gallery-caption' id='gallery-1-6932'>\n\t\t\t\tphoto by: Ducci Cesare Fotografia (www.duccifotografia.it)\n\t\t\t\t<\/dd><\/dl><dl class='gallery-item'>\n\t\t\t<dt class='gallery-icon portrait'>\n\t\t\t\t<a data-elementor-open-lightbox=\"yes\" data-elementor-lightbox-slideshow=\"7748933\" data-elementor-lightbox-title=\"Osteria di Mare\" data-e-action-hash=\"#elementor-action%3Aaction%3Dlightbox%26settings%3DeyJpZCI6NjkzNywidXJsIjoiaHR0cHM6XC9cL3d3dy5jYW1waW5nZW5mb2xhLmNvbVwvd3AtY29udGVudFwvdXBsb2Fkc1wvMjAyNlwvMDNcL29zdGVyaWEtZGktbWFyZV90YWdsaWF0YS1wZXNjZS5qcGciLCJzbGlkZXNob3ciOiI3NzQ4OTMzIn0%3D\" href='https:\/\/www.campingenfola.com\/wp-content\/uploads\/2026\/03\/osteria-di-mare_tagliata-pesce.jpg'><img loading=\"lazy\" decoding=\"async\" width=\"768\" height=\"660\" src=\"https:\/\/www.campingenfola.com\/wp-content\/uploads\/2026\/03\/osteria-di-mare_tagliata-pesce-768x660.jpg\" class=\"attachment-vedhak_thumbnail size-vedhak_thumbnail\" alt=\"Tagliata di tonno con rucola e pomodorini servita vista mare nella baia di Enfola\" \/><\/a>\n\t\t\t<\/dt><\/dl><dl class='gallery-item'>\n\t\t\t<dt class='gallery-icon portrait'>\n\t\t\t\t<a data-elementor-open-lightbox=\"yes\" data-elementor-lightbox-slideshow=\"7748933\" data-elementor-lightbox-title=\"Osteria di Mare\" data-e-action-hash=\"#elementor-action%3Aaction%3Dlightbox%26settings%3DeyJpZCI6NjkzNSwidXJsIjoiaHR0cHM6XC9cL3d3dy5jYW1waW5nZW5mb2xhLmNvbVwvd3AtY29udGVudFwvdXBsb2Fkc1wvMjAyNlwvMDNcL29zdGVyaWEtZGktbWFyZV90cmFtb250by5qcGciLCJzbGlkZXNob3ciOiI3NzQ4OTMzIn0%3D\" href='https:\/\/www.campingenfola.com\/wp-content\/uploads\/2026\/03\/osteria-di-mare_tramonto.jpg'><img loading=\"lazy\" decoding=\"async\" width=\"768\" height=\"660\" src=\"https:\/\/www.campingenfola.com\/wp-content\/uploads\/2026\/03\/osteria-di-mare_tramonto-768x660.jpg\" class=\"attachment-vedhak_thumbnail size-vedhak_thumbnail\" alt=\"Cena al tramonto all\u2019Osteria di Mare con tavolo affacciato sul mare\" \/><\/a>\n\t\t\t<\/dt><\/dl><br style=\"clear: both\" \/>\n\t\t<\/div>\n\t\t<\/div>\n\t\t\t\t\t\t<\/div>\n\t\t\t\t<\/div>\n\t\t<div class=\"elementor-element elementor-element-aa7717a e-flex e-con-boxed e-con e-parent\" data-id=\"aa7717a\" data-element_type=\"container\">\n\t\t\t\t\t<div class=\"e-con-inner\">\n\t\t\t\t<div class=\"elementor-element elementor-element-4f796b1 elementor-widget elementor-widget-vedhak_elementor_heading\" data-id=\"4f796b1\" data-element_type=\"widget\" data-widget_type=\"vedhak_elementor_heading.default\">\n\t\t\t\t<div class=\"elementor-widget-container\">\n\t\t\t\t\t\t\t\t<div class=\"ova-heading template1\">\n\n\t\t\t\t\n\t\t\t\t\n\t\t\t\t\t\n\t\t\t\t\t\t<h3 class=\"title\"><span class=\"title-bold\">Rabatte <\/span><span class=\"title-normal\">und Sonderangebote<\/span><\/h3>\n\n\t\t\t\t\t\n\n\t\t\t\t\t\t\t\t\t\n\t\t\t\t\n\t\t\t\t\n\t\t\t\t\t\n\t\t\t\t\n\t\t\t<\/div>\n\n\t\t\t\t\t\t<\/div>\n\t\t\t\t<\/div>\n\t\t<div class=\"elementor-element elementor-element-da46343 e-con-full e-flex e-con e-child\" data-id=\"da46343\" data-element_type=\"container\">\n\t\t<div class=\"elementor-element elementor-element-0970c71 e-con-full e-flex e-con e-child\" data-id=\"0970c71\" data-element_type=\"container\">\n\t\t\t\t<div class=\"elementor-element elementor-element-e2f92c7 elementor-widget elementor-widget-vedhak_elementor_icon_box\" data-id=\"e2f92c7\" data-element_type=\"widget\" data-widget_type=\"vedhak_elementor_icon_box.default\">\n\t\t\t\t<div class=\"elementor-widget-container\">\n\t\t\t\t\t\n\t\t<div class=\"ova-icon-box template1\"> \n\n\t\t\t\t\t\t\t<a class=\"iconbox\" href=\"#\" >\n\t\t\t\t\n\n\t\t\t\t\t\t\t\t\t<span class=\"icon\">\n\t\t\t\t\t\t<i class=\"flaticon flaticon-002-cottage\"><\/i>\n\t\t\t\t\t<\/span>\n\t\t\t\t\t\t\t\t\n\t\t\t\t<div class=\"content\">\n\t\t\t\t\t\t\t\t\t\t\t<h3 class=\"title\">\n\t\t\t\t\t\t\tAngebote\t\t\t\t\t\t<\/h3>\n\t                \n\t                \t\t\t\t\t\t<p class=\"description\">\n\t\t\t\t\t\t\tF\u00fcr G\u00e4ste des Camping Enfola gibt es besondere Vereinbarungen bei der Osteria di Mare, beim Emanuel Beachside Enfola sowie im Civico 313 in Portoferraio.\t\t\t\t\t\t<\/p>\n\t\t\t\t\t\t\t\t\t<\/div>\n\t\t\t\t\n\t\t\t\t\n\t\t\t\t\n\n\t\t\t\t\t\t\t<\/a> \n\t\t\t\t\n\n\t\t<\/div>\n\n\t\t\t\t\t\t<\/div>\n\t\t\t\t<\/div>\n\t\t\t\t<\/div>\n\t\t<div class=\"elementor-element elementor-element-0a40d42 e-con-full e-flex e-con e-child\" data-id=\"0a40d42\" data-element_type=\"container\">\n\t\t\t\t<div class=\"elementor-element elementor-element-ea3c10d elementor-widget elementor-widget-vedhak_elementor_icon_box\" data-id=\"ea3c10d\" data-element_type=\"widget\" data-widget_type=\"vedhak_elementor_icon_box.default\">\n\t\t\t\t<div class=\"elementor-widget-container\">\n\t\t\t\t\t\n\t\t<div class=\"ova-icon-box template1\"> \n\n\t\t\t\t\t\t\t<a class=\"iconbox\" href=\"#\" >\n\t\t\t\t\n\n\t\t\t\t\t\t\t\t\t<span class=\"icon\">\n\t\t\t\t\t\t<i class=\"flaticon flaticon-048-van\"><\/i>\n\t\t\t\t\t<\/span>\n\t\t\t\t\t\t\t\t\n\t\t\t\t<div class=\"content\">\n\t\t\t\t\t\t\t\t\t\t\t<h3 class=\"title\">\n\t\t\t\t\t\t\tGruppen, Schulgruppen\t\t\t\t\t\t<\/h3>\n\t                \n\t                \t\t\t\t\t\t<p class=\"description\">\n\t\t\t\t\t\t\tIndividuelle Men\u00fcs und Preise f\u00fcr Gruppen und Schulklassen sind verf\u00fcgbar und werden bei der Buchung vereinbart. Weitere Informationen erhalten Sie an der Rezeption.\t\t\t\t\t\t<\/p>\n\t\t\t\t\t\t\t\t\t<\/div>\n\t\t\t\t\n\t\t\t\t\n\t\t\t\t\n\n\t\t\t\t\t\t\t<\/a> \n\t\t\t\t\n\n\t\t<\/div>\n\n\t\t\t\t\t\t<\/div>\n\t\t\t\t<\/div>\n\t\t\t\t<\/div>\n\t\t\t\t<\/div>\n\t\t\t\t<div class=\"elementor-element elementor-element-6663865 elementor-widget elementor-widget-heading\" data-id=\"6663865\" data-element_type=\"widget\" data-widget_type=\"heading.default\">\n\t\t\t\t\t<h3 class=\"elementor-heading-title elementor-size-default\">Fragen Sie an der Rezeption nach weiteren Details<\/h3>\t\t\t\t<\/div>\n\t\t\t\t\t<\/div>\n\t\t\t\t<\/div>\n\t\t<div class=\"elementor-element elementor-element-0f9fef6 e-flex e-con-boxed e-con e-parent\" data-id=\"0f9fef6\" data-element_type=\"container\">\n\t\t\t\t\t<div class=\"e-con-inner\">\n\t\t\t\t<div class=\"elementor-element elementor-element-f7163ca elementor-widget elementor-widget-vedhak_elementor_heading\" data-id=\"f7163ca\" data-element_type=\"widget\" data-widget_type=\"vedhak_elementor_heading.default\">\n\t\t\t\t<div class=\"elementor-widget-container\">\n\t\t\t\t\t\t\t\t<div class=\"ova-heading template1\">\n\n\t\t\t\t\n\t\t\t\t\n\t\t\t\t\t\n\t\t\t\t\t\t<h3 class=\"title\"><span class=\"title-bold\"><\/span><span class=\"title-normal\">Emanuel Beachside Enfola<\/span><\/h3>\n\n\t\t\t\t\t\n\n\t\t\t\t\t\t\t\t\t\n\t\t\t\t\n\t\t\t\t\n\t\t\t\t\t\n\t\t\t\t\n\t\t\t<\/div>\n\n\t\t\t\t\t\t<\/div>\n\t\t\t\t<\/div>\n\t\t\t\t<div class=\"elementor-element elementor-element-87f214e elementor-widget elementor-widget-text-editor\" data-id=\"87f214e\" data-element_type=\"widget\" data-widget_type=\"text-editor.default\">\n\t\t\t\t\t\t\t\t\t<p>Am Strand von Enfola befindet sich Emanuel Beachside, eine Cocktailbar, in der Sie ausgezeichnete Pizzen, knusprig frittierte Meeresfr\u00fcchte und hochwertige Burger genie\u00dfen k\u00f6nnen, mit Tischservice und Take-away. Perfekt f\u00fcr Fr\u00fchst\u00fcck, Aperitifs und ungezwungene Abende am Meer.<\/p>\t\t\t\t\t\t\t\t<\/div>\n\t\t\t\t\t<\/div>\n\t\t\t\t<\/div>\n\t\t<div class=\"elementor-element elementor-element-39df225 e-con-full e-flex e-con e-parent\" data-id=\"39df225\" data-element_type=\"container\">\n\t\t\t\t<div class=\"elementor-element elementor-element-06ae172 elementor-widget elementor-widget-image-gallery\" data-id=\"06ae172\" data-element_type=\"widget\" data-widget_type=\"image-gallery.default\">\n\t\t\t\t\t\t\t<div class=\"elementor-image-gallery\">\n\t\t\t\n\t\t<style type=\"text\/css\">\n\t\t\t#gallery-2 {\n\t\t\t\tmargin: auto;\n\t\t\t}\n\t\t\t#gallery-2 .gallery-item {\n\t\t\t\tfloat: left;\n\t\t\t\tmargin-top: 10px;\n\t\t\t\ttext-align: center;\n\t\t\t\twidth: 25%;\n\t\t\t}\n\t\t\t#gallery-2 img {\n\t\t\t\tborder: 2px solid #cfcfcf;\n\t\t\t}\n\t\t\t#gallery-2 .gallery-caption {\n\t\t\t\tmargin-left: 0;\n\t\t\t}\n\t\t\t\/* see gallery_shortcode() in wp-includes\/media.php *\/\n\t\t<\/style>\n\t\t<div id='gallery-2' class='gallery galleryid-6425 gallery-columns-4 gallery-size-vedhak_thumbnail'><dl class='gallery-item'>\n\t\t\t<dt class='gallery-icon portrait'>\n\t\t\t\t<a data-elementor-open-lightbox=\"yes\" data-elementor-lightbox-slideshow=\"06ae172\" data-elementor-lightbox-title=\"Emanuel Beachside Enfola\" data-e-action-hash=\"#elementor-action%3Aaction%3Dlightbox%26settings%3DeyJpZCI6Njk0MywidXJsIjoiaHR0cHM6XC9cL3d3dy5jYW1waW5nZW5mb2xhLmNvbVwvd3AtY29udGVudFwvdXBsb2Fkc1wvMjAyNlwvMDNcL2VtYW51ZWwtcGl6emEuanBnIiwic2xpZGVzaG93IjoiMDZhZTE3MiJ9\" href='https:\/\/www.campingenfola.com\/wp-content\/uploads\/2026\/03\/emanuel-pizza.jpg'><img loading=\"lazy\" decoding=\"async\" width=\"768\" height=\"660\" src=\"https:\/\/www.campingenfola.com\/wp-content\/uploads\/2026\/03\/emanuel-pizza-768x660.jpg\" class=\"attachment-vedhak_thumbnail size-vedhak_thumbnail\" alt=\"Pizza gourmet con burrata, fiori di zucca e alici servita sul mare a Enfola\" \/><\/a>\n\t\t\t<\/dt><\/dl><dl class='gallery-item'>\n\t\t\t<dt class='gallery-icon portrait'>\n\t\t\t\t<a data-elementor-open-lightbox=\"yes\" data-elementor-lightbox-slideshow=\"06ae172\" data-elementor-lightbox-title=\"Emanuel Beachside Enfola\" data-e-action-hash=\"#elementor-action%3Aaction%3Dlightbox%26settings%3DeyJpZCI6Njk0MSwidXJsIjoiaHR0cHM6XC9cL3d3dy5jYW1waW5nZW5mb2xhLmNvbVwvd3AtY29udGVudFwvdXBsb2Fkc1wvMjAyNlwvMDNcL2VtYW51ZWwtaGFtYnVyZ2VyLmpwZyIsInNsaWRlc2hvdyI6IjA2YWUxNzIifQ%3D%3D\" href='https:\/\/www.campingenfola.com\/wp-content\/uploads\/2026\/03\/emanuel-hamburger.jpg'><img loading=\"lazy\" decoding=\"async\" width=\"768\" height=\"660\" src=\"https:\/\/www.campingenfola.com\/wp-content\/uploads\/2026\/03\/emanuel-hamburger-768x660.jpg\" class=\"attachment-vedhak_thumbnail size-vedhak_thumbnail\" alt=\"Hamburger gourmet con formaggio e crocchette servito vista mare a Enfola\" \/><\/a>\n\t\t\t<\/dt><\/dl><dl class='gallery-item'>\n\t\t\t<dt class='gallery-icon portrait'>\n\t\t\t\t<a data-elementor-open-lightbox=\"yes\" data-elementor-lightbox-slideshow=\"06ae172\" data-elementor-lightbox-title=\"Emanuel Beachside Enfola\" data-e-action-hash=\"#elementor-action%3Aaction%3Dlightbox%26settings%3DeyJpZCI6Njk0MiwidXJsIjoiaHR0cHM6XC9cL3d3dy5jYW1waW5nZW5mb2xhLmNvbVwvd3AtY29udGVudFwvdXBsb2Fkc1wvMjAyNlwvMDNcL2VtYW51ZWwtZnJpdHRvLmpwZyIsInNsaWRlc2hvdyI6IjA2YWUxNzIifQ%3D%3D\" href='https:\/\/www.campingenfola.com\/wp-content\/uploads\/2026\/03\/emanuel-fritto.jpg'><img loading=\"lazy\" decoding=\"async\" width=\"768\" height=\"660\" src=\"https:\/\/www.campingenfola.com\/wp-content\/uploads\/2026\/03\/emanuel-fritto-768x660.jpg\" class=\"attachment-vedhak_thumbnail size-vedhak_thumbnail\" alt=\"Frittura di pesce con calamari e gamberi servita fronte mare all\u2019Emanuel Beach Bar\" \/><\/a>\n\t\t\t<\/dt><\/dl><dl class='gallery-item'>\n\t\t\t<dt class='gallery-icon landscape'>\n\t\t\t\t<a data-elementor-open-lightbox=\"yes\" data-elementor-lightbox-slideshow=\"06ae172\" data-elementor-lightbox-title=\"Emanuel Beachside Enfola\" data-e-action-hash=\"#elementor-action%3Aaction%3Dlightbox%26settings%3DeyJpZCI6Njk0MCwidXJsIjoiaHR0cHM6XC9cL3d3dy5jYW1waW5nZW5mb2xhLmNvbVwvd3AtY29udGVudFwvdXBsb2Fkc1wvMjAyNlwvMDNcL2VtYW51ZWwtZXN0ZXJuby5qcGciLCJzbGlkZXNob3ciOiIwNmFlMTcyIn0%3D\" href='https:\/\/www.campingenfola.com\/wp-content\/uploads\/2026\/03\/emanuel-esterno.jpg'><img loading=\"lazy\" decoding=\"async\" width=\"768\" height=\"660\" src=\"https:\/\/www.campingenfola.com\/wp-content\/uploads\/2026\/03\/emanuel-esterno-768x660.jpg\" class=\"attachment-vedhak_thumbnail size-vedhak_thumbnail\" alt=\"Emanuel Beach Bar a Enfola con tavoli sul mare e clienti al tramonto\" \/><\/a>\n\t\t\t<\/dt><\/dl><br style=\"clear: both\" \/>\n\t\t<\/div>\n\t\t<\/div>\n\t\t\t\t\t\t<\/div>\n\t\t\t\t<\/div>\n\t\t<div class=\"elementor-element elementor-element-59aebb7 e-flex e-con-boxed e-con e-parent\" data-id=\"59aebb7\" data-element_type=\"container\">\n\t\t\t\t\t<div class=\"e-con-inner\">\n\t\t\t\t<div class=\"elementor-element elementor-element-68fbb1a elementor-widget elementor-widget-vedhak_elementor_heading\" data-id=\"68fbb1a\" data-element_type=\"widget\" data-widget_type=\"vedhak_elementor_heading.default\">\n\t\t\t\t<div class=\"elementor-widget-container\">\n\t\t\t\t\t\t\t\t<div class=\"ova-heading template1\">\n\n\t\t\t\t\n\t\t\t\t\n\t\t\t\t\t\n\t\t\t\t\t\t<h3 class=\"title\"><span class=\"title-bold\"><\/span><span class=\"title-normal\">Civico TreUnoTre Portoferraio<\/span><\/h3>\n\n\t\t\t\t\t\n\n\t\t\t\t\t\t\t\t\t\n\t\t\t\t\n\t\t\t\t\n\t\t\t\t\t\n\t\t\t\t\n\t\t\t<\/div>\n\n\t\t\t\t\t\t<\/div>\n\t\t\t\t<\/div>\n\t\t\t\t<div class=\"elementor-element elementor-element-f4a1239 elementor-widget elementor-widget-text-editor\" data-id=\"f4a1239\" data-element_type=\"widget\" data-widget_type=\"text-editor.default\">\n\t\t\t\t\t\t\t\t\t<p>In der N\u00e4he von Portoferraio bietet das Civico TreUnoTre Carbonara in verschiedenen kreativen Varianten, ausgew\u00e4hlte Fleischst\u00fccke und raffinierte Tatar-Gerichte. Eine intime und gepflegte Atmosph\u00e4re f\u00fcr einen Abend in der Stadt.<\/p>\t\t\t\t\t\t\t\t<\/div>\n\t\t\t\t\t<\/div>\n\t\t\t\t<\/div>\n\t\t<div class=\"elementor-element elementor-element-6440e83 e-con-full e-flex e-con e-parent\" data-id=\"6440e83\" data-element_type=\"container\">\n\t\t\t\t<div class=\"elementor-element elementor-element-e1efc7f elementor-widget elementor-widget-image-gallery\" data-id=\"e1efc7f\" data-element_type=\"widget\" data-widget_type=\"image-gallery.default\">\n\t\t\t\t\t\t\t<div class=\"elementor-image-gallery\">\n\t\t\t\n\t\t<style type=\"text\/css\">\n\t\t\t#gallery-3 {\n\t\t\t\tmargin: auto;\n\t\t\t}\n\t\t\t#gallery-3 .gallery-item {\n\t\t\t\tfloat: left;\n\t\t\t\tmargin-top: 10px;\n\t\t\t\ttext-align: center;\n\t\t\t\twidth: 33%;\n\t\t\t}\n\t\t\t#gallery-3 img {\n\t\t\t\tborder: 2px solid #cfcfcf;\n\t\t\t}\n\t\t\t#gallery-3 .gallery-caption {\n\t\t\t\tmargin-left: 0;\n\t\t\t}\n\t\t\t\/* see gallery_shortcode() in wp-includes\/media.php *\/\n\t\t<\/style>\n\t\t<div id='gallery-3' class='gallery galleryid-6425 gallery-columns-3 gallery-size-vedhak_thumbnail'><dl class='gallery-item'>\n\t\t\t<dt class='gallery-icon landscape'>\n\t\t\t\t<a data-elementor-open-lightbox=\"yes\" data-elementor-lightbox-slideshow=\"e1efc7f\" data-elementor-lightbox-title=\"Civico TreUnoTre\" data-e-action-hash=\"#elementor-action%3Aaction%3Dlightbox%26settings%3DeyJpZCI6Njk0NSwidXJsIjoiaHR0cHM6XC9cL3d3dy5jYW1waW5nZW5mb2xhLmNvbVwvd3AtY29udGVudFwvdXBsb2Fkc1wvMjAyNlwvMDNcL2Npdmljby1jYXJib25hcmEuanBnIiwic2xpZGVzaG93IjoiZTFlZmM3ZiJ9\" href='https:\/\/www.campingenfola.com\/wp-content\/uploads\/2026\/03\/civico-carbonara.jpg'><img loading=\"lazy\" decoding=\"async\" width=\"768\" height=\"660\" src=\"https:\/\/www.campingenfola.com\/wp-content\/uploads\/2026\/03\/civico-carbonara-768x660.jpg\" class=\"attachment-vedhak_thumbnail size-vedhak_thumbnail\" alt=\"Spaghetti alla carbonara con guanciale croccante e pecorino serviti al Civico TreUnoTre\" \/><\/a>\n\t\t\t<\/dt><\/dl><dl class='gallery-item'>\n\t\t\t<dt class='gallery-icon landscape'>\n\t\t\t\t<a data-elementor-open-lightbox=\"yes\" data-elementor-lightbox-slideshow=\"e1efc7f\" data-elementor-lightbox-title=\"Civico TreUnoTre\" data-e-action-hash=\"#elementor-action%3Aaction%3Dlightbox%26settings%3DeyJpZCI6Njk0NiwidXJsIjoiaHR0cHM6XC9cL3d3dy5jYW1waW5nZW5mb2xhLmNvbVwvd3AtY29udGVudFwvdXBsb2Fkc1wvMjAyNlwvMDNcL2Npdmljby10YWdsaWVyZS5qcGciLCJzbGlkZXNob3ciOiJlMWVmYzdmIn0%3D\" href='https:\/\/www.campingenfola.com\/wp-content\/uploads\/2026\/03\/civico-tagliere.jpg'><img loading=\"lazy\" decoding=\"async\" width=\"768\" height=\"660\" src=\"https:\/\/www.campingenfola.com\/wp-content\/uploads\/2026\/03\/civico-tagliere-768x660.jpg\" class=\"attachment-vedhak_thumbnail size-vedhak_thumbnail\" alt=\"Tagliere con salumi, formaggi e bruschette servito al Civico TreUnoTre a Portoferraio\" \/><\/a>\n\t\t\t<\/dt><\/dl><dl class='gallery-item'>\n\t\t\t<dt class='gallery-icon landscape'>\n\t\t\t\t<a data-elementor-open-lightbox=\"yes\" data-elementor-lightbox-slideshow=\"e1efc7f\" data-elementor-lightbox-title=\"Civico TreUnoTre\" data-e-action-hash=\"#elementor-action%3Aaction%3Dlightbox%26settings%3DeyJpZCI6Njk0NCwidXJsIjoiaHR0cHM6XC9cL3d3dy5jYW1waW5nZW5mb2xhLmNvbVwvd3AtY29udGVudFwvdXBsb2Fkc1wvMjAyNlwvMDNcL0Npdmljby1pbnRlcm5vLmpwZyIsInNsaWRlc2hvdyI6ImUxZWZjN2YifQ%3D%3D\" href='https:\/\/www.campingenfola.com\/wp-content\/uploads\/2026\/03\/Civico-interno.jpg'><img loading=\"lazy\" decoding=\"async\" width=\"768\" height=\"660\" src=\"https:\/\/www.campingenfola.com\/wp-content\/uploads\/2026\/03\/Civico-interno-768x660.jpg\" class=\"attachment-vedhak_thumbnail size-vedhak_thumbnail\" alt=\"Sala interna del ristorante Civico TreUnoTre a Portoferraio con tavoli apparecchiati\" \/><\/a>\n\t\t\t<\/dt><\/dl><br style=\"clear: both\" \/>\n\t\t<\/div>\n\t\t<\/div>\n\t\t\t\t\t\t<\/div>\n\t\t\t\t<\/div>\n\t\t\t\t<section class=\"elementor-section elementor-top-section elementor-element elementor-element-618597e elementor-section-content-middle elementor-section-boxed elementor-section-height-default elementor-section-height-default\" data-id=\"618597e\" data-element_type=\"section\" id=\"market\">\n\t\t\t\t\t\t<div class=\"elementor-container elementor-column-gap-no\">\n\t\t\t\t\t<div class=\"elementor-column elementor-col-50 elementor-top-column elementor-element elementor-element-d8b8fea\" data-id=\"d8b8fea\" data-element_type=\"column\">\n\t\t\t<div class=\"elementor-widget-wrap elementor-element-populated\">\n\t\t\t\t\t\t<div class=\"elementor-element elementor-element-2e256b7 elementor-widget elementor-widget-vedhak_elementor_heading\" data-id=\"2e256b7\" data-element_type=\"widget\" data-widget_type=\"vedhak_elementor_heading.default\">\n\t\t\t\t<div class=\"elementor-widget-container\">\n\t\t\t\t\t\t\t\t<div class=\"ova-heading template1\">\n\n\t\t\t\t\n\t\t\t\t\t<h2 class=\"sub-title\">\n\n\t\t\t\t\t\t \n\t\t\t\t\t\t\n\t\t\t\t\t\t\n\t\t\t\t\t<\/h2>\n\n\t\t\t\t\n\t\t\t\t\n\t\t\t\t\t\n\t\t\t\t\t\t<h3 class=\"title\"><span class=\"title-bold\">Lebensmittel\n<\/span><span class=\"title-normal\">La Bottega dell\u2019Osteria<\/span><\/h3>\n\n\t\t\t\t\t\n\n\t\t\t\t\t\t\t\t\t\n\t\t\t\t\n\t\t\t\t\n\t\t\t\t\t\n\t\t\t\t\n\t\t\t<\/div>\n\n\t\t\t\t\t\t<\/div>\n\t\t\t\t<\/div>\n\t\t\t\t<div class=\"elementor-element elementor-element-0e83e0e elementor-widget elementor-widget-text-editor\" data-id=\"0e83e0e\" data-element_type=\"widget\" data-widget_type=\"text-editor.default\">\n\t\t\t\t\t\t\t\t\t<p>Innerhalb des Campingplatzes finden Sie Dinge des t\u00e4glichen Bedarfs: Brot, Pasta, Milch, Joghurt, Mozzarella, Konserven, verpackte Wurstwaren und Getr\u00e4nke.<\/p>\t\t\t\t\t\t\t\t<\/div>\n\t\t\t\t<div class=\"elementor-element elementor-element-c35576f elementor-widget elementor-widget-vedhak_elementor_icon_box\" data-id=\"c35576f\" data-element_type=\"widget\" data-widget_type=\"vedhak_elementor_icon_box.default\">\n\t\t\t\t<div class=\"elementor-widget-container\">\n\t\t\t\t\t\n\t\t<div class=\"ova-icon-box template4\"> \n\n\t\t\t\t\t\t\t<a class=\"iconbox\" href=\"#\" >\n\t\t\t\t\n\n\t\t\t\t\t\t\t\t\t<span class=\"icon\">\n\t\t\t\t\t\t<i class=\"ovaicon ovaicon-alarm-clock\"><\/i>\n\t\t\t\t\t<\/span>\n\t\t\t\t\t\t\t\t\n\t\t\t\t<div class=\"content\">\n\t\t\t\t\t\t\t\t\t\t\t<h3 class=\"title\">\n\t\t\t\t\t\t\t\u00d6ffnungszeiten\t\t\t\t\t\t<\/h3>\n\t                \n\t                \t\t\t\t\t\t<p class=\"description\">\n\t\t\t\t\t\t\t8.30 - 13:00 und 15:00 - 19:30\t\t\t\t\t\t<\/p>\n\t\t\t\t\t\t\t\t\t<\/div>\n\t\t\t\t\n\t\t\t\t\t\t\t\t\t<div class=\"line-decoration\"><\/div>\n\t\t\t\t\n\t\t\t\t\n\n\t\t\t\t\t\t\t<\/a> \n\t\t\t\t\n\n\t\t<\/div>\n\n\t\t\t\t\t\t<\/div>\n\t\t\t\t<\/div>\n\t\t\t\t<div class=\"elementor-element elementor-element-5f51efb elementor-widget elementor-widget-text-editor\" data-id=\"5f51efb\" data-element_type=\"widget\" data-widget_type=\"text-editor.default\">\n\t\t\t\t\t\t\t\t\t<p>Superm\u00e4rkte befinden sich in Portoferraio (6 km) und sind t\u00e4glich von 8:00 bis 20:00 ge\u00f6ffnet.<\/p><p>M\u00f6glichkeit, E-Bikes mit Anh\u00e4nger zum Einkaufen zu mieten.<br \/>Zeitungen k\u00f6nnen am Vorabend an der Rezeption reserviert werden.<\/p>\t\t\t\t\t\t\t\t<\/div>\n\t\t\t\t\t<\/div>\n\t\t<\/div>\n\t\t\t\t<div class=\"elementor-column elementor-col-50 elementor-top-column elementor-element elementor-element-3194747 vedhak_stretch_column_right\" data-id=\"3194747\" data-element_type=\"column\">\n\t\t\t<div class=\"elementor-widget-wrap elementor-element-populated\">\n\t\t\t\t\t\t<div class=\"elementor-element elementor-element-c957258 elementor-widget elementor-widget-image\" data-id=\"c957258\" data-element_type=\"widget\" data-widget_type=\"image.default\">\n\t\t\t\t\t\t\t\t\t\t\t\t\t\t\t<img loading=\"lazy\" decoding=\"async\" width=\"1500\" height=\"1125\" src=\"https:\/\/www.campingenfola.com\/wp-content\/uploads\/2026\/01\/market-c-enfola_P1000317.jpg\" class=\"attachment-full size-full wp-image-6426\" alt=\"Market bar ristorante del Camping Enfola con prodotti alimentari e area servizi\" srcset=\"https:\/\/www.campingenfola.com\/wp-content\/uploads\/2026\/01\/market-c-enfola_P1000317.jpg 1500w, https:\/\/www.campingenfola.com\/wp-content\/uploads\/2026\/01\/market-c-enfola_P1000317-300x225.jpg 300w, https:\/\/www.campingenfola.com\/wp-content\/uploads\/2026\/01\/market-c-enfola_P1000317-1024x768.jpg 1024w, https:\/\/www.campingenfola.com\/wp-content\/uploads\/2026\/01\/market-c-enfola_P1000317-768x576.jpg 768w, https:\/\/www.campingenfola.com\/wp-content\/uploads\/2026\/01\/market-c-enfola_P1000317-600x450.jpg 600w\" sizes=\"(max-width: 1500px) 100vw, 1500px\" \/>\t\t\t\t\t\t\t\t\t\t\t\t\t\t\t<\/div>\n\t\t\t\t\t<\/div>\n\t\t<\/div>\n\t\t\t\t\t<\/div>\n\t\t<\/section>\n\t\t\t\t<section class=\"elementor-section elementor-top-section elementor-element elementor-element-55714d3 elementor-section-content-middle elementor-reverse-mobile elementor-section-boxed elementor-section-height-default elementor-section-height-default\" data-id=\"55714d3\" data-element_type=\"section\" id=\"strand\">\n\t\t\t\t\t\t<div class=\"elementor-container elementor-column-gap-no\">\n\t\t\t\t\t<div class=\"elementor-column elementor-col-50 elementor-top-column elementor-element elementor-element-e4a4cf6\" data-id=\"e4a4cf6\" data-element_type=\"column\">\n\t\t\t<div class=\"elementor-widget-wrap elementor-element-populated\">\n\t\t\t\t\t\t<div class=\"elementor-element elementor-element-31fbd8c elementor-widget elementor-widget-image\" data-id=\"31fbd8c\" data-element_type=\"widget\" data-widget_type=\"image.default\">\n\t\t\t\t\t\t\t\t\t\t\t\t\t\t\t<img loading=\"lazy\" decoding=\"async\" width=\"1024\" height=\"1536\" src=\"https:\/\/www.campingenfola.com\/wp-content\/uploads\/2026\/02\/prezzi-spiaggia.jpg\" class=\"attachment-full size-full wp-image-6947\" alt=\"\" srcset=\"https:\/\/www.campingenfola.com\/wp-content\/uploads\/2026\/02\/prezzi-spiaggia.jpg 1024w, https:\/\/www.campingenfola.com\/wp-content\/uploads\/2026\/02\/prezzi-spiaggia-200x300.jpg 200w, https:\/\/www.campingenfola.com\/wp-content\/uploads\/2026\/02\/prezzi-spiaggia-683x1024.jpg 683w, https:\/\/www.campingenfola.com\/wp-content\/uploads\/2026\/02\/prezzi-spiaggia-768x1152.jpg 768w, https:\/\/www.campingenfola.com\/wp-content\/uploads\/2026\/02\/prezzi-spiaggia-600x900.jpg 600w\" sizes=\"(max-width: 1024px) 100vw, 1024px\" \/>\t\t\t\t\t\t\t\t\t\t\t\t\t\t\t<\/div>\n\t\t\t\t\t<\/div>\n\t\t<\/div>\n\t\t\t\t<div class=\"elementor-column elementor-col-50 elementor-top-column elementor-element elementor-element-f61509e vedhak_stretch_column_right\" data-id=\"f61509e\" data-element_type=\"column\">\n\t\t\t<div class=\"elementor-widget-wrap elementor-element-populated\">\n\t\t\t\t\t\t<div class=\"elementor-element elementor-element-1d27c85 elementor-widget elementor-widget-vedhak_elementor_heading\" data-id=\"1d27c85\" data-element_type=\"widget\" data-widget_type=\"vedhak_elementor_heading.default\">\n\t\t\t\t<div class=\"elementor-widget-container\">\n\t\t\t\t\t\t\t\t<div class=\"ova-heading template1\">\n\n\t\t\t\t\n\t\t\t\t\n\t\t\t\t\t\n\t\t\t\t\t\t<h3 class=\"title\"><span class=\"title-bold\"><\/span><span class=\"title-normal\">Ausgestatteter Strand<\/span><\/h3>\n\n\t\t\t\t\t\n\n\t\t\t\t\t\t\t\t\t\n\t\t\t\t\n\t\t\t\t\n\t\t\t\t\t\n\t\t\t\t\n\t\t\t<\/div>\n\n\t\t\t\t\t\t<\/div>\n\t\t\t\t<\/div>\n\t\t\t\t<div class=\"elementor-element elementor-element-6ce6273 elementor-widget elementor-widget-text-editor\" data-id=\"6ce6273\" data-element_type=\"widget\" data-widget_type=\"text-editor.default\">\n\t\t\t\t\t\t\t\t\t<p>Der Campingplatz verf\u00fcgt \u00fcber einen ausgestatteten Strand, an dem Liegen und Sonnenschirme gemietet werden k\u00f6nnen, sowie Kanus, Tretboote, Stand-up-Paddles und Motorboote. W\u00e4hrend der Sommermonate ist ein Badeaufsichtsservice aktiv, in der Regel von Juni bis September.<\/p><h6>F\u00fcr den Verleih von Motorbooten in Enfola k\u00f6nnen Sie sich direkt an die Rezeption wenden.<\/h6>\t\t\t\t\t\t\t\t<\/div>\n\t\t\t\t<div class=\"elementor-element elementor-element-de9e5df elementor-widget elementor-widget-vedhak_elementor_icon_box\" data-id=\"de9e5df\" data-element_type=\"widget\" data-widget_type=\"vedhak_elementor_icon_box.default\">\n\t\t\t\t<div class=\"elementor-widget-container\">\n\t\t\t\t\t\n\t\t<div class=\"ova-icon-box template1\"> \n\n\t\t\t\t\t\t\t<a class=\"iconbox\" href=\"#\" >\n\t\t\t\t\n\n\t\t\t\t\t\t\t\t\t<span class=\"icon\">\n\t\t\t\t\t\t<i class=\"flaticon flaticon-044-beach-chair\"><\/i>\n\t\t\t\t\t<\/span>\n\t\t\t\t\t\t\t\t\n\t\t\t\t<div class=\"content\">\n\t\t\t\t\t\t\t\t\t\t\t<h3 class=\"title\">\n\t\t\t\t\t\t\tStrandpreise\t\t\t\t\t\t<\/h3>\n\t                \n\t                \t\t\t\t\t\t<p class=\"description\">\n\t\t\t\t\t\t\tF\u00fcr unsere G\u00e4ste gelten erm\u00e4\u00dfigte Preise f\u00fcr die t\u00e4gliche Miete von Sonnenschirmen und Liegen.\t\t\t\t\t\t<\/p>\n\t\t\t\t\t\t\t\t\t<\/div>\n\t\t\t\t\n\t\t\t\t\n\t\t\t\t\n\n\t\t\t\t\t\t\t<\/a> \n\t\t\t\t\n\n\t\t<\/div>\n\n\t\t\t\t\t\t<\/div>\n\t\t\t\t<\/div>\n\t\t\t\t\t<\/div>\n\t\t<\/div>\n\t\t\t\t\t<\/div>\n\t\t<\/section>\n\t\t<div class=\"elementor-element elementor-element-b5d094f e-con-full e-flex e-con e-parent\" data-id=\"b5d094f\" data-element_type=\"container\">\n\t\t\t\t<div class=\"elementor-element elementor-element-b082a9e elementor-widget elementor-widget-image-gallery\" data-id=\"b082a9e\" data-element_type=\"widget\" data-widget_type=\"image-gallery.default\">\n\t\t\t\t\t\t\t<div class=\"elementor-image-gallery\">\n\t\t\t\n\t\t<style type=\"text\/css\">\n\t\t\t#gallery-4 {\n\t\t\t\tmargin: auto;\n\t\t\t}\n\t\t\t#gallery-4 .gallery-item {\n\t\t\t\tfloat: left;\n\t\t\t\tmargin-top: 10px;\n\t\t\t\ttext-align: center;\n\t\t\t\twidth: 33%;\n\t\t\t}\n\t\t\t#gallery-4 img {\n\t\t\t\tborder: 2px solid #cfcfcf;\n\t\t\t}\n\t\t\t#gallery-4 .gallery-caption {\n\t\t\t\tmargin-left: 0;\n\t\t\t}\n\t\t\t\/* see gallery_shortcode() in wp-includes\/media.php *\/\n\t\t<\/style>\n\t\t<div id='gallery-4' class='gallery galleryid-6425 gallery-columns-3 gallery-size-full'><dl class='gallery-item'>\n\t\t\t<dt class='gallery-icon landscape'>\n\t\t\t\t<a data-elementor-open-lightbox=\"yes\" data-elementor-lightbox-slideshow=\"b082a9e\" data-elementor-lightbox-title=\"Vista aerea del Camping Enfola\" data-e-action-hash=\"#elementor-action%3Aaction%3Dlightbox%26settings%3DeyJpZCI6Njk0OCwidXJsIjoiaHR0cHM6XC9cL3d3dy5jYW1waW5nZW5mb2xhLmNvbVwvd3AtY29udGVudFwvdXBsb2Fkc1wvMjAyNlwvMDFcLzAwMzNfYy1lbmZvbGEyMDE5LTEuanBnIiwic2xpZGVzaG93IjoiYjA4MmE5ZSJ9\" href='https:\/\/www.campingenfola.com\/wp-content\/uploads\/2026\/01\/0033_c-enfola2019-1.jpg'><img loading=\"lazy\" decoding=\"async\" width=\"1920\" height=\"1280\" src=\"https:\/\/www.campingenfola.com\/wp-content\/uploads\/2026\/01\/0033_c-enfola2019-1.jpg\" class=\"attachment-full size-full\" alt=\"Vista aerea del Camping Enfola affacciato sulla scogliera e sul mare dell\u2019Isola d\u2019Elba\" aria-describedby=\"gallery-4-6948\" srcset=\"https:\/\/www.campingenfola.com\/wp-content\/uploads\/2026\/01\/0033_c-enfola2019-1.jpg 1920w, https:\/\/www.campingenfola.com\/wp-content\/uploads\/2026\/01\/0033_c-enfola2019-1-300x200.jpg 300w, https:\/\/www.campingenfola.com\/wp-content\/uploads\/2026\/01\/0033_c-enfola2019-1-1024x683.jpg 1024w, https:\/\/www.campingenfola.com\/wp-content\/uploads\/2026\/01\/0033_c-enfola2019-1-768x512.jpg 768w, https:\/\/www.campingenfola.com\/wp-content\/uploads\/2026\/01\/0033_c-enfola2019-1-1536x1024.jpg 1536w, https:\/\/www.campingenfola.com\/wp-content\/uploads\/2026\/01\/0033_c-enfola2019-1-600x400.jpg 600w\" sizes=\"(max-width: 1920px) 100vw, 1920px\" \/><\/a>\n\t\t\t<\/dt>\n\t\t\t\t<dd class='wp-caption-text gallery-caption' id='gallery-4-6948'>\n\t\t\t\tphoto by: Ducci Cesare Fotografia (www.duccifotografia.it)\n\t\t\t\t<\/dd><\/dl><dl class='gallery-item'>\n\t\t\t<dt class='gallery-icon landscape'>\n\t\t\t\t<a data-elementor-open-lightbox=\"yes\" data-elementor-lightbox-slideshow=\"b082a9e\" data-elementor-lightbox-title=\"Spiaggia del Camping Enfola vista dal mare\" data-e-action-hash=\"#elementor-action%3Aaction%3Dlightbox%26settings%3DeyJpZCI6Njk0OSwidXJsIjoiaHR0cHM6XC9cL3d3dy5jYW1waW5nZW5mb2xhLmNvbVwvd3AtY29udGVudFwvdXBsb2Fkc1wvMjAyNlwvMDFcLzAwNTdfYy1lbmZvbGEyMDE5LTEuanBnIiwic2xpZGVzaG93IjoiYjA4MmE5ZSJ9\" href='https:\/\/www.campingenfola.com\/wp-content\/uploads\/2026\/01\/0057_c-enfola2019-1.jpg'><img loading=\"lazy\" decoding=\"async\" width=\"1920\" height=\"1280\" src=\"https:\/\/www.campingenfola.com\/wp-content\/uploads\/2026\/01\/0057_c-enfola2019-1.jpg\" class=\"attachment-full size-full\" alt=\"Spiaggia del Camping Enfola con mare limpido e strutture affacciate sulla costa\" aria-describedby=\"gallery-4-6949\" srcset=\"https:\/\/www.campingenfola.com\/wp-content\/uploads\/2026\/01\/0057_c-enfola2019-1.jpg 1920w, https:\/\/www.campingenfola.com\/wp-content\/uploads\/2026\/01\/0057_c-enfola2019-1-300x200.jpg 300w, https:\/\/www.campingenfola.com\/wp-content\/uploads\/2026\/01\/0057_c-enfola2019-1-1024x683.jpg 1024w, https:\/\/www.campingenfola.com\/wp-content\/uploads\/2026\/01\/0057_c-enfola2019-1-768x512.jpg 768w, https:\/\/www.campingenfola.com\/wp-content\/uploads\/2026\/01\/0057_c-enfola2019-1-1536x1024.jpg 1536w, https:\/\/www.campingenfola.com\/wp-content\/uploads\/2026\/01\/0057_c-enfola2019-1-600x400.jpg 600w\" sizes=\"(max-width: 1920px) 100vw, 1920px\" \/><\/a>\n\t\t\t<\/dt>\n\t\t\t\t<dd class='wp-caption-text gallery-caption' id='gallery-4-6949'>\n\t\t\t\tphoto by: Ducci Cesare Fotografia (www.duccifotografia.it)\n\t\t\t\t<\/dd><\/dl><dl class='gallery-item'>\n\t\t\t<dt class='gallery-icon landscape'>\n\t\t\t\t<a data-elementor-open-lightbox=\"yes\" data-elementor-lightbox-slideshow=\"b082a9e\" data-elementor-lightbox-title=\"Costa dell\u2019Enfola vista panoramica\" data-e-action-hash=\"#elementor-action%3Aaction%3Dlightbox%26settings%3DeyJpZCI6Njk1MCwidXJsIjoiaHR0cHM6XC9cL3d3dy5jYW1waW5nZW5mb2xhLmNvbVwvd3AtY29udGVudFwvdXBsb2Fkc1wvMjAyNlwvMDFcLzAwMjlfQy1lbmZvbGEyMDE5LmpwZyIsInNsaWRlc2hvdyI6ImIwODJhOWUifQ%3D%3D\" href='https:\/\/www.campingenfola.com\/wp-content\/uploads\/2026\/01\/0029_C-enfola2019.jpg'><img loading=\"lazy\" decoding=\"async\" width=\"1920\" height=\"1280\" src=\"https:\/\/www.campingenfola.com\/wp-content\/uploads\/2026\/01\/0029_C-enfola2019.jpg\" class=\"attachment-full size-full\" alt=\"Panorama della costa dell\u2019Enfola con mare turchese e vegetazione mediterranea\" aria-describedby=\"gallery-4-6950\" srcset=\"https:\/\/www.campingenfola.com\/wp-content\/uploads\/2026\/01\/0029_C-enfola2019.jpg 1920w, https:\/\/www.campingenfola.com\/wp-content\/uploads\/2026\/01\/0029_C-enfola2019-300x200.jpg 300w, https:\/\/www.campingenfola.com\/wp-content\/uploads\/2026\/01\/0029_C-enfola2019-1024x683.jpg 1024w, https:\/\/www.campingenfola.com\/wp-content\/uploads\/2026\/01\/0029_C-enfola2019-768x512.jpg 768w, https:\/\/www.campingenfola.com\/wp-content\/uploads\/2026\/01\/0029_C-enfola2019-1536x1024.jpg 1536w, https:\/\/www.campingenfola.com\/wp-content\/uploads\/2026\/01\/0029_C-enfola2019-600x400.jpg 600w\" sizes=\"(max-width: 1920px) 100vw, 1920px\" \/><\/a>\n\t\t\t<\/dt>\n\t\t\t\t<dd class='wp-caption-text gallery-caption' id='gallery-4-6950'>\n\t\t\t\tphoto by: Ducci Cesare Fotografia (www.duccifotografia.it)\n\t\t\t\t<\/dd><\/dl><br style=\"clear: both\" \/><dl class='gallery-item'>\n\t\t\t<dt class='gallery-icon landscape'>\n\t\t\t\t<a data-elementor-open-lightbox=\"yes\" data-elementor-lightbox-slideshow=\"b082a9e\" data-elementor-lightbox-title=\"Spiaggia attrezzata dell\u2019Enfola\" data-e-action-hash=\"#elementor-action%3Aaction%3Dlightbox%26settings%3DeyJpZCI6Njk1MSwidXJsIjoiaHR0cHM6XC9cL3d3dy5jYW1waW5nZW5mb2xhLmNvbVwvd3AtY29udGVudFwvdXBsb2Fkc1wvMjAyNlwvMDFcL1dQXzIwMTgwNzA1XzEzXzQzXzM1X2MtZW5mb2xhLmpwZyIsInNsaWRlc2hvdyI6ImIwODJhOWUifQ%3D%3D\" href='https:\/\/www.campingenfola.com\/wp-content\/uploads\/2026\/01\/WP_20180705_13_43_35_c-enfola.jpg'><img loading=\"lazy\" decoding=\"async\" width=\"1920\" height=\"1280\" src=\"https:\/\/www.campingenfola.com\/wp-content\/uploads\/2026\/01\/WP_20180705_13_43_35_c-enfola.jpg\" class=\"attachment-full size-full\" alt=\"Spiaggia dell\u2019Enfola con ombrelloni, lettini e accesso diretto al mare\" srcset=\"https:\/\/www.campingenfola.com\/wp-content\/uploads\/2026\/01\/WP_20180705_13_43_35_c-enfola.jpg 1920w, https:\/\/www.campingenfola.com\/wp-content\/uploads\/2026\/01\/WP_20180705_13_43_35_c-enfola-300x200.jpg 300w, https:\/\/www.campingenfola.com\/wp-content\/uploads\/2026\/01\/WP_20180705_13_43_35_c-enfola-1024x683.jpg 1024w, https:\/\/www.campingenfola.com\/wp-content\/uploads\/2026\/01\/WP_20180705_13_43_35_c-enfola-768x512.jpg 768w, https:\/\/www.campingenfola.com\/wp-content\/uploads\/2026\/01\/WP_20180705_13_43_35_c-enfola-1536x1024.jpg 1536w, https:\/\/www.campingenfola.com\/wp-content\/uploads\/2026\/01\/WP_20180705_13_43_35_c-enfola-600x400.jpg 600w\" sizes=\"(max-width: 1920px) 100vw, 1920px\" \/><\/a>\n\t\t\t<\/dt><\/dl><dl class='gallery-item'>\n\t\t\t<dt class='gallery-icon landscape'>\n\t\t\t\t<a data-elementor-open-lightbox=\"yes\" data-elementor-lightbox-slideshow=\"b082a9e\" data-elementor-lightbox-title=\"Servizio di assistenza in spiaggia al Camping Enfola\" data-e-action-hash=\"#elementor-action%3Aaction%3Dlightbox%26settings%3DeyJpZCI6Njk1MiwidXJsIjoiaHR0cHM6XC9cL3d3dy5jYW1waW5nZW5mb2xhLmNvbVwvd3AtY29udGVudFwvdXBsb2Fkc1wvMjAyNlwvMDFcL0lNR18yMDE4MDcwNF8xNjMyMzhfYy1lbmZvbGEuanBnIiwic2xpZGVzaG93IjoiYjA4MmE5ZSJ9\" href='https:\/\/www.campingenfola.com\/wp-content\/uploads\/2026\/01\/IMG_20180704_163238_c-enfola.jpg'><img loading=\"lazy\" decoding=\"async\" width=\"1920\" height=\"1280\" src=\"https:\/\/www.campingenfola.com\/wp-content\/uploads\/2026\/01\/IMG_20180704_163238_c-enfola.jpg\" class=\"attachment-full size-full\" alt=\"Addetto alla sicurezza sulla spiaggia del Camping Enfola con area balneare attrezzata\" srcset=\"https:\/\/www.campingenfola.com\/wp-content\/uploads\/2026\/01\/IMG_20180704_163238_c-enfola.jpg 1920w, https:\/\/www.campingenfola.com\/wp-content\/uploads\/2026\/01\/IMG_20180704_163238_c-enfola-300x200.jpg 300w, https:\/\/www.campingenfola.com\/wp-content\/uploads\/2026\/01\/IMG_20180704_163238_c-enfola-1024x683.jpg 1024w, https:\/\/www.campingenfola.com\/wp-content\/uploads\/2026\/01\/IMG_20180704_163238_c-enfola-768x512.jpg 768w, https:\/\/www.campingenfola.com\/wp-content\/uploads\/2026\/01\/IMG_20180704_163238_c-enfola-1536x1024.jpg 1536w, https:\/\/www.campingenfola.com\/wp-content\/uploads\/2026\/01\/IMG_20180704_163238_c-enfola-600x400.jpg 600w\" sizes=\"(max-width: 1920px) 100vw, 1920px\" \/><\/a>\n\t\t\t<\/dt><\/dl><dl class='gallery-item'>\n\t\t\t<dt class='gallery-icon landscape'>\n\t\t\t\t<a data-elementor-open-lightbox=\"yes\" data-elementor-lightbox-slideshow=\"b082a9e\" data-elementor-lightbox-title=\"Stand up paddle nella baia dell\u2019Enfola\" data-e-action-hash=\"#elementor-action%3Aaction%3Dlightbox%26settings%3DeyJpZCI6Njk1MywidXJsIjoiaHR0cHM6XC9cL3d3dy5jYW1waW5nZW5mb2xhLmNvbVwvd3AtY29udGVudFwvdXBsb2Fkc1wvMjAyNlwvMDFcL2MtZW5mb2xhLTIwMTlfMjAxNDA5MTZfMDAzLmpwZyIsInNsaWRlc2hvdyI6ImIwODJhOWUifQ%3D%3D\" href='https:\/\/www.campingenfola.com\/wp-content\/uploads\/2026\/01\/c-enfola-2019_20140916_003.jpg'><img loading=\"lazy\" decoding=\"async\" width=\"1920\" height=\"1280\" src=\"https:\/\/www.campingenfola.com\/wp-content\/uploads\/2026\/01\/c-enfola-2019_20140916_003.jpg\" class=\"attachment-full size-full\" alt=\"Bambino che pratica stand up paddle nelle acque calme della baia dell\u2019Enfola\" srcset=\"https:\/\/www.campingenfola.com\/wp-content\/uploads\/2026\/01\/c-enfola-2019_20140916_003.jpg 1920w, https:\/\/www.campingenfola.com\/wp-content\/uploads\/2026\/01\/c-enfola-2019_20140916_003-300x200.jpg 300w, https:\/\/www.campingenfola.com\/wp-content\/uploads\/2026\/01\/c-enfola-2019_20140916_003-1024x683.jpg 1024w, https:\/\/www.campingenfola.com\/wp-content\/uploads\/2026\/01\/c-enfola-2019_20140916_003-768x512.jpg 768w, https:\/\/www.campingenfola.com\/wp-content\/uploads\/2026\/01\/c-enfola-2019_20140916_003-1536x1024.jpg 1536w, https:\/\/www.campingenfola.com\/wp-content\/uploads\/2026\/01\/c-enfola-2019_20140916_003-600x400.jpg 600w\" sizes=\"(max-width: 1920px) 100vw, 1920px\" \/><\/a>\n\t\t\t<\/dt><\/dl><br style=\"clear: both\" \/>\n\t\t<\/div>\n\t\t<\/div>\n\t\t\t\t\t\t<\/div>\n\t\t\t\t<\/div>\n\t\t\t\t<section class=\"elementor-section elementor-top-section elementor-element elementor-element-fd46b01 elementor-section-content-middle elementor-section-boxed elementor-section-height-default elementor-section-height-default\" data-id=\"fd46b01\" data-element_type=\"section\" id=\"boje\">\n\t\t\t\t\t\t<div class=\"elementor-container elementor-column-gap-no\">\n\t\t\t\t\t<div class=\"elementor-column elementor-col-50 elementor-top-column elementor-element elementor-element-3eee0fe\" data-id=\"3eee0fe\" data-element_type=\"column\">\n\t\t\t<div class=\"elementor-widget-wrap elementor-element-populated\">\n\t\t\t\t\t\t<div class=\"elementor-element elementor-element-942ed65 elementor-widget elementor-widget-vedhak_elementor_heading\" data-id=\"942ed65\" data-element_type=\"widget\" data-widget_type=\"vedhak_elementor_heading.default\">\n\t\t\t\t<div class=\"elementor-widget-container\">\n\t\t\t\t\t\t\t\t<div class=\"ova-heading template1\">\n\n\t\t\t\t\n\t\t\t\t\t<h2 class=\"sub-title\">\n\n\t\t\t\t\t\t \n\t\t\t\t\t\t\n\t\t\t\t\t\t\n\t\t\t\t\t<\/h2>\n\n\t\t\t\t\n\t\t\t\t\n\t\t\t\t\t\n\t\t\t\t\t\t<h3 class=\"title\"><span class=\"title-bold\">Anlegebojen<\/span><span class=\"title-normal\"><\/span><\/h3>\n\n\t\t\t\t\t\n\n\t\t\t\t\t\t\t\t\t\n\t\t\t\t\n\t\t\t\t\n\t\t\t\t\t\t\t\t\t\t\t<p class=\"description\">Wenn Sie ein Boot haben, k\u00f6nnen Sie es an den Bojen festmachen, die der Campingplatz seinen G\u00e4sten zur Verf\u00fcgung stellt. Der Campingplatz besitzt ein kleines Boot, mit dem Sie Ihr Boot erreichen k\u00f6nnen. Es gibt einen tempor\u00e4ren Anlegesteg (zum Be- und Entladen), der \u00fcber einen markierten Kanal erreichbar ist. Am Strand befindet sich eine Slipanlage zum Zuwasserlassen und Herausziehen der Boote, nutzbar vor 9:00 Uhr morgens und nach 19:00 Uhr abends. Wir bieten Unterst\u00fctzung beim Ein- und Auswassern des Bootes sowie bei der Aufbewahrung des Trailers.<\/p>\n\t\t\t\t\t\n\t\t\t\t\n\t\t\t<\/div>\n\n\t\t\t\t\t\t<\/div>\n\t\t\t\t<\/div>\n\t\t\t\t\t<\/div>\n\t\t<\/div>\n\t\t\t\t<div class=\"elementor-column elementor-col-50 elementor-top-column elementor-element elementor-element-8b8b075 vedhak_stretch_column_right\" data-id=\"8b8b075\" data-element_type=\"column\">\n\t\t\t<div class=\"elementor-widget-wrap elementor-element-populated\">\n\t\t\t\t\t\t<div class=\"elementor-element elementor-element-99293ac elementor-widget elementor-widget-image\" data-id=\"99293ac\" data-element_type=\"widget\" data-widget_type=\"image.default\">\n\t\t\t\t\t\t\t\t\t\t\t\t\t\t\t<img loading=\"lazy\" decoding=\"async\" width=\"1920\" height=\"1280\" src=\"https:\/\/www.campingenfola.com\/wp-content\/uploads\/2026\/01\/0021_c-enfola2019-1.jpg\" class=\"attachment-full size-full wp-image-6954\" alt=\"Baia dell\u2019Enfola all\u2019Isola d\u2019Elba con mare cristallino e spiaggia vista dall\u2019alto\" srcset=\"https:\/\/www.campingenfola.com\/wp-content\/uploads\/2026\/01\/0021_c-enfola2019-1.jpg 1920w, https:\/\/www.campingenfola.com\/wp-content\/uploads\/2026\/01\/0021_c-enfola2019-1-300x200.jpg 300w, https:\/\/www.campingenfola.com\/wp-content\/uploads\/2026\/01\/0021_c-enfola2019-1-1024x683.jpg 1024w, https:\/\/www.campingenfola.com\/wp-content\/uploads\/2026\/01\/0021_c-enfola2019-1-768x512.jpg 768w, https:\/\/www.campingenfola.com\/wp-content\/uploads\/2026\/01\/0021_c-enfola2019-1-1536x1024.jpg 1536w, https:\/\/www.campingenfola.com\/wp-content\/uploads\/2026\/01\/0021_c-enfola2019-1-600x400.jpg 600w\" sizes=\"(max-width: 1920px) 100vw, 1920px\" \/>\t\t\t\t\t\t\t\t\t\t\t\t\t\t\t<\/div>\n\t\t\t\t\t<\/div>\n\t\t<\/div>\n\t\t\t\t\t<\/div>\n\t\t<\/section>\n\t\t<div class=\"elementor-element elementor-element-5c0fa71 e-flex e-con-boxed e-con e-parent\" data-id=\"5c0fa71\" data-element_type=\"container\" id=\"bike\">\n\t\t\t\t\t<div class=\"e-con-inner\">\n\t\t\t\t<div class=\"elementor-element elementor-element-aa78888 elementor-widget elementor-widget-vedhak_elementor_heading\" data-id=\"aa78888\" data-element_type=\"widget\" data-widget_type=\"vedhak_elementor_heading.default\">\n\t\t\t\t<div class=\"elementor-widget-container\">\n\t\t\t\t\t\t\t\t<div class=\"ova-heading template1\">\n\n\t\t\t\t\n\t\t\t\t\n\t\t\t\t\t\n\t\t\t\t\t\t<h3 class=\"title\"><span class=\"title-bold\"><\/span><span class=\"title-normal\">E-bike<\/span><\/h3>\n\n\t\t\t\t\t\n\n\t\t\t\t\t\t\t\t\t\n\t\t\t\t\n\t\t\t\t\n\t\t\t\t\t\n\t\t\t\t\n\t\t\t<\/div>\n\n\t\t\t\t\t\t<\/div>\n\t\t\t\t<\/div>\n\t\t\t\t<div class=\"elementor-element elementor-element-2e8de8b elementor-widget elementor-widget-text-editor\" data-id=\"2e8de8b\" data-element_type=\"widget\" data-widget_type=\"text-editor.default\">\n\t\t\t\t\t\t\t\t\t<p>Camping Enfola verf\u00fcgt \u00fcber elektrische Fahrr\u00e4der f\u00fcr kurze Strecken rund um Enfola.<\/p><p>Die Fahrr\u00e4der k\u00f6nnen an der Rezeption f\u00fcr Zeitr\u00e4ume bis zu einem halben Tag gemietet werden.<\/p>\t\t\t\t\t\t\t\t<\/div>\n\t\t\t\t\t<\/div>\n\t\t\t\t<\/div>\n\t\t<div class=\"elementor-element elementor-element-b95b219 e-con-full e-flex e-con e-parent\" data-id=\"b95b219\" data-element_type=\"container\">\n\t\t\t\t<div class=\"elementor-element elementor-element-5b0606b elementor-widget elementor-widget-image-gallery\" data-id=\"5b0606b\" data-element_type=\"widget\" data-widget_type=\"image-gallery.default\">\n\t\t\t\t\t\t\t<div class=\"elementor-image-gallery\">\n\t\t\t\n\t\t<style type=\"text\/css\">\n\t\t\t#gallery-5 {\n\t\t\t\tmargin: auto;\n\t\t\t}\n\t\t\t#gallery-5 .gallery-item {\n\t\t\t\tfloat: left;\n\t\t\t\tmargin-top: 10px;\n\t\t\t\ttext-align: center;\n\t\t\t\twidth: 33%;\n\t\t\t}\n\t\t\t#gallery-5 img {\n\t\t\t\tborder: 2px solid #cfcfcf;\n\t\t\t}\n\t\t\t#gallery-5 .gallery-caption {\n\t\t\t\tmargin-left: 0;\n\t\t\t}\n\t\t\t\/* see gallery_shortcode() in wp-includes\/media.php *\/\n\t\t<\/style>\n\t\t<div id='gallery-5' class='gallery galleryid-6425 gallery-columns-3 gallery-size-full'><dl class='gallery-item'>\n\t\t\t<dt class='gallery-icon landscape'>\n\t\t\t\t<a data-elementor-open-lightbox=\"yes\" data-elementor-lightbox-slideshow=\"5b0606b\" data-elementor-lightbox-title=\"Biciclette a disposizione degli ospiti\" data-e-action-hash=\"#elementor-action%3Aaction%3Dlightbox%26settings%3DeyJpZCI6Njk1NSwidXJsIjoiaHR0cHM6XC9cL3d3dy5jYW1waW5nZW5mb2xhLmNvbVwvd3AtY29udGVudFwvdXBsb2Fkc1wvMjAyNlwvMDFcLzA0MDEyMDE2XzA5NDAxM19iaWNpMi5qcGciLCJzbGlkZXNob3ciOiI1YjA2MDZiIn0%3D\" href='https:\/\/www.campingenfola.com\/wp-content\/uploads\/2026\/01\/04012016_094013_bici2.jpg'><img loading=\"lazy\" decoding=\"async\" width=\"1920\" height=\"1280\" src=\"https:\/\/www.campingenfola.com\/wp-content\/uploads\/2026\/01\/04012016_094013_bici2.jpg\" class=\"attachment-full size-full\" alt=\"Biciclette a disposizione degli ospiti del Camping Enfola per spostamenti e passeggiate\" aria-describedby=\"gallery-5-6955\" srcset=\"https:\/\/www.campingenfola.com\/wp-content\/uploads\/2026\/01\/04012016_094013_bici2.jpg 1920w, https:\/\/www.campingenfola.com\/wp-content\/uploads\/2026\/01\/04012016_094013_bici2-300x200.jpg 300w, https:\/\/www.campingenfola.com\/wp-content\/uploads\/2026\/01\/04012016_094013_bici2-1024x683.jpg 1024w, https:\/\/www.campingenfola.com\/wp-content\/uploads\/2026\/01\/04012016_094013_bici2-768x512.jpg 768w, https:\/\/www.campingenfola.com\/wp-content\/uploads\/2026\/01\/04012016_094013_bici2-1536x1024.jpg 1536w, https:\/\/www.campingenfola.com\/wp-content\/uploads\/2026\/01\/04012016_094013_bici2-600x400.jpg 600w\" sizes=\"(max-width: 1920px) 100vw, 1920px\" \/><\/a>\n\t\t\t<\/dt>\n\t\t\t\t<dd class='wp-caption-text gallery-caption' id='gallery-5-6955'>\n\t\t\t\tOLYMPUS DIGITAL CAMERA\n\t\t\t\t<\/dd><\/dl><dl class='gallery-item'>\n\t\t\t<dt class='gallery-icon landscape'>\n\t\t\t\t<a data-elementor-open-lightbox=\"yes\" data-elementor-lightbox-slideshow=\"5b0606b\" data-elementor-lightbox-title=\"Biciclette a disposizione degli ospiti\" data-e-action-hash=\"#elementor-action%3Aaction%3Dlightbox%26settings%3DeyJpZCI6Njk1NiwidXJsIjoiaHR0cHM6XC9cL3d3dy5jYW1waW5nZW5mb2xhLmNvbVwvd3AtY29udGVudFwvdXBsb2Fkc1wvMjAyNlwvMDFcLzA0MDEyMDE2XzA5MzgzNV9iaWNpLmpwZyIsInNsaWRlc2hvdyI6IjViMDYwNmIifQ%3D%3D\" href='https:\/\/www.campingenfola.com\/wp-content\/uploads\/2026\/01\/04012016_093835_bici.jpg'><img loading=\"lazy\" decoding=\"async\" width=\"1920\" height=\"1280\" src=\"https:\/\/www.campingenfola.com\/wp-content\/uploads\/2026\/01\/04012016_093835_bici.jpg\" class=\"attachment-full size-full\" alt=\"Biciclette a disposizione degli ospiti del Camping Enfola per spostamenti e passeggiate\" srcset=\"https:\/\/www.campingenfola.com\/wp-content\/uploads\/2026\/01\/04012016_093835_bici.jpg 1920w, https:\/\/www.campingenfola.com\/wp-content\/uploads\/2026\/01\/04012016_093835_bici-300x200.jpg 300w, https:\/\/www.campingenfola.com\/wp-content\/uploads\/2026\/01\/04012016_093835_bici-1024x683.jpg 1024w, https:\/\/www.campingenfola.com\/wp-content\/uploads\/2026\/01\/04012016_093835_bici-768x512.jpg 768w, https:\/\/www.campingenfola.com\/wp-content\/uploads\/2026\/01\/04012016_093835_bici-1536x1024.jpg 1536w, https:\/\/www.campingenfola.com\/wp-content\/uploads\/2026\/01\/04012016_093835_bici-600x400.jpg 600w\" sizes=\"(max-width: 1920px) 100vw, 1920px\" \/><\/a>\n\t\t\t<\/dt><\/dl><dl class='gallery-item'>\n\t\t\t<dt class='gallery-icon landscape'>\n\t\t\t\t<a data-elementor-open-lightbox=\"yes\" data-elementor-lightbox-slideshow=\"5b0606b\" data-elementor-lightbox-title=\"Biciclette a disposizione degli ospiti\" data-e-action-hash=\"#elementor-action%3Aaction%3Dlightbox%26settings%3DeyJpZCI6Njk1NywidXJsIjoiaHR0cHM6XC9cL3d3dy5jYW1waW5nZW5mb2xhLmNvbVwvd3AtY29udGVudFwvdXBsb2Fkc1wvMjAyNlwvMDFcLzAwOF9DLUVORk9MQV84NDcyLmpwZyIsInNsaWRlc2hvdyI6IjViMDYwNmIifQ%3D%3D\" href='https:\/\/www.campingenfola.com\/wp-content\/uploads\/2026\/01\/008_C-ENFOLA_8472.jpg'><img loading=\"lazy\" decoding=\"async\" width=\"1920\" height=\"1280\" src=\"https:\/\/www.campingenfola.com\/wp-content\/uploads\/2026\/01\/008_C-ENFOLA_8472.jpg\" class=\"attachment-full size-full\" alt=\"Biciclette a disposizione degli ospiti del Camping Enfola per spostamenti e passeggiate\" srcset=\"https:\/\/www.campingenfola.com\/wp-content\/uploads\/2026\/01\/008_C-ENFOLA_8472.jpg 1920w, https:\/\/www.campingenfola.com\/wp-content\/uploads\/2026\/01\/008_C-ENFOLA_8472-300x200.jpg 300w, https:\/\/www.campingenfola.com\/wp-content\/uploads\/2026\/01\/008_C-ENFOLA_8472-1024x683.jpg 1024w, https:\/\/www.campingenfola.com\/wp-content\/uploads\/2026\/01\/008_C-ENFOLA_8472-768x512.jpg 768w, https:\/\/www.campingenfola.com\/wp-content\/uploads\/2026\/01\/008_C-ENFOLA_8472-1536x1024.jpg 1536w, https:\/\/www.campingenfola.com\/wp-content\/uploads\/2026\/01\/008_C-ENFOLA_8472-600x400.jpg 600w\" sizes=\"(max-width: 1920px) 100vw, 1920px\" \/><\/a>\n\t\t\t<\/dt><\/dl><br style=\"clear: both\" \/>\n\t\t<\/div>\n\t\t<\/div>\n\t\t\t\t\t\t<\/div>\n\t\t\t\t<\/div>\n\t\t\t\t<section class=\"elementor-section elementor-top-section elementor-element elementor-element-9a368a8 elementor-section-full_width elementor-section-height-default elementor-section-height-default\" data-id=\"9a368a8\" data-element_type=\"section\" data-settings=\"{&quot;background_background&quot;:&quot;classic&quot;}\">\n\t\t\t\t\t\t<div class=\"elementor-container elementor-column-gap-no\">\n\t\t\t\t\t<div class=\"elementor-column elementor-col-100 elementor-top-column elementor-element elementor-element-e67d34e\" data-id=\"e67d34e\" data-element_type=\"column\">\n\t\t\t<div class=\"elementor-widget-wrap elementor-element-populated\">\n\t\t\t\t\t\t<div class=\"elementor-element elementor-element-6c6c773 elementor-widget elementor-widget-vedhak_elementor_heading\" data-id=\"6c6c773\" data-element_type=\"widget\" data-widget_type=\"vedhak_elementor_heading.default\">\n\t\t\t\t<div class=\"elementor-widget-container\">\n\t\t\t\t\t\t\t\t<div class=\"ova-heading template2\">\n\n\t\t\t\t\n\t\t\t\t\t\t\t\t\t<div class=\"wrap-content\">\n\t\t\t\t\n\t\t\t\t\t\t\t\t\t\t\n\t\t\t\t\t\t<h3 class=\"title\"><a href=\"\/de\/buchen\/\" target=\"_self\" ><span class=\"title-bold\">Alle Annehmlichkeiten\nf\u00fcr einen <\/span><span class=\"title-normal\">unbeschwerten Urlaub<\/span><\/a><\/h3>\n\n\t\t\t\t\t\n\n\t\t\t\t\t\n\t\t\t\t\t\t\t\t\t\t\t\t\t<a href=\"\/de\/buchen\/\" class=\"button-readmore \" \n\t\t\t\t\t\t\t\ttarget=\"_self\" >\n\n\t\t\t\t\t\t\t\tBuchen\n\t\t\t\t\t\t\t\t<i class=\"fas fa-angle-double-right\"><\/i>\n\t\t\t\t\t\t\t\t\n\t\t\t\t\t\t\t<\/a>\n\t\t\t\t\t\t\n\t\t\t\t\t\t<div class=\"background\">\n\t\t\t\t\t\t\tCamping\t\t\t\t\t\t<\/div>\n\n\t\t\t\t\t\t\t\t\t\n\t\t\t\t\t\t\t\t\t<\/div>\n\t\t\t\t\n\t\t\t\t\n\t\t\t<\/div>\n\n\t\t\t\t\t\t<\/div>\n\t\t\t\t<\/div>\n\t\t\t\t\t<\/div>\n\t\t<\/div>\n\t\t\t\t\t<\/div>\n\t\t<\/section>\n\t\t\t\t<\/div>\n\t\t","protected":false},"excerpt":{"rendered":"<p>Camping und Unterk\u00fcnfte Komfort und Services Camping Enfola bietet eine Reihe von Services, die den Aufenthalt praktisch, entspannend und angenehm machen, in einer gepflegten nat\u00fcrlichen Umgebung, die auf die Bed\u00fcrfnisse der G\u00e4ste ausgerichtet ist. Vom Empfang bis zur Organisation des t\u00e4glichen Lebens tr\u00e4gt jeder Service dazu bei, eine ruhige und funktionale Atmosph\u00e4re zu schaffen, geeignet [&hellip;]<\/p>\n","protected":false},"author":2,"featured_media":0,"parent":0,"menu_order":0,"comment_status":"closed","ping_status":"closed","template":"elementor_header_footer","meta":{"footnotes":""},"class_list":["post-6425","page","type-page","status-publish","hentry"],"_links":{"self":[{"href":"https:\/\/www.campingenfola.com\/de\/wp-json\/wp\/v2\/pages\/6425","targetHints":{"allow":["GET"]}}],"collection":[{"href":"https:\/\/www.campingenfola.com\/de\/wp-json\/wp\/v2\/pages"}],"about":[{"href":"https:\/\/www.campingenfola.com\/de\/wp-json\/wp\/v2\/types\/page"}],"author":[{"embeddable":true,"href":"https:\/\/www.campingenfola.com\/de\/wp-json\/wp\/v2\/users\/2"}],"replies":[{"embeddable":true,"href":"https:\/\/www.campingenfola.com\/de\/wp-json\/wp\/v2\/comments?post=6425"}],"version-history":[{"count":5,"href":"https:\/\/www.campingenfola.com\/de\/wp-json\/wp\/v2\/pages\/6425\/revisions"}],"predecessor-version":[{"id":7994,"href":"https:\/\/www.campingenfola.com\/de\/wp-json\/wp\/v2\/pages\/6425\/revisions\/7994"}],"wp:attachment":[{"href":"https:\/\/www.campingenfola.com\/de\/wp-json\/wp\/v2\/media?parent=6425"}],"curies":[{"name":"wp","href":"https:\/\/api.w.org\/{rel}","templated":true}]}}