{"id":6408,"date":"2026-01-27T14:24:59","date_gmt":"2026-01-27T13:24:59","guid":{"rendered":"http:\/\/campingenfola.youelba.com\/camping-e-alloggi\/camping\/"},"modified":"2026-03-12T11:35:29","modified_gmt":"2026-03-12T10:35:29","slug":"camping","status":"publish","type":"page","link":"https:\/\/www.campingenfola.com\/de\/camping-und-unterkunfte\/camping\/","title":{"rendered":"Camping"},"content":{"rendered":"\t\t<div data-elementor-type=\"wp-page\" data-elementor-id=\"6408\" class=\"elementor elementor-6408 elementor-4179\">\n\t\t\t\t<div class=\"elementor-element elementor-element-4c8bf57 e-flex e-con-boxed e-con e-parent\" data-id=\"4c8bf57\" data-element_type=\"container\">\n\t\t\t\t\t<div class=\"e-con-inner\">\n\t\t<div class=\"elementor-element elementor-element-524b956 e-con-full e-flex elementor-invisible e-con e-child\" data-id=\"524b956\" data-element_type=\"container\" data-settings=\"{&quot;animation&quot;:&quot;fadeIn&quot;}\">\n\t\t\t\t<div class=\"elementor-element elementor-element-756342d elementor-widget elementor-widget-vedhak_elementor_heading\" data-id=\"756342d\" data-element_type=\"widget\" data-widget_type=\"vedhak_elementor_heading.default\">\n\t\t\t\t<div class=\"elementor-widget-container\">\n\t\t\t\t\t\t\t\t<div class=\"ova-heading template1\">\n\n\t\t\t\t\n\t\t\t\t\t<h2 class=\"sub-title\">\n\n\t\t\t\t\t\t \n\t\t\t\t\t\t\t\t\t\t\t\t\t<span class=\"line-decoration\"><\/span>\n\t\t\t\t\t\t\n\t\t\t\t\t\tCamping und Unterk\u00fcnfte\n\t\t\t\t\t<\/h2>\n\n\t\t\t\t\n\t\t\t\t\n\t\t\t\t\t\n\t\t\t\t\t\t<h3 class=\"title\"><span class=\"title-bold\">Der Campingplatz<\/span><span class=\"title-normal\"><\/span><\/h3>\n\n\t\t\t\t\t\n\n\t\t\t\t\t\t\t\t\t\n\t\t\t\t\n\t\t\t\t\n\t\t\t\t\t\n\t\t\t\t\n\t\t\t<\/div>\n\n\t\t\t\t\t\t<\/div>\n\t\t\t\t<\/div>\n\t\t\t\t<\/div>\n\t\t<div class=\"elementor-element elementor-element-c84ea07 e-con-full e-flex e-con e-child\" data-id=\"c84ea07\" data-element_type=\"container\">\n\t\t\t\t<div class=\"elementor-element elementor-element-905b11e elementor-widget elementor-widget-text-editor\" data-id=\"905b11e\" data-element_type=\"widget\" data-widget_type=\"text-editor.default\">\n\t\t\t\t\t\t\t\t\t<p>Camping Enfola bietet ein Aufenthaltserlebnis mitten in der Natur, nur wenige Schritte vom Meer entfernt und umgeben von den D\u00fcften der mediterranen Macchia.<\/p><p>Die Stellpl\u00e4tze sind heute das Herz des Campingplatzes. Am Morgen schattig und auf Terrassen angelegt, viele mit direktem Meerblick, erm\u00f6glichen sie ein authentisches und entspanntes Campingerlebnis.<\/p>\t\t\t\t\t\t\t\t<\/div>\n\t\t<div class=\"elementor-element elementor-element-e73a639 e-con-full e-flex e-con e-child\" data-id=\"e73a639\" data-element_type=\"container\">\n\t\t\t\t<div class=\"elementor-element elementor-element-4c4f281 elementor-widget elementor-widget-button\" data-id=\"4c4f281\" data-element_type=\"widget\" data-widget_type=\"button.default\">\n\t\t\t\t\t\t\t\t\t\t<a class=\"elementor-button elementor-button-link elementor-size-sm\" href=\"\/de\/preise\/#heime\">\n\t\t\t\t\t\t<span class=\"elementor-button-content-wrapper\">\n\t\t\t\t\t\t<span class=\"elementor-button-icon\">\n\t\t\t\t<svg aria-hidden=\"true\" class=\"e-font-icon-svg e-fas-angle-double-right\" viewBox=\"0 0 448 512\" xmlns=\"http:\/\/www.w3.org\/2000\/svg\"><path d=\"M224.3 273l-136 136c-9.4 9.4-24.6 9.4-33.9 0l-22.6-22.6c-9.4-9.4-9.4-24.6 0-33.9l96.4-96.4-96.4-96.4c-9.4-9.4-9.4-24.6 0-33.9L54.3 103c9.4-9.4 24.6-9.4 33.9 0l136 136c9.5 9.4 9.5 24.6.1 34zm192-34l-136-136c-9.4-9.4-24.6-9.4-33.9 0l-22.6 22.6c-9.4 9.4-9.4 24.6 0 33.9l96.4 96.4-96.4 96.4c-9.4 9.4-9.4 24.6 0 33.9l22.6 22.6c9.4 9.4 24.6 9.4 33.9 0l136-136c9.4-9.2 9.4-24.4 0-33.8z\"><\/path><\/svg>\t\t\t<\/span>\n\t\t\t\t\t\t\t\t\t<span class=\"elementor-button-text\">Preise<\/span>\n\t\t\t\t\t<\/span>\n\t\t\t\t\t<\/a>\n\t\t\t\t\t\t\t\t<\/div>\n\t\t\t\t<div class=\"elementor-element elementor-element-81efd27 elementor-widget elementor-widget-button\" data-id=\"81efd27\" data-element_type=\"widget\" data-widget_type=\"button.default\">\n\t\t\t\t\t\t\t\t\t\t<a class=\"elementor-button elementor-button-link elementor-size-sm\" href=\"\/de\/angebote\/\">\n\t\t\t\t\t\t<span class=\"elementor-button-content-wrapper\">\n\t\t\t\t\t\t<span class=\"elementor-button-icon\">\n\t\t\t\t<svg aria-hidden=\"true\" class=\"e-font-icon-svg e-fas-angle-double-right\" viewBox=\"0 0 448 512\" xmlns=\"http:\/\/www.w3.org\/2000\/svg\"><path d=\"M224.3 273l-136 136c-9.4 9.4-24.6 9.4-33.9 0l-22.6-22.6c-9.4-9.4-9.4-24.6 0-33.9l96.4-96.4-96.4-96.4c-9.4-9.4-9.4-24.6 0-33.9L54.3 103c9.4-9.4 24.6-9.4 33.9 0l136 136c9.5 9.4 9.5 24.6.1 34zm192-34l-136-136c-9.4-9.4-24.6-9.4-33.9 0l-22.6 22.6c-9.4 9.4-9.4 24.6 0 33.9l96.4 96.4-96.4 96.4c-9.4 9.4-9.4 24.6 0 33.9l22.6 22.6c9.4 9.4 24.6 9.4 33.9 0l136-136c9.4-9.2 9.4-24.4 0-33.8z\"><\/path><\/svg>\t\t\t<\/span>\n\t\t\t\t\t\t\t\t\t<span class=\"elementor-button-text\">Angebote<\/span>\n\t\t\t\t\t<\/span>\n\t\t\t\t\t<\/a>\n\t\t\t\t\t\t\t\t<\/div>\n\t\t\t\t<\/div>\n\t\t\t\t<\/div>\n\t\t\t\t\t<\/div>\n\t\t\t\t<\/div>\n\t\t<div class=\"elementor-element elementor-element-62af95b e-con-full e-flex e-con e-parent\" data-id=\"62af95b\" data-element_type=\"container\">\n\t\t\t\t<div class=\"elementor-element elementor-element-e9e536b elementor-arrows-position-inside elementor-widget elementor-widget-image-carousel\" data-id=\"e9e536b\" data-element_type=\"widget\" data-settings=\"{&quot;slides_to_show&quot;:&quot;2&quot;,&quot;navigation&quot;:&quot;arrows&quot;,&quot;image_spacing_custom&quot;:{&quot;unit&quot;:&quot;px&quot;,&quot;size&quot;:3,&quot;sizes&quot;:[]},&quot;autoplay&quot;:&quot;yes&quot;,&quot;pause_on_hover&quot;:&quot;yes&quot;,&quot;pause_on_interaction&quot;:&quot;yes&quot;,&quot;autoplay_speed&quot;:5000,&quot;infinite&quot;:&quot;yes&quot;,&quot;speed&quot;:500,&quot;image_spacing_custom_widescreen&quot;:{&quot;unit&quot;:&quot;px&quot;,&quot;size&quot;:&quot;&quot;,&quot;sizes&quot;:[]},&quot;image_spacing_custom_laptop&quot;:{&quot;unit&quot;:&quot;px&quot;,&quot;size&quot;:&quot;&quot;,&quot;sizes&quot;:[]},&quot;image_spacing_custom_tablet_extra&quot;:{&quot;unit&quot;:&quot;px&quot;,&quot;size&quot;:&quot;&quot;,&quot;sizes&quot;:[]},&quot;image_spacing_custom_tablet&quot;:{&quot;unit&quot;:&quot;px&quot;,&quot;size&quot;:&quot;&quot;,&quot;sizes&quot;:[]},&quot;image_spacing_custom_mobile_extra&quot;:{&quot;unit&quot;:&quot;px&quot;,&quot;size&quot;:&quot;&quot;,&quot;sizes&quot;:[]},&quot;image_spacing_custom_mobile&quot;:{&quot;unit&quot;:&quot;px&quot;,&quot;size&quot;:&quot;&quot;,&quot;sizes&quot;:[]}}\" data-widget_type=\"image-carousel.default\">\n\t\t\t\t\t\t\t<div class=\"elementor-image-carousel-wrapper swiper\" role=\"region\" aria-roledescription=\"carousel\" aria-label=\"Carosello d&#039;immagini\" dir=\"ltr\">\n\t\t\t<div class=\"elementor-image-carousel swiper-wrapper swiper-image-stretch\" aria-live=\"off\">\n\t\t\t\t\t\t\t\t<div class=\"swiper-slide\" role=\"group\" aria-roledescription=\"slide\" aria-label=\"1 von 11\"><a data-elementor-open-lightbox=\"yes\" data-elementor-lightbox-slideshow=\"e9e536b\" data-elementor-lightbox-title=\"Vista aerea del Camping Enfola sul mare\" data-e-action-hash=\"#elementor-action%3Aaction%3Dlightbox%26settings%3DeyJpZCI6Njg5NSwidXJsIjoiaHR0cHM6XC9cL3d3dy5jYW1waW5nZW5mb2xhLmNvbVwvd3AtY29udGVudFwvdXBsb2Fkc1wvMjAyNlwvMDFcLzAwMjdfYy1lbmZvbGEyMDE5LmpwZyIsInNsaWRlc2hvdyI6ImU5ZTUzNmIifQ%3D%3D\" href=\"https:\/\/www.campingenfola.com\/wp-content\/uploads\/2026\/01\/0027_c-enfola2019.jpg\"><figure class=\"swiper-slide-inner\"><img decoding=\"async\" class=\"swiper-slide-image\" src=\"https:\/\/www.campingenfola.com\/wp-content\/uploads\/elementor\/thumbs\/0027_c-enfola2019-ribdse79g0thpstjpotna4na2lc8eogdjkuv4ws0lc.jpg\" alt=\"Vista aerea del Camping Enfola affacciato sul mare con spiaggia, molo e costa rocciosa dell\u2019Isola d\u2019Elba\" \/><\/figure><\/a><\/div><div class=\"swiper-slide\" role=\"group\" aria-roledescription=\"slide\" aria-label=\"2 von 11\"><a data-elementor-open-lightbox=\"yes\" data-elementor-lightbox-slideshow=\"e9e536b\" data-elementor-lightbox-title=\"Piazzola camper attrezzata al Camping Enfola\" data-e-action-hash=\"#elementor-action%3Aaction%3Dlightbox%26settings%3DeyJpZCI6Njg5NiwidXJsIjoiaHR0cHM6XC9cL3d3dy5jYW1waW5nZW5mb2xhLmNvbVwvd3AtY29udGVudFwvdXBsb2Fkc1wvMjAyNlwvMDFcLzAwNTVfYy1lbmZvbGEyMDE5LmpwZyIsInNsaWRlc2hvdyI6ImU5ZTUzNmIifQ%3D%3D\" href=\"https:\/\/www.campingenfola.com\/wp-content\/uploads\/2026\/01\/0055_c-enfola2019.jpg\"><figure class=\"swiper-slide-inner\"><img decoding=\"async\" class=\"swiper-slide-image\" src=\"https:\/\/www.campingenfola.com\/wp-content\/uploads\/elementor\/thumbs\/0055_c-enfola2019-ria0vz6vp8xvovxab8mjyv3yck7le0pz6bof9syry8.jpg\" alt=\"Piazzola per camper con veranda e tavolo immersa nel verde del Camping Enfola\" \/><\/figure><\/a><\/div><div class=\"swiper-slide\" role=\"group\" aria-roledescription=\"slide\" aria-label=\"3 von 11\"><a data-elementor-open-lightbox=\"yes\" data-elementor-lightbox-slideshow=\"e9e536b\" data-e-action-hash=\"#elementor-action%3Aaction%3Dlightbox%26settings%3DeyJpZCI6NzMwNSwidXJsIjpmYWxzZSwic2xpZGVzaG93IjoiZTllNTM2YiJ9\"><figure class=\"swiper-slide-inner\"><img decoding=\"async\" class=\"swiper-slide-image\" src=\"https:\/\/www.campingenfola.com\/wp-content\/uploads\/2026\/01\/0054_c-enfola2019.jpg\" alt=\"\" \/><\/figure><\/a><\/div><div class=\"swiper-slide\" role=\"group\" aria-roledescription=\"slide\" aria-label=\"4 von 11\"><a data-elementor-open-lightbox=\"yes\" data-elementor-lightbox-slideshow=\"e9e536b\" data-elementor-lightbox-title=\"Area camper panoramica al Camping Enfola\" data-e-action-hash=\"#elementor-action%3Aaction%3Dlightbox%26settings%3DeyJpZCI6Njg5NywidXJsIjoiaHR0cHM6XC9cL3d3dy5jYW1waW5nZW5mb2xhLmNvbVwvd3AtY29udGVudFwvdXBsb2Fkc1wvMjAyNlwvMDFcLzAwNDBfYy1lbmZvbGEyMDE5LmpwZyIsInNsaWRlc2hvdyI6ImU5ZTUzNmIifQ%3D%3D\" href=\"https:\/\/www.campingenfola.com\/wp-content\/uploads\/2026\/01\/0040_c-enfola2019.jpg\"><figure class=\"swiper-slide-inner\"><img decoding=\"async\" class=\"swiper-slide-image\" src=\"https:\/\/www.campingenfola.com\/wp-content\/uploads\/elementor\/thumbs\/0040_c-enfola2019-ria0w20e9r1qnpt6urufocec4ptp14166pmvpmulfk.jpg\" alt=\"Piazzola camper immersa nella natura con vista sul mare al Camping Enfola\" \/><\/figure><\/a><\/div><div class=\"swiper-slide\" role=\"group\" aria-roledescription=\"slide\" aria-label=\"5 von 11\"><a data-elementor-open-lightbox=\"yes\" data-elementor-lightbox-slideshow=\"e9e536b\" data-elementor-lightbox-title=\"Area tende immersa nella macchia mediterranea\" data-e-action-hash=\"#elementor-action%3Aaction%3Dlightbox%26settings%3DeyJpZCI6Njg5OCwidXJsIjoiaHR0cHM6XC9cL3d3dy5jYW1waW5nZW5mb2xhLmNvbVwvd3AtY29udGVudFwvdXBsb2Fkc1wvMjAyNlwvMDFcLzAwMzlfYy1lbmZvbGEyMDE5LmpwZyIsInNsaWRlc2hvdyI6ImU5ZTUzNmIifQ%3D%3D\" href=\"https:\/\/www.campingenfola.com\/wp-content\/uploads\/2026\/01\/0039_c-enfola2019.jpg\"><figure class=\"swiper-slide-inner\"><img decoding=\"async\" class=\"swiper-slide-image\" src=\"https:\/\/www.campingenfola.com\/wp-content\/uploads\/elementor\/thumbs\/0039_c-enfola2019-ria0w2y8gl30zbrtpa928u5sq3p28t4wiuad6wt79c.jpg\" alt=\"Area tende ombreggiata immersa nella macchia mediterranea del Camping Enfola\" \/><\/figure><\/a><\/div><div class=\"swiper-slide\" role=\"group\" aria-roledescription=\"slide\" aria-label=\"6 von 11\"><a data-elementor-open-lightbox=\"yes\" data-elementor-lightbox-slideshow=\"e9e536b\" data-elementor-lightbox-title=\"Panorama sul Golfo dell\u2019Enfola\" data-e-action-hash=\"#elementor-action%3Aaction%3Dlightbox%26settings%3DeyJpZCI6Njg5OSwidXJsIjoiaHR0cHM6XC9cL3d3dy5jYW1waW5nZW5mb2xhLmNvbVwvd3AtY29udGVudFwvdXBsb2Fkc1wvMjAyNlwvMDFcLzAwMzdfYy1lbmZvbGEyMDE5LmpwZyIsInNsaWRlc2hvdyI6ImU5ZTUzNmIifQ%3D%3D\" href=\"https:\/\/www.campingenfola.com\/wp-content\/uploads\/2026\/01\/0037_c-enfola2019.jpg\"><figure class=\"swiper-slide-inner\"><img decoding=\"async\" class=\"swiper-slide-image\" src=\"https:\/\/www.campingenfola.com\/wp-content\/uploads\/elementor\/thumbs\/0037_c-enfola2019-ria0w3w2nf4baxqgjsnotbx9bhkfgi8muyxuo6rt34.jpg\" alt=\"Vista panoramica sul Golfo dell\u2019Enfola con mare azzurro e costa dell\u2019Isola d\u2019Elba\" \/><\/figure><\/a><\/div><div class=\"swiper-slide\" role=\"group\" aria-roledescription=\"slide\" aria-label=\"7 von 11\"><a data-elementor-open-lightbox=\"yes\" data-elementor-lightbox-slideshow=\"e9e536b\" data-elementor-lightbox-title=\"Piazzola tenda panoramica vista mare\" data-e-action-hash=\"#elementor-action%3Aaction%3Dlightbox%26settings%3DeyJpZCI6NjkwMCwidXJsIjoiaHR0cHM6XC9cL3d3dy5jYW1waW5nZW5mb2xhLmNvbVwvd3AtY29udGVudFwvdXBsb2Fkc1wvMjAyNlwvMDJcL1AxMDAwMjQ0LWNhbXBpbmctZW5mb2xhLmpwZyIsInNsaWRlc2hvdyI6ImU5ZTUzNmIifQ%3D%3D\" href=\"https:\/\/www.campingenfola.com\/wp-content\/uploads\/2026\/02\/P1000244-camping-enfola.jpg\"><figure class=\"swiper-slide-inner\"><img decoding=\"async\" class=\"swiper-slide-image\" src=\"https:\/\/www.campingenfola.com\/wp-content\/uploads\/elementor\/thumbs\/P1000244-camping-enfola-rjo771qsdg3k8yh4w1r840c2uo1zqiookfxomeogzk.jpg\" alt=\"Tenda blu su piazzola terrazzata al Camping Enfola con vista sulla baia e barche ancorate\" \/><\/figure><\/a><\/div><div class=\"swiper-slide\" role=\"group\" aria-roledescription=\"slide\" aria-label=\"8 von 11\"><a data-elementor-open-lightbox=\"yes\" data-elementor-lightbox-slideshow=\"e9e536b\" data-elementor-lightbox-title=\"Piazzola panoramica vista mare\" data-e-action-hash=\"#elementor-action%3Aaction%3Dlightbox%26settings%3DeyJpZCI6NjkwMSwidXJsIjoiaHR0cHM6XC9cL3d3dy5jYW1waW5nZW5mb2xhLmNvbVwvd3AtY29udGVudFwvdXBsb2Fkc1wvMjAyNlwvMDJcL2NhbXBpbmctZW5mb2xhXzA3MDgyMDEwMjc2LmpwZyIsInNsaWRlc2hvdyI6ImU5ZTUzNmIifQ%3D%3D\" href=\"https:\/\/www.campingenfola.com\/wp-content\/uploads\/2026\/02\/camping-enfola_07082010276.jpg\"><figure class=\"swiper-slide-inner\"><img decoding=\"async\" class=\"swiper-slide-image\" src=\"https:\/\/www.campingenfola.com\/wp-content\/uploads\/elementor\/thumbs\/camping-enfola_07082010276-rjo772omka4ukkfrqk5uoi3jg1xcy7sewkl63on2tc.jpg\" alt=\"Piazzola panoramica del Camping Enfola con tenda e terrazza vista mare tra gli alberi\" \/><\/figure><\/a><\/div><div class=\"swiper-slide\" role=\"group\" aria-roledescription=\"slide\" aria-label=\"9 von 11\"><a data-elementor-open-lightbox=\"yes\" data-elementor-lightbox-slideshow=\"e9e536b\" data-elementor-lightbox-title=\"Viale interno del Camping Enfola\" data-e-action-hash=\"#elementor-action%3Aaction%3Dlightbox%26settings%3DeyJpZCI6NjkwMiwidXJsIjoiaHR0cHM6XC9cL3d3dy5jYW1waW5nZW5mb2xhLmNvbVwvd3AtY29udGVudFwvdXBsb2Fkc1wvMjAyNlwvMDFcLzAwNDdfYy1lbmZvbGEyMDE5LmpwZyIsInNsaWRlc2hvdyI6ImU5ZTUzNmIifQ%3D%3D\" href=\"https:\/\/www.campingenfola.com\/wp-content\/uploads\/2026\/01\/0047_c-enfola2019.jpg\"><figure class=\"swiper-slide-inner\"><img decoding=\"async\" class=\"swiper-slide-image\" src=\"https:\/\/www.campingenfola.com\/wp-content\/uploads\/elementor\/thumbs\/0047_c-enfola2019-ria0w12k2x0gc3uk09ft3umvjbybtexfukze8cvzls.jpg\" alt=\"Viale pedonale interno del Camping Enfola tra vegetazione mediterranea e vista mare\" \/><\/figure><\/a><\/div><div class=\"swiper-slide\" role=\"group\" aria-roledescription=\"slide\" aria-label=\"10 von 11\"><a data-elementor-open-lightbox=\"yes\" data-elementor-lightbox-slideshow=\"e9e536b\" data-elementor-lightbox-title=\"Lavabi dei servizi igienici del campeggio\" data-e-action-hash=\"#elementor-action%3Aaction%3Dlightbox%26settings%3DeyJpZCI6NjkwMywidXJsIjoiaHR0cHM6XC9cL3d3dy5jYW1waW5nZW5mb2xhLmNvbVwvd3AtY29udGVudFwvdXBsb2Fkc1wvMjAyNlwvMDFcLzAwMzZfYy1lbmZvbGEyMDE5LmpwZyIsInNsaWRlc2hvdyI6ImU5ZTUzNmIifQ%3D%3D\" href=\"https:\/\/www.campingenfola.com\/wp-content\/uploads\/2026\/01\/0036_c-enfola2019.jpg\"><figure class=\"swiper-slide-inner\"><img decoding=\"async\" class=\"swiper-slide-image\" src=\"https:\/\/www.campingenfola.com\/wp-content\/uploads\/elementor\/thumbs\/0036_c-enfola2019-ria0w4twu95lmjp3eb2bdtopwvfso7cd73lc5gqeww.jpg\" alt=\"Lavabi dei servizi igienici comuni del Camping Enfola curati e luminosi\" \/><\/figure><\/a><\/div><div class=\"swiper-slide\" role=\"group\" aria-roledescription=\"slide\" aria-label=\"11 von 11\"><a data-elementor-open-lightbox=\"yes\" data-elementor-lightbox-slideshow=\"e9e536b\" data-elementor-lightbox-title=\"Lavabi dei servizi igienici del campeggio\" data-e-action-hash=\"#elementor-action%3Aaction%3Dlightbox%26settings%3DeyJpZCI6NjkwNCwidXJsIjoiaHR0cHM6XC9cL3d3dy5jYW1waW5nZW5mb2xhLmNvbVwvd3AtY29udGVudFwvdXBsb2Fkc1wvMjAyNlwvMDFcLzAwMzVfYy1lbmZvbGEyMDE5LmpwZyIsInNsaWRlc2hvdyI6ImU5ZTUzNmIifQ%3D%3D\" href=\"https:\/\/www.campingenfola.com\/wp-content\/uploads\/2026\/01\/0035_c-enfola2019.jpg\"><figure class=\"swiper-slide-inner\"><img decoding=\"async\" class=\"swiper-slide-image\" src=\"https:\/\/www.campingenfola.com\/wp-content\/uploads\/elementor\/thumbs\/0035_c-enfola2019-ria0w5rr136vy5nq8tgxybg6i9b5vwg3j88tmqp0qo.jpg\" alt=\"Lavabi dei servizi igienici comuni del Camping Enfola curati e luminosi\" \/><\/figure><\/a><\/div>\t\t\t<\/div>\n\t\t\t\t\t\t\t\t\t\t\t\t<div class=\"elementor-swiper-button elementor-swiper-button-prev\" role=\"button\" tabindex=\"0\">\n\t\t\t\t\t\t<svg aria-hidden=\"true\" class=\"e-font-icon-svg e-eicon-chevron-left\" viewBox=\"0 0 1000 1000\" xmlns=\"http:\/\/www.w3.org\/2000\/svg\"><path d=\"M646 125C629 125 613 133 604 142L308 442C296 454 292 471 292 487 292 504 296 521 308 533L604 854C617 867 629 875 646 875 663 875 679 871 692 858 704 846 713 829 713 812 713 796 708 779 692 767L438 487 692 225C700 217 708 204 708 187 708 171 704 154 692 142 675 129 663 125 646 125Z\"><\/path><\/svg>\t\t\t\t\t<\/div>\n\t\t\t\t\t<div class=\"elementor-swiper-button elementor-swiper-button-next\" role=\"button\" tabindex=\"0\">\n\t\t\t\t\t\t<svg aria-hidden=\"true\" class=\"e-font-icon-svg e-eicon-chevron-right\" viewBox=\"0 0 1000 1000\" xmlns=\"http:\/\/www.w3.org\/2000\/svg\"><path d=\"M696 533C708 521 713 504 713 487 713 471 708 454 696 446L400 146C388 133 375 125 354 125 338 125 325 129 313 142 300 154 292 171 292 187 292 204 296 221 308 233L563 492 304 771C292 783 288 800 288 817 288 833 296 850 308 863 321 871 338 875 354 875 371 875 388 867 400 854L696 533Z\"><\/path><\/svg>\t\t\t\t\t<\/div>\n\t\t\t\t\n\t\t\t\t\t\t\t\t\t<\/div>\n\t\t\t\t\t\t<\/div>\n\t\t\t\t<\/div>\n\t\t<div class=\"elementor-element elementor-element-90ef917 e-flex e-con-boxed e-con e-parent\" data-id=\"90ef917\" data-element_type=\"container\">\n\t\t\t\t\t<div class=\"e-con-inner\">\n\t\t\t\t<div class=\"elementor-element elementor-element-73837d6 elementor-widget elementor-widget-vedhak_elementor_heading\" data-id=\"73837d6\" data-element_type=\"widget\" data-widget_type=\"vedhak_elementor_heading.default\">\n\t\t\t\t<div class=\"elementor-widget-container\">\n\t\t\t\t\t\t\t\t<div class=\"ova-heading template1\">\n\n\t\t\t\t\n\t\t\t\t\n\t\t\t\t\t\n\t\t\t\t\t\t<h3 class=\"title\"><span class=\"title-bold\"><\/span><span class=\"title-normal\">Service des Campingplatzes<\/span><\/h3>\n\n\t\t\t\t\t\n\n\t\t\t\t\t\t\t\t\t\n\t\t\t\t\n\t\t\t\t\n\t\t\t\t\t\n\t\t\t\t\n\t\t\t<\/div>\n\n\t\t\t\t\t\t<\/div>\n\t\t\t\t<\/div>\n\t\t\t\t<div class=\"elementor-element elementor-element-53eb612 elementor-widget elementor-widget-text-editor\" data-id=\"53eb612\" data-element_type=\"widget\" data-widget_type=\"text-editor.default\">\n\t\t\t\t\t\t\t\t\t<p>Alle Stellpl\u00e4tze des Campingplatzes sind mit Stromanschluss ausgestattet.<\/p><p>F\u00fcr Wohnmobile und Wohnwagen stehen zwei Einfahrten zur Verf\u00fcgung, eine oben und eine unten. Es gibt keine Zugangsschwierigkeiten f\u00fcr Wohnmobile\/Wohnwagen bis zu 7,50 Meter (bis zu 8 Meter in der Nebensaison).<\/p>\t\t\t\t\t\t\t\t<\/div>\n\t\t\t\t\t<\/div>\n\t\t\t\t<\/div>\n\t\t<div class=\"elementor-element elementor-element-a125eb3 e-flex e-con-boxed e-con e-parent\" data-id=\"a125eb3\" data-element_type=\"container\">\n\t\t\t\t\t<div class=\"e-con-inner\">\n\t\t<div class=\"elementor-element elementor-element-38abf11 e-con-full e-flex e-con e-child\" data-id=\"38abf11\" data-element_type=\"container\" data-settings=\"{&quot;background_background&quot;:&quot;classic&quot;}\">\n\t\t\t\t<div class=\"elementor-element elementor-element-8dd4426 elementor-view-default elementor-position-block-start elementor-mobile-position-block-start elementor-widget elementor-widget-icon-box\" data-id=\"8dd4426\" data-element_type=\"widget\" data-widget_type=\"icon-box.default\">\n\t\t\t\t\t\t\t<div class=\"elementor-icon-box-wrapper\">\n\n\t\t\t\t\t\t<div class=\"elementor-icon-box-icon\">\n\t\t\t\t<span  class=\"elementor-icon\">\n\t\t\t\t<i aria-hidden=\"true\" class=\"flaticon flaticon-035-shower\"><\/i>\t\t\t\t<\/span>\n\t\t\t<\/div>\n\t\t\t\n\t\t\t\t\t\t<div class=\"elementor-icon-box-content\">\n\n\t\t\t\t\t\t\t\t\t<h3 class=\"elementor-icon-box-title\">\n\t\t\t\t\t\t<span  >\n\t\t\t\t\t\t\tSanit\u00e4ranlagen\t\t\t\t\t\t<\/span>\n\t\t\t\t\t<\/h3>\n\t\t\t\t\n\t\t\t\t\t\t\t\t\t<p class=\"elementor-icon-box-description\">\n\t\t\t\t\t\tFreie Warmwasserduschen<br \/>\nZwei Sanit\u00e4rbl\u00f6cke mit WC, Waschbecken, Sp\u00fclbecken und Waschbecken f\u00fcr W\u00e4sche\n<br \/>Behindertengerechter Service mit WC, Waschbecken und Dusche\t\t\t\t\t<\/p>\n\t\t\t\t\n\t\t\t<\/div>\n\t\t\t\n\t\t<\/div>\n\t\t\t\t\t\t<\/div>\n\t\t\t\t<\/div>\n\t\t<div class=\"elementor-element elementor-element-0322463 e-con-full e-flex e-con e-child\" data-id=\"0322463\" data-element_type=\"container\" data-settings=\"{&quot;background_background&quot;:&quot;classic&quot;}\">\n\t\t\t\t<div class=\"elementor-element elementor-element-14872d0 elementor-view-default elementor-position-block-start elementor-mobile-position-block-start elementor-widget elementor-widget-icon-box\" data-id=\"14872d0\" data-element_type=\"widget\" data-widget_type=\"icon-box.default\">\n\t\t\t\t\t\t\t<div class=\"elementor-icon-box-wrapper\">\n\n\t\t\t\t\t\t<div class=\"elementor-icon-box-icon\">\n\t\t\t\t<span  class=\"elementor-icon\">\n\t\t\t\t<i aria-hidden=\"true\" class=\"flaticon flaticon-026-washing-machine\"><\/i>\t\t\t\t<\/span>\n\t\t\t<\/div>\n\t\t\t\n\t\t\t\t\t\t<div class=\"elementor-icon-box-content\">\n\n\t\t\t\t\t\t\t\t\t<h3 class=\"elementor-icon-box-title\">\n\t\t\t\t\t\t<span  >\n\t\t\t\t\t\t\tSicherheit und praktische Services\t\t\t\t\t\t<\/span>\n\t\t\t\t\t<\/h3>\n\t\t\t\t\n\t\t\t\t\t\t\t\t\t<p class=\"elementor-icon-box-description\">\n\t\t\t\t\t\tWaschmaschine mit M\u00fcnzeinwurf<br \/>\nKostenlose Gefrierbox zur Aufbewahrung von K\u00fchlelementen (keine Speisen und Getr\u00e4nke)<br \/>\nM\u00f6glichkeit, einen K\u00fchlschrank f\u00fcr den Stellplatz anzufordern<br \/>\nKostenloses WLAN<br \/>Schlie\u00dff\u00e4cher\t\t\t\t\t<\/p>\n\t\t\t\t\n\t\t\t<\/div>\n\t\t\t\n\t\t<\/div>\n\t\t\t\t\t\t<\/div>\n\t\t\t\t<\/div>\n\t\t<div class=\"elementor-element elementor-element-67b2cac e-con-full e-flex e-con e-child\" data-id=\"67b2cac\" data-element_type=\"container\" data-settings=\"{&quot;background_background&quot;:&quot;classic&quot;}\">\n\t\t\t\t<div class=\"elementor-element elementor-element-f531ca3 elementor-view-default elementor-position-block-start elementor-mobile-position-block-start elementor-widget elementor-widget-icon-box\" data-id=\"f531ca3\" data-element_type=\"widget\" data-widget_type=\"icon-box.default\">\n\t\t\t\t\t\t\t<div class=\"elementor-icon-box-wrapper\">\n\n\t\t\t\t\t\t<div class=\"elementor-icon-box-icon\">\n\t\t\t\t<span  class=\"elementor-icon\">\n\t\t\t\t<i aria-hidden=\"true\" class=\"flaticon flaticon-025-eco-house\"><\/i>\t\t\t\t<\/span>\n\t\t\t<\/div>\n\t\t\t\n\t\t\t\t\t\t<div class=\"elementor-icon-box-content\">\n\n\t\t\t\t\t\t\t\t\t<h3 class=\"elementor-icon-box-title\">\n\t\t\t\t\t\t<span  >\n\t\t\t\t\t\t\tParken und Nachhaltigkeit\t\t\t\t\t\t<\/span>\n\t\t\t\t\t<\/h3>\n\t\t\t\t\n\t\t\t\t\t\t\t\t\t<p class=\"elementor-icon-box-description\">\n\t\t\t\t\t\tParkplatz f\u00fcr Anh\u00e4nger<br \/>\nVerleih von E-Bikes (f\u00fcr kurze Strecken)<br \/>\nLadestationen f\u00fcr Elektroautos\t\t\t\t\t<\/p>\n\t\t\t\t\n\t\t\t<\/div>\n\t\t\t\n\t\t<\/div>\n\t\t\t\t\t\t<\/div>\n\t\t\t\t<\/div>\n\t\t<div class=\"elementor-element elementor-element-36511bd e-con-full e-flex e-con e-child\" data-id=\"36511bd\" data-element_type=\"container\" data-settings=\"{&quot;background_background&quot;:&quot;classic&quot;}\">\n\t\t\t\t<div class=\"elementor-element elementor-element-fda99d8 elementor-view-default elementor-position-block-start elementor-mobile-position-block-start elementor-widget elementor-widget-icon-box\" data-id=\"fda99d8\" data-element_type=\"widget\" data-widget_type=\"icon-box.default\">\n\t\t\t\t\t\t\t<div class=\"elementor-icon-box-wrapper\">\n\n\t\t\t\t\t\t<div class=\"elementor-icon-box-icon\">\n\t\t\t\t<a href=\"\/de\/komfort-und-service\/#strand\" class=\"elementor-icon\" tabindex=\"-1\" aria-label=\"Meer und Strand\">\n\t\t\t\t<i aria-hidden=\"true\" class=\"flaticon flaticon-044-beach-chair\"><\/i>\t\t\t\t<\/a>\n\t\t\t<\/div>\n\t\t\t\n\t\t\t\t\t\t<div class=\"elementor-icon-box-content\">\n\n\t\t\t\t\t\t\t\t\t<h3 class=\"elementor-icon-box-title\">\n\t\t\t\t\t\t<a href=\"\/de\/komfort-und-service\/#strand\" >\n\t\t\t\t\t\t\tMeer und Strand\t\t\t\t\t\t<\/a>\n\t\t\t\t\t<\/h3>\n\t\t\t\t\n\t\t\t\t\t\t\t\t\t<p class=\"elementor-icon-box-description\">\n\t\t\t\t\t\tStrand des Campingplatzes<br \/>\nVerleih von Liegen und Sonnenschirmen<br \/>\nBadeaufsicht (vom 15. Juni bis 15. September)<br \/>\nBojen zum Anlegen von Booten\t\t\t\t\t<\/p>\n\t\t\t\t\n\t\t\t<\/div>\n\t\t\t\n\t\t<\/div>\n\t\t\t\t\t\t<\/div>\n\t\t\t\t<\/div>\n\t\t\t\t\t<\/div>\n\t\t\t\t<\/div>\n\t\t<div class=\"elementor-element elementor-element-b256db8 e-flex e-con-boxed e-con e-parent\" data-id=\"b256db8\" data-element_type=\"container\">\n\t\t\t\t\t<div class=\"e-con-inner\">\n\t\t\t\t<div class=\"elementor-element elementor-element-fcfdad2 elementor-view-default elementor-position-block-start elementor-mobile-position-block-start elementor-widget elementor-widget-icon-box\" data-id=\"fcfdad2\" data-element_type=\"widget\" data-widget_type=\"icon-box.default\">\n\t\t\t\t\t\t\t<div class=\"elementor-icon-box-wrapper\">\n\n\t\t\t\t\t\t<div class=\"elementor-icon-box-icon\">\n\t\t\t\t<span  class=\"elementor-icon\">\n\t\t\t\t<i aria-hidden=\"true\" class=\"ovaicon ovaicon-alarm-clock\"><\/i>\t\t\t\t<\/span>\n\t\t\t<\/div>\n\t\t\t\n\t\t\t\t\t\t<div class=\"elementor-icon-box-content\">\n\n\t\t\t\t\t\t\t\t\t<h3 class=\"elementor-icon-box-title\">\n\t\t\t\t\t\t<span  >\n\t\t\t\t\t\t\tCheck-in \/ Check-out\t\t\t\t\t\t<\/span>\n\t\t\t\t\t<\/h3>\n\t\t\t\t\n\t\t\t\t\t\t\t\t\t<p class=\"elementor-icon-box-description\">\n\t\t\t\t\t\tCheck-in von 11:00 bis 20:00 Uhr \/ \nCheck-out bis 10:30 Uhr<br \/>\n\nF\u00fcr Ank\u00fcnfte und Abreisen au\u00dferhalb dieser Zeiten wenden Sie sich bitte an die Rezeption.\t\t\t\t\t<\/p>\n\t\t\t\t\n\t\t\t<\/div>\n\t\t\t\n\t\t<\/div>\n\t\t\t\t\t\t<\/div>\n\t\t\t\t\t<\/div>\n\t\t\t\t<\/div>\n\t\t<div class=\"elementor-element elementor-element-6691c8f e-con-full e-flex e-con e-parent\" data-id=\"6691c8f\" data-element_type=\"container\">\n\t\t\t\t<div class=\"elementor-element elementor-element-67a9a4a elementor-widget elementor-widget-vedhak_elementor_heading\" data-id=\"67a9a4a\" data-element_type=\"widget\" data-widget_type=\"vedhak_elementor_heading.default\">\n\t\t\t\t<div class=\"elementor-widget-container\">\n\t\t\t\t\t\t\t\t<div class=\"ova-heading template2\">\n\n\t\t\t\t\n\t\t\t\t\t\t\t\t\t<div class=\"wrap-content\">\n\t\t\t\t\n\t\t\t\t\t\t\t\t\t\t\n\t\t\t\t\t\t<h3 class=\"title\"><a href=\"\/de\/buchen\/\" target=\"_self\" ><span class=\"title-bold\">Panoramastellpl\u00e4tze mit Meerblick<\/span><span class=\"title-normal\"><\/span><\/a><\/h3>\n\n\t\t\t\t\t\n\n\t\t\t\t\t\n\t\t\t\t\t\t\t\t\t\t\t\t\t<a href=\"\/de\/buchen\/\" class=\"button-readmore \" \n\t\t\t\t\t\t\t\ttarget=\"_self\" >\n\n\t\t\t\t\t\t\t\tBuchen\n\t\t\t\t\t\t\t\t<i class=\"fas fa-angle-double-right\"><\/i>\n\t\t\t\t\t\t\t\t\n\t\t\t\t\t\t\t<\/a>\n\t\t\t\t\t\t\n\t\t\t\t\t\t<div class=\"background\">\n\t\t\t\t\t\t\tCamping\t\t\t\t\t\t<\/div>\n\n\t\t\t\t\t\t\t\t\t\n\t\t\t\t\t\t\t\t\t<\/div>\n\t\t\t\t\n\t\t\t\t\n\t\t\t<\/div>\n\n\t\t\t\t\t\t<\/div>\n\t\t\t\t<\/div>\n\t\t\t\t<\/div>\n\t\t\t\t<\/div>\n\t\t","protected":false},"excerpt":{"rendered":"<p>Camping und Unterk\u00fcnfte Der Campingplatz Camping Enfola bietet ein Aufenthaltserlebnis mitten in der Natur, nur wenige Schritte vom Meer entfernt und umgeben von den D\u00fcften der mediterranen Macchia. Die Stellpl\u00e4tze sind heute das Herz des Campingplatzes. Am Morgen schattig und auf Terrassen angelegt, viele mit direktem Meerblick, erm\u00f6glichen sie ein authentisches und entspanntes Campingerlebnis. Preise [&hellip;]<\/p>\n","protected":false},"author":2,"featured_media":0,"parent":6402,"menu_order":0,"comment_status":"closed","ping_status":"closed","template":"elementor_header_footer","meta":{"footnotes":""},"class_list":["post-6408","page","type-page","status-publish","hentry"],"_links":{"self":[{"href":"https:\/\/www.campingenfola.com\/de\/wp-json\/wp\/v2\/pages\/6408","targetHints":{"allow":["GET"]}}],"collection":[{"href":"https:\/\/www.campingenfola.com\/de\/wp-json\/wp\/v2\/pages"}],"about":[{"href":"https:\/\/www.campingenfola.com\/de\/wp-json\/wp\/v2\/types\/page"}],"author":[{"embeddable":true,"href":"https:\/\/www.campingenfola.com\/de\/wp-json\/wp\/v2\/users\/2"}],"replies":[{"embeddable":true,"href":"https:\/\/www.campingenfola.com\/de\/wp-json\/wp\/v2\/comments?post=6408"}],"version-history":[{"count":5,"href":"https:\/\/www.campingenfola.com\/de\/wp-json\/wp\/v2\/pages\/6408\/revisions"}],"predecessor-version":[{"id":7883,"href":"https:\/\/www.campingenfola.com\/de\/wp-json\/wp\/v2\/pages\/6408\/revisions\/7883"}],"up":[{"embeddable":true,"href":"https:\/\/www.campingenfola.com\/de\/wp-json\/wp\/v2\/pages\/6402"}],"wp:attachment":[{"href":"https:\/\/www.campingenfola.com\/de\/wp-json\/wp\/v2\/media?parent=6408"}],"curies":[{"name":"wp","href":"https:\/\/api.w.org\/{rel}","templated":true}]}}